{"id":2525,"date":"2018-05-09T10:26:24","date_gmt":"2018-05-09T08:26:24","guid":{"rendered":"http:\/\/cinerama.edge-themes.com\/?page_id=2525"},"modified":"2021-01-26T19:42:31","modified_gmt":"2021-01-26T18:42:31","slug":"toate-clipurile-video","status":"publish","type":"page","link":"https:\/\/orthodoxeroumain.fr\/video\/toate-clipurile-video\/","title":{"rendered":"Toate clipurile video"},"content":{"rendered":"<p>[vc_row row_content_width=&#8221;grid&#8221; css=&#8221;.vc_custom_1525862054996{padding-bottom: 30px !important;}&#8221;][vc_column]<div class=\"edgtf-blog-list-holder edgtf-bl-standard edgtf-bl-three-columns edgtf-normal-space  edgtf-bl-has-image edgtf-bl-pag-no-pagination\"  data-type=standard data-number-of-posts=-1 data-number-of-columns=3 data-space-between-items=normal data-orderby=date data-order=DESC data-image-size=full data-title-tag=h4 data-excerpt-length=17 data-post-info-section=yes data-post-info-image=yes data-post-info-author=yes data-post-info-date=yes data-post-info-category=no data-post-info-comments=no data-post-info-like=no data-post-info-share=no data-post-read-more=yes data-pagination-type=no-pagination data-max-num-pages=0 data-next-page=2>\n\t<div class=\"edgtf-bl-wrapper edgtf-outer-space\">\n\t\t<ul class=\"edgtf-blog-list\">\n\t\t\t<li class=\"edgtf-bl-item edgtf-item-space clearfix\">\n\t<div class=\"edgtf-bli-inner\">\n\t\t\n\t<div class=\"edgtf-post-image\">\n\t\t            <a itemprop=\"url\" href=\"https:\/\/orthodoxeroumain.fr\/video\/2021\/01\/26\/parintele-razvan-ionescu-cuvant-la-praznuirea-sfantului-nicolae\/\" title=\"P\u0103rintele R\u0103zvan Ionescu &#8211; Cuv\u00e2nt la pr\u0103znuirea Sf\u00e2ntului Nicolae\">\n\t\t\t\t\t<img loading=\"lazy\" decoding=\"async\" width=\"1280\" height=\"720\" src=\"https:\/\/orthodoxeroumain.fr\/video\/wp-content\/uploads\/2021\/01\/maxresdefault-4.jpg\" class=\"attachment-full size-full wp-post-image\" alt=\"\" srcset=\"https:\/\/orthodoxeroumain.fr\/video\/wp-content\/uploads\/2021\/01\/maxresdefault-4.jpg 1280w, https:\/\/orthodoxeroumain.fr\/video\/wp-content\/uploads\/2021\/01\/maxresdefault-4-300x169.jpg 300w, https:\/\/orthodoxeroumain.fr\/video\/wp-content\/uploads\/2021\/01\/maxresdefault-4-1024x576.jpg 1024w, https:\/\/orthodoxeroumain.fr\/video\/wp-content\/uploads\/2021\/01\/maxresdefault-4-768x432.jpg 768w\" sizes=\"auto, (max-width: 1280px) 100vw, 1280px\" \/>\t\t\t\t\t\t\t\t\t<\/a>\n\t\t\t\t\t<\/div>\n        <div class=\"edgtf-bli-content\">\n                            <div class=\"edgtf-bli-info\">\n\t                <div itemprop=\"dateCreated\" class=\"edgtf-post-info-date entry-date published updated\">\n\t\t\t<a itemprop=\"url\" href=\"https:\/\/orthodoxeroumain.fr\/video\/2021\/01\/\">\n\t\t\t\t\t\t26 ianuarie 2021\t\t<\/a>\n\t\t<meta itemprop=\"interactionCount\" content=\"UserComments: 0\"\/>\n<\/div><div class=\"edgtf-post-info-author\">\n    <span class=\"edgtf-post-info-author-text\">\n        by    <\/span>\n    <a itemprop=\"author\" class=\"edgtf-post-info-author-link\" href=\"https:\/\/orthodoxeroumain.fr\/video\/author\/sulpice\/\">\n        sulpice    <\/a>\n<\/div>                <\/div>\n            \t\n\t        \n<h4 itemprop=\"name\" class=\"entry-title edgtf-post-title\" >\n            <a itemprop=\"url\" href=\"https:\/\/orthodoxeroumain.fr\/video\/2021\/01\/26\/parintele-razvan-ionescu-cuvant-la-praznuirea-sfantului-nicolae\/\" title=\"P\u0103rintele R\u0103zvan Ionescu &#8211; Cuv\u00e2nt la pr\u0103znuirea Sf\u00e2ntului Nicolae\">\n            P\u0103rintele R\u0103zvan Ionescu &#8211; Cuv\u00e2nt la pr\u0103znuirea Sf\u00e2ntului Nicolae            <\/a>\n    <\/h4>\t\n\t        <div class=\"edgtf-bli-excerpt\">\n\t\t        \t<div class=\"edgtf-post-read-more-button\">\n\t\t<a itemprop=\"url\" href=\"https:\/\/orthodoxeroumain.fr\/video\/2021\/01\/26\/parintele-razvan-ionescu-cuvant-la-praznuirea-sfantului-nicolae\/\" target=\"_self\"  class=\"edgtf-btn edgtf-btn-medium edgtf-btn-simple edgtf-btn- edgtf-blog-list-button edgtf-hover-animation\"  >    <span class=\"edgtf-btn-text\">Read More<\/span>    <\/a>\t<\/div>\n\t        <\/div>\n        <\/div>\n\t<\/div>\n<\/li><li class=\"edgtf-bl-item edgtf-item-space clearfix\">\n\t<div class=\"edgtf-bli-inner\">\n\t\t\n\t<div class=\"edgtf-post-image\">\n\t\t            <a itemprop=\"url\" href=\"https:\/\/orthodoxeroumain.fr\/video\/2021\/01\/26\/parintele-razvan-ionescu-cine-si-cum-poate-fi-teolog-duminica-orbului\/\" title=\"P\u0103rintele R\u0103zvan Ionescu &#8211; Cine \u0219i cum poate fi teolog. Duminica orbului\">\n\t\t\t\t\t<img loading=\"lazy\" decoding=\"async\" width=\"480\" height=\"360\" src=\"https:\/\/orthodoxeroumain.fr\/video\/wp-content\/uploads\/2021\/01\/hqdefault-42.jpg\" class=\"attachment-full size-full wp-post-image\" alt=\"\" srcset=\"https:\/\/orthodoxeroumain.fr\/video\/wp-content\/uploads\/2021\/01\/hqdefault-42.jpg 480w, https:\/\/orthodoxeroumain.fr\/video\/wp-content\/uploads\/2021\/01\/hqdefault-42-300x225.jpg 300w\" sizes=\"auto, (max-width: 480px) 100vw, 480px\" \/>\t\t\t\t\t\t\t\t\t<\/a>\n\t\t\t\t\t<\/div>\n        <div class=\"edgtf-bli-content\">\n                            <div class=\"edgtf-bli-info\">\n\t                <div itemprop=\"dateCreated\" class=\"edgtf-post-info-date entry-date published updated\">\n\t\t\t<a itemprop=\"url\" href=\"https:\/\/orthodoxeroumain.fr\/video\/2021\/01\/\">\n\t\t\t\t\t\t26 ianuarie 2021\t\t<\/a>\n\t\t<meta itemprop=\"interactionCount\" content=\"UserComments: 0\"\/>\n<\/div><div class=\"edgtf-post-info-author\">\n    <span class=\"edgtf-post-info-author-text\">\n        by    <\/span>\n    <a itemprop=\"author\" class=\"edgtf-post-info-author-link\" href=\"https:\/\/orthodoxeroumain.fr\/video\/author\/sulpice\/\">\n        sulpice    <\/a>\n<\/div>                <\/div>\n            \t\n\t        \n<h4 itemprop=\"name\" class=\"entry-title edgtf-post-title\" >\n            <a itemprop=\"url\" href=\"https:\/\/orthodoxeroumain.fr\/video\/2021\/01\/26\/parintele-razvan-ionescu-cine-si-cum-poate-fi-teolog-duminica-orbului\/\" title=\"P\u0103rintele R\u0103zvan Ionescu &#8211; Cine \u0219i cum poate fi teolog. Duminica orbului\">\n            P\u0103rintele R\u0103zvan Ionescu &#8211; Cine \u0219i cum poate fi teolog. Duminica orbului            <\/a>\n    <\/h4>\t\n\t        <div class=\"edgtf-bli-excerpt\">\n\t\t        \t<div class=\"edgtf-post-read-more-button\">\n\t\t<a itemprop=\"url\" href=\"https:\/\/orthodoxeroumain.fr\/video\/2021\/01\/26\/parintele-razvan-ionescu-cine-si-cum-poate-fi-teolog-duminica-orbului\/\" target=\"_self\"  class=\"edgtf-btn edgtf-btn-medium edgtf-btn-simple edgtf-btn- edgtf-blog-list-button edgtf-hover-animation\"  >    <span class=\"edgtf-btn-text\">Read More<\/span>    <\/a>\t<\/div>\n\t        <\/div>\n        <\/div>\n\t<\/div>\n<\/li><li class=\"edgtf-bl-item edgtf-item-space clearfix\">\n\t<div class=\"edgtf-bli-inner\">\n\t\t\n\t<div class=\"edgtf-post-image\">\n\t\t            <a itemprop=\"url\" href=\"https:\/\/orthodoxeroumain.fr\/video\/2021\/01\/26\/parintele-razvan-ionescu-thanksgiving-sunday-duminica-recunostintei\/\" title=\"P\u0103rintele R\u0103zvan Ionescu &#8211; Thanksgiving Sunday &#8211; Duminica recuno\u0219tin\u021bei\">\n\t\t\t\t\t<img loading=\"lazy\" decoding=\"async\" width=\"640\" height=\"480\" src=\"https:\/\/orthodoxeroumain.fr\/video\/wp-content\/uploads\/2021\/01\/sddefault-55.jpg\" class=\"attachment-full size-full wp-post-image\" alt=\"\" srcset=\"https:\/\/orthodoxeroumain.fr\/video\/wp-content\/uploads\/2021\/01\/sddefault-55.jpg 640w, https:\/\/orthodoxeroumain.fr\/video\/wp-content\/uploads\/2021\/01\/sddefault-55-300x225.jpg 300w\" sizes=\"auto, (max-width: 640px) 100vw, 640px\" \/>\t\t\t\t\t\t\t\t\t<\/a>\n\t\t\t\t\t<\/div>\n        <div class=\"edgtf-bli-content\">\n                            <div class=\"edgtf-bli-info\">\n\t                <div itemprop=\"dateCreated\" class=\"edgtf-post-info-date entry-date published updated\">\n\t\t\t<a itemprop=\"url\" href=\"https:\/\/orthodoxeroumain.fr\/video\/2021\/01\/\">\n\t\t\t\t\t\t26 ianuarie 2021\t\t<\/a>\n\t\t<meta itemprop=\"interactionCount\" content=\"UserComments: 0\"\/>\n<\/div><div class=\"edgtf-post-info-author\">\n    <span class=\"edgtf-post-info-author-text\">\n        by    <\/span>\n    <a itemprop=\"author\" class=\"edgtf-post-info-author-link\" href=\"https:\/\/orthodoxeroumain.fr\/video\/author\/sulpice\/\">\n        sulpice    <\/a>\n<\/div>                <\/div>\n            \t\n\t        \n<h4 itemprop=\"name\" class=\"entry-title edgtf-post-title\" >\n            <a itemprop=\"url\" href=\"https:\/\/orthodoxeroumain.fr\/video\/2021\/01\/26\/parintele-razvan-ionescu-thanksgiving-sunday-duminica-recunostintei\/\" title=\"P\u0103rintele R\u0103zvan Ionescu &#8211; Thanksgiving Sunday &#8211; Duminica recuno\u0219tin\u021bei\">\n            P\u0103rintele R\u0103zvan Ionescu &#8211; Thanksgiving Sunday &#8211; Duminica recuno\u0219tin\u021bei            <\/a>\n    <\/h4>\t\n\t        <div class=\"edgtf-bli-excerpt\">\n\t\t        \t<div class=\"edgtf-post-read-more-button\">\n\t\t<a itemprop=\"url\" href=\"https:\/\/orthodoxeroumain.fr\/video\/2021\/01\/26\/parintele-razvan-ionescu-thanksgiving-sunday-duminica-recunostintei\/\" target=\"_self\"  class=\"edgtf-btn edgtf-btn-medium edgtf-btn-simple edgtf-btn- edgtf-blog-list-button edgtf-hover-animation\"  >    <span class=\"edgtf-btn-text\">Read More<\/span>    <\/a>\t<\/div>\n\t        <\/div>\n        <\/div>\n\t<\/div>\n<\/li><li class=\"edgtf-bl-item edgtf-item-space clearfix\">\n\t<div class=\"edgtf-bli-inner\">\n\t\t\n\t<div class=\"edgtf-post-image\">\n\t\t            <a itemprop=\"url\" href=\"https:\/\/orthodoxeroumain.fr\/video\/2021\/01\/26\/pr-razvan-ionescu-o-privire-de-boboteaza-asupra-vietii-uimitoare-a-sfintei-genoveva-din-paris\/\" title=\"Pr. R\u0103zvan Ionescu &#8211; O privire de Boboteaz\u0103 asupra vie\u021bii uimitoare a Sfintei Genoveva din Paris\">\n\t\t\t\t\t<img loading=\"lazy\" decoding=\"async\" width=\"640\" height=\"480\" src=\"https:\/\/orthodoxeroumain.fr\/video\/wp-content\/uploads\/2021\/01\/sddefault-54.jpg\" class=\"attachment-full size-full wp-post-image\" alt=\"\" srcset=\"https:\/\/orthodoxeroumain.fr\/video\/wp-content\/uploads\/2021\/01\/sddefault-54.jpg 640w, https:\/\/orthodoxeroumain.fr\/video\/wp-content\/uploads\/2021\/01\/sddefault-54-300x225.jpg 300w\" sizes=\"auto, (max-width: 640px) 100vw, 640px\" \/>\t\t\t\t\t\t\t\t\t<\/a>\n\t\t\t\t\t<\/div>\n        <div class=\"edgtf-bli-content\">\n                            <div class=\"edgtf-bli-info\">\n\t                <div itemprop=\"dateCreated\" class=\"edgtf-post-info-date entry-date published updated\">\n\t\t\t<a itemprop=\"url\" href=\"https:\/\/orthodoxeroumain.fr\/video\/2021\/01\/\">\n\t\t\t\t\t\t26 ianuarie 2021\t\t<\/a>\n\t\t<meta itemprop=\"interactionCount\" content=\"UserComments: 0\"\/>\n<\/div><div class=\"edgtf-post-info-author\">\n    <span class=\"edgtf-post-info-author-text\">\n        by    <\/span>\n    <a itemprop=\"author\" class=\"edgtf-post-info-author-link\" href=\"https:\/\/orthodoxeroumain.fr\/video\/author\/sulpice\/\">\n        sulpice    <\/a>\n<\/div>                <\/div>\n            \t\n\t        \n<h4 itemprop=\"name\" class=\"entry-title edgtf-post-title\" >\n            <a itemprop=\"url\" href=\"https:\/\/orthodoxeroumain.fr\/video\/2021\/01\/26\/pr-razvan-ionescu-o-privire-de-boboteaza-asupra-vietii-uimitoare-a-sfintei-genoveva-din-paris\/\" title=\"Pr. R\u0103zvan Ionescu &#8211; O privire de Boboteaz\u0103 asupra vie\u021bii uimitoare a Sfintei Genoveva din Paris\">\n            Pr. R\u0103zvan Ionescu &#8211; O privire de Boboteaz\u0103 asupra vie\u021bii uimitoare a Sfintei Genoveva din Paris            <\/a>\n    <\/h4>\t\n\t        <div class=\"edgtf-bli-excerpt\">\n\t\t        \t<div class=\"edgtf-post-read-more-button\">\n\t\t<a itemprop=\"url\" href=\"https:\/\/orthodoxeroumain.fr\/video\/2021\/01\/26\/pr-razvan-ionescu-o-privire-de-boboteaza-asupra-vietii-uimitoare-a-sfintei-genoveva-din-paris\/\" target=\"_self\"  class=\"edgtf-btn edgtf-btn-medium edgtf-btn-simple edgtf-btn- edgtf-blog-list-button edgtf-hover-animation\"  >    <span class=\"edgtf-btn-text\">Read More<\/span>    <\/a>\t<\/div>\n\t        <\/div>\n        <\/div>\n\t<\/div>\n<\/li><li class=\"edgtf-bl-item edgtf-item-space clearfix\">\n\t<div class=\"edgtf-bli-inner\">\n\t\t\n\t<div class=\"edgtf-post-image\">\n\t\t            <a itemprop=\"url\" href=\"https:\/\/orthodoxeroumain.fr\/video\/2021\/01\/26\/parintele-razvan-ionescu-vocatie-slujire-oportunitati-si-dificultati-actuale-in-parohie\/\" title=\"P\u0103rintele R\u0103zvan Ionescu &#8211; Voca\u021bie, slujire, oportunit\u0103\u021bi \u0219i dificult\u0103\u021bi actuale \u00een parohie\">\n\t\t\t\t\t<img loading=\"lazy\" decoding=\"async\" width=\"640\" height=\"480\" src=\"https:\/\/orthodoxeroumain.fr\/video\/wp-content\/uploads\/2021\/01\/sddefault-53.jpg\" class=\"attachment-full size-full wp-post-image\" alt=\"\" srcset=\"https:\/\/orthodoxeroumain.fr\/video\/wp-content\/uploads\/2021\/01\/sddefault-53.jpg 640w, https:\/\/orthodoxeroumain.fr\/video\/wp-content\/uploads\/2021\/01\/sddefault-53-300x225.jpg 300w\" sizes=\"auto, (max-width: 640px) 100vw, 640px\" \/>\t\t\t\t\t\t\t\t\t<\/a>\n\t\t\t\t\t<\/div>\n        <div class=\"edgtf-bli-content\">\n                            <div class=\"edgtf-bli-info\">\n\t                <div itemprop=\"dateCreated\" class=\"edgtf-post-info-date entry-date published updated\">\n\t\t\t<a itemprop=\"url\" href=\"https:\/\/orthodoxeroumain.fr\/video\/2021\/01\/\">\n\t\t\t\t\t\t26 ianuarie 2021\t\t<\/a>\n\t\t<meta itemprop=\"interactionCount\" content=\"UserComments: 0\"\/>\n<\/div><div class=\"edgtf-post-info-author\">\n    <span class=\"edgtf-post-info-author-text\">\n        by    <\/span>\n    <a itemprop=\"author\" class=\"edgtf-post-info-author-link\" href=\"https:\/\/orthodoxeroumain.fr\/video\/author\/sulpice\/\">\n        sulpice    <\/a>\n<\/div>                <\/div>\n            \t\n\t        \n<h4 itemprop=\"name\" class=\"entry-title edgtf-post-title\" >\n            <a itemprop=\"url\" href=\"https:\/\/orthodoxeroumain.fr\/video\/2021\/01\/26\/parintele-razvan-ionescu-vocatie-slujire-oportunitati-si-dificultati-actuale-in-parohie\/\" title=\"P\u0103rintele R\u0103zvan Ionescu &#8211; Voca\u021bie, slujire, oportunit\u0103\u021bi \u0219i dificult\u0103\u021bi actuale \u00een parohie\">\n            P\u0103rintele R\u0103zvan Ionescu &#8211; Voca\u021bie, slujire, oportunit\u0103\u021bi \u0219i dificult\u0103\u021bi actuale \u00een parohie            <\/a>\n    <\/h4>\t\n\t        <div class=\"edgtf-bli-excerpt\">\n\t\t        \t<div class=\"edgtf-post-read-more-button\">\n\t\t<a itemprop=\"url\" href=\"https:\/\/orthodoxeroumain.fr\/video\/2021\/01\/26\/parintele-razvan-ionescu-vocatie-slujire-oportunitati-si-dificultati-actuale-in-parohie\/\" target=\"_self\"  class=\"edgtf-btn edgtf-btn-medium edgtf-btn-simple edgtf-btn- edgtf-blog-list-button edgtf-hover-animation\"  >    <span class=\"edgtf-btn-text\">Read More<\/span>    <\/a>\t<\/div>\n\t        <\/div>\n        <\/div>\n\t<\/div>\n<\/li><li class=\"edgtf-bl-item edgtf-item-space clearfix\">\n\t<div class=\"edgtf-bli-inner\">\n\t\t\n\t<div class=\"edgtf-post-image\">\n\t\t            <a itemprop=\"url\" href=\"https:\/\/orthodoxeroumain.fr\/video\/2021\/01\/26\/parintele-razvan-ionescu-o-lectura-a-ortodoxiei-in-termeni-de-ospitalitate\/\" title=\"P\u0103rintele R\u0103zvan Ionescu &#8211; O lectur\u0103 a Ortodoxiei \u00een termeni de ospitalitate\">\n\t\t\t\t\t<img loading=\"lazy\" decoding=\"async\" width=\"480\" height=\"360\" src=\"https:\/\/orthodoxeroumain.fr\/video\/wp-content\/uploads\/2021\/01\/hqdefault-40.jpg\" class=\"attachment-full size-full wp-post-image\" alt=\"\" srcset=\"https:\/\/orthodoxeroumain.fr\/video\/wp-content\/uploads\/2021\/01\/hqdefault-40.jpg 480w, https:\/\/orthodoxeroumain.fr\/video\/wp-content\/uploads\/2021\/01\/hqdefault-40-300x225.jpg 300w\" sizes=\"auto, (max-width: 480px) 100vw, 480px\" \/>\t\t\t\t\t\t\t\t\t<\/a>\n\t\t\t\t\t<\/div>\n        <div class=\"edgtf-bli-content\">\n                            <div class=\"edgtf-bli-info\">\n\t                <div itemprop=\"dateCreated\" class=\"edgtf-post-info-date entry-date published updated\">\n\t\t\t<a itemprop=\"url\" href=\"https:\/\/orthodoxeroumain.fr\/video\/2021\/01\/\">\n\t\t\t\t\t\t26 ianuarie 2021\t\t<\/a>\n\t\t<meta itemprop=\"interactionCount\" content=\"UserComments: 0\"\/>\n<\/div><div class=\"edgtf-post-info-author\">\n    <span class=\"edgtf-post-info-author-text\">\n        by    <\/span>\n    <a itemprop=\"author\" class=\"edgtf-post-info-author-link\" href=\"https:\/\/orthodoxeroumain.fr\/video\/author\/sulpice\/\">\n        sulpice    <\/a>\n<\/div>                <\/div>\n            \t\n\t        \n<h4 itemprop=\"name\" class=\"entry-title edgtf-post-title\" >\n            <a itemprop=\"url\" href=\"https:\/\/orthodoxeroumain.fr\/video\/2021\/01\/26\/parintele-razvan-ionescu-o-lectura-a-ortodoxiei-in-termeni-de-ospitalitate\/\" title=\"P\u0103rintele R\u0103zvan Ionescu &#8211; O lectur\u0103 a Ortodoxiei \u00een termeni de ospitalitate\">\n            P\u0103rintele R\u0103zvan Ionescu &#8211; O lectur\u0103 a Ortodoxiei \u00een termeni de ospitalitate            <\/a>\n    <\/h4>\t\n\t        <div class=\"edgtf-bli-excerpt\">\n\t\t        \t<div class=\"edgtf-post-read-more-button\">\n\t\t<a itemprop=\"url\" href=\"https:\/\/orthodoxeroumain.fr\/video\/2021\/01\/26\/parintele-razvan-ionescu-o-lectura-a-ortodoxiei-in-termeni-de-ospitalitate\/\" target=\"_self\"  class=\"edgtf-btn edgtf-btn-medium edgtf-btn-simple edgtf-btn- edgtf-blog-list-button edgtf-hover-animation\"  >    <span class=\"edgtf-btn-text\">Read More<\/span>    <\/a>\t<\/div>\n\t        <\/div>\n        <\/div>\n\t<\/div>\n<\/li><li class=\"edgtf-bl-item edgtf-item-space clearfix\">\n\t<div class=\"edgtf-bli-inner\">\n\t\t\n\t<div class=\"edgtf-post-image\">\n\t\t            <a itemprop=\"url\" href=\"https:\/\/orthodoxeroumain.fr\/video\/2021\/01\/26\/pr-razvan-ionescu-genealogia-concretul-primitor-al-unui-context-de-familie-in-care-venim-pe-lume\/\" title=\"Pr  R\u0103zvan Ionescu &#8211; Genealogia, concretul primitor al unui context de familie \u00een care venim pe lume\">\n\t\t\t\t\t<img loading=\"lazy\" decoding=\"async\" width=\"480\" height=\"360\" src=\"https:\/\/orthodoxeroumain.fr\/video\/wp-content\/uploads\/2021\/01\/hqdefault-41.jpg\" class=\"attachment-full size-full wp-post-image\" alt=\"\" srcset=\"https:\/\/orthodoxeroumain.fr\/video\/wp-content\/uploads\/2021\/01\/hqdefault-41.jpg 480w, https:\/\/orthodoxeroumain.fr\/video\/wp-content\/uploads\/2021\/01\/hqdefault-41-300x225.jpg 300w\" sizes=\"auto, (max-width: 480px) 100vw, 480px\" \/>\t\t\t\t\t\t\t\t\t<\/a>\n\t\t\t\t\t<\/div>\n        <div class=\"edgtf-bli-content\">\n                            <div class=\"edgtf-bli-info\">\n\t                <div itemprop=\"dateCreated\" class=\"edgtf-post-info-date entry-date published updated\">\n\t\t\t<a itemprop=\"url\" href=\"https:\/\/orthodoxeroumain.fr\/video\/2021\/01\/\">\n\t\t\t\t\t\t26 ianuarie 2021\t\t<\/a>\n\t\t<meta itemprop=\"interactionCount\" content=\"UserComments: 0\"\/>\n<\/div><div class=\"edgtf-post-info-author\">\n    <span class=\"edgtf-post-info-author-text\">\n        by    <\/span>\n    <a itemprop=\"author\" class=\"edgtf-post-info-author-link\" href=\"https:\/\/orthodoxeroumain.fr\/video\/author\/sulpice\/\">\n        sulpice    <\/a>\n<\/div>                <\/div>\n            \t\n\t        \n<h4 itemprop=\"name\" class=\"entry-title edgtf-post-title\" >\n            <a itemprop=\"url\" href=\"https:\/\/orthodoxeroumain.fr\/video\/2021\/01\/26\/pr-razvan-ionescu-genealogia-concretul-primitor-al-unui-context-de-familie-in-care-venim-pe-lume\/\" title=\"Pr  R\u0103zvan Ionescu &#8211; Genealogia, concretul primitor al unui context de familie \u00een care venim pe lume\">\n            Pr  R\u0103zvan Ionescu &#8211; Genealogia, concretul primitor al unui context de familie \u00een care venim pe lume            <\/a>\n    <\/h4>\t\n\t        <div class=\"edgtf-bli-excerpt\">\n\t\t        \t<div class=\"edgtf-post-read-more-button\">\n\t\t<a itemprop=\"url\" href=\"https:\/\/orthodoxeroumain.fr\/video\/2021\/01\/26\/pr-razvan-ionescu-genealogia-concretul-primitor-al-unui-context-de-familie-in-care-venim-pe-lume\/\" target=\"_self\"  class=\"edgtf-btn edgtf-btn-medium edgtf-btn-simple edgtf-btn- edgtf-blog-list-button edgtf-hover-animation\"  >    <span class=\"edgtf-btn-text\">Read More<\/span>    <\/a>\t<\/div>\n\t        <\/div>\n        <\/div>\n\t<\/div>\n<\/li><li class=\"edgtf-bl-item edgtf-item-space clearfix\">\n\t<div class=\"edgtf-bli-inner\">\n\t\t\n\t<div class=\"edgtf-post-image\">\n\t\t            <a itemprop=\"url\" href=\"https:\/\/orthodoxeroumain.fr\/video\/2021\/01\/26\/parintele-razvan-ionescu-exista-o-teologie-a-vremurilor-de-pandemie\/\" title=\"P\u0103rintele R\u0103zvan Ionescu &#8211; Exist\u0103 o teologie a vremurilor de pandemie?\">\n\t\t\t\t\t<img loading=\"lazy\" decoding=\"async\" width=\"480\" height=\"360\" src=\"https:\/\/orthodoxeroumain.fr\/video\/wp-content\/uploads\/2021\/01\/hqdefault-38.jpg\" class=\"attachment-full size-full wp-post-image\" alt=\"\" srcset=\"https:\/\/orthodoxeroumain.fr\/video\/wp-content\/uploads\/2021\/01\/hqdefault-38.jpg 480w, https:\/\/orthodoxeroumain.fr\/video\/wp-content\/uploads\/2021\/01\/hqdefault-38-300x225.jpg 300w\" sizes=\"auto, (max-width: 480px) 100vw, 480px\" \/>\t\t\t\t\t\t\t\t\t<\/a>\n\t\t\t\t\t<\/div>\n        <div class=\"edgtf-bli-content\">\n                            <div class=\"edgtf-bli-info\">\n\t                <div itemprop=\"dateCreated\" class=\"edgtf-post-info-date entry-date published updated\">\n\t\t\t<a itemprop=\"url\" href=\"https:\/\/orthodoxeroumain.fr\/video\/2021\/01\/\">\n\t\t\t\t\t\t26 ianuarie 2021\t\t<\/a>\n\t\t<meta itemprop=\"interactionCount\" content=\"UserComments: 0\"\/>\n<\/div><div class=\"edgtf-post-info-author\">\n    <span class=\"edgtf-post-info-author-text\">\n        by    <\/span>\n    <a itemprop=\"author\" class=\"edgtf-post-info-author-link\" href=\"https:\/\/orthodoxeroumain.fr\/video\/author\/sulpice\/\">\n        sulpice    <\/a>\n<\/div>                <\/div>\n            \t\n\t        \n<h4 itemprop=\"name\" class=\"entry-title edgtf-post-title\" >\n            <a itemprop=\"url\" href=\"https:\/\/orthodoxeroumain.fr\/video\/2021\/01\/26\/parintele-razvan-ionescu-exista-o-teologie-a-vremurilor-de-pandemie\/\" title=\"P\u0103rintele R\u0103zvan Ionescu &#8211; Exist\u0103 o teologie a vremurilor de pandemie?\">\n            P\u0103rintele R\u0103zvan Ionescu &#8211; Exist\u0103 o teologie a vremurilor de pandemie?            <\/a>\n    <\/h4>\t\n\t        <div class=\"edgtf-bli-excerpt\">\n\t\t        \t<div class=\"edgtf-post-read-more-button\">\n\t\t<a itemprop=\"url\" href=\"https:\/\/orthodoxeroumain.fr\/video\/2021\/01\/26\/parintele-razvan-ionescu-exista-o-teologie-a-vremurilor-de-pandemie\/\" target=\"_self\"  class=\"edgtf-btn edgtf-btn-medium edgtf-btn-simple edgtf-btn- edgtf-blog-list-button edgtf-hover-animation\"  >    <span class=\"edgtf-btn-text\">Read More<\/span>    <\/a>\t<\/div>\n\t        <\/div>\n        <\/div>\n\t<\/div>\n<\/li><li class=\"edgtf-bl-item edgtf-item-space clearfix\">\n\t<div class=\"edgtf-bli-inner\">\n\t\t\n\t<div class=\"edgtf-post-image\">\n\t\t            <a itemprop=\"url\" href=\"https:\/\/orthodoxeroumain.fr\/video\/2021\/01\/26\/minunile-incalca-legile-naturii-de-ce-ar-incalca-dumnezeu-ceea-ce-tot-el-a-pus-in-creatia-sa\/\" title=\"Minunile \u00eencalc\u0103 legile naturii. De ce ar \u00eenc\u0103lca Dumnezeu ceea ce tot El a pus \u00een crea\u021bia Sa?\">\n\t\t\t\t\t<img loading=\"lazy\" decoding=\"async\" width=\"480\" height=\"360\" src=\"https:\/\/orthodoxeroumain.fr\/video\/wp-content\/uploads\/2021\/01\/hqdefault-39.jpg\" class=\"attachment-full size-full wp-post-image\" alt=\"\" srcset=\"https:\/\/orthodoxeroumain.fr\/video\/wp-content\/uploads\/2021\/01\/hqdefault-39.jpg 480w, https:\/\/orthodoxeroumain.fr\/video\/wp-content\/uploads\/2021\/01\/hqdefault-39-300x225.jpg 300w\" sizes=\"auto, (max-width: 480px) 100vw, 480px\" \/>\t\t\t\t\t\t\t\t\t<\/a>\n\t\t\t\t\t<\/div>\n        <div class=\"edgtf-bli-content\">\n                            <div class=\"edgtf-bli-info\">\n\t                <div itemprop=\"dateCreated\" class=\"edgtf-post-info-date entry-date published updated\">\n\t\t\t<a itemprop=\"url\" href=\"https:\/\/orthodoxeroumain.fr\/video\/2021\/01\/\">\n\t\t\t\t\t\t26 ianuarie 2021\t\t<\/a>\n\t\t<meta itemprop=\"interactionCount\" content=\"UserComments: 0\"\/>\n<\/div><div class=\"edgtf-post-info-author\">\n    <span class=\"edgtf-post-info-author-text\">\n        by    <\/span>\n    <a itemprop=\"author\" class=\"edgtf-post-info-author-link\" href=\"https:\/\/orthodoxeroumain.fr\/video\/author\/sulpice\/\">\n        sulpice    <\/a>\n<\/div>                <\/div>\n            \t\n\t        \n<h4 itemprop=\"name\" class=\"entry-title edgtf-post-title\" >\n            <a itemprop=\"url\" href=\"https:\/\/orthodoxeroumain.fr\/video\/2021\/01\/26\/minunile-incalca-legile-naturii-de-ce-ar-incalca-dumnezeu-ceea-ce-tot-el-a-pus-in-creatia-sa\/\" title=\"Minunile \u00eencalc\u0103 legile naturii. De ce ar \u00eenc\u0103lca Dumnezeu ceea ce tot El a pus \u00een crea\u021bia Sa?\">\n            Minunile \u00eencalc\u0103 legile naturii. De ce ar \u00eenc\u0103lca Dumnezeu ceea ce tot El a pus \u00een crea\u021bia Sa?            <\/a>\n    <\/h4>\t\n\t        <div class=\"edgtf-bli-excerpt\">\n\t\t        \t<div class=\"edgtf-post-read-more-button\">\n\t\t<a itemprop=\"url\" href=\"https:\/\/orthodoxeroumain.fr\/video\/2021\/01\/26\/minunile-incalca-legile-naturii-de-ce-ar-incalca-dumnezeu-ceea-ce-tot-el-a-pus-in-creatia-sa\/\" target=\"_self\"  class=\"edgtf-btn edgtf-btn-medium edgtf-btn-simple edgtf-btn- edgtf-blog-list-button edgtf-hover-animation\"  >    <span class=\"edgtf-btn-text\">Read More<\/span>    <\/a>\t<\/div>\n\t        <\/div>\n        <\/div>\n\t<\/div>\n<\/li><li class=\"edgtf-bl-item edgtf-item-space clearfix\">\n\t<div class=\"edgtf-bli-inner\">\n\t\t\n\t<div class=\"edgtf-post-image\">\n\t\t            <a itemprop=\"url\" href=\"https:\/\/orthodoxeroumain.fr\/video\/2021\/01\/26\/%e2%ad%95-cei-adormiti-viii-nostri-trecuti-dincolo-parintele-razvan-ionescu-live-doxologia-ro\/\" title=\"\u2b55 \u201eCei adormi\u021bi, viii no\u0219tri trecu\u021bi dincolo\u201d P\u0103rintele R\u0103zvan Ionescu (LIVE Doxologia.ro)\">\n\t\t\t\t\t<img loading=\"lazy\" decoding=\"async\" width=\"1280\" height=\"720\" src=\"https:\/\/orthodoxeroumain.fr\/video\/wp-content\/uploads\/2021\/01\/maxresdefault-45.jpg\" class=\"attachment-full size-full wp-post-image\" alt=\"\" srcset=\"https:\/\/orthodoxeroumain.fr\/video\/wp-content\/uploads\/2021\/01\/maxresdefault-45.jpg 1280w, https:\/\/orthodoxeroumain.fr\/video\/wp-content\/uploads\/2021\/01\/maxresdefault-45-300x169.jpg 300w, https:\/\/orthodoxeroumain.fr\/video\/wp-content\/uploads\/2021\/01\/maxresdefault-45-1024x576.jpg 1024w, https:\/\/orthodoxeroumain.fr\/video\/wp-content\/uploads\/2021\/01\/maxresdefault-45-768x432.jpg 768w\" sizes=\"auto, (max-width: 1280px) 100vw, 1280px\" \/>\t\t\t\t\t\t\t\t\t<\/a>\n\t\t\t\t\t<\/div>\n        <div class=\"edgtf-bli-content\">\n                            <div class=\"edgtf-bli-info\">\n\t                <div itemprop=\"dateCreated\" class=\"edgtf-post-info-date entry-date published updated\">\n\t\t\t<a itemprop=\"url\" href=\"https:\/\/orthodoxeroumain.fr\/video\/2021\/01\/\">\n\t\t\t\t\t\t26 ianuarie 2021\t\t<\/a>\n\t\t<meta itemprop=\"interactionCount\" content=\"UserComments: 0\"\/>\n<\/div><div class=\"edgtf-post-info-author\">\n    <span class=\"edgtf-post-info-author-text\">\n        by    <\/span>\n    <a itemprop=\"author\" class=\"edgtf-post-info-author-link\" href=\"https:\/\/orthodoxeroumain.fr\/video\/author\/sulpice\/\">\n        sulpice    <\/a>\n<\/div>                <\/div>\n            \t\n\t        \n<h4 itemprop=\"name\" class=\"entry-title edgtf-post-title\" >\n            <a itemprop=\"url\" href=\"https:\/\/orthodoxeroumain.fr\/video\/2021\/01\/26\/%e2%ad%95-cei-adormiti-viii-nostri-trecuti-dincolo-parintele-razvan-ionescu-live-doxologia-ro\/\" title=\"\u2b55 \u201eCei adormi\u021bi, viii no\u0219tri trecu\u021bi dincolo\u201d P\u0103rintele R\u0103zvan Ionescu (LIVE Doxologia.ro)\">\n            \u2b55 \u201eCei adormi\u021bi, viii no\u0219tri trecu\u021bi dincolo\u201d P\u0103rintele R\u0103zvan Ionescu (LIVE Doxologia.ro)            <\/a>\n    <\/h4>\t\n\t        <div class=\"edgtf-bli-excerpt\">\n\t\t        \t<div class=\"edgtf-post-read-more-button\">\n\t\t<a itemprop=\"url\" href=\"https:\/\/orthodoxeroumain.fr\/video\/2021\/01\/26\/%e2%ad%95-cei-adormiti-viii-nostri-trecuti-dincolo-parintele-razvan-ionescu-live-doxologia-ro\/\" target=\"_self\"  class=\"edgtf-btn edgtf-btn-medium edgtf-btn-simple edgtf-btn- edgtf-blog-list-button edgtf-hover-animation\"  >    <span class=\"edgtf-btn-text\">Read More<\/span>    <\/a>\t<\/div>\n\t        <\/div>\n        <\/div>\n\t<\/div>\n<\/li><li class=\"edgtf-bl-item edgtf-item-space clearfix\">\n\t<div class=\"edgtf-bli-inner\">\n\t\t\n\t<div class=\"edgtf-post-image\">\n\t\t            <a itemprop=\"url\" href=\"https:\/\/orthodoxeroumain.fr\/video\/2021\/01\/26\/%e2%ad%95-trairea-sexualitatii-cere-har-parintele-razvan-ionescu-live-doxologia-ro\/\" title=\"\u2b55 \u201eTr\u0103irea sexualit\u0103\u021bii cere har\u201d &#8211;  P\u0103rintele R\u0103zvan Ionescu (LIVE Doxologia.ro)\">\n\t\t\t\t\t<img loading=\"lazy\" decoding=\"async\" width=\"1280\" height=\"720\" src=\"https:\/\/orthodoxeroumain.fr\/video\/wp-content\/uploads\/2021\/01\/maxresdefault-44.jpg\" class=\"attachment-full size-full wp-post-image\" alt=\"\" srcset=\"https:\/\/orthodoxeroumain.fr\/video\/wp-content\/uploads\/2021\/01\/maxresdefault-44.jpg 1280w, https:\/\/orthodoxeroumain.fr\/video\/wp-content\/uploads\/2021\/01\/maxresdefault-44-300x169.jpg 300w, https:\/\/orthodoxeroumain.fr\/video\/wp-content\/uploads\/2021\/01\/maxresdefault-44-1024x576.jpg 1024w, https:\/\/orthodoxeroumain.fr\/video\/wp-content\/uploads\/2021\/01\/maxresdefault-44-768x432.jpg 768w\" sizes=\"auto, (max-width: 1280px) 100vw, 1280px\" \/>\t\t\t\t\t\t\t\t\t<\/a>\n\t\t\t\t\t<\/div>\n        <div class=\"edgtf-bli-content\">\n                            <div class=\"edgtf-bli-info\">\n\t                <div itemprop=\"dateCreated\" class=\"edgtf-post-info-date entry-date published updated\">\n\t\t\t<a itemprop=\"url\" href=\"https:\/\/orthodoxeroumain.fr\/video\/2021\/01\/\">\n\t\t\t\t\t\t26 ianuarie 2021\t\t<\/a>\n\t\t<meta itemprop=\"interactionCount\" content=\"UserComments: 0\"\/>\n<\/div><div class=\"edgtf-post-info-author\">\n    <span class=\"edgtf-post-info-author-text\">\n        by    <\/span>\n    <a itemprop=\"author\" class=\"edgtf-post-info-author-link\" href=\"https:\/\/orthodoxeroumain.fr\/video\/author\/sulpice\/\">\n        sulpice    <\/a>\n<\/div>                <\/div>\n            \t\n\t        \n<h4 itemprop=\"name\" class=\"entry-title edgtf-post-title\" >\n            <a itemprop=\"url\" href=\"https:\/\/orthodoxeroumain.fr\/video\/2021\/01\/26\/%e2%ad%95-trairea-sexualitatii-cere-har-parintele-razvan-ionescu-live-doxologia-ro\/\" title=\"\u2b55 \u201eTr\u0103irea sexualit\u0103\u021bii cere har\u201d &#8211;  P\u0103rintele R\u0103zvan Ionescu (LIVE Doxologia.ro)\">\n            \u2b55 \u201eTr\u0103irea sexualit\u0103\u021bii cere har\u201d &#8211;  P\u0103rintele R\u0103zvan Ionescu (LIVE Doxologia.ro)            <\/a>\n    <\/h4>\t\n\t        <div class=\"edgtf-bli-excerpt\">\n\t\t        \t<div class=\"edgtf-post-read-more-button\">\n\t\t<a itemprop=\"url\" href=\"https:\/\/orthodoxeroumain.fr\/video\/2021\/01\/26\/%e2%ad%95-trairea-sexualitatii-cere-har-parintele-razvan-ionescu-live-doxologia-ro\/\" target=\"_self\"  class=\"edgtf-btn edgtf-btn-medium edgtf-btn-simple edgtf-btn- edgtf-blog-list-button edgtf-hover-animation\"  >    <span class=\"edgtf-btn-text\">Read More<\/span>    <\/a>\t<\/div>\n\t        <\/div>\n        <\/div>\n\t<\/div>\n<\/li><li class=\"edgtf-bl-item edgtf-item-space clearfix\">\n\t<div class=\"edgtf-bli-inner\">\n\t\t\n\t<div class=\"edgtf-post-image\">\n\t\t            <a itemprop=\"url\" href=\"https:\/\/orthodoxeroumain.fr\/video\/2021\/01\/26\/%e2%ad%95-sa-activam-harul-pentru-ca-impartasirea-cu-domnul-sa-ne-fie-cat-mai-continua-pr-razvan-ionescu\/\" title=\"\u2b55 \u201eS\u0103 activ\u0103m harul pentru ca \u00eemp\u0103rt\u0103\u0219irea cu Domnul s\u0103 ne fie c\u00e2t mai continu\u0103\u201d \u2013 Pr R\u0103zvan Ionescu\">\n\t\t\t\t\t<img loading=\"lazy\" decoding=\"async\" width=\"1280\" height=\"720\" src=\"https:\/\/orthodoxeroumain.fr\/video\/wp-content\/uploads\/2021\/01\/maxresdefault-43.jpg\" class=\"attachment-full size-full wp-post-image\" alt=\"\" srcset=\"https:\/\/orthodoxeroumain.fr\/video\/wp-content\/uploads\/2021\/01\/maxresdefault-43.jpg 1280w, https:\/\/orthodoxeroumain.fr\/video\/wp-content\/uploads\/2021\/01\/maxresdefault-43-300x169.jpg 300w, https:\/\/orthodoxeroumain.fr\/video\/wp-content\/uploads\/2021\/01\/maxresdefault-43-1024x576.jpg 1024w, https:\/\/orthodoxeroumain.fr\/video\/wp-content\/uploads\/2021\/01\/maxresdefault-43-768x432.jpg 768w\" sizes=\"auto, (max-width: 1280px) 100vw, 1280px\" \/>\t\t\t\t\t\t\t\t\t<\/a>\n\t\t\t\t\t<\/div>\n        <div class=\"edgtf-bli-content\">\n                            <div class=\"edgtf-bli-info\">\n\t                <div itemprop=\"dateCreated\" class=\"edgtf-post-info-date entry-date published updated\">\n\t\t\t<a itemprop=\"url\" href=\"https:\/\/orthodoxeroumain.fr\/video\/2021\/01\/\">\n\t\t\t\t\t\t26 ianuarie 2021\t\t<\/a>\n\t\t<meta itemprop=\"interactionCount\" content=\"UserComments: 0\"\/>\n<\/div><div class=\"edgtf-post-info-author\">\n    <span class=\"edgtf-post-info-author-text\">\n        by    <\/span>\n    <a itemprop=\"author\" class=\"edgtf-post-info-author-link\" href=\"https:\/\/orthodoxeroumain.fr\/video\/author\/sulpice\/\">\n        sulpice    <\/a>\n<\/div>                <\/div>\n            \t\n\t        \n<h4 itemprop=\"name\" class=\"entry-title edgtf-post-title\" >\n            <a itemprop=\"url\" href=\"https:\/\/orthodoxeroumain.fr\/video\/2021\/01\/26\/%e2%ad%95-sa-activam-harul-pentru-ca-impartasirea-cu-domnul-sa-ne-fie-cat-mai-continua-pr-razvan-ionescu\/\" title=\"\u2b55 \u201eS\u0103 activ\u0103m harul pentru ca \u00eemp\u0103rt\u0103\u0219irea cu Domnul s\u0103 ne fie c\u00e2t mai continu\u0103\u201d \u2013 Pr R\u0103zvan Ionescu\">\n            \u2b55 \u201eS\u0103 activ\u0103m harul pentru ca \u00eemp\u0103rt\u0103\u0219irea cu Domnul s\u0103 ne fie c\u00e2t mai continu\u0103\u201d \u2013 Pr R\u0103zvan Ionescu            <\/a>\n    <\/h4>\t\n\t        <div class=\"edgtf-bli-excerpt\">\n\t\t        \t<div class=\"edgtf-post-read-more-button\">\n\t\t<a itemprop=\"url\" href=\"https:\/\/orthodoxeroumain.fr\/video\/2021\/01\/26\/%e2%ad%95-sa-activam-harul-pentru-ca-impartasirea-cu-domnul-sa-ne-fie-cat-mai-continua-pr-razvan-ionescu\/\" target=\"_self\"  class=\"edgtf-btn edgtf-btn-medium edgtf-btn-simple edgtf-btn- edgtf-blog-list-button edgtf-hover-animation\"  >    <span class=\"edgtf-btn-text\">Read More<\/span>    <\/a>\t<\/div>\n\t        <\/div>\n        <\/div>\n\t<\/div>\n<\/li><li class=\"edgtf-bl-item edgtf-item-space clearfix\">\n\t<div class=\"edgtf-bli-inner\">\n\t\t\n\t<div class=\"edgtf-post-image\">\n\t\t            <a itemprop=\"url\" href=\"https:\/\/orthodoxeroumain.fr\/video\/2021\/01\/26\/%e2%ad%95-bucuria-comuniunii-cu-sfintii-lui-dumnezeu-live-doxologia-ro\/\" title=\"\u2b55 \u201eBucuria comuniunii cu sfin\u021bii lui Dumnezeu\u201d (LIVE Doxologia.ro)\">\n\t\t\t\t\t<img loading=\"lazy\" decoding=\"async\" width=\"1280\" height=\"720\" src=\"https:\/\/orthodoxeroumain.fr\/video\/wp-content\/uploads\/2021\/01\/maxresdefault-42.jpg\" class=\"attachment-full size-full wp-post-image\" alt=\"\" srcset=\"https:\/\/orthodoxeroumain.fr\/video\/wp-content\/uploads\/2021\/01\/maxresdefault-42.jpg 1280w, https:\/\/orthodoxeroumain.fr\/video\/wp-content\/uploads\/2021\/01\/maxresdefault-42-300x169.jpg 300w, https:\/\/orthodoxeroumain.fr\/video\/wp-content\/uploads\/2021\/01\/maxresdefault-42-1024x576.jpg 1024w, https:\/\/orthodoxeroumain.fr\/video\/wp-content\/uploads\/2021\/01\/maxresdefault-42-768x432.jpg 768w\" sizes=\"auto, (max-width: 1280px) 100vw, 1280px\" \/>\t\t\t\t\t\t\t\t\t<\/a>\n\t\t\t\t\t<\/div>\n        <div class=\"edgtf-bli-content\">\n                            <div class=\"edgtf-bli-info\">\n\t                <div itemprop=\"dateCreated\" class=\"edgtf-post-info-date entry-date published updated\">\n\t\t\t<a itemprop=\"url\" href=\"https:\/\/orthodoxeroumain.fr\/video\/2021\/01\/\">\n\t\t\t\t\t\t26 ianuarie 2021\t\t<\/a>\n\t\t<meta itemprop=\"interactionCount\" content=\"UserComments: 0\"\/>\n<\/div><div class=\"edgtf-post-info-author\">\n    <span class=\"edgtf-post-info-author-text\">\n        by    <\/span>\n    <a itemprop=\"author\" class=\"edgtf-post-info-author-link\" href=\"https:\/\/orthodoxeroumain.fr\/video\/author\/sulpice\/\">\n        sulpice    <\/a>\n<\/div>                <\/div>\n            \t\n\t        \n<h4 itemprop=\"name\" class=\"entry-title edgtf-post-title\" >\n            <a itemprop=\"url\" href=\"https:\/\/orthodoxeroumain.fr\/video\/2021\/01\/26\/%e2%ad%95-bucuria-comuniunii-cu-sfintii-lui-dumnezeu-live-doxologia-ro\/\" title=\"\u2b55 \u201eBucuria comuniunii cu sfin\u021bii lui Dumnezeu\u201d (LIVE Doxologia.ro)\">\n            \u2b55 \u201eBucuria comuniunii cu sfin\u021bii lui Dumnezeu\u201d (LIVE Doxologia.ro)            <\/a>\n    <\/h4>\t\n\t        <div class=\"edgtf-bli-excerpt\">\n\t\t        \t<div class=\"edgtf-post-read-more-button\">\n\t\t<a itemprop=\"url\" href=\"https:\/\/orthodoxeroumain.fr\/video\/2021\/01\/26\/%e2%ad%95-bucuria-comuniunii-cu-sfintii-lui-dumnezeu-live-doxologia-ro\/\" target=\"_self\"  class=\"edgtf-btn edgtf-btn-medium edgtf-btn-simple edgtf-btn- edgtf-blog-list-button edgtf-hover-animation\"  >    <span class=\"edgtf-btn-text\">Read More<\/span>    <\/a>\t<\/div>\n\t        <\/div>\n        <\/div>\n\t<\/div>\n<\/li><li class=\"edgtf-bl-item edgtf-item-space clearfix\">\n\t<div class=\"edgtf-bli-inner\">\n\t\t\n\t<div class=\"edgtf-post-image\">\n\t\t            <a itemprop=\"url\" href=\"https:\/\/orthodoxeroumain.fr\/video\/2021\/01\/26\/%e2%ad%95-inteligenta-inspiratie-viu-tacere-si-cuvant-in-viata-ecleziala-live-doxologia-ro\/\" title=\"\u2b55 \u201eInteligen\u021b\u0103, inspira\u021bie, viu: t\u0103cere \u0219i cuv\u00e2nt \u00een via\u021ba eclezial\u0103\u201d (LIVE Doxologia.ro)\">\n\t\t\t\t\t<img loading=\"lazy\" decoding=\"async\" width=\"1280\" height=\"720\" src=\"https:\/\/orthodoxeroumain.fr\/video\/wp-content\/uploads\/2021\/01\/maxresdefault-38.jpg\" class=\"attachment-full size-full wp-post-image\" alt=\"\" srcset=\"https:\/\/orthodoxeroumain.fr\/video\/wp-content\/uploads\/2021\/01\/maxresdefault-38.jpg 1280w, https:\/\/orthodoxeroumain.fr\/video\/wp-content\/uploads\/2021\/01\/maxresdefault-38-300x169.jpg 300w, https:\/\/orthodoxeroumain.fr\/video\/wp-content\/uploads\/2021\/01\/maxresdefault-38-1024x576.jpg 1024w, https:\/\/orthodoxeroumain.fr\/video\/wp-content\/uploads\/2021\/01\/maxresdefault-38-768x432.jpg 768w\" sizes=\"auto, (max-width: 1280px) 100vw, 1280px\" \/>\t\t\t\t\t\t\t\t\t<\/a>\n\t\t\t\t\t<\/div>\n        <div class=\"edgtf-bli-content\">\n                            <div class=\"edgtf-bli-info\">\n\t                <div itemprop=\"dateCreated\" class=\"edgtf-post-info-date entry-date published updated\">\n\t\t\t<a itemprop=\"url\" href=\"https:\/\/orthodoxeroumain.fr\/video\/2021\/01\/\">\n\t\t\t\t\t\t26 ianuarie 2021\t\t<\/a>\n\t\t<meta itemprop=\"interactionCount\" content=\"UserComments: 0\"\/>\n<\/div><div class=\"edgtf-post-info-author\">\n    <span class=\"edgtf-post-info-author-text\">\n        by    <\/span>\n    <a itemprop=\"author\" class=\"edgtf-post-info-author-link\" href=\"https:\/\/orthodoxeroumain.fr\/video\/author\/sulpice\/\">\n        sulpice    <\/a>\n<\/div>                <\/div>\n            \t\n\t        \n<h4 itemprop=\"name\" class=\"entry-title edgtf-post-title\" >\n            <a itemprop=\"url\" href=\"https:\/\/orthodoxeroumain.fr\/video\/2021\/01\/26\/%e2%ad%95-inteligenta-inspiratie-viu-tacere-si-cuvant-in-viata-ecleziala-live-doxologia-ro\/\" title=\"\u2b55 \u201eInteligen\u021b\u0103, inspira\u021bie, viu: t\u0103cere \u0219i cuv\u00e2nt \u00een via\u021ba eclezial\u0103\u201d (LIVE Doxologia.ro)\">\n            \u2b55 \u201eInteligen\u021b\u0103, inspira\u021bie, viu: t\u0103cere \u0219i cuv\u00e2nt \u00een via\u021ba eclezial\u0103\u201d (LIVE Doxologia.ro)            <\/a>\n    <\/h4>\t\n\t        <div class=\"edgtf-bli-excerpt\">\n\t\t        \t<div class=\"edgtf-post-read-more-button\">\n\t\t<a itemprop=\"url\" href=\"https:\/\/orthodoxeroumain.fr\/video\/2021\/01\/26\/%e2%ad%95-inteligenta-inspiratie-viu-tacere-si-cuvant-in-viata-ecleziala-live-doxologia-ro\/\" target=\"_self\"  class=\"edgtf-btn edgtf-btn-medium edgtf-btn-simple edgtf-btn- edgtf-blog-list-button edgtf-hover-animation\"  >    <span class=\"edgtf-btn-text\">Read More<\/span>    <\/a>\t<\/div>\n\t        <\/div>\n        <\/div>\n\t<\/div>\n<\/li><li class=\"edgtf-bl-item edgtf-item-space clearfix\">\n\t<div class=\"edgtf-bli-inner\">\n\t\t\n\t<div class=\"edgtf-post-image\">\n\t\t            <a itemprop=\"url\" href=\"https:\/\/orthodoxeroumain.fr\/video\/2021\/01\/26\/%e2%ad%95-prigonirea-si-apararea-vietii-crestine-astazi-live-doxologia-ro\/\" title=\"\u2b55 \u201ePrigonirea \u0219i ap\u0103rarea vie\u021bii cre\u0219tine ast\u0103zi\u201d (LIVE Doxologia.ro)\">\n\t\t\t\t\t<img loading=\"lazy\" decoding=\"async\" width=\"480\" height=\"360\" src=\"https:\/\/orthodoxeroumain.fr\/video\/wp-content\/uploads\/2021\/01\/hqdefault-36.jpg\" class=\"attachment-full size-full wp-post-image\" alt=\"\" srcset=\"https:\/\/orthodoxeroumain.fr\/video\/wp-content\/uploads\/2021\/01\/hqdefault-36.jpg 480w, https:\/\/orthodoxeroumain.fr\/video\/wp-content\/uploads\/2021\/01\/hqdefault-36-300x225.jpg 300w\" sizes=\"auto, (max-width: 480px) 100vw, 480px\" \/>\t\t\t\t\t\t\t\t\t<\/a>\n\t\t\t\t\t<\/div>\n        <div class=\"edgtf-bli-content\">\n                            <div class=\"edgtf-bli-info\">\n\t                <div itemprop=\"dateCreated\" class=\"edgtf-post-info-date entry-date published updated\">\n\t\t\t<a itemprop=\"url\" href=\"https:\/\/orthodoxeroumain.fr\/video\/2021\/01\/\">\n\t\t\t\t\t\t26 ianuarie 2021\t\t<\/a>\n\t\t<meta itemprop=\"interactionCount\" content=\"UserComments: 0\"\/>\n<\/div><div class=\"edgtf-post-info-author\">\n    <span class=\"edgtf-post-info-author-text\">\n        by    <\/span>\n    <a itemprop=\"author\" class=\"edgtf-post-info-author-link\" href=\"https:\/\/orthodoxeroumain.fr\/video\/author\/sulpice\/\">\n        sulpice    <\/a>\n<\/div>                <\/div>\n            \t\n\t        \n<h4 itemprop=\"name\" class=\"entry-title edgtf-post-title\" >\n            <a itemprop=\"url\" href=\"https:\/\/orthodoxeroumain.fr\/video\/2021\/01\/26\/%e2%ad%95-prigonirea-si-apararea-vietii-crestine-astazi-live-doxologia-ro\/\" title=\"\u2b55 \u201ePrigonirea \u0219i ap\u0103rarea vie\u021bii cre\u0219tine ast\u0103zi\u201d (LIVE Doxologia.ro)\">\n            \u2b55 \u201ePrigonirea \u0219i ap\u0103rarea vie\u021bii cre\u0219tine ast\u0103zi\u201d (LIVE Doxologia.ro)            <\/a>\n    <\/h4>\t\n\t        <div class=\"edgtf-bli-excerpt\">\n\t\t        \t<div class=\"edgtf-post-read-more-button\">\n\t\t<a itemprop=\"url\" href=\"https:\/\/orthodoxeroumain.fr\/video\/2021\/01\/26\/%e2%ad%95-prigonirea-si-apararea-vietii-crestine-astazi-live-doxologia-ro\/\" target=\"_self\"  class=\"edgtf-btn edgtf-btn-medium edgtf-btn-simple edgtf-btn- edgtf-blog-list-button edgtf-hover-animation\"  >    <span class=\"edgtf-btn-text\">Read More<\/span>    <\/a>\t<\/div>\n\t        <\/div>\n        <\/div>\n\t<\/div>\n<\/li><li class=\"edgtf-bl-item edgtf-item-space clearfix\">\n\t<div class=\"edgtf-bli-inner\">\n\t\t\n\t<div class=\"edgtf-post-image\">\n\t\t            <a itemprop=\"url\" href=\"https:\/\/orthodoxeroumain.fr\/video\/2021\/01\/26\/%e2%ad%95-dragostea-lui-dumnezeu-este-mai-puternica-decat-uraciunea-pustiirii-live-doxologia-ro\/\" title=\"\u2b55 \u201eDragostea lui Dumnezeu este mai puternic\u0103 dec\u00e2t ur\u00e2ciunea pustiirii\u201d (LIVE Doxologia.ro)\">\n\t\t\t\t\t<img loading=\"lazy\" decoding=\"async\" width=\"1280\" height=\"720\" src=\"https:\/\/orthodoxeroumain.fr\/video\/wp-content\/uploads\/2021\/01\/maxresdefault-37.jpg\" class=\"attachment-full size-full wp-post-image\" alt=\"\" srcset=\"https:\/\/orthodoxeroumain.fr\/video\/wp-content\/uploads\/2021\/01\/maxresdefault-37.jpg 1280w, https:\/\/orthodoxeroumain.fr\/video\/wp-content\/uploads\/2021\/01\/maxresdefault-37-300x169.jpg 300w, https:\/\/orthodoxeroumain.fr\/video\/wp-content\/uploads\/2021\/01\/maxresdefault-37-1024x576.jpg 1024w, https:\/\/orthodoxeroumain.fr\/video\/wp-content\/uploads\/2021\/01\/maxresdefault-37-768x432.jpg 768w\" sizes=\"auto, (max-width: 1280px) 100vw, 1280px\" \/>\t\t\t\t\t\t\t\t\t<\/a>\n\t\t\t\t\t<\/div>\n        <div class=\"edgtf-bli-content\">\n                            <div class=\"edgtf-bli-info\">\n\t                <div itemprop=\"dateCreated\" class=\"edgtf-post-info-date entry-date published updated\">\n\t\t\t<a itemprop=\"url\" href=\"https:\/\/orthodoxeroumain.fr\/video\/2021\/01\/\">\n\t\t\t\t\t\t26 ianuarie 2021\t\t<\/a>\n\t\t<meta itemprop=\"interactionCount\" content=\"UserComments: 0\"\/>\n<\/div><div class=\"edgtf-post-info-author\">\n    <span class=\"edgtf-post-info-author-text\">\n        by    <\/span>\n    <a itemprop=\"author\" class=\"edgtf-post-info-author-link\" href=\"https:\/\/orthodoxeroumain.fr\/video\/author\/sulpice\/\">\n        sulpice    <\/a>\n<\/div>                <\/div>\n            \t\n\t        \n<h4 itemprop=\"name\" class=\"entry-title edgtf-post-title\" >\n            <a itemprop=\"url\" href=\"https:\/\/orthodoxeroumain.fr\/video\/2021\/01\/26\/%e2%ad%95-dragostea-lui-dumnezeu-este-mai-puternica-decat-uraciunea-pustiirii-live-doxologia-ro\/\" title=\"\u2b55 \u201eDragostea lui Dumnezeu este mai puternic\u0103 dec\u00e2t ur\u00e2ciunea pustiirii\u201d (LIVE Doxologia.ro)\">\n            \u2b55 \u201eDragostea lui Dumnezeu este mai puternic\u0103 dec\u00e2t ur\u00e2ciunea pustiirii\u201d (LIVE Doxologia.ro)            <\/a>\n    <\/h4>\t\n\t        <div class=\"edgtf-bli-excerpt\">\n\t\t        \t<div class=\"edgtf-post-read-more-button\">\n\t\t<a itemprop=\"url\" href=\"https:\/\/orthodoxeroumain.fr\/video\/2021\/01\/26\/%e2%ad%95-dragostea-lui-dumnezeu-este-mai-puternica-decat-uraciunea-pustiirii-live-doxologia-ro\/\" target=\"_self\"  class=\"edgtf-btn edgtf-btn-medium edgtf-btn-simple edgtf-btn- edgtf-blog-list-button edgtf-hover-animation\"  >    <span class=\"edgtf-btn-text\">Read More<\/span>    <\/a>\t<\/div>\n\t        <\/div>\n        <\/div>\n\t<\/div>\n<\/li><li class=\"edgtf-bl-item edgtf-item-space clearfix\">\n\t<div class=\"edgtf-bli-inner\">\n\t\t\n\t<div class=\"edgtf-post-image\">\n\t\t            <a itemprop=\"url\" href=\"https:\/\/orthodoxeroumain.fr\/video\/2021\/01\/26\/biserica-azi-duhovnicie-si-stiinta\/\" title=\"Biserica Azi. Duhovnicie \u0219i \u0219tiin\u021b\u0103\">\n\t\t\t\t\t<img loading=\"lazy\" decoding=\"async\" width=\"1280\" height=\"720\" src=\"https:\/\/orthodoxeroumain.fr\/video\/wp-content\/uploads\/2021\/01\/maxresdefault-17.jpg\" class=\"attachment-full size-full wp-post-image\" alt=\"\" srcset=\"https:\/\/orthodoxeroumain.fr\/video\/wp-content\/uploads\/2021\/01\/maxresdefault-17.jpg 1280w, https:\/\/orthodoxeroumain.fr\/video\/wp-content\/uploads\/2021\/01\/maxresdefault-17-300x169.jpg 300w, https:\/\/orthodoxeroumain.fr\/video\/wp-content\/uploads\/2021\/01\/maxresdefault-17-1024x576.jpg 1024w, https:\/\/orthodoxeroumain.fr\/video\/wp-content\/uploads\/2021\/01\/maxresdefault-17-768x432.jpg 768w\" sizes=\"auto, (max-width: 1280px) 100vw, 1280px\" \/>\t\t\t\t\t\t\t\t\t<\/a>\n\t\t\t\t\t<\/div>\n        <div class=\"edgtf-bli-content\">\n                            <div class=\"edgtf-bli-info\">\n\t                <div itemprop=\"dateCreated\" class=\"edgtf-post-info-date entry-date published updated\">\n\t\t\t<a itemprop=\"url\" href=\"https:\/\/orthodoxeroumain.fr\/video\/2021\/01\/\">\n\t\t\t\t\t\t26 ianuarie 2021\t\t<\/a>\n\t\t<meta itemprop=\"interactionCount\" content=\"UserComments: 0\"\/>\n<\/div><div class=\"edgtf-post-info-author\">\n    <span class=\"edgtf-post-info-author-text\">\n        by    <\/span>\n    <a itemprop=\"author\" class=\"edgtf-post-info-author-link\" href=\"https:\/\/orthodoxeroumain.fr\/video\/author\/sulpice\/\">\n        sulpice    <\/a>\n<\/div>                <\/div>\n            \t\n\t        \n<h4 itemprop=\"name\" class=\"entry-title edgtf-post-title\" >\n            <a itemprop=\"url\" href=\"https:\/\/orthodoxeroumain.fr\/video\/2021\/01\/26\/biserica-azi-duhovnicie-si-stiinta\/\" title=\"Biserica Azi. Duhovnicie \u0219i \u0219tiin\u021b\u0103\">\n            Biserica Azi. Duhovnicie \u0219i \u0219tiin\u021b\u0103            <\/a>\n    <\/h4>\t\n\t        <div class=\"edgtf-bli-excerpt\">\n\t\t        \t<div class=\"edgtf-post-read-more-button\">\n\t\t<a itemprop=\"url\" href=\"https:\/\/orthodoxeroumain.fr\/video\/2021\/01\/26\/biserica-azi-duhovnicie-si-stiinta\/\" target=\"_self\"  class=\"edgtf-btn edgtf-btn-medium edgtf-btn-simple edgtf-btn- edgtf-blog-list-button edgtf-hover-animation\"  >    <span class=\"edgtf-btn-text\">Read More<\/span>    <\/a>\t<\/div>\n\t        <\/div>\n        <\/div>\n\t<\/div>\n<\/li><li class=\"edgtf-bl-item edgtf-item-space clearfix\">\n\t<div class=\"edgtf-bli-inner\">\n\t\t\n\t<div class=\"edgtf-post-image\">\n\t\t            <a itemprop=\"url\" href=\"https:\/\/orthodoxeroumain.fr\/video\/2021\/01\/26\/biserica-azi-misiune-in-diaspora\/\" title=\"Biserica Azi. Misiune \u00een Diaspora\">\n\t\t\t\t\t<img loading=\"lazy\" decoding=\"async\" width=\"640\" height=\"480\" src=\"https:\/\/orthodoxeroumain.fr\/video\/wp-content\/uploads\/2021\/01\/sddefault-45.jpg\" class=\"attachment-full size-full wp-post-image\" alt=\"\" srcset=\"https:\/\/orthodoxeroumain.fr\/video\/wp-content\/uploads\/2021\/01\/sddefault-45.jpg 640w, https:\/\/orthodoxeroumain.fr\/video\/wp-content\/uploads\/2021\/01\/sddefault-45-300x225.jpg 300w\" sizes=\"auto, (max-width: 640px) 100vw, 640px\" \/>\t\t\t\t\t\t\t\t\t<\/a>\n\t\t\t\t\t<\/div>\n        <div class=\"edgtf-bli-content\">\n                            <div class=\"edgtf-bli-info\">\n\t                <div itemprop=\"dateCreated\" class=\"edgtf-post-info-date entry-date published updated\">\n\t\t\t<a itemprop=\"url\" href=\"https:\/\/orthodoxeroumain.fr\/video\/2021\/01\/\">\n\t\t\t\t\t\t26 ianuarie 2021\t\t<\/a>\n\t\t<meta itemprop=\"interactionCount\" content=\"UserComments: 0\"\/>\n<\/div><div class=\"edgtf-post-info-author\">\n    <span class=\"edgtf-post-info-author-text\">\n        by    <\/span>\n    <a itemprop=\"author\" class=\"edgtf-post-info-author-link\" href=\"https:\/\/orthodoxeroumain.fr\/video\/author\/sulpice\/\">\n        sulpice    <\/a>\n<\/div>                <\/div>\n            \t\n\t        \n<h4 itemprop=\"name\" class=\"entry-title edgtf-post-title\" >\n            <a itemprop=\"url\" href=\"https:\/\/orthodoxeroumain.fr\/video\/2021\/01\/26\/biserica-azi-misiune-in-diaspora\/\" title=\"Biserica Azi. Misiune \u00een Diaspora\">\n            Biserica Azi. Misiune \u00een Diaspora            <\/a>\n    <\/h4>\t\n\t        <div class=\"edgtf-bli-excerpt\">\n\t\t        \t<div class=\"edgtf-post-read-more-button\">\n\t\t<a itemprop=\"url\" href=\"https:\/\/orthodoxeroumain.fr\/video\/2021\/01\/26\/biserica-azi-misiune-in-diaspora\/\" target=\"_self\"  class=\"edgtf-btn edgtf-btn-medium edgtf-btn-simple edgtf-btn- edgtf-blog-list-button edgtf-hover-animation\"  >    <span class=\"edgtf-btn-text\">Read More<\/span>    <\/a>\t<\/div>\n\t        <\/div>\n        <\/div>\n\t<\/div>\n<\/li><li class=\"edgtf-bl-item edgtf-item-space clearfix\">\n\t<div class=\"edgtf-bli-inner\">\n\t\t\n\t<div class=\"edgtf-post-image\">\n\t\t            <a itemprop=\"url\" href=\"https:\/\/orthodoxeroumain.fr\/video\/2021\/01\/26\/ce-inseamna-sa-fim-marturisitori\/\" title=\"Ce \u00eenseamn\u0103 s\u0103 fim m\u0103rturisitori?\">\n\t\t\t\t\t<img loading=\"lazy\" decoding=\"async\" width=\"1280\" height=\"720\" src=\"https:\/\/orthodoxeroumain.fr\/video\/wp-content\/uploads\/2021\/01\/maxresdefault-16.jpg\" class=\"attachment-full size-full wp-post-image\" alt=\"\" srcset=\"https:\/\/orthodoxeroumain.fr\/video\/wp-content\/uploads\/2021\/01\/maxresdefault-16.jpg 1280w, https:\/\/orthodoxeroumain.fr\/video\/wp-content\/uploads\/2021\/01\/maxresdefault-16-300x169.jpg 300w, https:\/\/orthodoxeroumain.fr\/video\/wp-content\/uploads\/2021\/01\/maxresdefault-16-1024x576.jpg 1024w, https:\/\/orthodoxeroumain.fr\/video\/wp-content\/uploads\/2021\/01\/maxresdefault-16-768x432.jpg 768w\" sizes=\"auto, (max-width: 1280px) 100vw, 1280px\" \/>\t\t\t\t\t\t\t\t\t<\/a>\n\t\t\t\t\t<\/div>\n        <div class=\"edgtf-bli-content\">\n                            <div class=\"edgtf-bli-info\">\n\t                <div itemprop=\"dateCreated\" class=\"edgtf-post-info-date entry-date published updated\">\n\t\t\t<a itemprop=\"url\" href=\"https:\/\/orthodoxeroumain.fr\/video\/2021\/01\/\">\n\t\t\t\t\t\t26 ianuarie 2021\t\t<\/a>\n\t\t<meta itemprop=\"interactionCount\" content=\"UserComments: 0\"\/>\n<\/div><div class=\"edgtf-post-info-author\">\n    <span class=\"edgtf-post-info-author-text\">\n        by    <\/span>\n    <a itemprop=\"author\" class=\"edgtf-post-info-author-link\" href=\"https:\/\/orthodoxeroumain.fr\/video\/author\/sulpice\/\">\n        sulpice    <\/a>\n<\/div>                <\/div>\n            \t\n\t        \n<h4 itemprop=\"name\" class=\"entry-title edgtf-post-title\" >\n            <a itemprop=\"url\" href=\"https:\/\/orthodoxeroumain.fr\/video\/2021\/01\/26\/ce-inseamna-sa-fim-marturisitori\/\" title=\"Ce \u00eenseamn\u0103 s\u0103 fim m\u0103rturisitori?\">\n            Ce \u00eenseamn\u0103 s\u0103 fim m\u0103rturisitori?            <\/a>\n    <\/h4>\t\n\t        <div class=\"edgtf-bli-excerpt\">\n\t\t        \t<div class=\"edgtf-post-read-more-button\">\n\t\t<a itemprop=\"url\" href=\"https:\/\/orthodoxeroumain.fr\/video\/2021\/01\/26\/ce-inseamna-sa-fim-marturisitori\/\" target=\"_self\"  class=\"edgtf-btn edgtf-btn-medium edgtf-btn-simple edgtf-btn- edgtf-blog-list-button edgtf-hover-animation\"  >    <span class=\"edgtf-btn-text\">Read More<\/span>    <\/a>\t<\/div>\n\t        <\/div>\n        <\/div>\n\t<\/div>\n<\/li><li class=\"edgtf-bl-item edgtf-item-space clearfix\">\n\t<div class=\"edgtf-bli-inner\">\n\t\t\n\t<div class=\"edgtf-post-image\">\n\t\t            <a itemprop=\"url\" href=\"https:\/\/orthodoxeroumain.fr\/video\/2021\/01\/26\/credinta-si-cultura-azi-biserica-nu-inseamna-ziduri-ci-oameni-vii\/\" title=\"Credin\u021b\u0103 \u0219i Cultur\u0103 Azi. Biserica nu \u00eenseamn\u0103 ziduri, ci oameni vii\">\n\t\t\t\t\t<img loading=\"lazy\" decoding=\"async\" width=\"480\" height=\"360\" src=\"https:\/\/orthodoxeroumain.fr\/video\/wp-content\/uploads\/2021\/01\/hqdefault-30.jpg\" class=\"attachment-full size-full wp-post-image\" alt=\"\" srcset=\"https:\/\/orthodoxeroumain.fr\/video\/wp-content\/uploads\/2021\/01\/hqdefault-30.jpg 480w, https:\/\/orthodoxeroumain.fr\/video\/wp-content\/uploads\/2021\/01\/hqdefault-30-300x225.jpg 300w\" sizes=\"auto, (max-width: 480px) 100vw, 480px\" \/>\t\t\t\t\t\t\t\t\t<\/a>\n\t\t\t\t\t<\/div>\n        <div class=\"edgtf-bli-content\">\n                            <div class=\"edgtf-bli-info\">\n\t                <div itemprop=\"dateCreated\" class=\"edgtf-post-info-date entry-date published updated\">\n\t\t\t<a itemprop=\"url\" href=\"https:\/\/orthodoxeroumain.fr\/video\/2021\/01\/\">\n\t\t\t\t\t\t26 ianuarie 2021\t\t<\/a>\n\t\t<meta itemprop=\"interactionCount\" content=\"UserComments: 0\"\/>\n<\/div><div class=\"edgtf-post-info-author\">\n    <span class=\"edgtf-post-info-author-text\">\n        by    <\/span>\n    <a itemprop=\"author\" class=\"edgtf-post-info-author-link\" href=\"https:\/\/orthodoxeroumain.fr\/video\/author\/sulpice\/\">\n        sulpice    <\/a>\n<\/div>                <\/div>\n            \t\n\t        \n<h4 itemprop=\"name\" class=\"entry-title edgtf-post-title\" >\n            <a itemprop=\"url\" href=\"https:\/\/orthodoxeroumain.fr\/video\/2021\/01\/26\/credinta-si-cultura-azi-biserica-nu-inseamna-ziduri-ci-oameni-vii\/\" title=\"Credin\u021b\u0103 \u0219i Cultur\u0103 Azi. Biserica nu \u00eenseamn\u0103 ziduri, ci oameni vii\">\n            Credin\u021b\u0103 \u0219i Cultur\u0103 Azi. Biserica nu \u00eenseamn\u0103 ziduri, ci oameni vii            <\/a>\n    <\/h4>\t\n\t        <div class=\"edgtf-bli-excerpt\">\n\t\t        \t<div class=\"edgtf-post-read-more-button\">\n\t\t<a itemprop=\"url\" href=\"https:\/\/orthodoxeroumain.fr\/video\/2021\/01\/26\/credinta-si-cultura-azi-biserica-nu-inseamna-ziduri-ci-oameni-vii\/\" target=\"_self\"  class=\"edgtf-btn edgtf-btn-medium edgtf-btn-simple edgtf-btn- edgtf-blog-list-button edgtf-hover-animation\"  >    <span class=\"edgtf-btn-text\">Read More<\/span>    <\/a>\t<\/div>\n\t        <\/div>\n        <\/div>\n\t<\/div>\n<\/li><li class=\"edgtf-bl-item edgtf-item-space clearfix\">\n\t<div class=\"edgtf-bli-inner\">\n\t\t\n\t<div class=\"edgtf-post-image\">\n\t\t            <a itemprop=\"url\" href=\"https:\/\/orthodoxeroumain.fr\/video\/2021\/01\/26\/cuvant-pentru-suflet-cinste-prin-dumnezeu\/\" title=\"Cuv\u00e2nt pentru suflet. Cinste prin Dumnezeu\">\n\t\t\t\t\t<img loading=\"lazy\" decoding=\"async\" width=\"1280\" height=\"720\" src=\"https:\/\/orthodoxeroumain.fr\/video\/wp-content\/uploads\/2021\/01\/maxresdefault-15.jpg\" class=\"attachment-full size-full wp-post-image\" alt=\"\" srcset=\"https:\/\/orthodoxeroumain.fr\/video\/wp-content\/uploads\/2021\/01\/maxresdefault-15.jpg 1280w, https:\/\/orthodoxeroumain.fr\/video\/wp-content\/uploads\/2021\/01\/maxresdefault-15-300x169.jpg 300w, https:\/\/orthodoxeroumain.fr\/video\/wp-content\/uploads\/2021\/01\/maxresdefault-15-1024x576.jpg 1024w, https:\/\/orthodoxeroumain.fr\/video\/wp-content\/uploads\/2021\/01\/maxresdefault-15-768x432.jpg 768w\" sizes=\"auto, (max-width: 1280px) 100vw, 1280px\" \/>\t\t\t\t\t\t\t\t\t<\/a>\n\t\t\t\t\t<\/div>\n        <div class=\"edgtf-bli-content\">\n                            <div class=\"edgtf-bli-info\">\n\t                <div itemprop=\"dateCreated\" class=\"edgtf-post-info-date entry-date published updated\">\n\t\t\t<a itemprop=\"url\" href=\"https:\/\/orthodoxeroumain.fr\/video\/2021\/01\/\">\n\t\t\t\t\t\t26 ianuarie 2021\t\t<\/a>\n\t\t<meta itemprop=\"interactionCount\" content=\"UserComments: 0\"\/>\n<\/div><div class=\"edgtf-post-info-author\">\n    <span class=\"edgtf-post-info-author-text\">\n        by    <\/span>\n    <a itemprop=\"author\" class=\"edgtf-post-info-author-link\" href=\"https:\/\/orthodoxeroumain.fr\/video\/author\/sulpice\/\">\n        sulpice    <\/a>\n<\/div>                <\/div>\n            \t\n\t        \n<h4 itemprop=\"name\" class=\"entry-title edgtf-post-title\" >\n            <a itemprop=\"url\" href=\"https:\/\/orthodoxeroumain.fr\/video\/2021\/01\/26\/cuvant-pentru-suflet-cinste-prin-dumnezeu\/\" title=\"Cuv\u00e2nt pentru suflet. Cinste prin Dumnezeu\">\n            Cuv\u00e2nt pentru suflet. Cinste prin Dumnezeu            <\/a>\n    <\/h4>\t\n\t        <div class=\"edgtf-bli-excerpt\">\n\t\t        \t<div class=\"edgtf-post-read-more-button\">\n\t\t<a itemprop=\"url\" href=\"https:\/\/orthodoxeroumain.fr\/video\/2021\/01\/26\/cuvant-pentru-suflet-cinste-prin-dumnezeu\/\" target=\"_self\"  class=\"edgtf-btn edgtf-btn-medium edgtf-btn-simple edgtf-btn- edgtf-blog-list-button edgtf-hover-animation\"  >    <span class=\"edgtf-btn-text\">Read More<\/span>    <\/a>\t<\/div>\n\t        <\/div>\n        <\/div>\n\t<\/div>\n<\/li><li class=\"edgtf-bl-item edgtf-item-space clearfix\">\n\t<div class=\"edgtf-bli-inner\">\n\t\t\n\t<div class=\"edgtf-post-image\">\n\t\t            <a itemprop=\"url\" href=\"https:\/\/orthodoxeroumain.fr\/video\/2021\/01\/26\/cuvant-pentru-suflet-cum-ne-raportam-la-bani-si-putere\/\" title=\"Cuv\u00e2nt pentru suflet. Cum ne raport\u0103m la bani \u0219i putere?\">\n\t\t\t\t\t<img loading=\"lazy\" decoding=\"async\" width=\"480\" height=\"360\" src=\"https:\/\/orthodoxeroumain.fr\/video\/wp-content\/uploads\/2021\/01\/hqdefault-31.jpg\" class=\"attachment-full size-full wp-post-image\" alt=\"\" srcset=\"https:\/\/orthodoxeroumain.fr\/video\/wp-content\/uploads\/2021\/01\/hqdefault-31.jpg 480w, https:\/\/orthodoxeroumain.fr\/video\/wp-content\/uploads\/2021\/01\/hqdefault-31-300x225.jpg 300w\" sizes=\"auto, (max-width: 480px) 100vw, 480px\" \/>\t\t\t\t\t\t\t\t\t<\/a>\n\t\t\t\t\t<\/div>\n        <div class=\"edgtf-bli-content\">\n                            <div class=\"edgtf-bli-info\">\n\t                <div itemprop=\"dateCreated\" class=\"edgtf-post-info-date entry-date published updated\">\n\t\t\t<a itemprop=\"url\" href=\"https:\/\/orthodoxeroumain.fr\/video\/2021\/01\/\">\n\t\t\t\t\t\t26 ianuarie 2021\t\t<\/a>\n\t\t<meta itemprop=\"interactionCount\" content=\"UserComments: 0\"\/>\n<\/div><div class=\"edgtf-post-info-author\">\n    <span class=\"edgtf-post-info-author-text\">\n        by    <\/span>\n    <a itemprop=\"author\" class=\"edgtf-post-info-author-link\" href=\"https:\/\/orthodoxeroumain.fr\/video\/author\/sulpice\/\">\n        sulpice    <\/a>\n<\/div>                <\/div>\n            \t\n\t        \n<h4 itemprop=\"name\" class=\"entry-title edgtf-post-title\" >\n            <a itemprop=\"url\" href=\"https:\/\/orthodoxeroumain.fr\/video\/2021\/01\/26\/cuvant-pentru-suflet-cum-ne-raportam-la-bani-si-putere\/\" title=\"Cuv\u00e2nt pentru suflet. Cum ne raport\u0103m la bani \u0219i putere?\">\n            Cuv\u00e2nt pentru suflet. Cum ne raport\u0103m la bani \u0219i putere?            <\/a>\n    <\/h4>\t\n\t        <div class=\"edgtf-bli-excerpt\">\n\t\t        \t<div class=\"edgtf-post-read-more-button\">\n\t\t<a itemprop=\"url\" href=\"https:\/\/orthodoxeroumain.fr\/video\/2021\/01\/26\/cuvant-pentru-suflet-cum-ne-raportam-la-bani-si-putere\/\" target=\"_self\"  class=\"edgtf-btn edgtf-btn-medium edgtf-btn-simple edgtf-btn- edgtf-blog-list-button edgtf-hover-animation\"  >    <span class=\"edgtf-btn-text\">Read More<\/span>    <\/a>\t<\/div>\n\t        <\/div>\n        <\/div>\n\t<\/div>\n<\/li><li class=\"edgtf-bl-item edgtf-item-space clearfix\">\n\t<div class=\"edgtf-bli-inner\">\n\t\t\n\t<div class=\"edgtf-post-image\">\n\t\t            <a itemprop=\"url\" href=\"https:\/\/orthodoxeroumain.fr\/video\/2021\/01\/26\/cuvant-pentru-suflet-cum-privim-din-punct-de-vedere-duhovnicesc-munca\/\" title=\"Cuv\u00e2nt pentru suflet. Cum privim din punct de vedere duhovnicesc munca\">\n\t\t\t\t\t<img loading=\"lazy\" decoding=\"async\" width=\"480\" height=\"360\" src=\"https:\/\/orthodoxeroumain.fr\/video\/wp-content\/uploads\/2021\/01\/hqdefault-29.jpg\" class=\"attachment-full size-full wp-post-image\" alt=\"\" srcset=\"https:\/\/orthodoxeroumain.fr\/video\/wp-content\/uploads\/2021\/01\/hqdefault-29.jpg 480w, https:\/\/orthodoxeroumain.fr\/video\/wp-content\/uploads\/2021\/01\/hqdefault-29-300x225.jpg 300w\" sizes=\"auto, (max-width: 480px) 100vw, 480px\" \/>\t\t\t\t\t\t\t\t\t<\/a>\n\t\t\t\t\t<\/div>\n        <div class=\"edgtf-bli-content\">\n                            <div class=\"edgtf-bli-info\">\n\t                <div itemprop=\"dateCreated\" class=\"edgtf-post-info-date entry-date published updated\">\n\t\t\t<a itemprop=\"url\" href=\"https:\/\/orthodoxeroumain.fr\/video\/2021\/01\/\">\n\t\t\t\t\t\t26 ianuarie 2021\t\t<\/a>\n\t\t<meta itemprop=\"interactionCount\" content=\"UserComments: 0\"\/>\n<\/div><div class=\"edgtf-post-info-author\">\n    <span class=\"edgtf-post-info-author-text\">\n        by    <\/span>\n    <a itemprop=\"author\" class=\"edgtf-post-info-author-link\" href=\"https:\/\/orthodoxeroumain.fr\/video\/author\/sulpice\/\">\n        sulpice    <\/a>\n<\/div>                <\/div>\n            \t\n\t        \n<h4 itemprop=\"name\" class=\"entry-title edgtf-post-title\" >\n            <a itemprop=\"url\" href=\"https:\/\/orthodoxeroumain.fr\/video\/2021\/01\/26\/cuvant-pentru-suflet-cum-privim-din-punct-de-vedere-duhovnicesc-munca\/\" title=\"Cuv\u00e2nt pentru suflet. Cum privim din punct de vedere duhovnicesc munca\">\n            Cuv\u00e2nt pentru suflet. Cum privim din punct de vedere duhovnicesc munca            <\/a>\n    <\/h4>\t\n\t        <div class=\"edgtf-bli-excerpt\">\n\t\t        \t<div class=\"edgtf-post-read-more-button\">\n\t\t<a itemprop=\"url\" href=\"https:\/\/orthodoxeroumain.fr\/video\/2021\/01\/26\/cuvant-pentru-suflet-cum-privim-din-punct-de-vedere-duhovnicesc-munca\/\" target=\"_self\"  class=\"edgtf-btn edgtf-btn-medium edgtf-btn-simple edgtf-btn- edgtf-blog-list-button edgtf-hover-animation\"  >    <span class=\"edgtf-btn-text\">Read More<\/span>    <\/a>\t<\/div>\n\t        <\/div>\n        <\/div>\n\t<\/div>\n<\/li><li class=\"edgtf-bl-item edgtf-item-space clearfix\">\n\t<div class=\"edgtf-bli-inner\">\n\t\t\n\t<div class=\"edgtf-post-image\">\n\t\t            <a itemprop=\"url\" href=\"https:\/\/orthodoxeroumain.fr\/video\/2021\/01\/26\/cuvant-pentru-suflet-cum-putem-sti-daca-o-dorinta-ne-este-de-folos\/\" title=\"Cuv\u00e2nt pentru suflet. Cum putem \u0219ti dac\u0103 o dorin\u021b\u0103 ne este de folos\">\n\t\t\t\t\t<img loading=\"lazy\" decoding=\"async\" width=\"1280\" height=\"720\" src=\"https:\/\/orthodoxeroumain.fr\/video\/wp-content\/uploads\/2021\/01\/maxresdefault-14.jpg\" class=\"attachment-full size-full wp-post-image\" alt=\"\" srcset=\"https:\/\/orthodoxeroumain.fr\/video\/wp-content\/uploads\/2021\/01\/maxresdefault-14.jpg 1280w, https:\/\/orthodoxeroumain.fr\/video\/wp-content\/uploads\/2021\/01\/maxresdefault-14-300x169.jpg 300w, https:\/\/orthodoxeroumain.fr\/video\/wp-content\/uploads\/2021\/01\/maxresdefault-14-1024x576.jpg 1024w, https:\/\/orthodoxeroumain.fr\/video\/wp-content\/uploads\/2021\/01\/maxresdefault-14-768x432.jpg 768w\" sizes=\"auto, (max-width: 1280px) 100vw, 1280px\" \/>\t\t\t\t\t\t\t\t\t<\/a>\n\t\t\t\t\t<\/div>\n        <div class=\"edgtf-bli-content\">\n                            <div class=\"edgtf-bli-info\">\n\t                <div itemprop=\"dateCreated\" class=\"edgtf-post-info-date entry-date published updated\">\n\t\t\t<a itemprop=\"url\" href=\"https:\/\/orthodoxeroumain.fr\/video\/2021\/01\/\">\n\t\t\t\t\t\t26 ianuarie 2021\t\t<\/a>\n\t\t<meta itemprop=\"interactionCount\" content=\"UserComments: 0\"\/>\n<\/div><div class=\"edgtf-post-info-author\">\n    <span class=\"edgtf-post-info-author-text\">\n        by    <\/span>\n    <a itemprop=\"author\" class=\"edgtf-post-info-author-link\" href=\"https:\/\/orthodoxeroumain.fr\/video\/author\/sulpice\/\">\n        sulpice    <\/a>\n<\/div>                <\/div>\n            \t\n\t        \n<h4 itemprop=\"name\" class=\"entry-title edgtf-post-title\" >\n            <a itemprop=\"url\" href=\"https:\/\/orthodoxeroumain.fr\/video\/2021\/01\/26\/cuvant-pentru-suflet-cum-putem-sti-daca-o-dorinta-ne-este-de-folos\/\" title=\"Cuv\u00e2nt pentru suflet. Cum putem \u0219ti dac\u0103 o dorin\u021b\u0103 ne este de folos\">\n            Cuv\u00e2nt pentru suflet. Cum putem \u0219ti dac\u0103 o dorin\u021b\u0103 ne este de folos            <\/a>\n    <\/h4>\t\n\t        <div class=\"edgtf-bli-excerpt\">\n\t\t        \t<div class=\"edgtf-post-read-more-button\">\n\t\t<a itemprop=\"url\" href=\"https:\/\/orthodoxeroumain.fr\/video\/2021\/01\/26\/cuvant-pentru-suflet-cum-putem-sti-daca-o-dorinta-ne-este-de-folos\/\" target=\"_self\"  class=\"edgtf-btn edgtf-btn-medium edgtf-btn-simple edgtf-btn- edgtf-blog-list-button edgtf-hover-animation\"  >    <span class=\"edgtf-btn-text\">Read More<\/span>    <\/a>\t<\/div>\n\t        <\/div>\n        <\/div>\n\t<\/div>\n<\/li><li class=\"edgtf-bl-item edgtf-item-space clearfix\">\n\t<div class=\"edgtf-bli-inner\">\n\t\t\n\t<div class=\"edgtf-post-image\">\n\t\t            <a itemprop=\"url\" href=\"https:\/\/orthodoxeroumain.fr\/video\/2021\/01\/26\/cuvant-pentru-suflet-de-ce-este-bine-sa-ne-sfintim-casele-cu-aghiasma\/\" title=\"Cuv\u00e2nt pentru suflet. De ce este bine s\u0103 ne sfin\u021bim casele cu aghiasm\u0103\">\n\t\t\t\t\t<img loading=\"lazy\" decoding=\"async\" width=\"1280\" height=\"720\" src=\"https:\/\/orthodoxeroumain.fr\/video\/wp-content\/uploads\/2021\/01\/maxresdefault-12.jpg\" class=\"attachment-full size-full wp-post-image\" alt=\"\" srcset=\"https:\/\/orthodoxeroumain.fr\/video\/wp-content\/uploads\/2021\/01\/maxresdefault-12.jpg 1280w, https:\/\/orthodoxeroumain.fr\/video\/wp-content\/uploads\/2021\/01\/maxresdefault-12-300x169.jpg 300w, https:\/\/orthodoxeroumain.fr\/video\/wp-content\/uploads\/2021\/01\/maxresdefault-12-1024x576.jpg 1024w, https:\/\/orthodoxeroumain.fr\/video\/wp-content\/uploads\/2021\/01\/maxresdefault-12-768x432.jpg 768w\" sizes=\"auto, (max-width: 1280px) 100vw, 1280px\" \/>\t\t\t\t\t\t\t\t\t<\/a>\n\t\t\t\t\t<\/div>\n        <div class=\"edgtf-bli-content\">\n                            <div class=\"edgtf-bli-info\">\n\t                <div itemprop=\"dateCreated\" class=\"edgtf-post-info-date entry-date published updated\">\n\t\t\t<a itemprop=\"url\" href=\"https:\/\/orthodoxeroumain.fr\/video\/2021\/01\/\">\n\t\t\t\t\t\t26 ianuarie 2021\t\t<\/a>\n\t\t<meta itemprop=\"interactionCount\" content=\"UserComments: 0\"\/>\n<\/div><div class=\"edgtf-post-info-author\">\n    <span class=\"edgtf-post-info-author-text\">\n        by    <\/span>\n    <a itemprop=\"author\" class=\"edgtf-post-info-author-link\" href=\"https:\/\/orthodoxeroumain.fr\/video\/author\/sulpice\/\">\n        sulpice    <\/a>\n<\/div>                <\/div>\n            \t\n\t        \n<h4 itemprop=\"name\" class=\"entry-title edgtf-post-title\" >\n            <a itemprop=\"url\" href=\"https:\/\/orthodoxeroumain.fr\/video\/2021\/01\/26\/cuvant-pentru-suflet-de-ce-este-bine-sa-ne-sfintim-casele-cu-aghiasma\/\" title=\"Cuv\u00e2nt pentru suflet. De ce este bine s\u0103 ne sfin\u021bim casele cu aghiasm\u0103\">\n            Cuv\u00e2nt pentru suflet. De ce este bine s\u0103 ne sfin\u021bim casele cu aghiasm\u0103            <\/a>\n    <\/h4>\t\n\t        <div class=\"edgtf-bli-excerpt\">\n\t\t        \t<div class=\"edgtf-post-read-more-button\">\n\t\t<a itemprop=\"url\" href=\"https:\/\/orthodoxeroumain.fr\/video\/2021\/01\/26\/cuvant-pentru-suflet-de-ce-este-bine-sa-ne-sfintim-casele-cu-aghiasma\/\" target=\"_self\"  class=\"edgtf-btn edgtf-btn-medium edgtf-btn-simple edgtf-btn- edgtf-blog-list-button edgtf-hover-animation\"  >    <span class=\"edgtf-btn-text\">Read More<\/span>    <\/a>\t<\/div>\n\t        <\/div>\n        <\/div>\n\t<\/div>\n<\/li><li class=\"edgtf-bl-item edgtf-item-space clearfix\">\n\t<div class=\"edgtf-bli-inner\">\n\t\t\n\t<div class=\"edgtf-post-image\">\n\t\t            <a itemprop=\"url\" href=\"https:\/\/orthodoxeroumain.fr\/video\/2021\/01\/26\/cuvant-pentru-suflet-jugul-cel-usor-prin-domnul-nostru-iisus-hristos\/\" title=\"Cuv\u00e2nt pentru suflet. Jugul cel u\u0219or prin Domnul nostru Iisus Hristos\">\n\t\t\t\t\t<img loading=\"lazy\" decoding=\"async\" width=\"1280\" height=\"720\" src=\"https:\/\/orthodoxeroumain.fr\/video\/wp-content\/uploads\/2021\/01\/maxresdefault-13.jpg\" class=\"attachment-full size-full wp-post-image\" alt=\"\" srcset=\"https:\/\/orthodoxeroumain.fr\/video\/wp-content\/uploads\/2021\/01\/maxresdefault-13.jpg 1280w, https:\/\/orthodoxeroumain.fr\/video\/wp-content\/uploads\/2021\/01\/maxresdefault-13-300x169.jpg 300w, https:\/\/orthodoxeroumain.fr\/video\/wp-content\/uploads\/2021\/01\/maxresdefault-13-1024x576.jpg 1024w, https:\/\/orthodoxeroumain.fr\/video\/wp-content\/uploads\/2021\/01\/maxresdefault-13-768x432.jpg 768w\" sizes=\"auto, (max-width: 1280px) 100vw, 1280px\" \/>\t\t\t\t\t\t\t\t\t<\/a>\n\t\t\t\t\t<\/div>\n        <div class=\"edgtf-bli-content\">\n                            <div class=\"edgtf-bli-info\">\n\t                <div itemprop=\"dateCreated\" class=\"edgtf-post-info-date entry-date published updated\">\n\t\t\t<a itemprop=\"url\" href=\"https:\/\/orthodoxeroumain.fr\/video\/2021\/01\/\">\n\t\t\t\t\t\t26 ianuarie 2021\t\t<\/a>\n\t\t<meta itemprop=\"interactionCount\" content=\"UserComments: 0\"\/>\n<\/div><div class=\"edgtf-post-info-author\">\n    <span class=\"edgtf-post-info-author-text\">\n        by    <\/span>\n    <a itemprop=\"author\" class=\"edgtf-post-info-author-link\" href=\"https:\/\/orthodoxeroumain.fr\/video\/author\/sulpice\/\">\n        sulpice    <\/a>\n<\/div>                <\/div>\n            \t\n\t        \n<h4 itemprop=\"name\" class=\"entry-title edgtf-post-title\" >\n            <a itemprop=\"url\" href=\"https:\/\/orthodoxeroumain.fr\/video\/2021\/01\/26\/cuvant-pentru-suflet-jugul-cel-usor-prin-domnul-nostru-iisus-hristos\/\" title=\"Cuv\u00e2nt pentru suflet. Jugul cel u\u0219or prin Domnul nostru Iisus Hristos\">\n            Cuv\u00e2nt pentru suflet. Jugul cel u\u0219or prin Domnul nostru Iisus Hristos            <\/a>\n    <\/h4>\t\n\t        <div class=\"edgtf-bli-excerpt\">\n\t\t        \t<div class=\"edgtf-post-read-more-button\">\n\t\t<a itemprop=\"url\" href=\"https:\/\/orthodoxeroumain.fr\/video\/2021\/01\/26\/cuvant-pentru-suflet-jugul-cel-usor-prin-domnul-nostru-iisus-hristos\/\" target=\"_self\"  class=\"edgtf-btn edgtf-btn-medium edgtf-btn-simple edgtf-btn- edgtf-blog-list-button edgtf-hover-animation\"  >    <span class=\"edgtf-btn-text\">Read More<\/span>    <\/a>\t<\/div>\n\t        <\/div>\n        <\/div>\n\t<\/div>\n<\/li><li class=\"edgtf-bl-item edgtf-item-space clearfix\">\n\t<div class=\"edgtf-bli-inner\">\n\t\t\n\t<div class=\"edgtf-post-image\">\n\t\t            <a itemprop=\"url\" href=\"https:\/\/orthodoxeroumain.fr\/video\/2021\/01\/26\/cuvant-pentru-suflet-prezenta-lui-dumnezeu-in-cunoasterea-stiintifica\/\" title=\"Cuv\u00e2nt pentru suflet. Prezen\u021ba lui Dumnezeu \u00een cunoa\u0219terea \u0219tiin\u021bific\u0103\">\n\t\t\t\t\t<img loading=\"lazy\" decoding=\"async\" width=\"480\" height=\"360\" src=\"https:\/\/orthodoxeroumain.fr\/video\/wp-content\/uploads\/2021\/01\/hqdefault-28.jpg\" class=\"attachment-full size-full wp-post-image\" alt=\"\" srcset=\"https:\/\/orthodoxeroumain.fr\/video\/wp-content\/uploads\/2021\/01\/hqdefault-28.jpg 480w, https:\/\/orthodoxeroumain.fr\/video\/wp-content\/uploads\/2021\/01\/hqdefault-28-300x225.jpg 300w\" sizes=\"auto, (max-width: 480px) 100vw, 480px\" \/>\t\t\t\t\t\t\t\t\t<\/a>\n\t\t\t\t\t<\/div>\n        <div class=\"edgtf-bli-content\">\n                            <div class=\"edgtf-bli-info\">\n\t                <div itemprop=\"dateCreated\" class=\"edgtf-post-info-date entry-date published updated\">\n\t\t\t<a itemprop=\"url\" href=\"https:\/\/orthodoxeroumain.fr\/video\/2021\/01\/\">\n\t\t\t\t\t\t26 ianuarie 2021\t\t<\/a>\n\t\t<meta itemprop=\"interactionCount\" content=\"UserComments: 0\"\/>\n<\/div><div class=\"edgtf-post-info-author\">\n    <span class=\"edgtf-post-info-author-text\">\n        by    <\/span>\n    <a itemprop=\"author\" class=\"edgtf-post-info-author-link\" href=\"https:\/\/orthodoxeroumain.fr\/video\/author\/sulpice\/\">\n        sulpice    <\/a>\n<\/div>                <\/div>\n            \t\n\t        \n<h4 itemprop=\"name\" class=\"entry-title edgtf-post-title\" >\n            <a itemprop=\"url\" href=\"https:\/\/orthodoxeroumain.fr\/video\/2021\/01\/26\/cuvant-pentru-suflet-prezenta-lui-dumnezeu-in-cunoasterea-stiintifica\/\" title=\"Cuv\u00e2nt pentru suflet. Prezen\u021ba lui Dumnezeu \u00een cunoa\u0219terea \u0219tiin\u021bific\u0103\">\n            Cuv\u00e2nt pentru suflet. Prezen\u021ba lui Dumnezeu \u00een cunoa\u0219terea \u0219tiin\u021bific\u0103            <\/a>\n    <\/h4>\t\n\t        <div class=\"edgtf-bli-excerpt\">\n\t\t        \t<div class=\"edgtf-post-read-more-button\">\n\t\t<a itemprop=\"url\" href=\"https:\/\/orthodoxeroumain.fr\/video\/2021\/01\/26\/cuvant-pentru-suflet-prezenta-lui-dumnezeu-in-cunoasterea-stiintifica\/\" target=\"_self\"  class=\"edgtf-btn edgtf-btn-medium edgtf-btn-simple edgtf-btn- edgtf-blog-list-button edgtf-hover-animation\"  >    <span class=\"edgtf-btn-text\">Read More<\/span>    <\/a>\t<\/div>\n\t        <\/div>\n        <\/div>\n\t<\/div>\n<\/li><li class=\"edgtf-bl-item edgtf-item-space clearfix\">\n\t<div class=\"edgtf-bli-inner\">\n\t\t\n\t<div class=\"edgtf-post-image\">\n\t\t            <a itemprop=\"url\" href=\"https:\/\/orthodoxeroumain.fr\/video\/2021\/01\/26\/cuvant-pentru-suflet-putem-avea-astazi-un-program-duhovnicesc\/\" title=\"Cuv\u00e2nt pentru suflet. Putem avea ast\u0103zi un program duhovnicesc?\">\n\t\t\t\t\t<img loading=\"lazy\" decoding=\"async\" width=\"1280\" height=\"720\" src=\"https:\/\/orthodoxeroumain.fr\/video\/wp-content\/uploads\/2021\/01\/maxresdefault-11.jpg\" class=\"attachment-full size-full wp-post-image\" alt=\"\" srcset=\"https:\/\/orthodoxeroumain.fr\/video\/wp-content\/uploads\/2021\/01\/maxresdefault-11.jpg 1280w, https:\/\/orthodoxeroumain.fr\/video\/wp-content\/uploads\/2021\/01\/maxresdefault-11-300x169.jpg 300w, https:\/\/orthodoxeroumain.fr\/video\/wp-content\/uploads\/2021\/01\/maxresdefault-11-1024x576.jpg 1024w, https:\/\/orthodoxeroumain.fr\/video\/wp-content\/uploads\/2021\/01\/maxresdefault-11-768x432.jpg 768w\" sizes=\"auto, (max-width: 1280px) 100vw, 1280px\" \/>\t\t\t\t\t\t\t\t\t<\/a>\n\t\t\t\t\t<\/div>\n        <div class=\"edgtf-bli-content\">\n                            <div class=\"edgtf-bli-info\">\n\t                <div itemprop=\"dateCreated\" class=\"edgtf-post-info-date entry-date published updated\">\n\t\t\t<a itemprop=\"url\" href=\"https:\/\/orthodoxeroumain.fr\/video\/2021\/01\/\">\n\t\t\t\t\t\t26 ianuarie 2021\t\t<\/a>\n\t\t<meta itemprop=\"interactionCount\" content=\"UserComments: 0\"\/>\n<\/div><div class=\"edgtf-post-info-author\">\n    <span class=\"edgtf-post-info-author-text\">\n        by    <\/span>\n    <a itemprop=\"author\" class=\"edgtf-post-info-author-link\" href=\"https:\/\/orthodoxeroumain.fr\/video\/author\/sulpice\/\">\n        sulpice    <\/a>\n<\/div>                <\/div>\n            \t\n\t        \n<h4 itemprop=\"name\" class=\"entry-title edgtf-post-title\" >\n            <a itemprop=\"url\" href=\"https:\/\/orthodoxeroumain.fr\/video\/2021\/01\/26\/cuvant-pentru-suflet-putem-avea-astazi-un-program-duhovnicesc\/\" title=\"Cuv\u00e2nt pentru suflet. Putem avea ast\u0103zi un program duhovnicesc?\">\n            Cuv\u00e2nt pentru suflet. Putem avea ast\u0103zi un program duhovnicesc?            <\/a>\n    <\/h4>\t\n\t        <div class=\"edgtf-bli-excerpt\">\n\t\t        \t<div class=\"edgtf-post-read-more-button\">\n\t\t<a itemprop=\"url\" href=\"https:\/\/orthodoxeroumain.fr\/video\/2021\/01\/26\/cuvant-pentru-suflet-putem-avea-astazi-un-program-duhovnicesc\/\" target=\"_self\"  class=\"edgtf-btn edgtf-btn-medium edgtf-btn-simple edgtf-btn- edgtf-blog-list-button edgtf-hover-animation\"  >    <span class=\"edgtf-btn-text\">Read More<\/span>    <\/a>\t<\/div>\n\t        <\/div>\n        <\/div>\n\t<\/div>\n<\/li><li class=\"edgtf-bl-item edgtf-item-space clearfix\">\n\t<div class=\"edgtf-bli-inner\">\n\t\t\n\t<div class=\"edgtf-post-image\">\n\t\t            <a itemprop=\"url\" href=\"https:\/\/orthodoxeroumain.fr\/video\/2021\/01\/26\/cuvant-pentru-suflet-puterea-lui-dumnezeu-si-puterea-omului\/\" title=\"Cuv\u00e2nt pentru suflet. Puterea lui Dumnezeu \u0219i puterea omului\">\n\t\t\t\t\t<img loading=\"lazy\" decoding=\"async\" width=\"1280\" height=\"720\" src=\"https:\/\/orthodoxeroumain.fr\/video\/wp-content\/uploads\/2021\/01\/maxresdefault-10.jpg\" class=\"attachment-full size-full wp-post-image\" alt=\"\" srcset=\"https:\/\/orthodoxeroumain.fr\/video\/wp-content\/uploads\/2021\/01\/maxresdefault-10.jpg 1280w, https:\/\/orthodoxeroumain.fr\/video\/wp-content\/uploads\/2021\/01\/maxresdefault-10-300x169.jpg 300w, https:\/\/orthodoxeroumain.fr\/video\/wp-content\/uploads\/2021\/01\/maxresdefault-10-1024x576.jpg 1024w, https:\/\/orthodoxeroumain.fr\/video\/wp-content\/uploads\/2021\/01\/maxresdefault-10-768x432.jpg 768w\" sizes=\"auto, (max-width: 1280px) 100vw, 1280px\" \/>\t\t\t\t\t\t\t\t\t<\/a>\n\t\t\t\t\t<\/div>\n        <div class=\"edgtf-bli-content\">\n                            <div class=\"edgtf-bli-info\">\n\t                <div itemprop=\"dateCreated\" class=\"edgtf-post-info-date entry-date published updated\">\n\t\t\t<a itemprop=\"url\" href=\"https:\/\/orthodoxeroumain.fr\/video\/2021\/01\/\">\n\t\t\t\t\t\t26 ianuarie 2021\t\t<\/a>\n\t\t<meta itemprop=\"interactionCount\" content=\"UserComments: 0\"\/>\n<\/div><div class=\"edgtf-post-info-author\">\n    <span class=\"edgtf-post-info-author-text\">\n        by    <\/span>\n    <a itemprop=\"author\" class=\"edgtf-post-info-author-link\" href=\"https:\/\/orthodoxeroumain.fr\/video\/author\/sulpice\/\">\n        sulpice    <\/a>\n<\/div>                <\/div>\n            \t\n\t        \n<h4 itemprop=\"name\" class=\"entry-title edgtf-post-title\" >\n            <a itemprop=\"url\" href=\"https:\/\/orthodoxeroumain.fr\/video\/2021\/01\/26\/cuvant-pentru-suflet-puterea-lui-dumnezeu-si-puterea-omului\/\" title=\"Cuv\u00e2nt pentru suflet. Puterea lui Dumnezeu \u0219i puterea omului\">\n            Cuv\u00e2nt pentru suflet. Puterea lui Dumnezeu \u0219i puterea omului            <\/a>\n    <\/h4>\t\n\t        <div class=\"edgtf-bli-excerpt\">\n\t\t        \t<div class=\"edgtf-post-read-more-button\">\n\t\t<a itemprop=\"url\" href=\"https:\/\/orthodoxeroumain.fr\/video\/2021\/01\/26\/cuvant-pentru-suflet-puterea-lui-dumnezeu-si-puterea-omului\/\" target=\"_self\"  class=\"edgtf-btn edgtf-btn-medium edgtf-btn-simple edgtf-btn- edgtf-blog-list-button edgtf-hover-animation\"  >    <span class=\"edgtf-btn-text\">Read More<\/span>    <\/a>\t<\/div>\n\t        <\/div>\n        <\/div>\n\t<\/div>\n<\/li><li class=\"edgtf-bl-item edgtf-item-space clearfix\">\n\t<div class=\"edgtf-bli-inner\">\n\t\t\n\t<div class=\"edgtf-post-image\">\n\t\t            <a itemprop=\"url\" href=\"https:\/\/orthodoxeroumain.fr\/video\/2021\/01\/26\/cuvant-pentru-suflet-rolul-ambitiei-in-viata-duhovniceasca\/\" title=\"Cuv\u00e2nt pentru suflet. Rolul ambi\u021biei \u00een via\u021ba duhovniceasc\u0103\">\n\t\t\t\t\t<img loading=\"lazy\" decoding=\"async\" width=\"480\" height=\"360\" src=\"https:\/\/orthodoxeroumain.fr\/video\/wp-content\/uploads\/2021\/01\/hqdefault-26.jpg\" class=\"attachment-full size-full wp-post-image\" alt=\"\" srcset=\"https:\/\/orthodoxeroumain.fr\/video\/wp-content\/uploads\/2021\/01\/hqdefault-26.jpg 480w, https:\/\/orthodoxeroumain.fr\/video\/wp-content\/uploads\/2021\/01\/hqdefault-26-300x225.jpg 300w\" sizes=\"auto, (max-width: 480px) 100vw, 480px\" \/>\t\t\t\t\t\t\t\t\t<\/a>\n\t\t\t\t\t<\/div>\n        <div class=\"edgtf-bli-content\">\n                            <div class=\"edgtf-bli-info\">\n\t                <div itemprop=\"dateCreated\" class=\"edgtf-post-info-date entry-date published updated\">\n\t\t\t<a itemprop=\"url\" href=\"https:\/\/orthodoxeroumain.fr\/video\/2021\/01\/\">\n\t\t\t\t\t\t26 ianuarie 2021\t\t<\/a>\n\t\t<meta itemprop=\"interactionCount\" content=\"UserComments: 0\"\/>\n<\/div><div class=\"edgtf-post-info-author\">\n    <span class=\"edgtf-post-info-author-text\">\n        by    <\/span>\n    <a itemprop=\"author\" class=\"edgtf-post-info-author-link\" href=\"https:\/\/orthodoxeroumain.fr\/video\/author\/sulpice\/\">\n        sulpice    <\/a>\n<\/div>                <\/div>\n            \t\n\t        \n<h4 itemprop=\"name\" class=\"entry-title edgtf-post-title\" >\n            <a itemprop=\"url\" href=\"https:\/\/orthodoxeroumain.fr\/video\/2021\/01\/26\/cuvant-pentru-suflet-rolul-ambitiei-in-viata-duhovniceasca\/\" title=\"Cuv\u00e2nt pentru suflet. Rolul ambi\u021biei \u00een via\u021ba duhovniceasc\u0103\">\n            Cuv\u00e2nt pentru suflet. Rolul ambi\u021biei \u00een via\u021ba duhovniceasc\u0103            <\/a>\n    <\/h4>\t\n\t        <div class=\"edgtf-bli-excerpt\">\n\t\t        \t<div class=\"edgtf-post-read-more-button\">\n\t\t<a itemprop=\"url\" href=\"https:\/\/orthodoxeroumain.fr\/video\/2021\/01\/26\/cuvant-pentru-suflet-rolul-ambitiei-in-viata-duhovniceasca\/\" target=\"_self\"  class=\"edgtf-btn edgtf-btn-medium edgtf-btn-simple edgtf-btn- edgtf-blog-list-button edgtf-hover-animation\"  >    <span class=\"edgtf-btn-text\">Read More<\/span>    <\/a>\t<\/div>\n\t        <\/div>\n        <\/div>\n\t<\/div>\n<\/li><li class=\"edgtf-bl-item edgtf-item-space clearfix\">\n\t<div class=\"edgtf-bli-inner\">\n\t\t\n\t<div class=\"edgtf-post-image\">\n\t\t            <a itemprop=\"url\" href=\"https:\/\/orthodoxeroumain.fr\/video\/2021\/01\/26\/cuvant-pentru-suflet-sfaturi-duhovnicesti-pentru-tineri\/\" title=\"Cuv\u00e2nt pentru suflet. Sfaturi duhovnice\u0219ti pentru tineri\">\n\t\t\t\t\t<img loading=\"lazy\" decoding=\"async\" width=\"480\" height=\"360\" src=\"https:\/\/orthodoxeroumain.fr\/video\/wp-content\/uploads\/2021\/01\/hqdefault-27.jpg\" class=\"attachment-full size-full wp-post-image\" alt=\"\" srcset=\"https:\/\/orthodoxeroumain.fr\/video\/wp-content\/uploads\/2021\/01\/hqdefault-27.jpg 480w, https:\/\/orthodoxeroumain.fr\/video\/wp-content\/uploads\/2021\/01\/hqdefault-27-300x225.jpg 300w\" sizes=\"auto, (max-width: 480px) 100vw, 480px\" \/>\t\t\t\t\t\t\t\t\t<\/a>\n\t\t\t\t\t<\/div>\n        <div class=\"edgtf-bli-content\">\n                            <div class=\"edgtf-bli-info\">\n\t                <div itemprop=\"dateCreated\" class=\"edgtf-post-info-date entry-date published updated\">\n\t\t\t<a itemprop=\"url\" href=\"https:\/\/orthodoxeroumain.fr\/video\/2021\/01\/\">\n\t\t\t\t\t\t26 ianuarie 2021\t\t<\/a>\n\t\t<meta itemprop=\"interactionCount\" content=\"UserComments: 0\"\/>\n<\/div><div class=\"edgtf-post-info-author\">\n    <span class=\"edgtf-post-info-author-text\">\n        by    <\/span>\n    <a itemprop=\"author\" class=\"edgtf-post-info-author-link\" href=\"https:\/\/orthodoxeroumain.fr\/video\/author\/sulpice\/\">\n        sulpice    <\/a>\n<\/div>                <\/div>\n            \t\n\t        \n<h4 itemprop=\"name\" class=\"entry-title edgtf-post-title\" >\n            <a itemprop=\"url\" href=\"https:\/\/orthodoxeroumain.fr\/video\/2021\/01\/26\/cuvant-pentru-suflet-sfaturi-duhovnicesti-pentru-tineri\/\" title=\"Cuv\u00e2nt pentru suflet. Sfaturi duhovnice\u0219ti pentru tineri\">\n            Cuv\u00e2nt pentru suflet. Sfaturi duhovnice\u0219ti pentru tineri            <\/a>\n    <\/h4>\t\n\t        <div class=\"edgtf-bli-excerpt\">\n\t\t        \t<div class=\"edgtf-post-read-more-button\">\n\t\t<a itemprop=\"url\" href=\"https:\/\/orthodoxeroumain.fr\/video\/2021\/01\/26\/cuvant-pentru-suflet-sfaturi-duhovnicesti-pentru-tineri\/\" target=\"_self\"  class=\"edgtf-btn edgtf-btn-medium edgtf-btn-simple edgtf-btn- edgtf-blog-list-button edgtf-hover-animation\"  >    <span class=\"edgtf-btn-text\">Read More<\/span>    <\/a>\t<\/div>\n\t        <\/div>\n        <\/div>\n\t<\/div>\n<\/li><li class=\"edgtf-bl-item edgtf-item-space clearfix\">\n\t<div class=\"edgtf-bli-inner\">\n\t\t\n\t<div class=\"edgtf-post-image\">\n\t\t            <a itemprop=\"url\" href=\"https:\/\/orthodoxeroumain.fr\/video\/2021\/01\/26\/cuvant-pentru-suflet-unde-se-ascunde-cununa-virtutilor\/\" title=\"Cuv\u00e2nt pentru suflet. Unde se ascunde cununa virtu\u021bilor\">\n\t\t\t\t\t<img loading=\"lazy\" decoding=\"async\" width=\"1280\" height=\"720\" src=\"https:\/\/orthodoxeroumain.fr\/video\/wp-content\/uploads\/2021\/01\/maxresdefault-8.jpg\" class=\"attachment-full size-full wp-post-image\" alt=\"\" srcset=\"https:\/\/orthodoxeroumain.fr\/video\/wp-content\/uploads\/2021\/01\/maxresdefault-8.jpg 1280w, https:\/\/orthodoxeroumain.fr\/video\/wp-content\/uploads\/2021\/01\/maxresdefault-8-300x169.jpg 300w, https:\/\/orthodoxeroumain.fr\/video\/wp-content\/uploads\/2021\/01\/maxresdefault-8-1024x576.jpg 1024w, https:\/\/orthodoxeroumain.fr\/video\/wp-content\/uploads\/2021\/01\/maxresdefault-8-768x432.jpg 768w\" sizes=\"auto, (max-width: 1280px) 100vw, 1280px\" \/>\t\t\t\t\t\t\t\t\t<\/a>\n\t\t\t\t\t<\/div>\n        <div class=\"edgtf-bli-content\">\n                            <div class=\"edgtf-bli-info\">\n\t                <div itemprop=\"dateCreated\" class=\"edgtf-post-info-date entry-date published updated\">\n\t\t\t<a itemprop=\"url\" href=\"https:\/\/orthodoxeroumain.fr\/video\/2021\/01\/\">\n\t\t\t\t\t\t26 ianuarie 2021\t\t<\/a>\n\t\t<meta itemprop=\"interactionCount\" content=\"UserComments: 0\"\/>\n<\/div><div class=\"edgtf-post-info-author\">\n    <span class=\"edgtf-post-info-author-text\">\n        by    <\/span>\n    <a itemprop=\"author\" class=\"edgtf-post-info-author-link\" href=\"https:\/\/orthodoxeroumain.fr\/video\/author\/sulpice\/\">\n        sulpice    <\/a>\n<\/div>                <\/div>\n            \t\n\t        \n<h4 itemprop=\"name\" class=\"entry-title edgtf-post-title\" >\n            <a itemprop=\"url\" href=\"https:\/\/orthodoxeroumain.fr\/video\/2021\/01\/26\/cuvant-pentru-suflet-unde-se-ascunde-cununa-virtutilor\/\" title=\"Cuv\u00e2nt pentru suflet. Unde se ascunde cununa virtu\u021bilor\">\n            Cuv\u00e2nt pentru suflet. Unde se ascunde cununa virtu\u021bilor            <\/a>\n    <\/h4>\t\n\t        <div class=\"edgtf-bli-excerpt\">\n\t\t        \t<div class=\"edgtf-post-read-more-button\">\n\t\t<a itemprop=\"url\" href=\"https:\/\/orthodoxeroumain.fr\/video\/2021\/01\/26\/cuvant-pentru-suflet-unde-se-ascunde-cununa-virtutilor\/\" target=\"_self\"  class=\"edgtf-btn edgtf-btn-medium edgtf-btn-simple edgtf-btn- edgtf-blog-list-button edgtf-hover-animation\"  >    <span class=\"edgtf-btn-text\">Read More<\/span>    <\/a>\t<\/div>\n\t        <\/div>\n        <\/div>\n\t<\/div>\n<\/li><li class=\"edgtf-bl-item edgtf-item-space clearfix\">\n\t<div class=\"edgtf-bli-inner\">\n\t\t\n\t<div class=\"edgtf-post-image\">\n\t\t            <a itemprop=\"url\" href=\"https:\/\/orthodoxeroumain.fr\/video\/2021\/01\/26\/cuvantul-lui-dumnezeu-pentru-noi-modele-de-traire-crestina-din-perioada-apostolica\/\" title=\"Cuv\u00e2ntul lui Dumnezeu pentru noi. Modele de tr\u0103ire cre\u0219tin\u0103 din perioada apostolic\u0103\">\n\t\t\t\t\t<img loading=\"lazy\" decoding=\"async\" width=\"1280\" height=\"720\" src=\"https:\/\/orthodoxeroumain.fr\/video\/wp-content\/uploads\/2021\/01\/maxresdefault-9.jpg\" class=\"attachment-full size-full wp-post-image\" alt=\"\" srcset=\"https:\/\/orthodoxeroumain.fr\/video\/wp-content\/uploads\/2021\/01\/maxresdefault-9.jpg 1280w, https:\/\/orthodoxeroumain.fr\/video\/wp-content\/uploads\/2021\/01\/maxresdefault-9-300x169.jpg 300w, https:\/\/orthodoxeroumain.fr\/video\/wp-content\/uploads\/2021\/01\/maxresdefault-9-1024x576.jpg 1024w, https:\/\/orthodoxeroumain.fr\/video\/wp-content\/uploads\/2021\/01\/maxresdefault-9-768x432.jpg 768w\" sizes=\"auto, (max-width: 1280px) 100vw, 1280px\" \/>\t\t\t\t\t\t\t\t\t<\/a>\n\t\t\t\t\t<\/div>\n        <div class=\"edgtf-bli-content\">\n                            <div class=\"edgtf-bli-info\">\n\t                <div itemprop=\"dateCreated\" class=\"edgtf-post-info-date entry-date published updated\">\n\t\t\t<a itemprop=\"url\" href=\"https:\/\/orthodoxeroumain.fr\/video\/2021\/01\/\">\n\t\t\t\t\t\t26 ianuarie 2021\t\t<\/a>\n\t\t<meta itemprop=\"interactionCount\" content=\"UserComments: 0\"\/>\n<\/div><div class=\"edgtf-post-info-author\">\n    <span class=\"edgtf-post-info-author-text\">\n        by    <\/span>\n    <a itemprop=\"author\" class=\"edgtf-post-info-author-link\" href=\"https:\/\/orthodoxeroumain.fr\/video\/author\/sulpice\/\">\n        sulpice    <\/a>\n<\/div>                <\/div>\n            \t\n\t        \n<h4 itemprop=\"name\" class=\"entry-title edgtf-post-title\" >\n            <a itemprop=\"url\" href=\"https:\/\/orthodoxeroumain.fr\/video\/2021\/01\/26\/cuvantul-lui-dumnezeu-pentru-noi-modele-de-traire-crestina-din-perioada-apostolica\/\" title=\"Cuv\u00e2ntul lui Dumnezeu pentru noi. Modele de tr\u0103ire cre\u0219tin\u0103 din perioada apostolic\u0103\">\n            Cuv\u00e2ntul lui Dumnezeu pentru noi. Modele de tr\u0103ire cre\u0219tin\u0103 din perioada apostolic\u0103            <\/a>\n    <\/h4>\t\n\t        <div class=\"edgtf-bli-excerpt\">\n\t\t        \t<div class=\"edgtf-post-read-more-button\">\n\t\t<a itemprop=\"url\" href=\"https:\/\/orthodoxeroumain.fr\/video\/2021\/01\/26\/cuvantul-lui-dumnezeu-pentru-noi-modele-de-traire-crestina-din-perioada-apostolica\/\" target=\"_self\"  class=\"edgtf-btn edgtf-btn-medium edgtf-btn-simple edgtf-btn- edgtf-blog-list-button edgtf-hover-animation\"  >    <span class=\"edgtf-btn-text\">Read More<\/span>    <\/a>\t<\/div>\n\t        <\/div>\n        <\/div>\n\t<\/div>\n<\/li><li class=\"edgtf-bl-item edgtf-item-space clearfix\">\n\t<div class=\"edgtf-bli-inner\">\n\t\t\n\t<div class=\"edgtf-post-image\">\n\t\t            <a itemprop=\"url\" href=\"https:\/\/orthodoxeroumain.fr\/video\/2021\/01\/26\/cuvantul-lui-dumnezeu-pentru-noi-cum-traiau-primii-crestini\/\" title=\"Cuv\u00e2ntul Lui Dumnezeu pentru noi. Cum tr\u0103iau primii cre\u0219tini\">\n\t\t\t\t\t<img loading=\"lazy\" decoding=\"async\" width=\"1280\" height=\"720\" src=\"https:\/\/orthodoxeroumain.fr\/video\/wp-content\/uploads\/2021\/01\/maxresdefault-5.jpg\" class=\"attachment-full size-full wp-post-image\" alt=\"\" srcset=\"https:\/\/orthodoxeroumain.fr\/video\/wp-content\/uploads\/2021\/01\/maxresdefault-5.jpg 1280w, https:\/\/orthodoxeroumain.fr\/video\/wp-content\/uploads\/2021\/01\/maxresdefault-5-300x169.jpg 300w, https:\/\/orthodoxeroumain.fr\/video\/wp-content\/uploads\/2021\/01\/maxresdefault-5-1024x576.jpg 1024w, https:\/\/orthodoxeroumain.fr\/video\/wp-content\/uploads\/2021\/01\/maxresdefault-5-768x432.jpg 768w\" sizes=\"auto, (max-width: 1280px) 100vw, 1280px\" \/>\t\t\t\t\t\t\t\t\t<\/a>\n\t\t\t\t\t<\/div>\n        <div class=\"edgtf-bli-content\">\n                            <div class=\"edgtf-bli-info\">\n\t                <div itemprop=\"dateCreated\" class=\"edgtf-post-info-date entry-date published updated\">\n\t\t\t<a itemprop=\"url\" href=\"https:\/\/orthodoxeroumain.fr\/video\/2021\/01\/\">\n\t\t\t\t\t\t26 ianuarie 2021\t\t<\/a>\n\t\t<meta itemprop=\"interactionCount\" content=\"UserComments: 0\"\/>\n<\/div><div class=\"edgtf-post-info-author\">\n    <span class=\"edgtf-post-info-author-text\">\n        by    <\/span>\n    <a itemprop=\"author\" class=\"edgtf-post-info-author-link\" href=\"https:\/\/orthodoxeroumain.fr\/video\/author\/sulpice\/\">\n        sulpice    <\/a>\n<\/div>                <\/div>\n            \t\n\t        \n<h4 itemprop=\"name\" class=\"entry-title edgtf-post-title\" >\n            <a itemprop=\"url\" href=\"https:\/\/orthodoxeroumain.fr\/video\/2021\/01\/26\/cuvantul-lui-dumnezeu-pentru-noi-cum-traiau-primii-crestini\/\" title=\"Cuv\u00e2ntul Lui Dumnezeu pentru noi. Cum tr\u0103iau primii cre\u0219tini\">\n            Cuv\u00e2ntul Lui Dumnezeu pentru noi. Cum tr\u0103iau primii cre\u0219tini            <\/a>\n    <\/h4>\t\n\t        <div class=\"edgtf-bli-excerpt\">\n\t\t        \t<div class=\"edgtf-post-read-more-button\">\n\t\t<a itemprop=\"url\" href=\"https:\/\/orthodoxeroumain.fr\/video\/2021\/01\/26\/cuvantul-lui-dumnezeu-pentru-noi-cum-traiau-primii-crestini\/\" target=\"_self\"  class=\"edgtf-btn edgtf-btn-medium edgtf-btn-simple edgtf-btn- edgtf-blog-list-button edgtf-hover-animation\"  >    <span class=\"edgtf-btn-text\">Read More<\/span>    <\/a>\t<\/div>\n\t        <\/div>\n        <\/div>\n\t<\/div>\n<\/li><li class=\"edgtf-bl-item edgtf-item-space clearfix\">\n\t<div class=\"edgtf-bli-inner\">\n\t\t\n\t<div class=\"edgtf-post-image\">\n\t\t            <a itemprop=\"url\" href=\"https:\/\/orthodoxeroumain.fr\/video\/2021\/01\/26\/cuvantul-lui-dumnezeu-pentru-noi-prezenta-duhului-sfant-si-curajul-marturisirii\/\" title=\"Cuv\u00e2ntul Lui Dumnezeu pentru noi. Prezen\u021ba Duhului Sf\u00e2nt \u0219i curajul m\u0103rturisirii\">\n\t\t\t\t\t<img loading=\"lazy\" decoding=\"async\" width=\"1280\" height=\"720\" src=\"https:\/\/orthodoxeroumain.fr\/video\/wp-content\/uploads\/2021\/01\/maxresdefault-7.jpg\" class=\"attachment-full size-full wp-post-image\" alt=\"\" srcset=\"https:\/\/orthodoxeroumain.fr\/video\/wp-content\/uploads\/2021\/01\/maxresdefault-7.jpg 1280w, https:\/\/orthodoxeroumain.fr\/video\/wp-content\/uploads\/2021\/01\/maxresdefault-7-300x169.jpg 300w, https:\/\/orthodoxeroumain.fr\/video\/wp-content\/uploads\/2021\/01\/maxresdefault-7-1024x576.jpg 1024w, https:\/\/orthodoxeroumain.fr\/video\/wp-content\/uploads\/2021\/01\/maxresdefault-7-768x432.jpg 768w\" sizes=\"auto, (max-width: 1280px) 100vw, 1280px\" \/>\t\t\t\t\t\t\t\t\t<\/a>\n\t\t\t\t\t<\/div>\n        <div class=\"edgtf-bli-content\">\n                            <div class=\"edgtf-bli-info\">\n\t                <div itemprop=\"dateCreated\" class=\"edgtf-post-info-date entry-date published updated\">\n\t\t\t<a itemprop=\"url\" href=\"https:\/\/orthodoxeroumain.fr\/video\/2021\/01\/\">\n\t\t\t\t\t\t26 ianuarie 2021\t\t<\/a>\n\t\t<meta itemprop=\"interactionCount\" content=\"UserComments: 0\"\/>\n<\/div><div class=\"edgtf-post-info-author\">\n    <span class=\"edgtf-post-info-author-text\">\n        by    <\/span>\n    <a itemprop=\"author\" class=\"edgtf-post-info-author-link\" href=\"https:\/\/orthodoxeroumain.fr\/video\/author\/sulpice\/\">\n        sulpice    <\/a>\n<\/div>                <\/div>\n            \t\n\t        \n<h4 itemprop=\"name\" class=\"entry-title edgtf-post-title\" >\n            <a itemprop=\"url\" href=\"https:\/\/orthodoxeroumain.fr\/video\/2021\/01\/26\/cuvantul-lui-dumnezeu-pentru-noi-prezenta-duhului-sfant-si-curajul-marturisirii\/\" title=\"Cuv\u00e2ntul Lui Dumnezeu pentru noi. Prezen\u021ba Duhului Sf\u00e2nt \u0219i curajul m\u0103rturisirii\">\n            Cuv\u00e2ntul Lui Dumnezeu pentru noi. Prezen\u021ba Duhului Sf\u00e2nt \u0219i curajul m\u0103rturisirii            <\/a>\n    <\/h4>\t\n\t        <div class=\"edgtf-bli-excerpt\">\n\t\t        \t<div class=\"edgtf-post-read-more-button\">\n\t\t<a itemprop=\"url\" href=\"https:\/\/orthodoxeroumain.fr\/video\/2021\/01\/26\/cuvantul-lui-dumnezeu-pentru-noi-prezenta-duhului-sfant-si-curajul-marturisirii\/\" target=\"_self\"  class=\"edgtf-btn edgtf-btn-medium edgtf-btn-simple edgtf-btn- edgtf-blog-list-button edgtf-hover-animation\"  >    <span class=\"edgtf-btn-text\">Read More<\/span>    <\/a>\t<\/div>\n\t        <\/div>\n        <\/div>\n\t<\/div>\n<\/li><li class=\"edgtf-bl-item edgtf-item-space clearfix\">\n\t<div class=\"edgtf-bli-inner\">\n\t\t\n\t<div class=\"edgtf-post-image\">\n\t\t            <a itemprop=\"url\" href=\"https:\/\/orthodoxeroumain.fr\/video\/2021\/01\/26\/cuvantul-lui-dumnezeu-si-misiunea-bisericii-in-societate\/\" title=\"Cuv\u00e2ntul lui Dumnezeu \u0219i misiunea Bisericii \u00een societate\">\n\t\t\t\t\t<img loading=\"lazy\" decoding=\"async\" width=\"1280\" height=\"720\" src=\"https:\/\/orthodoxeroumain.fr\/video\/wp-content\/uploads\/2021\/01\/maxresdefault-6.jpg\" class=\"attachment-full size-full wp-post-image\" alt=\"\" srcset=\"https:\/\/orthodoxeroumain.fr\/video\/wp-content\/uploads\/2021\/01\/maxresdefault-6.jpg 1280w, https:\/\/orthodoxeroumain.fr\/video\/wp-content\/uploads\/2021\/01\/maxresdefault-6-300x169.jpg 300w, https:\/\/orthodoxeroumain.fr\/video\/wp-content\/uploads\/2021\/01\/maxresdefault-6-1024x576.jpg 1024w, https:\/\/orthodoxeroumain.fr\/video\/wp-content\/uploads\/2021\/01\/maxresdefault-6-768x432.jpg 768w\" sizes=\"auto, (max-width: 1280px) 100vw, 1280px\" \/>\t\t\t\t\t\t\t\t\t<\/a>\n\t\t\t\t\t<\/div>\n        <div class=\"edgtf-bli-content\">\n                            <div class=\"edgtf-bli-info\">\n\t                <div itemprop=\"dateCreated\" class=\"edgtf-post-info-date entry-date published updated\">\n\t\t\t<a itemprop=\"url\" href=\"https:\/\/orthodoxeroumain.fr\/video\/2021\/01\/\">\n\t\t\t\t\t\t26 ianuarie 2021\t\t<\/a>\n\t\t<meta itemprop=\"interactionCount\" content=\"UserComments: 0\"\/>\n<\/div><div class=\"edgtf-post-info-author\">\n    <span class=\"edgtf-post-info-author-text\">\n        by    <\/span>\n    <a itemprop=\"author\" class=\"edgtf-post-info-author-link\" href=\"https:\/\/orthodoxeroumain.fr\/video\/author\/sulpice\/\">\n        sulpice    <\/a>\n<\/div>                <\/div>\n            \t\n\t        \n<h4 itemprop=\"name\" class=\"entry-title edgtf-post-title\" >\n            <a itemprop=\"url\" href=\"https:\/\/orthodoxeroumain.fr\/video\/2021\/01\/26\/cuvantul-lui-dumnezeu-si-misiunea-bisericii-in-societate\/\" title=\"Cuv\u00e2ntul lui Dumnezeu \u0219i misiunea Bisericii \u00een societate\">\n            Cuv\u00e2ntul lui Dumnezeu \u0219i misiunea Bisericii \u00een societate            <\/a>\n    <\/h4>\t\n\t        <div class=\"edgtf-bli-excerpt\">\n\t\t        \t<div class=\"edgtf-post-read-more-button\">\n\t\t<a itemprop=\"url\" href=\"https:\/\/orthodoxeroumain.fr\/video\/2021\/01\/26\/cuvantul-lui-dumnezeu-si-misiunea-bisericii-in-societate\/\" target=\"_self\"  class=\"edgtf-btn edgtf-btn-medium edgtf-btn-simple edgtf-btn- edgtf-blog-list-button edgtf-hover-animation\"  >    <span class=\"edgtf-btn-text\">Read More<\/span>    <\/a>\t<\/div>\n\t        <\/div>\n        <\/div>\n\t<\/div>\n<\/li><li class=\"edgtf-bl-item edgtf-item-space clearfix\">\n\t<div class=\"edgtf-bli-inner\">\n\t\t\n\t<div class=\"edgtf-post-image\">\n\t\t            <a itemprop=\"url\" href=\"https:\/\/orthodoxeroumain.fr\/video\/2021\/01\/26\/misiune-si-comuniune-a-fi-ortodox-in-franta\/\" title=\"Misiune \u0219i Comuniune. A fi ortodox \u00een Fran\u021ba\">\n\t\t\t\t\t<img loading=\"lazy\" decoding=\"async\" width=\"480\" height=\"360\" src=\"https:\/\/orthodoxeroumain.fr\/video\/wp-content\/uploads\/2021\/01\/hqdefault-24.jpg\" class=\"attachment-full size-full wp-post-image\" alt=\"\" srcset=\"https:\/\/orthodoxeroumain.fr\/video\/wp-content\/uploads\/2021\/01\/hqdefault-24.jpg 480w, https:\/\/orthodoxeroumain.fr\/video\/wp-content\/uploads\/2021\/01\/hqdefault-24-300x225.jpg 300w\" sizes=\"auto, (max-width: 480px) 100vw, 480px\" \/>\t\t\t\t\t\t\t\t\t<\/a>\n\t\t\t\t\t<\/div>\n        <div class=\"edgtf-bli-content\">\n                            <div class=\"edgtf-bli-info\">\n\t                <div itemprop=\"dateCreated\" class=\"edgtf-post-info-date entry-date published updated\">\n\t\t\t<a itemprop=\"url\" href=\"https:\/\/orthodoxeroumain.fr\/video\/2021\/01\/\">\n\t\t\t\t\t\t26 ianuarie 2021\t\t<\/a>\n\t\t<meta itemprop=\"interactionCount\" content=\"UserComments: 0\"\/>\n<\/div><div class=\"edgtf-post-info-author\">\n    <span class=\"edgtf-post-info-author-text\">\n        by    <\/span>\n    <a itemprop=\"author\" class=\"edgtf-post-info-author-link\" href=\"https:\/\/orthodoxeroumain.fr\/video\/author\/sulpice\/\">\n        sulpice    <\/a>\n<\/div>                <\/div>\n            \t\n\t        \n<h4 itemprop=\"name\" class=\"entry-title edgtf-post-title\" >\n            <a itemprop=\"url\" href=\"https:\/\/orthodoxeroumain.fr\/video\/2021\/01\/26\/misiune-si-comuniune-a-fi-ortodox-in-franta\/\" title=\"Misiune \u0219i Comuniune. A fi ortodox \u00een Fran\u021ba\">\n            Misiune \u0219i Comuniune. A fi ortodox \u00een Fran\u021ba            <\/a>\n    <\/h4>\t\n\t        <div class=\"edgtf-bli-excerpt\">\n\t\t        \t<div class=\"edgtf-post-read-more-button\">\n\t\t<a itemprop=\"url\" href=\"https:\/\/orthodoxeroumain.fr\/video\/2021\/01\/26\/misiune-si-comuniune-a-fi-ortodox-in-franta\/\" target=\"_self\"  class=\"edgtf-btn edgtf-btn-medium edgtf-btn-simple edgtf-btn- edgtf-blog-list-button edgtf-hover-animation\"  >    <span class=\"edgtf-btn-text\">Read More<\/span>    <\/a>\t<\/div>\n\t        <\/div>\n        <\/div>\n\t<\/div>\n<\/li><li class=\"edgtf-bl-item edgtf-item-space clearfix\">\n\t<div class=\"edgtf-bli-inner\">\n\t\t\n\t<div class=\"edgtf-post-image\">\n\t\t            <a itemprop=\"url\" href=\"https:\/\/orthodoxeroumain.fr\/video\/2021\/01\/26\/misiune-si-comuniune-perspective-ale-dialogului-teologie-stiinta-in-occident\/\" title=\"Misiune \u0219i comuniune. Perspective ale dialogului teologie-\u0219tiin\u021b\u0103 \u00een Occident\">\n\t\t\t\t\t<img loading=\"lazy\" decoding=\"async\" width=\"480\" height=\"360\" src=\"https:\/\/orthodoxeroumain.fr\/video\/wp-content\/uploads\/2021\/01\/hqdefault-23.jpg\" class=\"attachment-full size-full wp-post-image\" alt=\"\" srcset=\"https:\/\/orthodoxeroumain.fr\/video\/wp-content\/uploads\/2021\/01\/hqdefault-23.jpg 480w, https:\/\/orthodoxeroumain.fr\/video\/wp-content\/uploads\/2021\/01\/hqdefault-23-300x225.jpg 300w\" sizes=\"auto, (max-width: 480px) 100vw, 480px\" \/>\t\t\t\t\t\t\t\t\t<\/a>\n\t\t\t\t\t<\/div>\n        <div class=\"edgtf-bli-content\">\n                            <div class=\"edgtf-bli-info\">\n\t                <div itemprop=\"dateCreated\" class=\"edgtf-post-info-date entry-date published updated\">\n\t\t\t<a itemprop=\"url\" href=\"https:\/\/orthodoxeroumain.fr\/video\/2021\/01\/\">\n\t\t\t\t\t\t26 ianuarie 2021\t\t<\/a>\n\t\t<meta itemprop=\"interactionCount\" content=\"UserComments: 0\"\/>\n<\/div><div class=\"edgtf-post-info-author\">\n    <span class=\"edgtf-post-info-author-text\">\n        by    <\/span>\n    <a itemprop=\"author\" class=\"edgtf-post-info-author-link\" href=\"https:\/\/orthodoxeroumain.fr\/video\/author\/sulpice\/\">\n        sulpice    <\/a>\n<\/div>                <\/div>\n            \t\n\t        \n<h4 itemprop=\"name\" class=\"entry-title edgtf-post-title\" >\n            <a itemprop=\"url\" href=\"https:\/\/orthodoxeroumain.fr\/video\/2021\/01\/26\/misiune-si-comuniune-perspective-ale-dialogului-teologie-stiinta-in-occident\/\" title=\"Misiune \u0219i comuniune. Perspective ale dialogului teologie-\u0219tiin\u021b\u0103 \u00een Occident\">\n            Misiune \u0219i comuniune. Perspective ale dialogului teologie-\u0219tiin\u021b\u0103 \u00een Occident            <\/a>\n    <\/h4>\t\n\t        <div class=\"edgtf-bli-excerpt\">\n\t\t        \t<div class=\"edgtf-post-read-more-button\">\n\t\t<a itemprop=\"url\" href=\"https:\/\/orthodoxeroumain.fr\/video\/2021\/01\/26\/misiune-si-comuniune-perspective-ale-dialogului-teologie-stiinta-in-occident\/\" target=\"_self\"  class=\"edgtf-btn edgtf-btn-medium edgtf-btn-simple edgtf-btn- edgtf-blog-list-button edgtf-hover-animation\"  >    <span class=\"edgtf-btn-text\">Read More<\/span>    <\/a>\t<\/div>\n\t        <\/div>\n        <\/div>\n\t<\/div>\n<\/li><li class=\"edgtf-bl-item edgtf-item-space clearfix\">\n\t<div class=\"edgtf-bli-inner\">\n\t\t\n\t<div class=\"edgtf-post-image\">\n\t\t            <a itemprop=\"url\" href=\"https:\/\/orthodoxeroumain.fr\/video\/2021\/01\/26\/valoarea-faptei-romanii-din-paris-acasa-in-biserica-si-in-hristos\/\" title=\"Valoarea Faptei. Rom\u00e2nii din Paris  \u201eAcas\u0103\u201d, \u00een Biseric\u0103 \u0219i \u00een Hristos\">\n\t\t\t\t\t<img loading=\"lazy\" decoding=\"async\" width=\"480\" height=\"360\" src=\"https:\/\/orthodoxeroumain.fr\/video\/wp-content\/uploads\/2021\/01\/hqdefault-25.jpg\" class=\"attachment-full size-full wp-post-image\" alt=\"\" srcset=\"https:\/\/orthodoxeroumain.fr\/video\/wp-content\/uploads\/2021\/01\/hqdefault-25.jpg 480w, https:\/\/orthodoxeroumain.fr\/video\/wp-content\/uploads\/2021\/01\/hqdefault-25-300x225.jpg 300w\" sizes=\"auto, (max-width: 480px) 100vw, 480px\" \/>\t\t\t\t\t\t\t\t\t<\/a>\n\t\t\t\t\t<\/div>\n        <div class=\"edgtf-bli-content\">\n                            <div class=\"edgtf-bli-info\">\n\t                <div itemprop=\"dateCreated\" class=\"edgtf-post-info-date entry-date published updated\">\n\t\t\t<a itemprop=\"url\" href=\"https:\/\/orthodoxeroumain.fr\/video\/2021\/01\/\">\n\t\t\t\t\t\t26 ianuarie 2021\t\t<\/a>\n\t\t<meta itemprop=\"interactionCount\" content=\"UserComments: 0\"\/>\n<\/div><div class=\"edgtf-post-info-author\">\n    <span class=\"edgtf-post-info-author-text\">\n        by    <\/span>\n    <a itemprop=\"author\" class=\"edgtf-post-info-author-link\" href=\"https:\/\/orthodoxeroumain.fr\/video\/author\/sulpice\/\">\n        sulpice    <\/a>\n<\/div>                <\/div>\n            \t\n\t        \n<h4 itemprop=\"name\" class=\"entry-title edgtf-post-title\" >\n            <a itemprop=\"url\" href=\"https:\/\/orthodoxeroumain.fr\/video\/2021\/01\/26\/valoarea-faptei-romanii-din-paris-acasa-in-biserica-si-in-hristos\/\" title=\"Valoarea Faptei. Rom\u00e2nii din Paris  \u201eAcas\u0103\u201d, \u00een Biseric\u0103 \u0219i \u00een Hristos\">\n            Valoarea Faptei. Rom\u00e2nii din Paris  \u201eAcas\u0103\u201d, \u00een Biseric\u0103 \u0219i \u00een Hristos            <\/a>\n    <\/h4>\t\n\t        <div class=\"edgtf-bli-excerpt\">\n\t\t        \t<div class=\"edgtf-post-read-more-button\">\n\t\t<a itemprop=\"url\" href=\"https:\/\/orthodoxeroumain.fr\/video\/2021\/01\/26\/valoarea-faptei-romanii-din-paris-acasa-in-biserica-si-in-hristos\/\" target=\"_self\"  class=\"edgtf-btn edgtf-btn-medium edgtf-btn-simple edgtf-btn- edgtf-blog-list-button edgtf-hover-animation\"  >    <span class=\"edgtf-btn-text\">Read More<\/span>    <\/a>\t<\/div>\n\t        <\/div>\n        <\/div>\n\t<\/div>\n<\/li><li class=\"edgtf-bl-item edgtf-item-space clearfix\">\n\t<div class=\"edgtf-bli-inner\">\n\t\t\n\t<div class=\"edgtf-post-image\">\n\t\t            <a itemprop=\"url\" href=\"https:\/\/orthodoxeroumain.fr\/video\/2021\/01\/24\/parintele-razvan-ionescu-catechese-le-pere-spirituel\/\" title=\"P\u0103rintele R\u0103zvan Ionescu &#8211; Cat\u00e9ch\u00e8se: Le p\u00e8re spirituel\">\n\t\t\t\t\t<img loading=\"lazy\" decoding=\"async\" width=\"1280\" height=\"720\" src=\"https:\/\/orthodoxeroumain.fr\/video\/wp-content\/uploads\/2021\/01\/maxresdefault-3.jpg\" class=\"attachment-full size-full wp-post-image\" alt=\"\" srcset=\"https:\/\/orthodoxeroumain.fr\/video\/wp-content\/uploads\/2021\/01\/maxresdefault-3.jpg 1280w, https:\/\/orthodoxeroumain.fr\/video\/wp-content\/uploads\/2021\/01\/maxresdefault-3-300x169.jpg 300w, https:\/\/orthodoxeroumain.fr\/video\/wp-content\/uploads\/2021\/01\/maxresdefault-3-1024x576.jpg 1024w, https:\/\/orthodoxeroumain.fr\/video\/wp-content\/uploads\/2021\/01\/maxresdefault-3-768x432.jpg 768w\" sizes=\"auto, (max-width: 1280px) 100vw, 1280px\" \/>\t\t\t\t\t\t\t\t\t<\/a>\n\t\t\t\t\t<\/div>\n        <div class=\"edgtf-bli-content\">\n                            <div class=\"edgtf-bli-info\">\n\t                <div itemprop=\"dateCreated\" class=\"edgtf-post-info-date entry-date published updated\">\n\t\t\t<a itemprop=\"url\" href=\"https:\/\/orthodoxeroumain.fr\/video\/2021\/01\/\">\n\t\t\t\t\t\t24 ianuarie 2021\t\t<\/a>\n\t\t<meta itemprop=\"interactionCount\" content=\"UserComments: 0\"\/>\n<\/div><div class=\"edgtf-post-info-author\">\n    <span class=\"edgtf-post-info-author-text\">\n        by    <\/span>\n    <a itemprop=\"author\" class=\"edgtf-post-info-author-link\" href=\"https:\/\/orthodoxeroumain.fr\/video\/author\/sulpice\/\">\n        sulpice    <\/a>\n<\/div>                <\/div>\n            \t\n\t        \n<h4 itemprop=\"name\" class=\"entry-title edgtf-post-title\" >\n            <a itemprop=\"url\" href=\"https:\/\/orthodoxeroumain.fr\/video\/2021\/01\/24\/parintele-razvan-ionescu-catechese-le-pere-spirituel\/\" title=\"P\u0103rintele R\u0103zvan Ionescu &#8211; Cat\u00e9ch\u00e8se: Le p\u00e8re spirituel\">\n            P\u0103rintele R\u0103zvan Ionescu &#8211; Cat\u00e9ch\u00e8se: Le p\u00e8re spirituel            <\/a>\n    <\/h4>\t\n\t        <div class=\"edgtf-bli-excerpt\">\n\t\t        \t<div class=\"edgtf-post-read-more-button\">\n\t\t<a itemprop=\"url\" href=\"https:\/\/orthodoxeroumain.fr\/video\/2021\/01\/24\/parintele-razvan-ionescu-catechese-le-pere-spirituel\/\" target=\"_self\"  class=\"edgtf-btn edgtf-btn-medium edgtf-btn-simple edgtf-btn- edgtf-blog-list-button edgtf-hover-animation\"  >    <span class=\"edgtf-btn-text\">Read More<\/span>    <\/a>\t<\/div>\n\t        <\/div>\n        <\/div>\n\t<\/div>\n<\/li><li class=\"edgtf-bl-item edgtf-item-space clearfix\">\n\t<div class=\"edgtf-bli-inner\">\n\t\t\n\t<div class=\"edgtf-post-image\">\n\t\t            <a itemprop=\"url\" href=\"https:\/\/orthodoxeroumain.fr\/video\/2021\/01\/24\/dezbatere-sarbatoarea-sfintilor-brancoveni-zi-de-constientizare-a-violentelor-asupra-crestinilor\/\" title=\"Dezbatere \u2013 S\u0103rb\u0103toarea Sfin\u021bilor Br\u00e2ncoveni \u2013 Zi de con\u0219tientizare a violen\u021belor asupra cre\u0219tinilor\">\n\t\t\t\t\t<img loading=\"lazy\" decoding=\"async\" width=\"1280\" height=\"720\" src=\"https:\/\/orthodoxeroumain.fr\/video\/wp-content\/uploads\/2021\/01\/maxresdefault-40.jpg\" class=\"attachment-full size-full wp-post-image\" alt=\"\" srcset=\"https:\/\/orthodoxeroumain.fr\/video\/wp-content\/uploads\/2021\/01\/maxresdefault-40.jpg 1280w, https:\/\/orthodoxeroumain.fr\/video\/wp-content\/uploads\/2021\/01\/maxresdefault-40-300x169.jpg 300w, https:\/\/orthodoxeroumain.fr\/video\/wp-content\/uploads\/2021\/01\/maxresdefault-40-1024x576.jpg 1024w, https:\/\/orthodoxeroumain.fr\/video\/wp-content\/uploads\/2021\/01\/maxresdefault-40-768x432.jpg 768w\" sizes=\"auto, (max-width: 1280px) 100vw, 1280px\" \/>\t\t\t\t\t\t\t\t\t<\/a>\n\t\t\t\t\t<\/div>\n        <div class=\"edgtf-bli-content\">\n                            <div class=\"edgtf-bli-info\">\n\t                <div itemprop=\"dateCreated\" class=\"edgtf-post-info-date entry-date published updated\">\n\t\t\t<a itemprop=\"url\" href=\"https:\/\/orthodoxeroumain.fr\/video\/2021\/01\/\">\n\t\t\t\t\t\t24 ianuarie 2021\t\t<\/a>\n\t\t<meta itemprop=\"interactionCount\" content=\"UserComments: 0\"\/>\n<\/div><div class=\"edgtf-post-info-author\">\n    <span class=\"edgtf-post-info-author-text\">\n        by    <\/span>\n    <a itemprop=\"author\" class=\"edgtf-post-info-author-link\" href=\"https:\/\/orthodoxeroumain.fr\/video\/author\/sulpice\/\">\n        sulpice    <\/a>\n<\/div>                <\/div>\n            \t\n\t        \n<h4 itemprop=\"name\" class=\"entry-title edgtf-post-title\" >\n            <a itemprop=\"url\" href=\"https:\/\/orthodoxeroumain.fr\/video\/2021\/01\/24\/dezbatere-sarbatoarea-sfintilor-brancoveni-zi-de-constientizare-a-violentelor-asupra-crestinilor\/\" title=\"Dezbatere \u2013 S\u0103rb\u0103toarea Sfin\u021bilor Br\u00e2ncoveni \u2013 Zi de con\u0219tientizare a violen\u021belor asupra cre\u0219tinilor\">\n            Dezbatere \u2013 S\u0103rb\u0103toarea Sfin\u021bilor Br\u00e2ncoveni \u2013 Zi de con\u0219tientizare a violen\u021belor asupra cre\u0219tinilor            <\/a>\n    <\/h4>\t\n\t        <div class=\"edgtf-bli-excerpt\">\n\t\t        \t<div class=\"edgtf-post-read-more-button\">\n\t\t<a itemprop=\"url\" href=\"https:\/\/orthodoxeroumain.fr\/video\/2021\/01\/24\/dezbatere-sarbatoarea-sfintilor-brancoveni-zi-de-constientizare-a-violentelor-asupra-crestinilor\/\" target=\"_self\"  class=\"edgtf-btn edgtf-btn-medium edgtf-btn-simple edgtf-btn- edgtf-blog-list-button edgtf-hover-animation\"  >    <span class=\"edgtf-btn-text\">Read More<\/span>    <\/a>\t<\/div>\n\t        <\/div>\n        <\/div>\n\t<\/div>\n<\/li><li class=\"edgtf-bl-item edgtf-item-space clearfix\">\n\t<div class=\"edgtf-bli-inner\">\n\t\t\n\t<div class=\"edgtf-post-image\">\n\t\t            <a itemprop=\"url\" href=\"https:\/\/orthodoxeroumain.fr\/video\/2021\/01\/24\/lansarea-online-a-volumului-teologie-pentru-acum-flashmobduhovnicesc\/\" title=\"Lansarea online a volumului \u201eTeologie pentru acum #flashmobduhovnicesc\u201d\">\n\t\t\t\t\t<img loading=\"lazy\" decoding=\"async\" width=\"1280\" height=\"720\" src=\"https:\/\/orthodoxeroumain.fr\/video\/wp-content\/uploads\/2021\/01\/maxresdefault-2.jpg\" class=\"attachment-full size-full wp-post-image\" alt=\"\" srcset=\"https:\/\/orthodoxeroumain.fr\/video\/wp-content\/uploads\/2021\/01\/maxresdefault-2.jpg 1280w, https:\/\/orthodoxeroumain.fr\/video\/wp-content\/uploads\/2021\/01\/maxresdefault-2-300x169.jpg 300w, https:\/\/orthodoxeroumain.fr\/video\/wp-content\/uploads\/2021\/01\/maxresdefault-2-1024x576.jpg 1024w, https:\/\/orthodoxeroumain.fr\/video\/wp-content\/uploads\/2021\/01\/maxresdefault-2-768x432.jpg 768w\" sizes=\"auto, (max-width: 1280px) 100vw, 1280px\" \/>\t\t\t\t\t\t\t\t\t<\/a>\n\t\t\t\t\t<\/div>\n        <div class=\"edgtf-bli-content\">\n                            <div class=\"edgtf-bli-info\">\n\t                <div itemprop=\"dateCreated\" class=\"edgtf-post-info-date entry-date published updated\">\n\t\t\t<a itemprop=\"url\" href=\"https:\/\/orthodoxeroumain.fr\/video\/2021\/01\/\">\n\t\t\t\t\t\t24 ianuarie 2021\t\t<\/a>\n\t\t<meta itemprop=\"interactionCount\" content=\"UserComments: 0\"\/>\n<\/div><div class=\"edgtf-post-info-author\">\n    <span class=\"edgtf-post-info-author-text\">\n        by    <\/span>\n    <a itemprop=\"author\" class=\"edgtf-post-info-author-link\" href=\"https:\/\/orthodoxeroumain.fr\/video\/author\/sulpice\/\">\n        sulpice    <\/a>\n<\/div>                <\/div>\n            \t\n\t        \n<h4 itemprop=\"name\" class=\"entry-title edgtf-post-title\" >\n            <a itemprop=\"url\" href=\"https:\/\/orthodoxeroumain.fr\/video\/2021\/01\/24\/lansarea-online-a-volumului-teologie-pentru-acum-flashmobduhovnicesc\/\" title=\"Lansarea online a volumului \u201eTeologie pentru acum #flashmobduhovnicesc\u201d\">\n            Lansarea online a volumului \u201eTeologie pentru acum #flashmobduhovnicesc\u201d            <\/a>\n    <\/h4>\t\n\t        <div class=\"edgtf-bli-excerpt\">\n\t\t        \t<div class=\"edgtf-post-read-more-button\">\n\t\t<a itemprop=\"url\" href=\"https:\/\/orthodoxeroumain.fr\/video\/2021\/01\/24\/lansarea-online-a-volumului-teologie-pentru-acum-flashmobduhovnicesc\/\" target=\"_self\"  class=\"edgtf-btn edgtf-btn-medium edgtf-btn-simple edgtf-btn- edgtf-blog-list-button edgtf-hover-animation\"  >    <span class=\"edgtf-btn-text\">Read More<\/span>    <\/a>\t<\/div>\n\t        <\/div>\n        <\/div>\n\t<\/div>\n<\/li><li class=\"edgtf-bl-item edgtf-item-space clearfix\">\n\t<div class=\"edgtf-bli-inner\">\n\t\t\n\t<div class=\"edgtf-post-image\">\n\t\t            <a itemprop=\"url\" href=\"https:\/\/orthodoxeroumain.fr\/video\/2021\/01\/24\/despre-intalnirea-dintre-teologie-si-stiinta\/\" title=\"Despre \u00eent\u00e2lnirea dintre teologie \u0219i \u0219tiin\u021b\u0103\">\n\t\t\t\t\t<img loading=\"lazy\" decoding=\"async\" width=\"1280\" height=\"720\" src=\"https:\/\/orthodoxeroumain.fr\/video\/wp-content\/uploads\/2021\/01\/maxresdefault-29.jpg\" class=\"attachment-full size-full wp-post-image\" alt=\"\" srcset=\"https:\/\/orthodoxeroumain.fr\/video\/wp-content\/uploads\/2021\/01\/maxresdefault-29.jpg 1280w, https:\/\/orthodoxeroumain.fr\/video\/wp-content\/uploads\/2021\/01\/maxresdefault-29-300x169.jpg 300w, https:\/\/orthodoxeroumain.fr\/video\/wp-content\/uploads\/2021\/01\/maxresdefault-29-1024x576.jpg 1024w, https:\/\/orthodoxeroumain.fr\/video\/wp-content\/uploads\/2021\/01\/maxresdefault-29-768x432.jpg 768w\" sizes=\"auto, (max-width: 1280px) 100vw, 1280px\" \/>\t\t\t\t\t\t\t\t\t<\/a>\n\t\t\t\t\t<\/div>\n        <div class=\"edgtf-bli-content\">\n                            <div class=\"edgtf-bli-info\">\n\t                <div itemprop=\"dateCreated\" class=\"edgtf-post-info-date entry-date published updated\">\n\t\t\t<a itemprop=\"url\" href=\"https:\/\/orthodoxeroumain.fr\/video\/2021\/01\/\">\n\t\t\t\t\t\t24 ianuarie 2021\t\t<\/a>\n\t\t<meta itemprop=\"interactionCount\" content=\"UserComments: 0\"\/>\n<\/div><div class=\"edgtf-post-info-author\">\n    <span class=\"edgtf-post-info-author-text\">\n        by    <\/span>\n    <a itemprop=\"author\" class=\"edgtf-post-info-author-link\" href=\"https:\/\/orthodoxeroumain.fr\/video\/author\/sulpice\/\">\n        sulpice    <\/a>\n<\/div>                <\/div>\n            \t\n\t        \n<h4 itemprop=\"name\" class=\"entry-title edgtf-post-title\" >\n            <a itemprop=\"url\" href=\"https:\/\/orthodoxeroumain.fr\/video\/2021\/01\/24\/despre-intalnirea-dintre-teologie-si-stiinta\/\" title=\"Despre \u00eent\u00e2lnirea dintre teologie \u0219i \u0219tiin\u021b\u0103\">\n            Despre \u00eent\u00e2lnirea dintre teologie \u0219i \u0219tiin\u021b\u0103            <\/a>\n    <\/h4>\t\n\t        <div class=\"edgtf-bli-excerpt\">\n\t\t        \t<div class=\"edgtf-post-read-more-button\">\n\t\t<a itemprop=\"url\" href=\"https:\/\/orthodoxeroumain.fr\/video\/2021\/01\/24\/despre-intalnirea-dintre-teologie-si-stiinta\/\" target=\"_self\"  class=\"edgtf-btn edgtf-btn-medium edgtf-btn-simple edgtf-btn- edgtf-blog-list-button edgtf-hover-animation\"  >    <span class=\"edgtf-btn-text\">Read More<\/span>    <\/a>\t<\/div>\n\t        <\/div>\n        <\/div>\n\t<\/div>\n<\/li><li class=\"edgtf-bl-item edgtf-item-space clearfix\">\n\t<div class=\"edgtf-bli-inner\">\n\t\t\n\t<div class=\"edgtf-post-image\">\n\t\t            <a itemprop=\"url\" href=\"https:\/\/orthodoxeroumain.fr\/video\/2021\/01\/24\/parintele-razvan-ionescu-crestinul-un-purtator-de-duh-sfant\/\" title=\"P\u0103rintele R\u0103zvan Ionescu &#8211; Cre\u0219tinul, un purt\u0103tor de Duh Sf\u00e2nt\">\n\t\t\t\t\t<img loading=\"lazy\" decoding=\"async\" width=\"1280\" height=\"720\" src=\"https:\/\/orthodoxeroumain.fr\/video\/wp-content\/uploads\/2021\/01\/maxresdefault-28.jpg\" class=\"attachment-full size-full wp-post-image\" alt=\"\" srcset=\"https:\/\/orthodoxeroumain.fr\/video\/wp-content\/uploads\/2021\/01\/maxresdefault-28.jpg 1280w, https:\/\/orthodoxeroumain.fr\/video\/wp-content\/uploads\/2021\/01\/maxresdefault-28-300x169.jpg 300w, https:\/\/orthodoxeroumain.fr\/video\/wp-content\/uploads\/2021\/01\/maxresdefault-28-1024x576.jpg 1024w, https:\/\/orthodoxeroumain.fr\/video\/wp-content\/uploads\/2021\/01\/maxresdefault-28-768x432.jpg 768w\" sizes=\"auto, (max-width: 1280px) 100vw, 1280px\" \/>\t\t\t\t\t\t\t\t\t<\/a>\n\t\t\t\t\t<\/div>\n        <div class=\"edgtf-bli-content\">\n                            <div class=\"edgtf-bli-info\">\n\t                <div itemprop=\"dateCreated\" class=\"edgtf-post-info-date entry-date published updated\">\n\t\t\t<a itemprop=\"url\" href=\"https:\/\/orthodoxeroumain.fr\/video\/2021\/01\/\">\n\t\t\t\t\t\t24 ianuarie 2021\t\t<\/a>\n\t\t<meta itemprop=\"interactionCount\" content=\"UserComments: 0\"\/>\n<\/div><div class=\"edgtf-post-info-author\">\n    <span class=\"edgtf-post-info-author-text\">\n        by    <\/span>\n    <a itemprop=\"author\" class=\"edgtf-post-info-author-link\" href=\"https:\/\/orthodoxeroumain.fr\/video\/author\/sulpice\/\">\n        sulpice    <\/a>\n<\/div>                <\/div>\n            \t\n\t        \n<h4 itemprop=\"name\" class=\"entry-title edgtf-post-title\" >\n            <a itemprop=\"url\" href=\"https:\/\/orthodoxeroumain.fr\/video\/2021\/01\/24\/parintele-razvan-ionescu-crestinul-un-purtator-de-duh-sfant\/\" title=\"P\u0103rintele R\u0103zvan Ionescu &#8211; Cre\u0219tinul, un purt\u0103tor de Duh Sf\u00e2nt\">\n            P\u0103rintele R\u0103zvan Ionescu &#8211; Cre\u0219tinul, un purt\u0103tor de Duh Sf\u00e2nt            <\/a>\n    <\/h4>\t\n\t        <div class=\"edgtf-bli-excerpt\">\n\t\t        \t<div class=\"edgtf-post-read-more-button\">\n\t\t<a itemprop=\"url\" href=\"https:\/\/orthodoxeroumain.fr\/video\/2021\/01\/24\/parintele-razvan-ionescu-crestinul-un-purtator-de-duh-sfant\/\" target=\"_self\"  class=\"edgtf-btn edgtf-btn-medium edgtf-btn-simple edgtf-btn- edgtf-blog-list-button edgtf-hover-animation\"  >    <span class=\"edgtf-btn-text\">Read More<\/span>    <\/a>\t<\/div>\n\t        <\/div>\n        <\/div>\n\t<\/div>\n<\/li><li class=\"edgtf-bl-item edgtf-item-space clearfix\">\n\t<div class=\"edgtf-bli-inner\">\n\t\t\n\t<div class=\"edgtf-post-image\">\n\t\t            <a itemprop=\"url\" href=\"https:\/\/orthodoxeroumain.fr\/video\/2021\/01\/24\/provocarile-occidentului-la-adresa-ortodoxiei\/\" title=\"Provoc\u0103rile Occidentului la adresa Ortodoxiei\">\n\t\t\t\t\t<img loading=\"lazy\" decoding=\"async\" width=\"1280\" height=\"720\" src=\"https:\/\/orthodoxeroumain.fr\/video\/wp-content\/uploads\/2021\/01\/maxresdefault-41.jpg\" class=\"attachment-full size-full wp-post-image\" alt=\"\" srcset=\"https:\/\/orthodoxeroumain.fr\/video\/wp-content\/uploads\/2021\/01\/maxresdefault-41.jpg 1280w, https:\/\/orthodoxeroumain.fr\/video\/wp-content\/uploads\/2021\/01\/maxresdefault-41-300x169.jpg 300w, https:\/\/orthodoxeroumain.fr\/video\/wp-content\/uploads\/2021\/01\/maxresdefault-41-1024x576.jpg 1024w, https:\/\/orthodoxeroumain.fr\/video\/wp-content\/uploads\/2021\/01\/maxresdefault-41-768x432.jpg 768w\" sizes=\"auto, (max-width: 1280px) 100vw, 1280px\" \/>\t\t\t\t\t\t\t\t\t<\/a>\n\t\t\t\t\t<\/div>\n        <div class=\"edgtf-bli-content\">\n                            <div class=\"edgtf-bli-info\">\n\t                <div itemprop=\"dateCreated\" class=\"edgtf-post-info-date entry-date published updated\">\n\t\t\t<a itemprop=\"url\" href=\"https:\/\/orthodoxeroumain.fr\/video\/2021\/01\/\">\n\t\t\t\t\t\t24 ianuarie 2021\t\t<\/a>\n\t\t<meta itemprop=\"interactionCount\" content=\"UserComments: 0\"\/>\n<\/div><div class=\"edgtf-post-info-author\">\n    <span class=\"edgtf-post-info-author-text\">\n        by    <\/span>\n    <a itemprop=\"author\" class=\"edgtf-post-info-author-link\" href=\"https:\/\/orthodoxeroumain.fr\/video\/author\/sulpice\/\">\n        sulpice    <\/a>\n<\/div>                <\/div>\n            \t\n\t        \n<h4 itemprop=\"name\" class=\"entry-title edgtf-post-title\" >\n            <a itemprop=\"url\" href=\"https:\/\/orthodoxeroumain.fr\/video\/2021\/01\/24\/provocarile-occidentului-la-adresa-ortodoxiei\/\" title=\"Provoc\u0103rile Occidentului la adresa Ortodoxiei\">\n            Provoc\u0103rile Occidentului la adresa Ortodoxiei            <\/a>\n    <\/h4>\t\n\t        <div class=\"edgtf-bli-excerpt\">\n\t\t        \t<div class=\"edgtf-post-read-more-button\">\n\t\t<a itemprop=\"url\" href=\"https:\/\/orthodoxeroumain.fr\/video\/2021\/01\/24\/provocarile-occidentului-la-adresa-ortodoxiei\/\" target=\"_self\"  class=\"edgtf-btn edgtf-btn-medium edgtf-btn-simple edgtf-btn- edgtf-blog-list-button edgtf-hover-animation\"  >    <span class=\"edgtf-btn-text\">Read More<\/span>    <\/a>\t<\/div>\n\t        <\/div>\n        <\/div>\n\t<\/div>\n<\/li><li class=\"edgtf-bl-item edgtf-item-space clearfix\">\n\t<div class=\"edgtf-bli-inner\">\n\t\t\n\t<div class=\"edgtf-post-image\">\n\t\t            <a itemprop=\"url\" href=\"https:\/\/orthodoxeroumain.fr\/video\/2021\/01\/24\/dialog-intre-parintele-razvan-ionescu-si-teologul-danion-vasile\/\" title=\"Dialog \u00eentre P\u0103rintele R\u0103zvan Ionescu \u0219i teologul Danion Vasile\">\n\t\t\t\t\t<img loading=\"lazy\" decoding=\"async\" width=\"480\" height=\"360\" src=\"https:\/\/orthodoxeroumain.fr\/video\/wp-content\/uploads\/2021\/01\/hqdefault-37.jpg\" class=\"attachment-full size-full wp-post-image\" alt=\"\" srcset=\"https:\/\/orthodoxeroumain.fr\/video\/wp-content\/uploads\/2021\/01\/hqdefault-37.jpg 480w, https:\/\/orthodoxeroumain.fr\/video\/wp-content\/uploads\/2021\/01\/hqdefault-37-300x225.jpg 300w\" sizes=\"auto, (max-width: 480px) 100vw, 480px\" \/>\t\t\t\t\t\t\t\t\t<\/a>\n\t\t\t\t\t<\/div>\n        <div class=\"edgtf-bli-content\">\n                            <div class=\"edgtf-bli-info\">\n\t                <div itemprop=\"dateCreated\" class=\"edgtf-post-info-date entry-date published updated\">\n\t\t\t<a itemprop=\"url\" href=\"https:\/\/orthodoxeroumain.fr\/video\/2021\/01\/\">\n\t\t\t\t\t\t24 ianuarie 2021\t\t<\/a>\n\t\t<meta itemprop=\"interactionCount\" content=\"UserComments: 0\"\/>\n<\/div><div class=\"edgtf-post-info-author\">\n    <span class=\"edgtf-post-info-author-text\">\n        by    <\/span>\n    <a itemprop=\"author\" class=\"edgtf-post-info-author-link\" href=\"https:\/\/orthodoxeroumain.fr\/video\/author\/sulpice\/\">\n        sulpice    <\/a>\n<\/div>                <\/div>\n            \t\n\t        \n<h4 itemprop=\"name\" class=\"entry-title edgtf-post-title\" >\n            <a itemprop=\"url\" href=\"https:\/\/orthodoxeroumain.fr\/video\/2021\/01\/24\/dialog-intre-parintele-razvan-ionescu-si-teologul-danion-vasile\/\" title=\"Dialog \u00eentre P\u0103rintele R\u0103zvan Ionescu \u0219i teologul Danion Vasile\">\n            Dialog \u00eentre P\u0103rintele R\u0103zvan Ionescu \u0219i teologul Danion Vasile            <\/a>\n    <\/h4>\t\n\t        <div class=\"edgtf-bli-excerpt\">\n\t\t        \t<div class=\"edgtf-post-read-more-button\">\n\t\t<a itemprop=\"url\" href=\"https:\/\/orthodoxeroumain.fr\/video\/2021\/01\/24\/dialog-intre-parintele-razvan-ionescu-si-teologul-danion-vasile\/\" target=\"_self\"  class=\"edgtf-btn edgtf-btn-medium edgtf-btn-simple edgtf-btn- edgtf-blog-list-button edgtf-hover-animation\"  >    <span class=\"edgtf-btn-text\">Read More<\/span>    <\/a>\t<\/div>\n\t        <\/div>\n        <\/div>\n\t<\/div>\n<\/li><li class=\"edgtf-bl-item edgtf-item-space clearfix\">\n\t<div class=\"edgtf-bli-inner\">\n\t\t\n\t<div class=\"edgtf-post-image\">\n\t\t            <a itemprop=\"url\" href=\"https:\/\/orthodoxeroumain.fr\/video\/2021\/01\/24\/proba-familiei-marturie-contemporana\/\" title=\"Proba familiei &#8211; m\u0103rturie contemporan\u0103\">\n\t\t\t\t\t<img loading=\"lazy\" decoding=\"async\" width=\"640\" height=\"480\" src=\"https:\/\/orthodoxeroumain.fr\/video\/wp-content\/uploads\/2021\/01\/sddefault-52.jpg\" class=\"attachment-full size-full wp-post-image\" alt=\"\" srcset=\"https:\/\/orthodoxeroumain.fr\/video\/wp-content\/uploads\/2021\/01\/sddefault-52.jpg 640w, https:\/\/orthodoxeroumain.fr\/video\/wp-content\/uploads\/2021\/01\/sddefault-52-300x225.jpg 300w\" sizes=\"auto, (max-width: 640px) 100vw, 640px\" \/>\t\t\t\t\t\t\t\t\t<\/a>\n\t\t\t\t\t<\/div>\n        <div class=\"edgtf-bli-content\">\n                            <div class=\"edgtf-bli-info\">\n\t                <div itemprop=\"dateCreated\" class=\"edgtf-post-info-date entry-date published updated\">\n\t\t\t<a itemprop=\"url\" href=\"https:\/\/orthodoxeroumain.fr\/video\/2021\/01\/\">\n\t\t\t\t\t\t24 ianuarie 2021\t\t<\/a>\n\t\t<meta itemprop=\"interactionCount\" content=\"UserComments: 0\"\/>\n<\/div><div class=\"edgtf-post-info-author\">\n    <span class=\"edgtf-post-info-author-text\">\n        by    <\/span>\n    <a itemprop=\"author\" class=\"edgtf-post-info-author-link\" href=\"https:\/\/orthodoxeroumain.fr\/video\/author\/sulpice\/\">\n        sulpice    <\/a>\n<\/div>                <\/div>\n            \t\n\t        \n<h4 itemprop=\"name\" class=\"entry-title edgtf-post-title\" >\n            <a itemprop=\"url\" href=\"https:\/\/orthodoxeroumain.fr\/video\/2021\/01\/24\/proba-familiei-marturie-contemporana\/\" title=\"Proba familiei &#8211; m\u0103rturie contemporan\u0103\">\n            Proba familiei &#8211; m\u0103rturie contemporan\u0103            <\/a>\n    <\/h4>\t\n\t        <div class=\"edgtf-bli-excerpt\">\n\t\t        \t<div class=\"edgtf-post-read-more-button\">\n\t\t<a itemprop=\"url\" href=\"https:\/\/orthodoxeroumain.fr\/video\/2021\/01\/24\/proba-familiei-marturie-contemporana\/\" target=\"_self\"  class=\"edgtf-btn edgtf-btn-medium edgtf-btn-simple edgtf-btn- edgtf-blog-list-button edgtf-hover-animation\"  >    <span class=\"edgtf-btn-text\">Read More<\/span>    <\/a>\t<\/div>\n\t        <\/div>\n        <\/div>\n\t<\/div>\n<\/li><li class=\"edgtf-bl-item edgtf-item-space clearfix\">\n\t<div class=\"edgtf-bli-inner\">\n\t\t\n\t<div class=\"edgtf-post-image\">\n\t\t            <a itemprop=\"url\" href=\"https:\/\/orthodoxeroumain.fr\/video\/2021\/01\/24\/seara-duhovniceasca-impreuna-cu-parintele-razvan-ionescu\/\" title=\"Sear\u0103 duhovniceasc\u0103 \u00eempreun\u0103 cu p\u0103rintele R\u0103zvan Ionescu\">\n\t\t\t\t\t<img loading=\"lazy\" decoding=\"async\" width=\"1280\" height=\"720\" src=\"https:\/\/orthodoxeroumain.fr\/video\/wp-content\/uploads\/2021\/01\/maxresdefault-39.jpg\" class=\"attachment-full size-full wp-post-image\" alt=\"\" srcset=\"https:\/\/orthodoxeroumain.fr\/video\/wp-content\/uploads\/2021\/01\/maxresdefault-39.jpg 1280w, https:\/\/orthodoxeroumain.fr\/video\/wp-content\/uploads\/2021\/01\/maxresdefault-39-300x169.jpg 300w, https:\/\/orthodoxeroumain.fr\/video\/wp-content\/uploads\/2021\/01\/maxresdefault-39-1024x576.jpg 1024w, https:\/\/orthodoxeroumain.fr\/video\/wp-content\/uploads\/2021\/01\/maxresdefault-39-768x432.jpg 768w\" sizes=\"auto, (max-width: 1280px) 100vw, 1280px\" \/>\t\t\t\t\t\t\t\t\t<\/a>\n\t\t\t\t\t<\/div>\n        <div class=\"edgtf-bli-content\">\n                            <div class=\"edgtf-bli-info\">\n\t                <div itemprop=\"dateCreated\" class=\"edgtf-post-info-date entry-date published updated\">\n\t\t\t<a itemprop=\"url\" href=\"https:\/\/orthodoxeroumain.fr\/video\/2021\/01\/\">\n\t\t\t\t\t\t24 ianuarie 2021\t\t<\/a>\n\t\t<meta itemprop=\"interactionCount\" content=\"UserComments: 0\"\/>\n<\/div><div class=\"edgtf-post-info-author\">\n    <span class=\"edgtf-post-info-author-text\">\n        by    <\/span>\n    <a itemprop=\"author\" class=\"edgtf-post-info-author-link\" href=\"https:\/\/orthodoxeroumain.fr\/video\/author\/sulpice\/\">\n        sulpice    <\/a>\n<\/div>                <\/div>\n            \t\n\t        \n<h4 itemprop=\"name\" class=\"entry-title edgtf-post-title\" >\n            <a itemprop=\"url\" href=\"https:\/\/orthodoxeroumain.fr\/video\/2021\/01\/24\/seara-duhovniceasca-impreuna-cu-parintele-razvan-ionescu\/\" title=\"Sear\u0103 duhovniceasc\u0103 \u00eempreun\u0103 cu p\u0103rintele R\u0103zvan Ionescu\">\n            Sear\u0103 duhovniceasc\u0103 \u00eempreun\u0103 cu p\u0103rintele R\u0103zvan Ionescu            <\/a>\n    <\/h4>\t\n\t        <div class=\"edgtf-bli-excerpt\">\n\t\t        \t<div class=\"edgtf-post-read-more-button\">\n\t\t<a itemprop=\"url\" href=\"https:\/\/orthodoxeroumain.fr\/video\/2021\/01\/24\/seara-duhovniceasca-impreuna-cu-parintele-razvan-ionescu\/\" target=\"_self\"  class=\"edgtf-btn edgtf-btn-medium edgtf-btn-simple edgtf-btn- edgtf-blog-list-button edgtf-hover-animation\"  >    <span class=\"edgtf-btn-text\">Read More<\/span>    <\/a>\t<\/div>\n\t        <\/div>\n        <\/div>\n\t<\/div>\n<\/li><li class=\"edgtf-bl-item edgtf-item-space clearfix\">\n\t<div class=\"edgtf-bli-inner\">\n\t\t\n\t<div class=\"edgtf-post-image\">\n\t\t            <a itemprop=\"url\" href=\"https:\/\/orthodoxeroumain.fr\/video\/2021\/01\/24\/pr-razvan-ionescu-interviu-pentru-tineri-integral\/\" title=\"Pr. Razvan Ionescu &#8211; Interviu pentru tine(ri)\">\n\t\t\t\t\t<img loading=\"lazy\" decoding=\"async\" width=\"1280\" height=\"720\" src=\"https:\/\/orthodoxeroumain.fr\/video\/wp-content\/uploads\/2021\/01\/maxresdefault-32.jpg\" class=\"attachment-full size-full wp-post-image\" alt=\"\" srcset=\"https:\/\/orthodoxeroumain.fr\/video\/wp-content\/uploads\/2021\/01\/maxresdefault-32.jpg 1280w, https:\/\/orthodoxeroumain.fr\/video\/wp-content\/uploads\/2021\/01\/maxresdefault-32-300x169.jpg 300w, https:\/\/orthodoxeroumain.fr\/video\/wp-content\/uploads\/2021\/01\/maxresdefault-32-1024x576.jpg 1024w, https:\/\/orthodoxeroumain.fr\/video\/wp-content\/uploads\/2021\/01\/maxresdefault-32-768x432.jpg 768w\" sizes=\"auto, (max-width: 1280px) 100vw, 1280px\" \/>\t\t\t\t\t\t\t\t\t<\/a>\n\t\t\t\t\t<\/div>\n        <div class=\"edgtf-bli-content\">\n                            <div class=\"edgtf-bli-info\">\n\t                <div itemprop=\"dateCreated\" class=\"edgtf-post-info-date entry-date published updated\">\n\t\t\t<a itemprop=\"url\" href=\"https:\/\/orthodoxeroumain.fr\/video\/2021\/01\/\">\n\t\t\t\t\t\t24 ianuarie 2021\t\t<\/a>\n\t\t<meta itemprop=\"interactionCount\" content=\"UserComments: 0\"\/>\n<\/div><div class=\"edgtf-post-info-author\">\n    <span class=\"edgtf-post-info-author-text\">\n        by    <\/span>\n    <a itemprop=\"author\" class=\"edgtf-post-info-author-link\" href=\"https:\/\/orthodoxeroumain.fr\/video\/author\/sulpice\/\">\n        sulpice    <\/a>\n<\/div>                <\/div>\n            \t\n\t        \n<h4 itemprop=\"name\" class=\"entry-title edgtf-post-title\" >\n            <a itemprop=\"url\" href=\"https:\/\/orthodoxeroumain.fr\/video\/2021\/01\/24\/pr-razvan-ionescu-interviu-pentru-tineri-integral\/\" title=\"Pr. Razvan Ionescu &#8211; Interviu pentru tine(ri)\">\n            Pr. Razvan Ionescu &#8211; Interviu pentru tine(ri)            <\/a>\n    <\/h4>\t\n\t        <div class=\"edgtf-bli-excerpt\">\n\t\t        \t<div class=\"edgtf-post-read-more-button\">\n\t\t<a itemprop=\"url\" href=\"https:\/\/orthodoxeroumain.fr\/video\/2021\/01\/24\/pr-razvan-ionescu-interviu-pentru-tineri-integral\/\" target=\"_self\"  class=\"edgtf-btn edgtf-btn-medium edgtf-btn-simple edgtf-btn- edgtf-blog-list-button edgtf-hover-animation\"  >    <span class=\"edgtf-btn-text\">Read More<\/span>    <\/a>\t<\/div>\n\t        <\/div>\n        <\/div>\n\t<\/div>\n<\/li><li class=\"edgtf-bl-item edgtf-item-space clearfix\">\n\t<div class=\"edgtf-bli-inner\">\n\t\t\n\t<div class=\"edgtf-post-image\">\n\t\t            <a itemprop=\"url\" href=\"https:\/\/orthodoxeroumain.fr\/video\/2021\/01\/24\/parintele-razvan-ionescu-ortodoxia-in-occident-partea-a-ii-a\/\" title=\"P\u0103rintele R\u0103zvan Ionescu &#8211; Ortodoxia \u00een Occident, Partea a II-a\">\n\t\t\t\t\t<img loading=\"lazy\" decoding=\"async\" width=\"480\" height=\"360\" src=\"https:\/\/orthodoxeroumain.fr\/video\/wp-content\/uploads\/2021\/01\/hqdefault-34.jpg\" class=\"attachment-full size-full wp-post-image\" alt=\"\" srcset=\"https:\/\/orthodoxeroumain.fr\/video\/wp-content\/uploads\/2021\/01\/hqdefault-34.jpg 480w, https:\/\/orthodoxeroumain.fr\/video\/wp-content\/uploads\/2021\/01\/hqdefault-34-300x225.jpg 300w\" sizes=\"auto, (max-width: 480px) 100vw, 480px\" \/>\t\t\t\t\t\t\t\t\t<\/a>\n\t\t\t\t\t<\/div>\n        <div class=\"edgtf-bli-content\">\n                            <div class=\"edgtf-bli-info\">\n\t                <div itemprop=\"dateCreated\" class=\"edgtf-post-info-date entry-date published updated\">\n\t\t\t<a itemprop=\"url\" href=\"https:\/\/orthodoxeroumain.fr\/video\/2021\/01\/\">\n\t\t\t\t\t\t24 ianuarie 2021\t\t<\/a>\n\t\t<meta itemprop=\"interactionCount\" content=\"UserComments: 0\"\/>\n<\/div><div class=\"edgtf-post-info-author\">\n    <span class=\"edgtf-post-info-author-text\">\n        by    <\/span>\n    <a itemprop=\"author\" class=\"edgtf-post-info-author-link\" href=\"https:\/\/orthodoxeroumain.fr\/video\/author\/sulpice\/\">\n        sulpice    <\/a>\n<\/div>                <\/div>\n            \t\n\t        \n<h4 itemprop=\"name\" class=\"entry-title edgtf-post-title\" >\n            <a itemprop=\"url\" href=\"https:\/\/orthodoxeroumain.fr\/video\/2021\/01\/24\/parintele-razvan-ionescu-ortodoxia-in-occident-partea-a-ii-a\/\" title=\"P\u0103rintele R\u0103zvan Ionescu &#8211; Ortodoxia \u00een Occident, Partea a II-a\">\n            P\u0103rintele R\u0103zvan Ionescu &#8211; Ortodoxia \u00een Occident, Partea a II-a            <\/a>\n    <\/h4>\t\n\t        <div class=\"edgtf-bli-excerpt\">\n\t\t        \t<div class=\"edgtf-post-read-more-button\">\n\t\t<a itemprop=\"url\" href=\"https:\/\/orthodoxeroumain.fr\/video\/2021\/01\/24\/parintele-razvan-ionescu-ortodoxia-in-occident-partea-a-ii-a\/\" target=\"_self\"  class=\"edgtf-btn edgtf-btn-medium edgtf-btn-simple edgtf-btn- edgtf-blog-list-button edgtf-hover-animation\"  >    <span class=\"edgtf-btn-text\">Read More<\/span>    <\/a>\t<\/div>\n\t        <\/div>\n        <\/div>\n\t<\/div>\n<\/li><li class=\"edgtf-bl-item edgtf-item-space clearfix\">\n\t<div class=\"edgtf-bli-inner\">\n\t\t\n\t<div class=\"edgtf-post-image\">\n\t\t            <a itemprop=\"url\" href=\"https:\/\/orthodoxeroumain.fr\/video\/2021\/01\/24\/parintele-razvan-ionescu-ortodoxia-in-occident-partea-i\/\" title=\"P\u0103rintele R\u0103zvan Ionescu &#8211; Ortodoxia \u00een Occident, Partea I\">\n\t\t\t\t\t<img loading=\"lazy\" decoding=\"async\" width=\"480\" height=\"360\" src=\"https:\/\/orthodoxeroumain.fr\/video\/wp-content\/uploads\/2021\/01\/hqdefault-35.jpg\" class=\"attachment-full size-full wp-post-image\" alt=\"\" srcset=\"https:\/\/orthodoxeroumain.fr\/video\/wp-content\/uploads\/2021\/01\/hqdefault-35.jpg 480w, https:\/\/orthodoxeroumain.fr\/video\/wp-content\/uploads\/2021\/01\/hqdefault-35-300x225.jpg 300w\" sizes=\"auto, (max-width: 480px) 100vw, 480px\" \/>\t\t\t\t\t\t\t\t\t<\/a>\n\t\t\t\t\t<\/div>\n        <div class=\"edgtf-bli-content\">\n                            <div class=\"edgtf-bli-info\">\n\t                <div itemprop=\"dateCreated\" class=\"edgtf-post-info-date entry-date published updated\">\n\t\t\t<a itemprop=\"url\" href=\"https:\/\/orthodoxeroumain.fr\/video\/2021\/01\/\">\n\t\t\t\t\t\t24 ianuarie 2021\t\t<\/a>\n\t\t<meta itemprop=\"interactionCount\" content=\"UserComments: 0\"\/>\n<\/div><div class=\"edgtf-post-info-author\">\n    <span class=\"edgtf-post-info-author-text\">\n        by    <\/span>\n    <a itemprop=\"author\" class=\"edgtf-post-info-author-link\" href=\"https:\/\/orthodoxeroumain.fr\/video\/author\/sulpice\/\">\n        sulpice    <\/a>\n<\/div>                <\/div>\n            \t\n\t        \n<h4 itemprop=\"name\" class=\"entry-title edgtf-post-title\" >\n            <a itemprop=\"url\" href=\"https:\/\/orthodoxeroumain.fr\/video\/2021\/01\/24\/parintele-razvan-ionescu-ortodoxia-in-occident-partea-i\/\" title=\"P\u0103rintele R\u0103zvan Ionescu &#8211; Ortodoxia \u00een Occident, Partea I\">\n            P\u0103rintele R\u0103zvan Ionescu &#8211; Ortodoxia \u00een Occident, Partea I            <\/a>\n    <\/h4>\t\n\t        <div class=\"edgtf-bli-excerpt\">\n\t\t        \t<div class=\"edgtf-post-read-more-button\">\n\t\t<a itemprop=\"url\" href=\"https:\/\/orthodoxeroumain.fr\/video\/2021\/01\/24\/parintele-razvan-ionescu-ortodoxia-in-occident-partea-i\/\" target=\"_self\"  class=\"edgtf-btn edgtf-btn-medium edgtf-btn-simple edgtf-btn- edgtf-blog-list-button edgtf-hover-animation\"  >    <span class=\"edgtf-btn-text\">Read More<\/span>    <\/a>\t<\/div>\n\t        <\/div>\n        <\/div>\n\t<\/div>\n<\/li><li class=\"edgtf-bl-item edgtf-item-space clearfix\">\n\t<div class=\"edgtf-bli-inner\">\n\t\t\n\t<div class=\"edgtf-post-image\">\n\t\t            <a itemprop=\"url\" href=\"https:\/\/orthodoxeroumain.fr\/video\/2021\/01\/24\/conferinta-teologie-si-stiinta-divergente-si-convergente-parintele-razvan-ionescu\/\" title=\"Conferin\u021ba \u201eTeologie \u0219i \u0219tiin\u021b\u0103 \u2013 divergen\u021be \u0219i convergen\u021be\u201d &#8211; P\u0103rintele R\u0103zvan Ionescu\">\n\t\t\t\t\t<img loading=\"lazy\" decoding=\"async\" width=\"1280\" height=\"720\" src=\"https:\/\/orthodoxeroumain.fr\/video\/wp-content\/uploads\/2021\/01\/maxresdefault-26.jpg\" class=\"attachment-full size-full wp-post-image\" alt=\"\" srcset=\"https:\/\/orthodoxeroumain.fr\/video\/wp-content\/uploads\/2021\/01\/maxresdefault-26.jpg 1280w, https:\/\/orthodoxeroumain.fr\/video\/wp-content\/uploads\/2021\/01\/maxresdefault-26-300x169.jpg 300w, https:\/\/orthodoxeroumain.fr\/video\/wp-content\/uploads\/2021\/01\/maxresdefault-26-1024x576.jpg 1024w, https:\/\/orthodoxeroumain.fr\/video\/wp-content\/uploads\/2021\/01\/maxresdefault-26-768x432.jpg 768w\" sizes=\"auto, (max-width: 1280px) 100vw, 1280px\" \/>\t\t\t\t\t\t\t\t\t<\/a>\n\t\t\t\t\t<\/div>\n        <div class=\"edgtf-bli-content\">\n                            <div class=\"edgtf-bli-info\">\n\t                <div itemprop=\"dateCreated\" class=\"edgtf-post-info-date entry-date published updated\">\n\t\t\t<a itemprop=\"url\" href=\"https:\/\/orthodoxeroumain.fr\/video\/2021\/01\/\">\n\t\t\t\t\t\t24 ianuarie 2021\t\t<\/a>\n\t\t<meta itemprop=\"interactionCount\" content=\"UserComments: 0\"\/>\n<\/div><div class=\"edgtf-post-info-author\">\n    <span class=\"edgtf-post-info-author-text\">\n        by    <\/span>\n    <a itemprop=\"author\" class=\"edgtf-post-info-author-link\" href=\"https:\/\/orthodoxeroumain.fr\/video\/author\/sulpice\/\">\n        sulpice    <\/a>\n<\/div>                <\/div>\n            \t\n\t        \n<h4 itemprop=\"name\" class=\"entry-title edgtf-post-title\" >\n            <a itemprop=\"url\" href=\"https:\/\/orthodoxeroumain.fr\/video\/2021\/01\/24\/conferinta-teologie-si-stiinta-divergente-si-convergente-parintele-razvan-ionescu\/\" title=\"Conferin\u021ba \u201eTeologie \u0219i \u0219tiin\u021b\u0103 \u2013 divergen\u021be \u0219i convergen\u021be\u201d &#8211; P\u0103rintele R\u0103zvan Ionescu\">\n            Conferin\u021ba \u201eTeologie \u0219i \u0219tiin\u021b\u0103 \u2013 divergen\u021be \u0219i convergen\u021be\u201d &#8211; P\u0103rintele R\u0103zvan Ionescu            <\/a>\n    <\/h4>\t\n\t        <div class=\"edgtf-bli-excerpt\">\n\t\t        \t<div class=\"edgtf-post-read-more-button\">\n\t\t<a itemprop=\"url\" href=\"https:\/\/orthodoxeroumain.fr\/video\/2021\/01\/24\/conferinta-teologie-si-stiinta-divergente-si-convergente-parintele-razvan-ionescu\/\" target=\"_self\"  class=\"edgtf-btn edgtf-btn-medium edgtf-btn-simple edgtf-btn- edgtf-blog-list-button edgtf-hover-animation\"  >    <span class=\"edgtf-btn-text\">Read More<\/span>    <\/a>\t<\/div>\n\t        <\/div>\n        <\/div>\n\t<\/div>\n<\/li><li class=\"edgtf-bl-item edgtf-item-space clearfix\">\n\t<div class=\"edgtf-bli-inner\">\n\t\t\n\t<div class=\"edgtf-post-image\">\n\t\t            <a itemprop=\"url\" href=\"https:\/\/orthodoxeroumain.fr\/video\/2021\/01\/24\/parintele-razvan-ionescu-credibilitatea-noastra-in-fata-oamenilor-partea-a-ii-a-intrebari\/\" title=\"P\u0103rintele R\u0103zvan Ionescu &#8211; \u201eCredibilitatea noastr\u0103 \u00een fa\u021ba oamenilor\u201d &#8211; Partea a II-a (\u00eentreb\u0103ri)\">\n\t\t\t\t\t<img loading=\"lazy\" decoding=\"async\" width=\"1280\" height=\"720\" src=\"https:\/\/orthodoxeroumain.fr\/video\/wp-content\/uploads\/2021\/01\/maxresdefault-27.jpg\" class=\"attachment-full size-full wp-post-image\" alt=\"\" srcset=\"https:\/\/orthodoxeroumain.fr\/video\/wp-content\/uploads\/2021\/01\/maxresdefault-27.jpg 1280w, https:\/\/orthodoxeroumain.fr\/video\/wp-content\/uploads\/2021\/01\/maxresdefault-27-300x169.jpg 300w, https:\/\/orthodoxeroumain.fr\/video\/wp-content\/uploads\/2021\/01\/maxresdefault-27-1024x576.jpg 1024w, https:\/\/orthodoxeroumain.fr\/video\/wp-content\/uploads\/2021\/01\/maxresdefault-27-768x432.jpg 768w\" sizes=\"auto, (max-width: 1280px) 100vw, 1280px\" \/>\t\t\t\t\t\t\t\t\t<\/a>\n\t\t\t\t\t<\/div>\n        <div class=\"edgtf-bli-content\">\n                            <div class=\"edgtf-bli-info\">\n\t                <div itemprop=\"dateCreated\" class=\"edgtf-post-info-date entry-date published updated\">\n\t\t\t<a itemprop=\"url\" href=\"https:\/\/orthodoxeroumain.fr\/video\/2021\/01\/\">\n\t\t\t\t\t\t24 ianuarie 2021\t\t<\/a>\n\t\t<meta itemprop=\"interactionCount\" content=\"UserComments: 0\"\/>\n<\/div><div class=\"edgtf-post-info-author\">\n    <span class=\"edgtf-post-info-author-text\">\n        by    <\/span>\n    <a itemprop=\"author\" class=\"edgtf-post-info-author-link\" href=\"https:\/\/orthodoxeroumain.fr\/video\/author\/sulpice\/\">\n        sulpice    <\/a>\n<\/div>                <\/div>\n            \t\n\t        \n<h4 itemprop=\"name\" class=\"entry-title edgtf-post-title\" >\n            <a itemprop=\"url\" href=\"https:\/\/orthodoxeroumain.fr\/video\/2021\/01\/24\/parintele-razvan-ionescu-credibilitatea-noastra-in-fata-oamenilor-partea-a-ii-a-intrebari\/\" title=\"P\u0103rintele R\u0103zvan Ionescu &#8211; \u201eCredibilitatea noastr\u0103 \u00een fa\u021ba oamenilor\u201d &#8211; Partea a II-a (\u00eentreb\u0103ri)\">\n            P\u0103rintele R\u0103zvan Ionescu &#8211; \u201eCredibilitatea noastr\u0103 \u00een fa\u021ba oamenilor\u201d &#8211; Partea a II-a (\u00eentreb\u0103ri)            <\/a>\n    <\/h4>\t\n\t        <div class=\"edgtf-bli-excerpt\">\n\t\t        \t<div class=\"edgtf-post-read-more-button\">\n\t\t<a itemprop=\"url\" href=\"https:\/\/orthodoxeroumain.fr\/video\/2021\/01\/24\/parintele-razvan-ionescu-credibilitatea-noastra-in-fata-oamenilor-partea-a-ii-a-intrebari\/\" target=\"_self\"  class=\"edgtf-btn edgtf-btn-medium edgtf-btn-simple edgtf-btn- edgtf-blog-list-button edgtf-hover-animation\"  >    <span class=\"edgtf-btn-text\">Read More<\/span>    <\/a>\t<\/div>\n\t        <\/div>\n        <\/div>\n\t<\/div>\n<\/li><li class=\"edgtf-bl-item edgtf-item-space clearfix\">\n\t<div class=\"edgtf-bli-inner\">\n\t\t\n\t<div class=\"edgtf-post-image\">\n\t\t            <a itemprop=\"url\" href=\"https:\/\/orthodoxeroumain.fr\/video\/2021\/01\/24\/parintele-razvan-ionescu-credibilitatea-noastra-in-fata-oamenilor-partea-i\/\" title=\"P\u0103rintele R\u0103zvan Ionescu &#8211; \u201eCredibilitatea noastr\u0103 \u00een fa\u021ba oamenilor\u201d &#8211; Partea I\">\n\t\t\t\t\t<img loading=\"lazy\" decoding=\"async\" width=\"1280\" height=\"720\" src=\"https:\/\/orthodoxeroumain.fr\/video\/wp-content\/uploads\/2021\/01\/maxresdefault-25.jpg\" class=\"attachment-full size-full wp-post-image\" alt=\"\" srcset=\"https:\/\/orthodoxeroumain.fr\/video\/wp-content\/uploads\/2021\/01\/maxresdefault-25.jpg 1280w, https:\/\/orthodoxeroumain.fr\/video\/wp-content\/uploads\/2021\/01\/maxresdefault-25-300x169.jpg 300w, https:\/\/orthodoxeroumain.fr\/video\/wp-content\/uploads\/2021\/01\/maxresdefault-25-1024x576.jpg 1024w, https:\/\/orthodoxeroumain.fr\/video\/wp-content\/uploads\/2021\/01\/maxresdefault-25-768x432.jpg 768w\" sizes=\"auto, (max-width: 1280px) 100vw, 1280px\" \/>\t\t\t\t\t\t\t\t\t<\/a>\n\t\t\t\t\t<\/div>\n        <div class=\"edgtf-bli-content\">\n                            <div class=\"edgtf-bli-info\">\n\t                <div itemprop=\"dateCreated\" class=\"edgtf-post-info-date entry-date published updated\">\n\t\t\t<a itemprop=\"url\" href=\"https:\/\/orthodoxeroumain.fr\/video\/2021\/01\/\">\n\t\t\t\t\t\t24 ianuarie 2021\t\t<\/a>\n\t\t<meta itemprop=\"interactionCount\" content=\"UserComments: 0\"\/>\n<\/div><div class=\"edgtf-post-info-author\">\n    <span class=\"edgtf-post-info-author-text\">\n        by    <\/span>\n    <a itemprop=\"author\" class=\"edgtf-post-info-author-link\" href=\"https:\/\/orthodoxeroumain.fr\/video\/author\/sulpice\/\">\n        sulpice    <\/a>\n<\/div>                <\/div>\n            \t\n\t        \n<h4 itemprop=\"name\" class=\"entry-title edgtf-post-title\" >\n            <a itemprop=\"url\" href=\"https:\/\/orthodoxeroumain.fr\/video\/2021\/01\/24\/parintele-razvan-ionescu-credibilitatea-noastra-in-fata-oamenilor-partea-i\/\" title=\"P\u0103rintele R\u0103zvan Ionescu &#8211; \u201eCredibilitatea noastr\u0103 \u00een fa\u021ba oamenilor\u201d &#8211; Partea I\">\n            P\u0103rintele R\u0103zvan Ionescu &#8211; \u201eCredibilitatea noastr\u0103 \u00een fa\u021ba oamenilor\u201d &#8211; Partea I            <\/a>\n    <\/h4>\t\n\t        <div class=\"edgtf-bli-excerpt\">\n\t\t        \t<div class=\"edgtf-post-read-more-button\">\n\t\t<a itemprop=\"url\" href=\"https:\/\/orthodoxeroumain.fr\/video\/2021\/01\/24\/parintele-razvan-ionescu-credibilitatea-noastra-in-fata-oamenilor-partea-i\/\" target=\"_self\"  class=\"edgtf-btn edgtf-btn-medium edgtf-btn-simple edgtf-btn- edgtf-blog-list-button edgtf-hover-animation\"  >    <span class=\"edgtf-btn-text\">Read More<\/span>    <\/a>\t<\/div>\n\t        <\/div>\n        <\/div>\n\t<\/div>\n<\/li><li class=\"edgtf-bl-item edgtf-item-space clearfix\">\n\t<div class=\"edgtf-bli-inner\">\n\t\t\n\t<div class=\"edgtf-post-image\">\n\t\t            <a itemprop=\"url\" href=\"https:\/\/orthodoxeroumain.fr\/video\/2021\/01\/24\/conferinta-tanarul-de-la-ostenit-si-impovarat-la-viu-parintele-razvan-ionescu\/\" title=\"Conferin\u021ba \u201eT\u00e2n\u0103rul, de la ostenit \u0219i \u00eempov\u0103rat la viu\u201d &#8211; P\u0103rintele R\u0103zvan Ionescu\">\n\t\t\t\t\t<img loading=\"lazy\" decoding=\"async\" width=\"1280\" height=\"720\" src=\"https:\/\/orthodoxeroumain.fr\/video\/wp-content\/uploads\/2021\/01\/maxresdefault-24.jpg\" class=\"attachment-full size-full wp-post-image\" alt=\"\" srcset=\"https:\/\/orthodoxeroumain.fr\/video\/wp-content\/uploads\/2021\/01\/maxresdefault-24.jpg 1280w, https:\/\/orthodoxeroumain.fr\/video\/wp-content\/uploads\/2021\/01\/maxresdefault-24-300x169.jpg 300w, https:\/\/orthodoxeroumain.fr\/video\/wp-content\/uploads\/2021\/01\/maxresdefault-24-1024x576.jpg 1024w, https:\/\/orthodoxeroumain.fr\/video\/wp-content\/uploads\/2021\/01\/maxresdefault-24-768x432.jpg 768w\" sizes=\"auto, (max-width: 1280px) 100vw, 1280px\" \/>\t\t\t\t\t\t\t\t\t<\/a>\n\t\t\t\t\t<\/div>\n        <div class=\"edgtf-bli-content\">\n                            <div class=\"edgtf-bli-info\">\n\t                <div itemprop=\"dateCreated\" class=\"edgtf-post-info-date entry-date published updated\">\n\t\t\t<a itemprop=\"url\" href=\"https:\/\/orthodoxeroumain.fr\/video\/2021\/01\/\">\n\t\t\t\t\t\t24 ianuarie 2021\t\t<\/a>\n\t\t<meta itemprop=\"interactionCount\" content=\"UserComments: 0\"\/>\n<\/div><div class=\"edgtf-post-info-author\">\n    <span class=\"edgtf-post-info-author-text\">\n        by    <\/span>\n    <a itemprop=\"author\" class=\"edgtf-post-info-author-link\" href=\"https:\/\/orthodoxeroumain.fr\/video\/author\/sulpice\/\">\n        sulpice    <\/a>\n<\/div>                <\/div>\n            \t\n\t        \n<h4 itemprop=\"name\" class=\"entry-title edgtf-post-title\" >\n            <a itemprop=\"url\" href=\"https:\/\/orthodoxeroumain.fr\/video\/2021\/01\/24\/conferinta-tanarul-de-la-ostenit-si-impovarat-la-viu-parintele-razvan-ionescu\/\" title=\"Conferin\u021ba \u201eT\u00e2n\u0103rul, de la ostenit \u0219i \u00eempov\u0103rat la viu\u201d &#8211; P\u0103rintele R\u0103zvan Ionescu\">\n            Conferin\u021ba \u201eT\u00e2n\u0103rul, de la ostenit \u0219i \u00eempov\u0103rat la viu\u201d &#8211; P\u0103rintele R\u0103zvan Ionescu            <\/a>\n    <\/h4>\t\n\t        <div class=\"edgtf-bli-excerpt\">\n\t\t        \t<div class=\"edgtf-post-read-more-button\">\n\t\t<a itemprop=\"url\" href=\"https:\/\/orthodoxeroumain.fr\/video\/2021\/01\/24\/conferinta-tanarul-de-la-ostenit-si-impovarat-la-viu-parintele-razvan-ionescu\/\" target=\"_self\"  class=\"edgtf-btn edgtf-btn-medium edgtf-btn-simple edgtf-btn- edgtf-blog-list-button edgtf-hover-animation\"  >    <span class=\"edgtf-btn-text\">Read More<\/span>    <\/a>\t<\/div>\n\t        <\/div>\n        <\/div>\n\t<\/div>\n<\/li><li class=\"edgtf-bl-item edgtf-item-space clearfix\">\n\t<div class=\"edgtf-bli-inner\">\n\t\t\n\t<div class=\"edgtf-post-image\">\n\t\t            <a itemprop=\"url\" href=\"https:\/\/orthodoxeroumain.fr\/video\/2021\/01\/24\/conferinta-intre-tentatia-superficialului-si-chemarea-adancului-parintele-razvan-ionescu\/\" title=\"Conferin\u021ba \u201e\u00centre tenta\u021bia superficialului \u0219i chemarea ad\u00e2ncului\u201d &#8211; P\u0103rintele R\u0103zvan Ionescu\">\n\t\t\t\t\t<img loading=\"lazy\" decoding=\"async\" width=\"1280\" height=\"720\" src=\"https:\/\/orthodoxeroumain.fr\/video\/wp-content\/uploads\/2021\/01\/maxresdefault-22.jpg\" class=\"attachment-full size-full wp-post-image\" alt=\"\" srcset=\"https:\/\/orthodoxeroumain.fr\/video\/wp-content\/uploads\/2021\/01\/maxresdefault-22.jpg 1280w, https:\/\/orthodoxeroumain.fr\/video\/wp-content\/uploads\/2021\/01\/maxresdefault-22-300x169.jpg 300w, https:\/\/orthodoxeroumain.fr\/video\/wp-content\/uploads\/2021\/01\/maxresdefault-22-1024x576.jpg 1024w, https:\/\/orthodoxeroumain.fr\/video\/wp-content\/uploads\/2021\/01\/maxresdefault-22-768x432.jpg 768w\" sizes=\"auto, (max-width: 1280px) 100vw, 1280px\" \/>\t\t\t\t\t\t\t\t\t<\/a>\n\t\t\t\t\t<\/div>\n        <div class=\"edgtf-bli-content\">\n                            <div class=\"edgtf-bli-info\">\n\t                <div itemprop=\"dateCreated\" class=\"edgtf-post-info-date entry-date published updated\">\n\t\t\t<a itemprop=\"url\" href=\"https:\/\/orthodoxeroumain.fr\/video\/2021\/01\/\">\n\t\t\t\t\t\t24 ianuarie 2021\t\t<\/a>\n\t\t<meta itemprop=\"interactionCount\" content=\"UserComments: 0\"\/>\n<\/div><div class=\"edgtf-post-info-author\">\n    <span class=\"edgtf-post-info-author-text\">\n        by    <\/span>\n    <a itemprop=\"author\" class=\"edgtf-post-info-author-link\" href=\"https:\/\/orthodoxeroumain.fr\/video\/author\/sulpice\/\">\n        sulpice    <\/a>\n<\/div>                <\/div>\n            \t\n\t        \n<h4 itemprop=\"name\" class=\"entry-title edgtf-post-title\" >\n            <a itemprop=\"url\" href=\"https:\/\/orthodoxeroumain.fr\/video\/2021\/01\/24\/conferinta-intre-tentatia-superficialului-si-chemarea-adancului-parintele-razvan-ionescu\/\" title=\"Conferin\u021ba \u201e\u00centre tenta\u021bia superficialului \u0219i chemarea ad\u00e2ncului\u201d &#8211; P\u0103rintele R\u0103zvan Ionescu\">\n            Conferin\u021ba \u201e\u00centre tenta\u021bia superficialului \u0219i chemarea ad\u00e2ncului\u201d &#8211; P\u0103rintele R\u0103zvan Ionescu            <\/a>\n    <\/h4>\t\n\t        <div class=\"edgtf-bli-excerpt\">\n\t\t        \t<div class=\"edgtf-post-read-more-button\">\n\t\t<a itemprop=\"url\" href=\"https:\/\/orthodoxeroumain.fr\/video\/2021\/01\/24\/conferinta-intre-tentatia-superficialului-si-chemarea-adancului-parintele-razvan-ionescu\/\" target=\"_self\"  class=\"edgtf-btn edgtf-btn-medium edgtf-btn-simple edgtf-btn- edgtf-blog-list-button edgtf-hover-animation\"  >    <span class=\"edgtf-btn-text\">Read More<\/span>    <\/a>\t<\/div>\n\t        <\/div>\n        <\/div>\n\t<\/div>\n<\/li><li class=\"edgtf-bl-item edgtf-item-space clearfix\">\n\t<div class=\"edgtf-bli-inner\">\n\t\t\n\t<div class=\"edgtf-post-image\">\n\t\t            <a itemprop=\"url\" href=\"https:\/\/orthodoxeroumain.fr\/video\/2021\/01\/24\/conferinta-parintelui-razvan-ionescu-sesiunea-de-intrebari-partea-a-ii-a\/\" title=\"Conferin\u021ba P\u0103rintelui R\u0103zvan Ionescu &#8211; Sesiunea de \u00centreb\u0103ri, Partea a II-a\">\n\t\t\t\t\t<img loading=\"lazy\" decoding=\"async\" width=\"640\" height=\"480\" src=\"https:\/\/orthodoxeroumain.fr\/video\/wp-content\/uploads\/2021\/01\/sddefault-51.jpg\" class=\"attachment-full size-full wp-post-image\" alt=\"\" srcset=\"https:\/\/orthodoxeroumain.fr\/video\/wp-content\/uploads\/2021\/01\/sddefault-51.jpg 640w, https:\/\/orthodoxeroumain.fr\/video\/wp-content\/uploads\/2021\/01\/sddefault-51-300x225.jpg 300w\" sizes=\"auto, (max-width: 640px) 100vw, 640px\" \/>\t\t\t\t\t\t\t\t\t<\/a>\n\t\t\t\t\t<\/div>\n        <div class=\"edgtf-bli-content\">\n                            <div class=\"edgtf-bli-info\">\n\t                <div itemprop=\"dateCreated\" class=\"edgtf-post-info-date entry-date published updated\">\n\t\t\t<a itemprop=\"url\" href=\"https:\/\/orthodoxeroumain.fr\/video\/2021\/01\/\">\n\t\t\t\t\t\t24 ianuarie 2021\t\t<\/a>\n\t\t<meta itemprop=\"interactionCount\" content=\"UserComments: 0\"\/>\n<\/div><div class=\"edgtf-post-info-author\">\n    <span class=\"edgtf-post-info-author-text\">\n        by    <\/span>\n    <a itemprop=\"author\" class=\"edgtf-post-info-author-link\" href=\"https:\/\/orthodoxeroumain.fr\/video\/author\/sulpice\/\">\n        sulpice    <\/a>\n<\/div>                <\/div>\n            \t\n\t        \n<h4 itemprop=\"name\" class=\"entry-title edgtf-post-title\" >\n            <a itemprop=\"url\" href=\"https:\/\/orthodoxeroumain.fr\/video\/2021\/01\/24\/conferinta-parintelui-razvan-ionescu-sesiunea-de-intrebari-partea-a-ii-a\/\" title=\"Conferin\u021ba P\u0103rintelui R\u0103zvan Ionescu &#8211; Sesiunea de \u00centreb\u0103ri, Partea a II-a\">\n            Conferin\u021ba P\u0103rintelui R\u0103zvan Ionescu &#8211; Sesiunea de \u00centreb\u0103ri, Partea a II-a            <\/a>\n    <\/h4>\t\n\t        <div class=\"edgtf-bli-excerpt\">\n\t\t        \t<div class=\"edgtf-post-read-more-button\">\n\t\t<a itemprop=\"url\" href=\"https:\/\/orthodoxeroumain.fr\/video\/2021\/01\/24\/conferinta-parintelui-razvan-ionescu-sesiunea-de-intrebari-partea-a-ii-a\/\" target=\"_self\"  class=\"edgtf-btn edgtf-btn-medium edgtf-btn-simple edgtf-btn- edgtf-blog-list-button edgtf-hover-animation\"  >    <span class=\"edgtf-btn-text\">Read More<\/span>    <\/a>\t<\/div>\n\t        <\/div>\n        <\/div>\n\t<\/div>\n<\/li><li class=\"edgtf-bl-item edgtf-item-space clearfix\">\n\t<div class=\"edgtf-bli-inner\">\n\t\t\n\t<div class=\"edgtf-post-image\">\n\t\t            <a itemprop=\"url\" href=\"https:\/\/orthodoxeroumain.fr\/video\/2021\/01\/23\/conferinta-parintelui-razvan-ionescu-sesiunea-de-intrebari-partea-i\/\" title=\"Conferin\u021ba P\u0103rintelui R\u0103zvan Ionescu &#8211; Sesiunea de \u00centreb\u0103ri, Partea I\">\n\t\t\t\t\t<img loading=\"lazy\" decoding=\"async\" width=\"640\" height=\"480\" src=\"https:\/\/orthodoxeroumain.fr\/video\/wp-content\/uploads\/2021\/01\/sddefault-50.jpg\" class=\"attachment-full size-full wp-post-image\" alt=\"\" srcset=\"https:\/\/orthodoxeroumain.fr\/video\/wp-content\/uploads\/2021\/01\/sddefault-50.jpg 640w, https:\/\/orthodoxeroumain.fr\/video\/wp-content\/uploads\/2021\/01\/sddefault-50-300x225.jpg 300w\" sizes=\"auto, (max-width: 640px) 100vw, 640px\" \/>\t\t\t\t\t\t\t\t\t<\/a>\n\t\t\t\t\t<\/div>\n        <div class=\"edgtf-bli-content\">\n                            <div class=\"edgtf-bli-info\">\n\t                <div itemprop=\"dateCreated\" class=\"edgtf-post-info-date entry-date published updated\">\n\t\t\t<a itemprop=\"url\" href=\"https:\/\/orthodoxeroumain.fr\/video\/2021\/01\/\">\n\t\t\t\t\t\t23 ianuarie 2021\t\t<\/a>\n\t\t<meta itemprop=\"interactionCount\" content=\"UserComments: 0\"\/>\n<\/div><div class=\"edgtf-post-info-author\">\n    <span class=\"edgtf-post-info-author-text\">\n        by    <\/span>\n    <a itemprop=\"author\" class=\"edgtf-post-info-author-link\" href=\"https:\/\/orthodoxeroumain.fr\/video\/author\/sulpice\/\">\n        sulpice    <\/a>\n<\/div>                <\/div>\n            \t\n\t        \n<h4 itemprop=\"name\" class=\"entry-title edgtf-post-title\" >\n            <a itemprop=\"url\" href=\"https:\/\/orthodoxeroumain.fr\/video\/2021\/01\/23\/conferinta-parintelui-razvan-ionescu-sesiunea-de-intrebari-partea-i\/\" title=\"Conferin\u021ba P\u0103rintelui R\u0103zvan Ionescu &#8211; Sesiunea de \u00centreb\u0103ri, Partea I\">\n            Conferin\u021ba P\u0103rintelui R\u0103zvan Ionescu &#8211; Sesiunea de \u00centreb\u0103ri, Partea I            <\/a>\n    <\/h4>\t\n\t        <div class=\"edgtf-bli-excerpt\">\n\t\t        \t<div class=\"edgtf-post-read-more-button\">\n\t\t<a itemprop=\"url\" href=\"https:\/\/orthodoxeroumain.fr\/video\/2021\/01\/23\/conferinta-parintelui-razvan-ionescu-sesiunea-de-intrebari-partea-i\/\" target=\"_self\"  class=\"edgtf-btn edgtf-btn-medium edgtf-btn-simple edgtf-btn- edgtf-blog-list-button edgtf-hover-animation\"  >    <span class=\"edgtf-btn-text\">Read More<\/span>    <\/a>\t<\/div>\n\t        <\/div>\n        <\/div>\n\t<\/div>\n<\/li><li class=\"edgtf-bl-item edgtf-item-space clearfix\">\n\t<div class=\"edgtf-bli-inner\">\n\t\t\n\t<div class=\"edgtf-post-image\">\n\t\t            <a itemprop=\"url\" href=\"https:\/\/orthodoxeroumain.fr\/video\/2021\/01\/18\/vindecare-duhovniceasca-terapia-libertatii-launtrice\/\" title=\"Vindecare duhovniceasc\u0103. Terapia libert\u0103\u021bii l\u0103untrice\">\n\t\t\t\t\t<img loading=\"lazy\" decoding=\"async\" width=\"1280\" height=\"720\" src=\"https:\/\/orthodoxeroumain.fr\/video\/wp-content\/uploads\/2021\/01\/maxresdefault-23.jpg\" class=\"attachment-full size-full wp-post-image\" alt=\"\" srcset=\"https:\/\/orthodoxeroumain.fr\/video\/wp-content\/uploads\/2021\/01\/maxresdefault-23.jpg 1280w, https:\/\/orthodoxeroumain.fr\/video\/wp-content\/uploads\/2021\/01\/maxresdefault-23-300x169.jpg 300w, https:\/\/orthodoxeroumain.fr\/video\/wp-content\/uploads\/2021\/01\/maxresdefault-23-1024x576.jpg 1024w, https:\/\/orthodoxeroumain.fr\/video\/wp-content\/uploads\/2021\/01\/maxresdefault-23-768x432.jpg 768w\" sizes=\"auto, (max-width: 1280px) 100vw, 1280px\" \/>\t\t\t\t\t\t\t\t\t<\/a>\n\t\t\t\t\t<\/div>\n        <div class=\"edgtf-bli-content\">\n                            <div class=\"edgtf-bli-info\">\n\t                <div itemprop=\"dateCreated\" class=\"edgtf-post-info-date entry-date published updated\">\n\t\t\t<a itemprop=\"url\" href=\"https:\/\/orthodoxeroumain.fr\/video\/2021\/01\/\">\n\t\t\t\t\t\t18 ianuarie 2021\t\t<\/a>\n\t\t<meta itemprop=\"interactionCount\" content=\"UserComments: 0\"\/>\n<\/div><div class=\"edgtf-post-info-author\">\n    <span class=\"edgtf-post-info-author-text\">\n        by    <\/span>\n    <a itemprop=\"author\" class=\"edgtf-post-info-author-link\" href=\"https:\/\/orthodoxeroumain.fr\/video\/author\/sulpice\/\">\n        sulpice    <\/a>\n<\/div>                <\/div>\n            \t\n\t        \n<h4 itemprop=\"name\" class=\"entry-title edgtf-post-title\" >\n            <a itemprop=\"url\" href=\"https:\/\/orthodoxeroumain.fr\/video\/2021\/01\/18\/vindecare-duhovniceasca-terapia-libertatii-launtrice\/\" title=\"Vindecare duhovniceasc\u0103. Terapia libert\u0103\u021bii l\u0103untrice\">\n            Vindecare duhovniceasc\u0103. Terapia libert\u0103\u021bii l\u0103untrice            <\/a>\n    <\/h4>\t\n\t        <div class=\"edgtf-bli-excerpt\">\n\t\t        \t<div class=\"edgtf-post-read-more-button\">\n\t\t<a itemprop=\"url\" href=\"https:\/\/orthodoxeroumain.fr\/video\/2021\/01\/18\/vindecare-duhovniceasca-terapia-libertatii-launtrice\/\" target=\"_self\"  class=\"edgtf-btn edgtf-btn-medium edgtf-btn-simple edgtf-btn- edgtf-blog-list-button edgtf-hover-animation\"  >    <span class=\"edgtf-btn-text\">Read More<\/span>    <\/a>\t<\/div>\n\t        <\/div>\n        <\/div>\n\t<\/div>\n<\/li><li class=\"edgtf-bl-item edgtf-item-space clearfix\">\n\t<div class=\"edgtf-bli-inner\">\n\t\t\n\t<div class=\"edgtf-post-image\">\n\t\t            <a itemprop=\"url\" href=\"https:\/\/orthodoxeroumain.fr\/video\/2021\/01\/18\/marturie-parintele-proclu-asa-cum-l-am-cunoscut\/\" title=\"M\u0103rturie: \u201eP\u0103rintele Proclu, a\u0219a cum l-am cunoscut\u201d\">\n\t\t\t\t\t<img loading=\"lazy\" decoding=\"async\" width=\"1280\" height=\"720\" src=\"https:\/\/orthodoxeroumain.fr\/video\/wp-content\/uploads\/2021\/01\/maxresdefault-21.jpg\" class=\"attachment-full size-full wp-post-image\" alt=\"\" srcset=\"https:\/\/orthodoxeroumain.fr\/video\/wp-content\/uploads\/2021\/01\/maxresdefault-21.jpg 1280w, https:\/\/orthodoxeroumain.fr\/video\/wp-content\/uploads\/2021\/01\/maxresdefault-21-300x169.jpg 300w, https:\/\/orthodoxeroumain.fr\/video\/wp-content\/uploads\/2021\/01\/maxresdefault-21-1024x576.jpg 1024w, https:\/\/orthodoxeroumain.fr\/video\/wp-content\/uploads\/2021\/01\/maxresdefault-21-768x432.jpg 768w\" sizes=\"auto, (max-width: 1280px) 100vw, 1280px\" \/>\t\t\t\t\t\t\t\t\t<\/a>\n\t\t\t\t\t<\/div>\n        <div class=\"edgtf-bli-content\">\n                            <div class=\"edgtf-bli-info\">\n\t                <div itemprop=\"dateCreated\" class=\"edgtf-post-info-date entry-date published updated\">\n\t\t\t<a itemprop=\"url\" href=\"https:\/\/orthodoxeroumain.fr\/video\/2021\/01\/\">\n\t\t\t\t\t\t18 ianuarie 2021\t\t<\/a>\n\t\t<meta itemprop=\"interactionCount\" content=\"UserComments: 0\"\/>\n<\/div><div class=\"edgtf-post-info-author\">\n    <span class=\"edgtf-post-info-author-text\">\n        by    <\/span>\n    <a itemprop=\"author\" class=\"edgtf-post-info-author-link\" href=\"https:\/\/orthodoxeroumain.fr\/video\/author\/sulpice\/\">\n        sulpice    <\/a>\n<\/div>                <\/div>\n            \t\n\t        \n<h4 itemprop=\"name\" class=\"entry-title edgtf-post-title\" >\n            <a itemprop=\"url\" href=\"https:\/\/orthodoxeroumain.fr\/video\/2021\/01\/18\/marturie-parintele-proclu-asa-cum-l-am-cunoscut\/\" title=\"M\u0103rturie: \u201eP\u0103rintele Proclu, a\u0219a cum l-am cunoscut\u201d\">\n            M\u0103rturie: \u201eP\u0103rintele Proclu, a\u0219a cum l-am cunoscut\u201d            <\/a>\n    <\/h4>\t\n\t        <div class=\"edgtf-bli-excerpt\">\n\t\t        \t<div class=\"edgtf-post-read-more-button\">\n\t\t<a itemprop=\"url\" href=\"https:\/\/orthodoxeroumain.fr\/video\/2021\/01\/18\/marturie-parintele-proclu-asa-cum-l-am-cunoscut\/\" target=\"_self\"  class=\"edgtf-btn edgtf-btn-medium edgtf-btn-simple edgtf-btn- edgtf-blog-list-button edgtf-hover-animation\"  >    <span class=\"edgtf-btn-text\">Read More<\/span>    <\/a>\t<\/div>\n\t        <\/div>\n        <\/div>\n\t<\/div>\n<\/li><li class=\"edgtf-bl-item edgtf-item-space clearfix\">\n\t<div class=\"edgtf-bli-inner\">\n\t\t\n\t<div class=\"edgtf-post-image\">\n\t\t            <a itemprop=\"url\" href=\"https:\/\/orthodoxeroumain.fr\/video\/2021\/01\/18\/conferinta-ascor-cluj-parintele-razvan-ionescu-partea-a-iii-a\/\" title=\"Conferin\u021b\u0103 ASCOR Cluj. P\u0103rintele R\u0103zvan Ionescu. Partea a III-a\">\n\t\t\t\t\t<img loading=\"lazy\" decoding=\"async\" width=\"640\" height=\"480\" src=\"https:\/\/orthodoxeroumain.fr\/video\/wp-content\/uploads\/2021\/01\/sddefault-49.jpg\" class=\"attachment-full size-full wp-post-image\" alt=\"\" srcset=\"https:\/\/orthodoxeroumain.fr\/video\/wp-content\/uploads\/2021\/01\/sddefault-49.jpg 640w, https:\/\/orthodoxeroumain.fr\/video\/wp-content\/uploads\/2021\/01\/sddefault-49-300x225.jpg 300w\" sizes=\"auto, (max-width: 640px) 100vw, 640px\" \/>\t\t\t\t\t\t\t\t\t<\/a>\n\t\t\t\t\t<\/div>\n        <div class=\"edgtf-bli-content\">\n                            <div class=\"edgtf-bli-info\">\n\t                <div itemprop=\"dateCreated\" class=\"edgtf-post-info-date entry-date published updated\">\n\t\t\t<a itemprop=\"url\" href=\"https:\/\/orthodoxeroumain.fr\/video\/2021\/01\/\">\n\t\t\t\t\t\t18 ianuarie 2021\t\t<\/a>\n\t\t<meta itemprop=\"interactionCount\" content=\"UserComments: 0\"\/>\n<\/div><div class=\"edgtf-post-info-author\">\n    <span class=\"edgtf-post-info-author-text\">\n        by    <\/span>\n    <a itemprop=\"author\" class=\"edgtf-post-info-author-link\" href=\"https:\/\/orthodoxeroumain.fr\/video\/author\/sulpice\/\">\n        sulpice    <\/a>\n<\/div>                <\/div>\n            \t\n\t        \n<h4 itemprop=\"name\" class=\"entry-title edgtf-post-title\" >\n            <a itemprop=\"url\" href=\"https:\/\/orthodoxeroumain.fr\/video\/2021\/01\/18\/conferinta-ascor-cluj-parintele-razvan-ionescu-partea-a-iii-a\/\" title=\"Conferin\u021b\u0103 ASCOR Cluj. P\u0103rintele R\u0103zvan Ionescu. Partea a III-a\">\n            Conferin\u021b\u0103 ASCOR Cluj. P\u0103rintele R\u0103zvan Ionescu. Partea a III-a            <\/a>\n    <\/h4>\t\n\t        <div class=\"edgtf-bli-excerpt\">\n\t\t        \t<div class=\"edgtf-post-read-more-button\">\n\t\t<a itemprop=\"url\" href=\"https:\/\/orthodoxeroumain.fr\/video\/2021\/01\/18\/conferinta-ascor-cluj-parintele-razvan-ionescu-partea-a-iii-a\/\" target=\"_self\"  class=\"edgtf-btn edgtf-btn-medium edgtf-btn-simple edgtf-btn- edgtf-blog-list-button edgtf-hover-animation\"  >    <span class=\"edgtf-btn-text\">Read More<\/span>    <\/a>\t<\/div>\n\t        <\/div>\n        <\/div>\n\t<\/div>\n<\/li><li class=\"edgtf-bl-item edgtf-item-space clearfix\">\n\t<div class=\"edgtf-bli-inner\">\n\t\t\n\t<div class=\"edgtf-post-image\">\n\t\t            <a itemprop=\"url\" href=\"https:\/\/orthodoxeroumain.fr\/video\/2021\/01\/18\/conferinta-ascor-cluj-parintele-razvan-ionescu-partea-a-ii-a\/\" title=\"Conferin\u021b\u0103 ASCOR Cluj. P\u0103rintele R\u0103zvan Ionescu. Partea a II-a\">\n\t\t\t\t\t<img loading=\"lazy\" decoding=\"async\" width=\"640\" height=\"480\" src=\"https:\/\/orthodoxeroumain.fr\/video\/wp-content\/uploads\/2021\/01\/sddefault-46.jpg\" class=\"attachment-full size-full wp-post-image\" alt=\"\" srcset=\"https:\/\/orthodoxeroumain.fr\/video\/wp-content\/uploads\/2021\/01\/sddefault-46.jpg 640w, https:\/\/orthodoxeroumain.fr\/video\/wp-content\/uploads\/2021\/01\/sddefault-46-300x225.jpg 300w\" sizes=\"auto, (max-width: 640px) 100vw, 640px\" \/>\t\t\t\t\t\t\t\t\t<\/a>\n\t\t\t\t\t<\/div>\n        <div class=\"edgtf-bli-content\">\n                            <div class=\"edgtf-bli-info\">\n\t                <div itemprop=\"dateCreated\" class=\"edgtf-post-info-date entry-date published updated\">\n\t\t\t<a itemprop=\"url\" href=\"https:\/\/orthodoxeroumain.fr\/video\/2021\/01\/\">\n\t\t\t\t\t\t18 ianuarie 2021\t\t<\/a>\n\t\t<meta itemprop=\"interactionCount\" content=\"UserComments: 0\"\/>\n<\/div><div class=\"edgtf-post-info-author\">\n    <span class=\"edgtf-post-info-author-text\">\n        by    <\/span>\n    <a itemprop=\"author\" class=\"edgtf-post-info-author-link\" href=\"https:\/\/orthodoxeroumain.fr\/video\/author\/sulpice\/\">\n        sulpice    <\/a>\n<\/div>                <\/div>\n            \t\n\t        \n<h4 itemprop=\"name\" class=\"entry-title edgtf-post-title\" >\n            <a itemprop=\"url\" href=\"https:\/\/orthodoxeroumain.fr\/video\/2021\/01\/18\/conferinta-ascor-cluj-parintele-razvan-ionescu-partea-a-ii-a\/\" title=\"Conferin\u021b\u0103 ASCOR Cluj. P\u0103rintele R\u0103zvan Ionescu. Partea a II-a\">\n            Conferin\u021b\u0103 ASCOR Cluj. P\u0103rintele R\u0103zvan Ionescu. Partea a II-a            <\/a>\n    <\/h4>\t\n\t        <div class=\"edgtf-bli-excerpt\">\n\t\t        \t<div class=\"edgtf-post-read-more-button\">\n\t\t<a itemprop=\"url\" href=\"https:\/\/orthodoxeroumain.fr\/video\/2021\/01\/18\/conferinta-ascor-cluj-parintele-razvan-ionescu-partea-a-ii-a\/\" target=\"_self\"  class=\"edgtf-btn edgtf-btn-medium edgtf-btn-simple edgtf-btn- edgtf-blog-list-button edgtf-hover-animation\"  >    <span class=\"edgtf-btn-text\">Read More<\/span>    <\/a>\t<\/div>\n\t        <\/div>\n        <\/div>\n\t<\/div>\n<\/li><li class=\"edgtf-bl-item edgtf-item-space clearfix\">\n\t<div class=\"edgtf-bli-inner\">\n\t\t\n\t<div class=\"edgtf-post-image\">\n\t\t            <a itemprop=\"url\" href=\"https:\/\/orthodoxeroumain.fr\/video\/2021\/01\/18\/conferinta-ascor-cluj-parintele-razvan-ionescu-partea-i\/\" title=\"Conferin\u021b\u0103 ASCOR Cluj. P\u0103rintele R\u0103zvan Ionescu. Partea I\">\n\t\t\t\t\t<img loading=\"lazy\" decoding=\"async\" width=\"640\" height=\"480\" src=\"https:\/\/orthodoxeroumain.fr\/video\/wp-content\/uploads\/2021\/01\/sddefault-48.jpg\" class=\"attachment-full size-full wp-post-image\" alt=\"\" srcset=\"https:\/\/orthodoxeroumain.fr\/video\/wp-content\/uploads\/2021\/01\/sddefault-48.jpg 640w, https:\/\/orthodoxeroumain.fr\/video\/wp-content\/uploads\/2021\/01\/sddefault-48-300x225.jpg 300w\" sizes=\"auto, (max-width: 640px) 100vw, 640px\" \/>\t\t\t\t\t\t\t\t\t<\/a>\n\t\t\t\t\t<\/div>\n        <div class=\"edgtf-bli-content\">\n                            <div class=\"edgtf-bli-info\">\n\t                <div itemprop=\"dateCreated\" class=\"edgtf-post-info-date entry-date published updated\">\n\t\t\t<a itemprop=\"url\" href=\"https:\/\/orthodoxeroumain.fr\/video\/2021\/01\/\">\n\t\t\t\t\t\t18 ianuarie 2021\t\t<\/a>\n\t\t<meta itemprop=\"interactionCount\" content=\"UserComments: 0\"\/>\n<\/div><div class=\"edgtf-post-info-author\">\n    <span class=\"edgtf-post-info-author-text\">\n        by    <\/span>\n    <a itemprop=\"author\" class=\"edgtf-post-info-author-link\" href=\"https:\/\/orthodoxeroumain.fr\/video\/author\/sulpice\/\">\n        sulpice    <\/a>\n<\/div>                <\/div>\n            \t\n\t        \n<h4 itemprop=\"name\" class=\"entry-title edgtf-post-title\" >\n            <a itemprop=\"url\" href=\"https:\/\/orthodoxeroumain.fr\/video\/2021\/01\/18\/conferinta-ascor-cluj-parintele-razvan-ionescu-partea-i\/\" title=\"Conferin\u021b\u0103 ASCOR Cluj. P\u0103rintele R\u0103zvan Ionescu. Partea I\">\n            Conferin\u021b\u0103 ASCOR Cluj. P\u0103rintele R\u0103zvan Ionescu. Partea I            <\/a>\n    <\/h4>\t\n\t        <div class=\"edgtf-bli-excerpt\">\n\t\t        \t<div class=\"edgtf-post-read-more-button\">\n\t\t<a itemprop=\"url\" href=\"https:\/\/orthodoxeroumain.fr\/video\/2021\/01\/18\/conferinta-ascor-cluj-parintele-razvan-ionescu-partea-i\/\" target=\"_self\"  class=\"edgtf-btn edgtf-btn-medium edgtf-btn-simple edgtf-btn- edgtf-blog-list-button edgtf-hover-animation\"  >    <span class=\"edgtf-btn-text\">Read More<\/span>    <\/a>\t<\/div>\n\t        <\/div>\n        <\/div>\n\t<\/div>\n<\/li><li class=\"edgtf-bl-item edgtf-item-space clearfix\">\n\t<div class=\"edgtf-bli-inner\">\n\t\t\n\t<div class=\"edgtf-post-image\">\n\t\t            <a itemprop=\"url\" href=\"https:\/\/orthodoxeroumain.fr\/video\/2021\/01\/18\/conferinta-ascor-cluj-discutii-la-biserica-din-hasdeu-parintele-razvan-ionescu-partea-a-iii-a\/\" title=\"Conferin\u021b\u0103 ASCOR Cluj. Discu\u021bii la biserica din Ha\u0219deu. P\u0103rintele R\u0103zvan Ionescu. Partea a III-a\">\n\t\t\t\t\t<img loading=\"lazy\" decoding=\"async\" width=\"480\" height=\"360\" src=\"https:\/\/orthodoxeroumain.fr\/video\/wp-content\/uploads\/2021\/01\/hqdefault-32.jpg\" class=\"attachment-full size-full wp-post-image\" alt=\"\" srcset=\"https:\/\/orthodoxeroumain.fr\/video\/wp-content\/uploads\/2021\/01\/hqdefault-32.jpg 480w, https:\/\/orthodoxeroumain.fr\/video\/wp-content\/uploads\/2021\/01\/hqdefault-32-300x225.jpg 300w\" sizes=\"auto, (max-width: 480px) 100vw, 480px\" \/>\t\t\t\t\t\t\t\t\t<\/a>\n\t\t\t\t\t<\/div>\n        <div class=\"edgtf-bli-content\">\n                            <div class=\"edgtf-bli-info\">\n\t                <div itemprop=\"dateCreated\" class=\"edgtf-post-info-date entry-date published updated\">\n\t\t\t<a itemprop=\"url\" href=\"https:\/\/orthodoxeroumain.fr\/video\/2021\/01\/\">\n\t\t\t\t\t\t18 ianuarie 2021\t\t<\/a>\n\t\t<meta itemprop=\"interactionCount\" content=\"UserComments: 0\"\/>\n<\/div><div class=\"edgtf-post-info-author\">\n    <span class=\"edgtf-post-info-author-text\">\n        by    <\/span>\n    <a itemprop=\"author\" class=\"edgtf-post-info-author-link\" href=\"https:\/\/orthodoxeroumain.fr\/video\/author\/sulpice\/\">\n        sulpice    <\/a>\n<\/div>                <\/div>\n            \t\n\t        \n<h4 itemprop=\"name\" class=\"entry-title edgtf-post-title\" >\n            <a itemprop=\"url\" href=\"https:\/\/orthodoxeroumain.fr\/video\/2021\/01\/18\/conferinta-ascor-cluj-discutii-la-biserica-din-hasdeu-parintele-razvan-ionescu-partea-a-iii-a\/\" title=\"Conferin\u021b\u0103 ASCOR Cluj. Discu\u021bii la biserica din Ha\u0219deu. P\u0103rintele R\u0103zvan Ionescu. Partea a III-a\">\n            Conferin\u021b\u0103 ASCOR Cluj. Discu\u021bii la biserica din Ha\u0219deu. P\u0103rintele R\u0103zvan Ionescu. Partea a III-a            <\/a>\n    <\/h4>\t\n\t        <div class=\"edgtf-bli-excerpt\">\n\t\t        \t<div class=\"edgtf-post-read-more-button\">\n\t\t<a itemprop=\"url\" href=\"https:\/\/orthodoxeroumain.fr\/video\/2021\/01\/18\/conferinta-ascor-cluj-discutii-la-biserica-din-hasdeu-parintele-razvan-ionescu-partea-a-iii-a\/\" target=\"_self\"  class=\"edgtf-btn edgtf-btn-medium edgtf-btn-simple edgtf-btn- edgtf-blog-list-button edgtf-hover-animation\"  >    <span class=\"edgtf-btn-text\">Read More<\/span>    <\/a>\t<\/div>\n\t        <\/div>\n        <\/div>\n\t<\/div>\n<\/li><li class=\"edgtf-bl-item edgtf-item-space clearfix\">\n\t<div class=\"edgtf-bli-inner\">\n\t\t\n\t<div class=\"edgtf-post-image\">\n\t\t            <a itemprop=\"url\" href=\"https:\/\/orthodoxeroumain.fr\/video\/2021\/01\/18\/conferinta-ascor-cluj-discutii-la-biserica-din-hasdeu-parintele-razvan-ionescu-partea-a-ii-a\/\" title=\"Conferin\u021b\u0103 ASCOR Cluj. Discu\u021bii la biserica din Ha\u0219deu. P\u0103rintele R\u0103zvan Ionescu. Partea a II-a\">\n\t\t\t\t\t<img loading=\"lazy\" decoding=\"async\" width=\"640\" height=\"480\" src=\"https:\/\/orthodoxeroumain.fr\/video\/wp-content\/uploads\/2021\/01\/sddefault-47.jpg\" class=\"attachment-full size-full wp-post-image\" alt=\"\" srcset=\"https:\/\/orthodoxeroumain.fr\/video\/wp-content\/uploads\/2021\/01\/sddefault-47.jpg 640w, https:\/\/orthodoxeroumain.fr\/video\/wp-content\/uploads\/2021\/01\/sddefault-47-300x225.jpg 300w\" sizes=\"auto, (max-width: 640px) 100vw, 640px\" \/>\t\t\t\t\t\t\t\t\t<\/a>\n\t\t\t\t\t<\/div>\n        <div class=\"edgtf-bli-content\">\n                            <div class=\"edgtf-bli-info\">\n\t                <div itemprop=\"dateCreated\" class=\"edgtf-post-info-date entry-date published updated\">\n\t\t\t<a itemprop=\"url\" href=\"https:\/\/orthodoxeroumain.fr\/video\/2021\/01\/\">\n\t\t\t\t\t\t18 ianuarie 2021\t\t<\/a>\n\t\t<meta itemprop=\"interactionCount\" content=\"UserComments: 0\"\/>\n<\/div><div class=\"edgtf-post-info-author\">\n    <span class=\"edgtf-post-info-author-text\">\n        by    <\/span>\n    <a itemprop=\"author\" class=\"edgtf-post-info-author-link\" href=\"https:\/\/orthodoxeroumain.fr\/video\/author\/sulpice\/\">\n        sulpice    <\/a>\n<\/div>                <\/div>\n            \t\n\t        \n<h4 itemprop=\"name\" class=\"entry-title edgtf-post-title\" >\n            <a itemprop=\"url\" href=\"https:\/\/orthodoxeroumain.fr\/video\/2021\/01\/18\/conferinta-ascor-cluj-discutii-la-biserica-din-hasdeu-parintele-razvan-ionescu-partea-a-ii-a\/\" title=\"Conferin\u021b\u0103 ASCOR Cluj. Discu\u021bii la biserica din Ha\u0219deu. P\u0103rintele R\u0103zvan Ionescu. Partea a II-a\">\n            Conferin\u021b\u0103 ASCOR Cluj. Discu\u021bii la biserica din Ha\u0219deu. P\u0103rintele R\u0103zvan Ionescu. Partea a II-a            <\/a>\n    <\/h4>\t\n\t        <div class=\"edgtf-bli-excerpt\">\n\t\t        \t<div class=\"edgtf-post-read-more-button\">\n\t\t<a itemprop=\"url\" href=\"https:\/\/orthodoxeroumain.fr\/video\/2021\/01\/18\/conferinta-ascor-cluj-discutii-la-biserica-din-hasdeu-parintele-razvan-ionescu-partea-a-ii-a\/\" target=\"_self\"  class=\"edgtf-btn edgtf-btn-medium edgtf-btn-simple edgtf-btn- edgtf-blog-list-button edgtf-hover-animation\"  >    <span class=\"edgtf-btn-text\">Read More<\/span>    <\/a>\t<\/div>\n\t        <\/div>\n        <\/div>\n\t<\/div>\n<\/li><li class=\"edgtf-bl-item edgtf-item-space clearfix\">\n\t<div class=\"edgtf-bli-inner\">\n\t\t\n\t<div class=\"edgtf-post-image\">\n\t\t            <a itemprop=\"url\" href=\"https:\/\/orthodoxeroumain.fr\/video\/2021\/01\/18\/conferinta-ascor-cluj-discutii-la-biserica-din-hasdeu-parintele-razvan-ionescu-partea-i\/\" title=\"Conferin\u021b\u0103 ASCOR Cluj. Discu\u021bii la biserica din Ha\u0219deu. P\u0103rintele R\u0103zvan Ionescu. Partea I\">\n\t\t\t\t\t<img loading=\"lazy\" decoding=\"async\" width=\"480\" height=\"360\" src=\"https:\/\/orthodoxeroumain.fr\/video\/wp-content\/uploads\/2021\/01\/hqdefault-33.jpg\" class=\"attachment-full size-full wp-post-image\" alt=\"\" srcset=\"https:\/\/orthodoxeroumain.fr\/video\/wp-content\/uploads\/2021\/01\/hqdefault-33.jpg 480w, https:\/\/orthodoxeroumain.fr\/video\/wp-content\/uploads\/2021\/01\/hqdefault-33-300x225.jpg 300w\" sizes=\"auto, (max-width: 480px) 100vw, 480px\" \/>\t\t\t\t\t\t\t\t\t<\/a>\n\t\t\t\t\t<\/div>\n        <div class=\"edgtf-bli-content\">\n                            <div class=\"edgtf-bli-info\">\n\t                <div itemprop=\"dateCreated\" class=\"edgtf-post-info-date entry-date published updated\">\n\t\t\t<a itemprop=\"url\" href=\"https:\/\/orthodoxeroumain.fr\/video\/2021\/01\/\">\n\t\t\t\t\t\t18 ianuarie 2021\t\t<\/a>\n\t\t<meta itemprop=\"interactionCount\" content=\"UserComments: 0\"\/>\n<\/div><div class=\"edgtf-post-info-author\">\n    <span class=\"edgtf-post-info-author-text\">\n        by    <\/span>\n    <a itemprop=\"author\" class=\"edgtf-post-info-author-link\" href=\"https:\/\/orthodoxeroumain.fr\/video\/author\/sulpice\/\">\n        sulpice    <\/a>\n<\/div>                <\/div>\n            \t\n\t        \n<h4 itemprop=\"name\" class=\"entry-title edgtf-post-title\" >\n            <a itemprop=\"url\" href=\"https:\/\/orthodoxeroumain.fr\/video\/2021\/01\/18\/conferinta-ascor-cluj-discutii-la-biserica-din-hasdeu-parintele-razvan-ionescu-partea-i\/\" title=\"Conferin\u021b\u0103 ASCOR Cluj. Discu\u021bii la biserica din Ha\u0219deu. P\u0103rintele R\u0103zvan Ionescu. Partea I\">\n            Conferin\u021b\u0103 ASCOR Cluj. Discu\u021bii la biserica din Ha\u0219deu. P\u0103rintele R\u0103zvan Ionescu. Partea I            <\/a>\n    <\/h4>\t\n\t        <div class=\"edgtf-bli-excerpt\">\n\t\t        \t<div class=\"edgtf-post-read-more-button\">\n\t\t<a itemprop=\"url\" href=\"https:\/\/orthodoxeroumain.fr\/video\/2021\/01\/18\/conferinta-ascor-cluj-discutii-la-biserica-din-hasdeu-parintele-razvan-ionescu-partea-i\/\" target=\"_self\"  class=\"edgtf-btn edgtf-btn-medium edgtf-btn-simple edgtf-btn- edgtf-blog-list-button edgtf-hover-animation\"  >    <span class=\"edgtf-btn-text\">Read More<\/span>    <\/a>\t<\/div>\n\t        <\/div>\n        <\/div>\n\t<\/div>\n<\/li><li class=\"edgtf-bl-item edgtf-item-space clearfix\">\n\t<div class=\"edgtf-bli-inner\">\n\t\t\n\t<div class=\"edgtf-post-image\">\n\t\t            <a itemprop=\"url\" href=\"https:\/\/orthodoxeroumain.fr\/video\/2021\/01\/18\/parintele-razvan-ionescu-conferinta-miza-postirii-provocari-contemporane-intrebari-si-raspunsuri\/\" title=\"P\u0103rintele R\u0103zvan Ionescu &#8211; Conferin\u021ba Miza postirii. Provoc\u0103ri contemporane. \u00centreb\u0103ri \u0219i r\u0103spunsuri\">\n\t\t\t\t\t<img loading=\"lazy\" decoding=\"async\" width=\"1280\" height=\"720\" src=\"https:\/\/orthodoxeroumain.fr\/video\/wp-content\/uploads\/2021\/01\/maxresdefault-18.jpg\" class=\"attachment-full size-full wp-post-image\" alt=\"\" srcset=\"https:\/\/orthodoxeroumain.fr\/video\/wp-content\/uploads\/2021\/01\/maxresdefault-18.jpg 1280w, https:\/\/orthodoxeroumain.fr\/video\/wp-content\/uploads\/2021\/01\/maxresdefault-18-300x169.jpg 300w, https:\/\/orthodoxeroumain.fr\/video\/wp-content\/uploads\/2021\/01\/maxresdefault-18-1024x576.jpg 1024w, https:\/\/orthodoxeroumain.fr\/video\/wp-content\/uploads\/2021\/01\/maxresdefault-18-768x432.jpg 768w\" sizes=\"auto, (max-width: 1280px) 100vw, 1280px\" \/>\t\t\t\t\t\t\t\t\t<\/a>\n\t\t\t\t\t<\/div>\n        <div class=\"edgtf-bli-content\">\n                            <div class=\"edgtf-bli-info\">\n\t                <div itemprop=\"dateCreated\" class=\"edgtf-post-info-date entry-date published updated\">\n\t\t\t<a itemprop=\"url\" href=\"https:\/\/orthodoxeroumain.fr\/video\/2021\/01\/\">\n\t\t\t\t\t\t18 ianuarie 2021\t\t<\/a>\n\t\t<meta itemprop=\"interactionCount\" content=\"UserComments: 0\"\/>\n<\/div><div class=\"edgtf-post-info-author\">\n    <span class=\"edgtf-post-info-author-text\">\n        by    <\/span>\n    <a itemprop=\"author\" class=\"edgtf-post-info-author-link\" href=\"https:\/\/orthodoxeroumain.fr\/video\/author\/sulpice\/\">\n        sulpice    <\/a>\n<\/div>                <\/div>\n            \t\n\t        \n<h4 itemprop=\"name\" class=\"entry-title edgtf-post-title\" >\n            <a itemprop=\"url\" href=\"https:\/\/orthodoxeroumain.fr\/video\/2021\/01\/18\/parintele-razvan-ionescu-conferinta-miza-postirii-provocari-contemporane-intrebari-si-raspunsuri\/\" title=\"P\u0103rintele R\u0103zvan Ionescu &#8211; Conferin\u021ba Miza postirii. Provoc\u0103ri contemporane. \u00centreb\u0103ri \u0219i r\u0103spunsuri\">\n            P\u0103rintele R\u0103zvan Ionescu &#8211; Conferin\u021ba Miza postirii. Provoc\u0103ri contemporane. \u00centreb\u0103ri \u0219i r\u0103spunsuri            <\/a>\n    <\/h4>\t\n\t        <div class=\"edgtf-bli-excerpt\">\n\t\t        \t<div class=\"edgtf-post-read-more-button\">\n\t\t<a itemprop=\"url\" href=\"https:\/\/orthodoxeroumain.fr\/video\/2021\/01\/18\/parintele-razvan-ionescu-conferinta-miza-postirii-provocari-contemporane-intrebari-si-raspunsuri\/\" target=\"_self\"  class=\"edgtf-btn edgtf-btn-medium edgtf-btn-simple edgtf-btn- edgtf-blog-list-button edgtf-hover-animation\"  >    <span class=\"edgtf-btn-text\">Read More<\/span>    <\/a>\t<\/div>\n\t        <\/div>\n        <\/div>\n\t<\/div>\n<\/li><li class=\"edgtf-bl-item edgtf-item-space clearfix\">\n\t<div class=\"edgtf-bli-inner\">\n\t\t\n\t<div class=\"edgtf-post-image\">\n\t\t            <a itemprop=\"url\" href=\"https:\/\/orthodoxeroumain.fr\/video\/2021\/01\/18\/parintele-razvan-ionescu-conferinta-miza-postirii-provocari-contemporane\/\" title=\"P\u0103rintele R\u0103zvan Ionescu &#8211; Conferin\u021ba Miza postirii. Provoc\u0103ri contemporane.\">\n\t\t\t\t\t<img loading=\"lazy\" decoding=\"async\" width=\"1280\" height=\"720\" src=\"https:\/\/orthodoxeroumain.fr\/video\/wp-content\/uploads\/2021\/01\/maxresdefault-19.jpg\" class=\"attachment-full size-full wp-post-image\" alt=\"\" srcset=\"https:\/\/orthodoxeroumain.fr\/video\/wp-content\/uploads\/2021\/01\/maxresdefault-19.jpg 1280w, https:\/\/orthodoxeroumain.fr\/video\/wp-content\/uploads\/2021\/01\/maxresdefault-19-300x169.jpg 300w, https:\/\/orthodoxeroumain.fr\/video\/wp-content\/uploads\/2021\/01\/maxresdefault-19-1024x576.jpg 1024w, https:\/\/orthodoxeroumain.fr\/video\/wp-content\/uploads\/2021\/01\/maxresdefault-19-768x432.jpg 768w\" sizes=\"auto, (max-width: 1280px) 100vw, 1280px\" \/>\t\t\t\t\t\t\t\t\t<\/a>\n\t\t\t\t\t<\/div>\n        <div class=\"edgtf-bli-content\">\n                            <div class=\"edgtf-bli-info\">\n\t                <div itemprop=\"dateCreated\" class=\"edgtf-post-info-date entry-date published updated\">\n\t\t\t<a itemprop=\"url\" href=\"https:\/\/orthodoxeroumain.fr\/video\/2021\/01\/\">\n\t\t\t\t\t\t18 ianuarie 2021\t\t<\/a>\n\t\t<meta itemprop=\"interactionCount\" content=\"UserComments: 0\"\/>\n<\/div><div class=\"edgtf-post-info-author\">\n    <span class=\"edgtf-post-info-author-text\">\n        by    <\/span>\n    <a itemprop=\"author\" class=\"edgtf-post-info-author-link\" href=\"https:\/\/orthodoxeroumain.fr\/video\/author\/sulpice\/\">\n        sulpice    <\/a>\n<\/div>                <\/div>\n            \t\n\t        \n<h4 itemprop=\"name\" class=\"entry-title edgtf-post-title\" >\n            <a itemprop=\"url\" href=\"https:\/\/orthodoxeroumain.fr\/video\/2021\/01\/18\/parintele-razvan-ionescu-conferinta-miza-postirii-provocari-contemporane\/\" title=\"P\u0103rintele R\u0103zvan Ionescu &#8211; Conferin\u021ba Miza postirii. Provoc\u0103ri contemporane.\">\n            P\u0103rintele R\u0103zvan Ionescu &#8211; Conferin\u021ba Miza postirii. Provoc\u0103ri contemporane.            <\/a>\n    <\/h4>\t\n\t        <div class=\"edgtf-bli-excerpt\">\n\t\t        \t<div class=\"edgtf-post-read-more-button\">\n\t\t<a itemprop=\"url\" href=\"https:\/\/orthodoxeroumain.fr\/video\/2021\/01\/18\/parintele-razvan-ionescu-conferinta-miza-postirii-provocari-contemporane\/\" target=\"_self\"  class=\"edgtf-btn edgtf-btn-medium edgtf-btn-simple edgtf-btn- edgtf-blog-list-button edgtf-hover-animation\"  >    <span class=\"edgtf-btn-text\">Read More<\/span>    <\/a>\t<\/div>\n\t        <\/div>\n        <\/div>\n\t<\/div>\n<\/li><li class=\"edgtf-bl-item edgtf-item-space clearfix\">\n\t<div class=\"edgtf-bli-inner\">\n\t\t\n\t<div class=\"edgtf-post-image\">\n\t\t            <a itemprop=\"url\" href=\"https:\/\/orthodoxeroumain.fr\/video\/2021\/01\/18\/parintele-razvan-ionescu-conferinta-miza-postirii-provocari-contemporane-intrebari-si-raspunsuri-2\/\" title=\"P\u0103rintele R\u0103zvan Ionescu &#8211; Conferin\u021ba Miza postirii. Provoc\u0103ri contemporane. \u00centreb\u0103ri \u0219i r\u0103spunsuri\">\n\t\t\t\t\t<img loading=\"lazy\" decoding=\"async\" width=\"1280\" height=\"720\" src=\"https:\/\/orthodoxeroumain.fr\/video\/wp-content\/uploads\/2021\/01\/maxresdefault-20.jpg\" class=\"attachment-full size-full wp-post-image\" alt=\"\" srcset=\"https:\/\/orthodoxeroumain.fr\/video\/wp-content\/uploads\/2021\/01\/maxresdefault-20.jpg 1280w, https:\/\/orthodoxeroumain.fr\/video\/wp-content\/uploads\/2021\/01\/maxresdefault-20-300x169.jpg 300w, https:\/\/orthodoxeroumain.fr\/video\/wp-content\/uploads\/2021\/01\/maxresdefault-20-1024x576.jpg 1024w, https:\/\/orthodoxeroumain.fr\/video\/wp-content\/uploads\/2021\/01\/maxresdefault-20-768x432.jpg 768w\" sizes=\"auto, (max-width: 1280px) 100vw, 1280px\" \/>\t\t\t\t\t\t\t\t\t<\/a>\n\t\t\t\t\t<\/div>\n        <div class=\"edgtf-bli-content\">\n                            <div class=\"edgtf-bli-info\">\n\t                <div itemprop=\"dateCreated\" class=\"edgtf-post-info-date entry-date published updated\">\n\t\t\t<a itemprop=\"url\" href=\"https:\/\/orthodoxeroumain.fr\/video\/2021\/01\/\">\n\t\t\t\t\t\t18 ianuarie 2021\t\t<\/a>\n\t\t<meta itemprop=\"interactionCount\" content=\"UserComments: 0\"\/>\n<\/div><div class=\"edgtf-post-info-author\">\n    <span class=\"edgtf-post-info-author-text\">\n        by    <\/span>\n    <a itemprop=\"author\" class=\"edgtf-post-info-author-link\" href=\"https:\/\/orthodoxeroumain.fr\/video\/author\/sulpice\/\">\n        sulpice    <\/a>\n<\/div>                <\/div>\n            \t\n\t        \n<h4 itemprop=\"name\" class=\"entry-title edgtf-post-title\" >\n            <a itemprop=\"url\" href=\"https:\/\/orthodoxeroumain.fr\/video\/2021\/01\/18\/parintele-razvan-ionescu-conferinta-miza-postirii-provocari-contemporane-intrebari-si-raspunsuri-2\/\" title=\"P\u0103rintele R\u0103zvan Ionescu &#8211; Conferin\u021ba Miza postirii. Provoc\u0103ri contemporane. \u00centreb\u0103ri \u0219i r\u0103spunsuri\">\n            P\u0103rintele R\u0103zvan Ionescu &#8211; Conferin\u021ba Miza postirii. Provoc\u0103ri contemporane. \u00centreb\u0103ri \u0219i r\u0103spunsuri            <\/a>\n    <\/h4>\t\n\t        <div class=\"edgtf-bli-excerpt\">\n\t\t        \t<div class=\"edgtf-post-read-more-button\">\n\t\t<a itemprop=\"url\" href=\"https:\/\/orthodoxeroumain.fr\/video\/2021\/01\/18\/parintele-razvan-ionescu-conferinta-miza-postirii-provocari-contemporane-intrebari-si-raspunsuri-2\/\" target=\"_self\"  class=\"edgtf-btn edgtf-btn-medium edgtf-btn-simple edgtf-btn- edgtf-blog-list-button edgtf-hover-animation\"  >    <span class=\"edgtf-btn-text\">Read More<\/span>    <\/a>\t<\/div>\n\t        <\/div>\n        <\/div>\n\t<\/div>\n<\/li><li class=\"edgtf-bl-item edgtf-item-space clearfix\">\n\t<div class=\"edgtf-bli-inner\">\n\t\t\n\t<div class=\"edgtf-post-image\">\n\t\t            <a itemprop=\"url\" href=\"https:\/\/orthodoxeroumain.fr\/video\/2021\/01\/17\/parintele-razvan-ionescu-din-paris-la-interviurile-stiridiaspora\/\" title=\"P\u0103rintele R\u0103zvan Ionescu din Paris, la interviurile stiridiaspora\">\n\t\t\t\t\t<img loading=\"lazy\" decoding=\"async\" width=\"1280\" height=\"720\" src=\"https:\/\/orthodoxeroumain.fr\/video\/wp-content\/uploads\/2021\/01\/maxresdefault-35.jpg\" class=\"attachment-full size-full wp-post-image\" alt=\"\" srcset=\"https:\/\/orthodoxeroumain.fr\/video\/wp-content\/uploads\/2021\/01\/maxresdefault-35.jpg 1280w, https:\/\/orthodoxeroumain.fr\/video\/wp-content\/uploads\/2021\/01\/maxresdefault-35-300x169.jpg 300w, https:\/\/orthodoxeroumain.fr\/video\/wp-content\/uploads\/2021\/01\/maxresdefault-35-1024x576.jpg 1024w, https:\/\/orthodoxeroumain.fr\/video\/wp-content\/uploads\/2021\/01\/maxresdefault-35-768x432.jpg 768w\" sizes=\"auto, (max-width: 1280px) 100vw, 1280px\" \/>\t\t\t\t\t\t\t\t\t<\/a>\n\t\t\t\t\t<\/div>\n        <div class=\"edgtf-bli-content\">\n                            <div class=\"edgtf-bli-info\">\n\t                <div itemprop=\"dateCreated\" class=\"edgtf-post-info-date entry-date published updated\">\n\t\t\t<a itemprop=\"url\" href=\"https:\/\/orthodoxeroumain.fr\/video\/2021\/01\/\">\n\t\t\t\t\t\t17 ianuarie 2021\t\t<\/a>\n\t\t<meta itemprop=\"interactionCount\" content=\"UserComments: 0\"\/>\n<\/div><div class=\"edgtf-post-info-author\">\n    <span class=\"edgtf-post-info-author-text\">\n        by    <\/span>\n    <a itemprop=\"author\" class=\"edgtf-post-info-author-link\" href=\"https:\/\/orthodoxeroumain.fr\/video\/author\/sulpice\/\">\n        sulpice    <\/a>\n<\/div>                <\/div>\n            \t\n\t        \n<h4 itemprop=\"name\" class=\"entry-title edgtf-post-title\" >\n            <a itemprop=\"url\" href=\"https:\/\/orthodoxeroumain.fr\/video\/2021\/01\/17\/parintele-razvan-ionescu-din-paris-la-interviurile-stiridiaspora\/\" title=\"P\u0103rintele R\u0103zvan Ionescu din Paris, la interviurile stiridiaspora\">\n            P\u0103rintele R\u0103zvan Ionescu din Paris, la interviurile stiridiaspora            <\/a>\n    <\/h4>\t\n\t        <div class=\"edgtf-bli-excerpt\">\n\t\t        \t<div class=\"edgtf-post-read-more-button\">\n\t\t<a itemprop=\"url\" href=\"https:\/\/orthodoxeroumain.fr\/video\/2021\/01\/17\/parintele-razvan-ionescu-din-paris-la-interviurile-stiridiaspora\/\" target=\"_self\"  class=\"edgtf-btn edgtf-btn-medium edgtf-btn-simple edgtf-btn- edgtf-blog-list-button edgtf-hover-animation\"  >    <span class=\"edgtf-btn-text\">Read More<\/span>    <\/a>\t<\/div>\n\t        <\/div>\n        <\/div>\n\t<\/div>\n<\/li><li class=\"edgtf-bl-item edgtf-item-space clearfix\">\n\t<div class=\"edgtf-bli-inner\">\n\t\t\n\t<div class=\"edgtf-post-image\">\n\t\t            <a itemprop=\"url\" href=\"https:\/\/orthodoxeroumain.fr\/video\/2021\/01\/17\/parintele-razvan-ionescu-destinul-care-te-surprinde\/\" title=\"P\u0103rintele R\u0103zvan Ionescu &#8211; Destinul care te surprinde\">\n\t\t\t\t\t<img loading=\"lazy\" decoding=\"async\" width=\"1280\" height=\"720\" src=\"https:\/\/orthodoxeroumain.fr\/video\/wp-content\/uploads\/2021\/01\/maxresdefault-33.jpg\" class=\"attachment-full size-full wp-post-image\" alt=\"\" srcset=\"https:\/\/orthodoxeroumain.fr\/video\/wp-content\/uploads\/2021\/01\/maxresdefault-33.jpg 1280w, https:\/\/orthodoxeroumain.fr\/video\/wp-content\/uploads\/2021\/01\/maxresdefault-33-300x169.jpg 300w, https:\/\/orthodoxeroumain.fr\/video\/wp-content\/uploads\/2021\/01\/maxresdefault-33-1024x576.jpg 1024w, https:\/\/orthodoxeroumain.fr\/video\/wp-content\/uploads\/2021\/01\/maxresdefault-33-768x432.jpg 768w\" sizes=\"auto, (max-width: 1280px) 100vw, 1280px\" \/>\t\t\t\t\t\t\t\t\t<\/a>\n\t\t\t\t\t<\/div>\n        <div class=\"edgtf-bli-content\">\n                            <div class=\"edgtf-bli-info\">\n\t                <div itemprop=\"dateCreated\" class=\"edgtf-post-info-date entry-date published updated\">\n\t\t\t<a itemprop=\"url\" href=\"https:\/\/orthodoxeroumain.fr\/video\/2021\/01\/\">\n\t\t\t\t\t\t17 ianuarie 2021\t\t<\/a>\n\t\t<meta itemprop=\"interactionCount\" content=\"UserComments: 0\"\/>\n<\/div><div class=\"edgtf-post-info-author\">\n    <span class=\"edgtf-post-info-author-text\">\n        by    <\/span>\n    <a itemprop=\"author\" class=\"edgtf-post-info-author-link\" href=\"https:\/\/orthodoxeroumain.fr\/video\/author\/sulpice\/\">\n        sulpice    <\/a>\n<\/div>                <\/div>\n            \t\n\t        \n<h4 itemprop=\"name\" class=\"entry-title edgtf-post-title\" >\n            <a itemprop=\"url\" href=\"https:\/\/orthodoxeroumain.fr\/video\/2021\/01\/17\/parintele-razvan-ionescu-destinul-care-te-surprinde\/\" title=\"P\u0103rintele R\u0103zvan Ionescu &#8211; Destinul care te surprinde\">\n            P\u0103rintele R\u0103zvan Ionescu &#8211; Destinul care te surprinde            <\/a>\n    <\/h4>\t\n\t        <div class=\"edgtf-bli-excerpt\">\n\t\t        \t<div class=\"edgtf-post-read-more-button\">\n\t\t<a itemprop=\"url\" href=\"https:\/\/orthodoxeroumain.fr\/video\/2021\/01\/17\/parintele-razvan-ionescu-destinul-care-te-surprinde\/\" target=\"_self\"  class=\"edgtf-btn edgtf-btn-medium edgtf-btn-simple edgtf-btn- edgtf-blog-list-button edgtf-hover-animation\"  >    <span class=\"edgtf-btn-text\">Read More<\/span>    <\/a>\t<\/div>\n\t        <\/div>\n        <\/div>\n\t<\/div>\n<\/li><li class=\"edgtf-bl-item edgtf-item-space clearfix\">\n\t<div class=\"edgtf-bli-inner\">\n\t\t\n\t<div class=\"edgtf-post-image\">\n\t\t            <a itemprop=\"url\" href=\"https:\/\/orthodoxeroumain.fr\/video\/2021\/01\/17\/parintele-razvan-ionescu-despre-tinerii-care-vietuiesc-in-afara-granitelor-tarii-interviu-tvr\/\" title=\"P\u0103rintele R\u0103zvan Ionescu despre tinerii care vie\u021buiesc \u00een afara grani\u021belor \u021b\u0103rii (interviu TVR)\">\n\t\t\t\t\t<img loading=\"lazy\" decoding=\"async\" width=\"1280\" height=\"720\" src=\"https:\/\/orthodoxeroumain.fr\/video\/wp-content\/uploads\/2021\/01\/maxresdefault-30.jpg\" class=\"attachment-full size-full wp-post-image\" alt=\"\" srcset=\"https:\/\/orthodoxeroumain.fr\/video\/wp-content\/uploads\/2021\/01\/maxresdefault-30.jpg 1280w, https:\/\/orthodoxeroumain.fr\/video\/wp-content\/uploads\/2021\/01\/maxresdefault-30-300x169.jpg 300w, https:\/\/orthodoxeroumain.fr\/video\/wp-content\/uploads\/2021\/01\/maxresdefault-30-1024x576.jpg 1024w, https:\/\/orthodoxeroumain.fr\/video\/wp-content\/uploads\/2021\/01\/maxresdefault-30-768x432.jpg 768w\" sizes=\"auto, (max-width: 1280px) 100vw, 1280px\" \/>\t\t\t\t\t\t\t\t\t<\/a>\n\t\t\t\t\t<\/div>\n        <div class=\"edgtf-bli-content\">\n                            <div class=\"edgtf-bli-info\">\n\t                <div itemprop=\"dateCreated\" class=\"edgtf-post-info-date entry-date published updated\">\n\t\t\t<a itemprop=\"url\" href=\"https:\/\/orthodoxeroumain.fr\/video\/2021\/01\/\">\n\t\t\t\t\t\t17 ianuarie 2021\t\t<\/a>\n\t\t<meta itemprop=\"interactionCount\" content=\"UserComments: 0\"\/>\n<\/div><div class=\"edgtf-post-info-author\">\n    <span class=\"edgtf-post-info-author-text\">\n        by    <\/span>\n    <a itemprop=\"author\" class=\"edgtf-post-info-author-link\" href=\"https:\/\/orthodoxeroumain.fr\/video\/author\/sulpice\/\">\n        sulpice    <\/a>\n<\/div>                <\/div>\n            \t\n\t        \n<h4 itemprop=\"name\" class=\"entry-title edgtf-post-title\" >\n            <a itemprop=\"url\" href=\"https:\/\/orthodoxeroumain.fr\/video\/2021\/01\/17\/parintele-razvan-ionescu-despre-tinerii-care-vietuiesc-in-afara-granitelor-tarii-interviu-tvr\/\" title=\"P\u0103rintele R\u0103zvan Ionescu despre tinerii care vie\u021buiesc \u00een afara grani\u021belor \u021b\u0103rii (interviu TVR)\">\n            P\u0103rintele R\u0103zvan Ionescu despre tinerii care vie\u021buiesc \u00een afara grani\u021belor \u021b\u0103rii (interviu TVR)            <\/a>\n    <\/h4>\t\n\t        <div class=\"edgtf-bli-excerpt\">\n\t\t        \t<div class=\"edgtf-post-read-more-button\">\n\t\t<a itemprop=\"url\" href=\"https:\/\/orthodoxeroumain.fr\/video\/2021\/01\/17\/parintele-razvan-ionescu-despre-tinerii-care-vietuiesc-in-afara-granitelor-tarii-interviu-tvr\/\" target=\"_self\"  class=\"edgtf-btn edgtf-btn-medium edgtf-btn-simple edgtf-btn- edgtf-blog-list-button edgtf-hover-animation\"  >    <span class=\"edgtf-btn-text\">Read More<\/span>    <\/a>\t<\/div>\n\t        <\/div>\n        <\/div>\n\t<\/div>\n<\/li><li class=\"edgtf-bl-item edgtf-item-space clearfix\">\n\t<div class=\"edgtf-bli-inner\">\n\t\t\n\t<div class=\"edgtf-post-image\">\n\t\t            <a itemprop=\"url\" href=\"https:\/\/orthodoxeroumain.fr\/video\/2021\/01\/17\/parintele-razvan-ionescu-interviews-for-hope\/\" title=\"P\u0103rintele R\u0103zvan Ionescu &#8211; Interviews for hope\">\n\t\t\t\t\t<img loading=\"lazy\" decoding=\"async\" width=\"1280\" height=\"720\" src=\"https:\/\/orthodoxeroumain.fr\/video\/wp-content\/uploads\/2021\/01\/maxresdefault-34.jpg\" class=\"attachment-full size-full wp-post-image\" alt=\"\" srcset=\"https:\/\/orthodoxeroumain.fr\/video\/wp-content\/uploads\/2021\/01\/maxresdefault-34.jpg 1280w, https:\/\/orthodoxeroumain.fr\/video\/wp-content\/uploads\/2021\/01\/maxresdefault-34-300x169.jpg 300w, https:\/\/orthodoxeroumain.fr\/video\/wp-content\/uploads\/2021\/01\/maxresdefault-34-1024x576.jpg 1024w, https:\/\/orthodoxeroumain.fr\/video\/wp-content\/uploads\/2021\/01\/maxresdefault-34-768x432.jpg 768w\" sizes=\"auto, (max-width: 1280px) 100vw, 1280px\" \/>\t\t\t\t\t\t\t\t\t<\/a>\n\t\t\t\t\t<\/div>\n        <div class=\"edgtf-bli-content\">\n                            <div class=\"edgtf-bli-info\">\n\t                <div itemprop=\"dateCreated\" class=\"edgtf-post-info-date entry-date published updated\">\n\t\t\t<a itemprop=\"url\" href=\"https:\/\/orthodoxeroumain.fr\/video\/2021\/01\/\">\n\t\t\t\t\t\t17 ianuarie 2021\t\t<\/a>\n\t\t<meta itemprop=\"interactionCount\" content=\"UserComments: 0\"\/>\n<\/div><div class=\"edgtf-post-info-author\">\n    <span class=\"edgtf-post-info-author-text\">\n        by    <\/span>\n    <a itemprop=\"author\" class=\"edgtf-post-info-author-link\" href=\"https:\/\/orthodoxeroumain.fr\/video\/author\/sulpice\/\">\n        sulpice    <\/a>\n<\/div>                <\/div>\n            \t\n\t        \n<h4 itemprop=\"name\" class=\"entry-title edgtf-post-title\" >\n            <a itemprop=\"url\" href=\"https:\/\/orthodoxeroumain.fr\/video\/2021\/01\/17\/parintele-razvan-ionescu-interviews-for-hope\/\" title=\"P\u0103rintele R\u0103zvan Ionescu &#8211; Interviews for hope\">\n            P\u0103rintele R\u0103zvan Ionescu &#8211; Interviews for hope            <\/a>\n    <\/h4>\t\n\t        <div class=\"edgtf-bli-excerpt\">\n\t\t        \t<div class=\"edgtf-post-read-more-button\">\n\t\t<a itemprop=\"url\" href=\"https:\/\/orthodoxeroumain.fr\/video\/2021\/01\/17\/parintele-razvan-ionescu-interviews-for-hope\/\" target=\"_self\"  class=\"edgtf-btn edgtf-btn-medium edgtf-btn-simple edgtf-btn- edgtf-blog-list-button edgtf-hover-animation\"  >    <span class=\"edgtf-btn-text\">Read More<\/span>    <\/a>\t<\/div>\n\t        <\/div>\n        <\/div>\n\t<\/div>\n<\/li><li class=\"edgtf-bl-item edgtf-item-space clearfix\">\n\t<div class=\"edgtf-bli-inner\">\n\t\t\n\t<div class=\"edgtf-post-image\">\n\t\t            <a itemprop=\"url\" href=\"https:\/\/orthodoxeroumain.fr\/video\/2021\/01\/17\/de-la-paris-in-iasul-cuvioasei-parascheva-interviu-cu-parintele-razvan-ionescu\/\" title=\"De la Paris, \u00een Ia\u0219ul Cuvioasei Parascheva: interviu cu P\u0103rintele R\u0103zvan Ionescu\">\n\t\t\t\t\t<img loading=\"lazy\" decoding=\"async\" width=\"1280\" height=\"720\" src=\"https:\/\/orthodoxeroumain.fr\/video\/wp-content\/uploads\/2021\/01\/maxresdefault-36.jpg\" class=\"attachment-full size-full wp-post-image\" alt=\"\" srcset=\"https:\/\/orthodoxeroumain.fr\/video\/wp-content\/uploads\/2021\/01\/maxresdefault-36.jpg 1280w, https:\/\/orthodoxeroumain.fr\/video\/wp-content\/uploads\/2021\/01\/maxresdefault-36-300x169.jpg 300w, https:\/\/orthodoxeroumain.fr\/video\/wp-content\/uploads\/2021\/01\/maxresdefault-36-1024x576.jpg 1024w, https:\/\/orthodoxeroumain.fr\/video\/wp-content\/uploads\/2021\/01\/maxresdefault-36-768x432.jpg 768w\" sizes=\"auto, (max-width: 1280px) 100vw, 1280px\" \/>\t\t\t\t\t\t\t\t\t<\/a>\n\t\t\t\t\t<\/div>\n        <div class=\"edgtf-bli-content\">\n                            <div class=\"edgtf-bli-info\">\n\t                <div itemprop=\"dateCreated\" class=\"edgtf-post-info-date entry-date published updated\">\n\t\t\t<a itemprop=\"url\" href=\"https:\/\/orthodoxeroumain.fr\/video\/2021\/01\/\">\n\t\t\t\t\t\t17 ianuarie 2021\t\t<\/a>\n\t\t<meta itemprop=\"interactionCount\" content=\"UserComments: 0\"\/>\n<\/div><div class=\"edgtf-post-info-author\">\n    <span class=\"edgtf-post-info-author-text\">\n        by    <\/span>\n    <a itemprop=\"author\" class=\"edgtf-post-info-author-link\" href=\"https:\/\/orthodoxeroumain.fr\/video\/author\/sulpice\/\">\n        sulpice    <\/a>\n<\/div>                <\/div>\n            \t\n\t        \n<h4 itemprop=\"name\" class=\"entry-title edgtf-post-title\" >\n            <a itemprop=\"url\" href=\"https:\/\/orthodoxeroumain.fr\/video\/2021\/01\/17\/de-la-paris-in-iasul-cuvioasei-parascheva-interviu-cu-parintele-razvan-ionescu\/\" title=\"De la Paris, \u00een Ia\u0219ul Cuvioasei Parascheva: interviu cu P\u0103rintele R\u0103zvan Ionescu\">\n            De la Paris, \u00een Ia\u0219ul Cuvioasei Parascheva: interviu cu P\u0103rintele R\u0103zvan Ionescu            <\/a>\n    <\/h4>\t\n\t        <div class=\"edgtf-bli-excerpt\">\n\t\t        \t<div class=\"edgtf-post-read-more-button\">\n\t\t<a itemprop=\"url\" href=\"https:\/\/orthodoxeroumain.fr\/video\/2021\/01\/17\/de-la-paris-in-iasul-cuvioasei-parascheva-interviu-cu-parintele-razvan-ionescu\/\" target=\"_self\"  class=\"edgtf-btn edgtf-btn-medium edgtf-btn-simple edgtf-btn- edgtf-blog-list-button edgtf-hover-animation\"  >    <span class=\"edgtf-btn-text\">Read More<\/span>    <\/a>\t<\/div>\n\t        <\/div>\n        <\/div>\n\t<\/div>\n<\/li><li class=\"edgtf-bl-item edgtf-item-space clearfix\">\n\t<div class=\"edgtf-bli-inner\">\n\t\t\n\t<div class=\"edgtf-post-image\">\n\t\t            <a itemprop=\"url\" href=\"https:\/\/orthodoxeroumain.fr\/video\/2021\/01\/17\/biserica-nu-functioneaza-intr-un-stop-cardiac-interviu-cu-parintele-razvan-andrei-ionescu\/\" title=\"\u201eBiserica nu func\u021bioneaz\u0103 \u00eentr-un stop cardiac&#8230;\u201d &#8211; Interviu cu P\u0103rintele R\u0103zvan Andrei Ionescu\">\n\t\t\t\t\t<img loading=\"lazy\" decoding=\"async\" width=\"1280\" height=\"720\" src=\"https:\/\/orthodoxeroumain.fr\/video\/wp-content\/uploads\/2021\/01\/maxresdefault-32.jpg\" class=\"attachment-full size-full wp-post-image\" alt=\"\" srcset=\"https:\/\/orthodoxeroumain.fr\/video\/wp-content\/uploads\/2021\/01\/maxresdefault-32.jpg 1280w, https:\/\/orthodoxeroumain.fr\/video\/wp-content\/uploads\/2021\/01\/maxresdefault-32-300x169.jpg 300w, https:\/\/orthodoxeroumain.fr\/video\/wp-content\/uploads\/2021\/01\/maxresdefault-32-1024x576.jpg 1024w, https:\/\/orthodoxeroumain.fr\/video\/wp-content\/uploads\/2021\/01\/maxresdefault-32-768x432.jpg 768w\" sizes=\"auto, (max-width: 1280px) 100vw, 1280px\" \/>\t\t\t\t\t\t\t\t\t<\/a>\n\t\t\t\t\t<\/div>\n        <div class=\"edgtf-bli-content\">\n                            <div class=\"edgtf-bli-info\">\n\t                <div itemprop=\"dateCreated\" class=\"edgtf-post-info-date entry-date published updated\">\n\t\t\t<a itemprop=\"url\" href=\"https:\/\/orthodoxeroumain.fr\/video\/2021\/01\/\">\n\t\t\t\t\t\t17 ianuarie 2021\t\t<\/a>\n\t\t<meta itemprop=\"interactionCount\" content=\"UserComments: 0\"\/>\n<\/div><div class=\"edgtf-post-info-author\">\n    <span class=\"edgtf-post-info-author-text\">\n        by    <\/span>\n    <a itemprop=\"author\" class=\"edgtf-post-info-author-link\" href=\"https:\/\/orthodoxeroumain.fr\/video\/author\/sulpice\/\">\n        sulpice    <\/a>\n<\/div>                <\/div>\n            \t\n\t        \n<h4 itemprop=\"name\" class=\"entry-title edgtf-post-title\" >\n            <a itemprop=\"url\" href=\"https:\/\/orthodoxeroumain.fr\/video\/2021\/01\/17\/biserica-nu-functioneaza-intr-un-stop-cardiac-interviu-cu-parintele-razvan-andrei-ionescu\/\" title=\"\u201eBiserica nu func\u021bioneaz\u0103 \u00eentr-un stop cardiac&#8230;\u201d &#8211; Interviu cu P\u0103rintele R\u0103zvan Andrei Ionescu\">\n            \u201eBiserica nu func\u021bioneaz\u0103 \u00eentr-un stop cardiac&#8230;\u201d &#8211; Interviu cu P\u0103rintele R\u0103zvan Andrei Ionescu            <\/a>\n    <\/h4>\t\n\t        <div class=\"edgtf-bli-excerpt\">\n\t\t        \t<div class=\"edgtf-post-read-more-button\">\n\t\t<a itemprop=\"url\" href=\"https:\/\/orthodoxeroumain.fr\/video\/2021\/01\/17\/biserica-nu-functioneaza-intr-un-stop-cardiac-interviu-cu-parintele-razvan-andrei-ionescu\/\" target=\"_self\"  class=\"edgtf-btn edgtf-btn-medium edgtf-btn-simple edgtf-btn- edgtf-blog-list-button edgtf-hover-animation\"  >    <span class=\"edgtf-btn-text\">Read More<\/span>    <\/a>\t<\/div>\n\t        <\/div>\n        <\/div>\n\t<\/div>\n<\/li><li class=\"edgtf-bl-item edgtf-item-space clearfix\">\n\t<div class=\"edgtf-bli-inner\">\n\t\t\n\t<div class=\"edgtf-post-image\">\n\t\t            <a itemprop=\"url\" href=\"https:\/\/orthodoxeroumain.fr\/video\/2021\/01\/17\/din-online-in-lumea-cea-adevarata-interviu-cu-parintele-razvan-ionescu\/\" title=\"Din online, \u00een lumea cea adev\u0103rat\u0103 \u2013 interviu cu P\u0103rintele R\u0103zvan Ionescu\">\n\t\t\t\t\t<img loading=\"lazy\" decoding=\"async\" width=\"1280\" height=\"720\" src=\"https:\/\/orthodoxeroumain.fr\/video\/wp-content\/uploads\/2021\/01\/maxresdefault-31.jpg\" class=\"attachment-full size-full wp-post-image\" alt=\"\" srcset=\"https:\/\/orthodoxeroumain.fr\/video\/wp-content\/uploads\/2021\/01\/maxresdefault-31.jpg 1280w, https:\/\/orthodoxeroumain.fr\/video\/wp-content\/uploads\/2021\/01\/maxresdefault-31-300x169.jpg 300w, https:\/\/orthodoxeroumain.fr\/video\/wp-content\/uploads\/2021\/01\/maxresdefault-31-1024x576.jpg 1024w, https:\/\/orthodoxeroumain.fr\/video\/wp-content\/uploads\/2021\/01\/maxresdefault-31-768x432.jpg 768w\" sizes=\"auto, (max-width: 1280px) 100vw, 1280px\" \/>\t\t\t\t\t\t\t\t\t<\/a>\n\t\t\t\t\t<\/div>\n        <div class=\"edgtf-bli-content\">\n                            <div class=\"edgtf-bli-info\">\n\t                <div itemprop=\"dateCreated\" class=\"edgtf-post-info-date entry-date published updated\">\n\t\t\t<a itemprop=\"url\" href=\"https:\/\/orthodoxeroumain.fr\/video\/2021\/01\/\">\n\t\t\t\t\t\t17 ianuarie 2021\t\t<\/a>\n\t\t<meta itemprop=\"interactionCount\" content=\"UserComments: 0\"\/>\n<\/div><div class=\"edgtf-post-info-author\">\n    <span class=\"edgtf-post-info-author-text\">\n        by    <\/span>\n    <a itemprop=\"author\" class=\"edgtf-post-info-author-link\" href=\"https:\/\/orthodoxeroumain.fr\/video\/author\/sulpice\/\">\n        sulpice    <\/a>\n<\/div>                <\/div>\n            \t\n\t        \n<h4 itemprop=\"name\" class=\"entry-title edgtf-post-title\" >\n            <a itemprop=\"url\" href=\"https:\/\/orthodoxeroumain.fr\/video\/2021\/01\/17\/din-online-in-lumea-cea-adevarata-interviu-cu-parintele-razvan-ionescu\/\" title=\"Din online, \u00een lumea cea adev\u0103rat\u0103 \u2013 interviu cu P\u0103rintele R\u0103zvan Ionescu\">\n            Din online, \u00een lumea cea adev\u0103rat\u0103 \u2013 interviu cu P\u0103rintele R\u0103zvan Ionescu            <\/a>\n    <\/h4>\t\n\t        <div class=\"edgtf-bli-excerpt\">\n\t\t        \t<div class=\"edgtf-post-read-more-button\">\n\t\t<a itemprop=\"url\" href=\"https:\/\/orthodoxeroumain.fr\/video\/2021\/01\/17\/din-online-in-lumea-cea-adevarata-interviu-cu-parintele-razvan-ionescu\/\" target=\"_self\"  class=\"edgtf-btn edgtf-btn-medium edgtf-btn-simple edgtf-btn- edgtf-blog-list-button edgtf-hover-animation\"  >    <span class=\"edgtf-btn-text\">Read More<\/span>    <\/a>\t<\/div>\n\t        <\/div>\n        <\/div>\n\t<\/div>\n<\/li><li class=\"edgtf-bl-item edgtf-item-space clearfix\">\n\t<div class=\"edgtf-bli-inner\">\n\t\t\n\t<div class=\"edgtf-post-image\">\n\t\t            <a itemprop=\"url\" href=\"https:\/\/orthodoxeroumain.fr\/video\/2021\/01\/16\/slujirea-liturgica-in-vreme-de-restrictii-pandemice-studiu-de-caz-franta-romania\/\" title=\"Slujirea liturgic\u0103 \u00een vreme de restric\u021bii pandemice. Studiu de caz (Fran\u021ba, Rom\u00e2nia).\">\n\t\t\t\t\t<img loading=\"lazy\" decoding=\"async\" width=\"1280\" height=\"720\" src=\"https:\/\/orthodoxeroumain.fr\/video\/wp-content\/uploads\/2021\/01\/maxresdefault-1.jpg\" class=\"attachment-full size-full wp-post-image\" alt=\"\" srcset=\"https:\/\/orthodoxeroumain.fr\/video\/wp-content\/uploads\/2021\/01\/maxresdefault-1.jpg 1280w, https:\/\/orthodoxeroumain.fr\/video\/wp-content\/uploads\/2021\/01\/maxresdefault-1-300x169.jpg 300w, https:\/\/orthodoxeroumain.fr\/video\/wp-content\/uploads\/2021\/01\/maxresdefault-1-1024x576.jpg 1024w, https:\/\/orthodoxeroumain.fr\/video\/wp-content\/uploads\/2021\/01\/maxresdefault-1-768x432.jpg 768w\" sizes=\"auto, (max-width: 1280px) 100vw, 1280px\" \/>\t\t\t\t\t\t\t\t\t<\/a>\n\t\t\t\t\t<\/div>\n        <div class=\"edgtf-bli-content\">\n                            <div class=\"edgtf-bli-info\">\n\t                <div itemprop=\"dateCreated\" class=\"edgtf-post-info-date entry-date published updated\">\n\t\t\t<a itemprop=\"url\" href=\"https:\/\/orthodoxeroumain.fr\/video\/2021\/01\/\">\n\t\t\t\t\t\t16 ianuarie 2021\t\t<\/a>\n\t\t<meta itemprop=\"interactionCount\" content=\"UserComments: 0\"\/>\n<\/div><div class=\"edgtf-post-info-author\">\n    <span class=\"edgtf-post-info-author-text\">\n        by    <\/span>\n    <a itemprop=\"author\" class=\"edgtf-post-info-author-link\" href=\"https:\/\/orthodoxeroumain.fr\/video\/author\/sulpice\/\">\n        sulpice    <\/a>\n<\/div>                <\/div>\n            \t\n\t        \n<h4 itemprop=\"name\" class=\"entry-title edgtf-post-title\" >\n            <a itemprop=\"url\" href=\"https:\/\/orthodoxeroumain.fr\/video\/2021\/01\/16\/slujirea-liturgica-in-vreme-de-restrictii-pandemice-studiu-de-caz-franta-romania\/\" title=\"Slujirea liturgic\u0103 \u00een vreme de restric\u021bii pandemice. Studiu de caz (Fran\u021ba, Rom\u00e2nia).\">\n            Slujirea liturgic\u0103 \u00een vreme de restric\u021bii pandemice. Studiu de caz (Fran\u021ba, Rom\u00e2nia).            <\/a>\n    <\/h4>\t\n\t        <div class=\"edgtf-bli-excerpt\">\n\t\t        \t<div class=\"edgtf-post-read-more-button\">\n\t\t<a itemprop=\"url\" href=\"https:\/\/orthodoxeroumain.fr\/video\/2021\/01\/16\/slujirea-liturgica-in-vreme-de-restrictii-pandemice-studiu-de-caz-franta-romania\/\" target=\"_self\"  class=\"edgtf-btn edgtf-btn-medium edgtf-btn-simple edgtf-btn- edgtf-blog-list-button edgtf-hover-animation\"  >    <span class=\"edgtf-btn-text\">Read More<\/span>    <\/a>\t<\/div>\n\t        <\/div>\n        <\/div>\n\t<\/div>\n<\/li><li class=\"edgtf-bl-item edgtf-item-space clearfix\">\n\t<div class=\"edgtf-bli-inner\">\n\t\t\n\t<div class=\"edgtf-post-image\">\n\t\t            <a itemprop=\"url\" href=\"https:\/\/orthodoxeroumain.fr\/video\/2021\/01\/16\/nu-te-nelinisti-dumnezeul-nostru-este-putin-nebun-priveste-ce-a-facut-cu-mine\/\" title=\"Nu te nelini\u0219ti! Dumnezeul nostru este pu\u021bin nebun prive\u0219te ce a f\u0103cut cu mine!\">\n\t\t\t\t\t<img loading=\"lazy\" decoding=\"async\" width=\"1280\" height=\"720\" src=\"https:\/\/orthodoxeroumain.fr\/video\/wp-content\/uploads\/2021\/01\/maxresdefault.jpg\" class=\"attachment-full size-full wp-post-image\" alt=\"\" srcset=\"https:\/\/orthodoxeroumain.fr\/video\/wp-content\/uploads\/2021\/01\/maxresdefault.jpg 1280w, https:\/\/orthodoxeroumain.fr\/video\/wp-content\/uploads\/2021\/01\/maxresdefault-300x169.jpg 300w, https:\/\/orthodoxeroumain.fr\/video\/wp-content\/uploads\/2021\/01\/maxresdefault-1024x576.jpg 1024w, https:\/\/orthodoxeroumain.fr\/video\/wp-content\/uploads\/2021\/01\/maxresdefault-768x432.jpg 768w\" sizes=\"auto, (max-width: 1280px) 100vw, 1280px\" \/>\t\t\t\t\t\t\t\t\t<\/a>\n\t\t\t\t\t<\/div>\n        <div class=\"edgtf-bli-content\">\n                            <div class=\"edgtf-bli-info\">\n\t                <div itemprop=\"dateCreated\" class=\"edgtf-post-info-date entry-date published updated\">\n\t\t\t<a itemprop=\"url\" href=\"https:\/\/orthodoxeroumain.fr\/video\/2021\/01\/\">\n\t\t\t\t\t\t16 ianuarie 2021\t\t<\/a>\n\t\t<meta itemprop=\"interactionCount\" content=\"UserComments: 0\"\/>\n<\/div><div class=\"edgtf-post-info-author\">\n    <span class=\"edgtf-post-info-author-text\">\n        by    <\/span>\n    <a itemprop=\"author\" class=\"edgtf-post-info-author-link\" href=\"https:\/\/orthodoxeroumain.fr\/video\/author\/sulpice\/\">\n        sulpice    <\/a>\n<\/div>                <\/div>\n            \t\n\t        \n<h4 itemprop=\"name\" class=\"entry-title edgtf-post-title\" >\n            <a itemprop=\"url\" href=\"https:\/\/orthodoxeroumain.fr\/video\/2021\/01\/16\/nu-te-nelinisti-dumnezeul-nostru-este-putin-nebun-priveste-ce-a-facut-cu-mine\/\" title=\"Nu te nelini\u0219ti! Dumnezeul nostru este pu\u021bin nebun prive\u0219te ce a f\u0103cut cu mine!\">\n            Nu te nelini\u0219ti! Dumnezeul nostru este pu\u021bin nebun prive\u0219te ce a f\u0103cut cu mine!            <\/a>\n    <\/h4>\t\n\t        <div class=\"edgtf-bli-excerpt\">\n\t\t        \t<div class=\"edgtf-post-read-more-button\">\n\t\t<a itemprop=\"url\" href=\"https:\/\/orthodoxeroumain.fr\/video\/2021\/01\/16\/nu-te-nelinisti-dumnezeul-nostru-este-putin-nebun-priveste-ce-a-facut-cu-mine\/\" target=\"_self\"  class=\"edgtf-btn edgtf-btn-medium edgtf-btn-simple edgtf-btn- edgtf-blog-list-button edgtf-hover-animation\"  >    <span class=\"edgtf-btn-text\">Read More<\/span>    <\/a>\t<\/div>\n\t        <\/div>\n        <\/div>\n\t<\/div>\n<\/li><li class=\"edgtf-bl-item edgtf-item-space clearfix\">\n\t<div class=\"edgtf-bli-inner\">\n\t\t\n\t<div class=\"edgtf-post-image\">\n\t\t            <a itemprop=\"url\" href=\"https:\/\/orthodoxeroumain.fr\/video\/2021\/01\/16\/gestiunea-timpului-in-perioada-coronavirus\/\" title=\"Gestiunea timpului \u00een perioada coronavirus\">\n\t\t\t\t\t<img loading=\"lazy\" decoding=\"async\" width=\"640\" height=\"480\" src=\"https:\/\/orthodoxeroumain.fr\/video\/wp-content\/uploads\/2021\/01\/sddefault-44.jpg\" class=\"attachment-full size-full wp-post-image\" alt=\"\" srcset=\"https:\/\/orthodoxeroumain.fr\/video\/wp-content\/uploads\/2021\/01\/sddefault-44.jpg 640w, https:\/\/orthodoxeroumain.fr\/video\/wp-content\/uploads\/2021\/01\/sddefault-44-300x225.jpg 300w\" sizes=\"auto, (max-width: 640px) 100vw, 640px\" \/>\t\t\t\t\t\t\t\t\t<\/a>\n\t\t\t\t\t<\/div>\n        <div class=\"edgtf-bli-content\">\n                            <div class=\"edgtf-bli-info\">\n\t                <div itemprop=\"dateCreated\" class=\"edgtf-post-info-date entry-date published updated\">\n\t\t\t<a itemprop=\"url\" href=\"https:\/\/orthodoxeroumain.fr\/video\/2021\/01\/\">\n\t\t\t\t\t\t16 ianuarie 2021\t\t<\/a>\n\t\t<meta itemprop=\"interactionCount\" content=\"UserComments: 0\"\/>\n<\/div><div class=\"edgtf-post-info-author\">\n    <span class=\"edgtf-post-info-author-text\">\n        by    <\/span>\n    <a itemprop=\"author\" class=\"edgtf-post-info-author-link\" href=\"https:\/\/orthodoxeroumain.fr\/video\/author\/sulpice\/\">\n        sulpice    <\/a>\n<\/div>                <\/div>\n            \t\n\t        \n<h4 itemprop=\"name\" class=\"entry-title edgtf-post-title\" >\n            <a itemprop=\"url\" href=\"https:\/\/orthodoxeroumain.fr\/video\/2021\/01\/16\/gestiunea-timpului-in-perioada-coronavirus\/\" title=\"Gestiunea timpului \u00een perioada coronavirus\">\n            Gestiunea timpului \u00een perioada coronavirus            <\/a>\n    <\/h4>\t\n\t        <div class=\"edgtf-bli-excerpt\">\n\t\t        \t<div class=\"edgtf-post-read-more-button\">\n\t\t<a itemprop=\"url\" href=\"https:\/\/orthodoxeroumain.fr\/video\/2021\/01\/16\/gestiunea-timpului-in-perioada-coronavirus\/\" target=\"_self\"  class=\"edgtf-btn edgtf-btn-medium edgtf-btn-simple edgtf-btn- edgtf-blog-list-button edgtf-hover-animation\"  >    <span class=\"edgtf-btn-text\">Read More<\/span>    <\/a>\t<\/div>\n\t        <\/div>\n        <\/div>\n\t<\/div>\n<\/li><li class=\"edgtf-bl-item edgtf-item-space clearfix\">\n\t<div class=\"edgtf-bli-inner\">\n\t\t\n\t<div class=\"edgtf-post-image\">\n\t\t            <a itemprop=\"url\" href=\"https:\/\/orthodoxeroumain.fr\/video\/2021\/01\/16\/de-ce-sa-fiu-ortodox\/\" title=\"De ce s\u0103 fiu ortodox?\">\n\t\t\t\t\t<img loading=\"lazy\" decoding=\"async\" width=\"480\" height=\"360\" src=\"https:\/\/orthodoxeroumain.fr\/video\/wp-content\/uploads\/2021\/01\/hqdefault-22.jpg\" class=\"attachment-full size-full wp-post-image\" alt=\"\" srcset=\"https:\/\/orthodoxeroumain.fr\/video\/wp-content\/uploads\/2021\/01\/hqdefault-22.jpg 480w, https:\/\/orthodoxeroumain.fr\/video\/wp-content\/uploads\/2021\/01\/hqdefault-22-300x225.jpg 300w\" sizes=\"auto, (max-width: 480px) 100vw, 480px\" \/>\t\t\t\t\t\t\t\t\t<\/a>\n\t\t\t\t\t<\/div>\n        <div class=\"edgtf-bli-content\">\n                            <div class=\"edgtf-bli-info\">\n\t                <div itemprop=\"dateCreated\" class=\"edgtf-post-info-date entry-date published updated\">\n\t\t\t<a itemprop=\"url\" href=\"https:\/\/orthodoxeroumain.fr\/video\/2021\/01\/\">\n\t\t\t\t\t\t16 ianuarie 2021\t\t<\/a>\n\t\t<meta itemprop=\"interactionCount\" content=\"UserComments: 0\"\/>\n<\/div><div class=\"edgtf-post-info-author\">\n    <span class=\"edgtf-post-info-author-text\">\n        by    <\/span>\n    <a itemprop=\"author\" class=\"edgtf-post-info-author-link\" href=\"https:\/\/orthodoxeroumain.fr\/video\/author\/sulpice\/\">\n        sulpice    <\/a>\n<\/div>                <\/div>\n            \t\n\t        \n<h4 itemprop=\"name\" class=\"entry-title edgtf-post-title\" >\n            <a itemprop=\"url\" href=\"https:\/\/orthodoxeroumain.fr\/video\/2021\/01\/16\/de-ce-sa-fiu-ortodox\/\" title=\"De ce s\u0103 fiu ortodox?\">\n            De ce s\u0103 fiu ortodox?            <\/a>\n    <\/h4>\t\n\t        <div class=\"edgtf-bli-excerpt\">\n\t\t        \t<div class=\"edgtf-post-read-more-button\">\n\t\t<a itemprop=\"url\" href=\"https:\/\/orthodoxeroumain.fr\/video\/2021\/01\/16\/de-ce-sa-fiu-ortodox\/\" target=\"_self\"  class=\"edgtf-btn edgtf-btn-medium edgtf-btn-simple edgtf-btn- edgtf-blog-list-button edgtf-hover-animation\"  >    <span class=\"edgtf-btn-text\">Read More<\/span>    <\/a>\t<\/div>\n\t        <\/div>\n        <\/div>\n\t<\/div>\n<\/li><li class=\"edgtf-bl-item edgtf-item-space clearfix\">\n\t<div class=\"edgtf-bli-inner\">\n\t\t\n\t<div class=\"edgtf-post-image\">\n\t\t            <a itemprop=\"url\" href=\"https:\/\/orthodoxeroumain.fr\/video\/2021\/01\/16\/23-decembrie-1989-23-decembrie-2019-doamne-vino-doamne-sa-vezi-ce-a-mai-ramas-din-oameni\/\" title=\"23 decembrie 1989 &#8211; 23 decembrie 2019. Doamne, vino Doamne, s\u0103 vezi ce-a mai r\u0103mas din oameni&#8230;\">\n\t\t\t\t\t<img loading=\"lazy\" decoding=\"async\" width=\"480\" height=\"360\" src=\"https:\/\/orthodoxeroumain.fr\/video\/wp-content\/uploads\/2021\/01\/hqdefault-21.jpg\" class=\"attachment-full size-full wp-post-image\" alt=\"\" srcset=\"https:\/\/orthodoxeroumain.fr\/video\/wp-content\/uploads\/2021\/01\/hqdefault-21.jpg 480w, https:\/\/orthodoxeroumain.fr\/video\/wp-content\/uploads\/2021\/01\/hqdefault-21-300x225.jpg 300w\" sizes=\"auto, (max-width: 480px) 100vw, 480px\" \/>\t\t\t\t\t\t\t\t\t<\/a>\n\t\t\t\t\t<\/div>\n        <div class=\"edgtf-bli-content\">\n                            <div class=\"edgtf-bli-info\">\n\t                <div itemprop=\"dateCreated\" class=\"edgtf-post-info-date entry-date published updated\">\n\t\t\t<a itemprop=\"url\" href=\"https:\/\/orthodoxeroumain.fr\/video\/2021\/01\/\">\n\t\t\t\t\t\t16 ianuarie 2021\t\t<\/a>\n\t\t<meta itemprop=\"interactionCount\" content=\"UserComments: 0\"\/>\n<\/div><div class=\"edgtf-post-info-author\">\n    <span class=\"edgtf-post-info-author-text\">\n        by    <\/span>\n    <a itemprop=\"author\" class=\"edgtf-post-info-author-link\" href=\"https:\/\/orthodoxeroumain.fr\/video\/author\/sulpice\/\">\n        sulpice    <\/a>\n<\/div>                <\/div>\n            \t\n\t        \n<h4 itemprop=\"name\" class=\"entry-title edgtf-post-title\" >\n            <a itemprop=\"url\" href=\"https:\/\/orthodoxeroumain.fr\/video\/2021\/01\/16\/23-decembrie-1989-23-decembrie-2019-doamne-vino-doamne-sa-vezi-ce-a-mai-ramas-din-oameni\/\" title=\"23 decembrie 1989 &#8211; 23 decembrie 2019. Doamne, vino Doamne, s\u0103 vezi ce-a mai r\u0103mas din oameni&#8230;\">\n            23 decembrie 1989 &#8211; 23 decembrie 2019. Doamne, vino Doamne, s\u0103 vezi ce-a mai r\u0103mas din oameni&#8230;            <\/a>\n    <\/h4>\t\n\t        <div class=\"edgtf-bli-excerpt\">\n\t\t        \t<div class=\"edgtf-post-read-more-button\">\n\t\t<a itemprop=\"url\" href=\"https:\/\/orthodoxeroumain.fr\/video\/2021\/01\/16\/23-decembrie-1989-23-decembrie-2019-doamne-vino-doamne-sa-vezi-ce-a-mai-ramas-din-oameni\/\" target=\"_self\"  class=\"edgtf-btn edgtf-btn-medium edgtf-btn-simple edgtf-btn- edgtf-blog-list-button edgtf-hover-animation\"  >    <span class=\"edgtf-btn-text\">Read More<\/span>    <\/a>\t<\/div>\n\t        <\/div>\n        <\/div>\n\t<\/div>\n<\/li><li class=\"edgtf-bl-item edgtf-item-space clearfix\">\n\t<div class=\"edgtf-bli-inner\">\n\t\t\n\t<div class=\"edgtf-post-image\">\n\t\t            <a itemprop=\"url\" href=\"https:\/\/orthodoxeroumain.fr\/video\/2021\/01\/16\/prin-ce-e-actual-sfantul-siluan-via-arhimandritul-sofronie-saharov-ucenicul-sau-in-vietile-noastre\/\" title=\"Prin ce e actual Sf\u00e2ntul Siluan via arhimandritul Sofronie Saharov, ucenicul s\u0103u, \u00een vie\u021bile noastre\">\n\t\t\t\t\t<img loading=\"lazy\" decoding=\"async\" width=\"640\" height=\"480\" src=\"https:\/\/orthodoxeroumain.fr\/video\/wp-content\/uploads\/2021\/01\/sddefault-42.jpg\" class=\"attachment-full size-full wp-post-image\" alt=\"\" srcset=\"https:\/\/orthodoxeroumain.fr\/video\/wp-content\/uploads\/2021\/01\/sddefault-42.jpg 640w, https:\/\/orthodoxeroumain.fr\/video\/wp-content\/uploads\/2021\/01\/sddefault-42-300x225.jpg 300w\" sizes=\"auto, (max-width: 640px) 100vw, 640px\" \/>\t\t\t\t\t\t\t\t\t<\/a>\n\t\t\t\t\t<\/div>\n        <div class=\"edgtf-bli-content\">\n                            <div class=\"edgtf-bli-info\">\n\t                <div itemprop=\"dateCreated\" class=\"edgtf-post-info-date entry-date published updated\">\n\t\t\t<a itemprop=\"url\" href=\"https:\/\/orthodoxeroumain.fr\/video\/2021\/01\/\">\n\t\t\t\t\t\t16 ianuarie 2021\t\t<\/a>\n\t\t<meta itemprop=\"interactionCount\" content=\"UserComments: 0\"\/>\n<\/div><div class=\"edgtf-post-info-author\">\n    <span class=\"edgtf-post-info-author-text\">\n        by    <\/span>\n    <a itemprop=\"author\" class=\"edgtf-post-info-author-link\" href=\"https:\/\/orthodoxeroumain.fr\/video\/author\/sulpice\/\">\n        sulpice    <\/a>\n<\/div>                <\/div>\n            \t\n\t        \n<h4 itemprop=\"name\" class=\"entry-title edgtf-post-title\" >\n            <a itemprop=\"url\" href=\"https:\/\/orthodoxeroumain.fr\/video\/2021\/01\/16\/prin-ce-e-actual-sfantul-siluan-via-arhimandritul-sofronie-saharov-ucenicul-sau-in-vietile-noastre\/\" title=\"Prin ce e actual Sf\u00e2ntul Siluan via arhimandritul Sofronie Saharov, ucenicul s\u0103u, \u00een vie\u021bile noastre\">\n            Prin ce e actual Sf\u00e2ntul Siluan via arhimandritul Sofronie Saharov, ucenicul s\u0103u, \u00een vie\u021bile noastre            <\/a>\n    <\/h4>\t\n\t        <div class=\"edgtf-bli-excerpt\">\n\t\t        \t<div class=\"edgtf-post-read-more-button\">\n\t\t<a itemprop=\"url\" href=\"https:\/\/orthodoxeroumain.fr\/video\/2021\/01\/16\/prin-ce-e-actual-sfantul-siluan-via-arhimandritul-sofronie-saharov-ucenicul-sau-in-vietile-noastre\/\" target=\"_self\"  class=\"edgtf-btn edgtf-btn-medium edgtf-btn-simple edgtf-btn- edgtf-blog-list-button edgtf-hover-animation\"  >    <span class=\"edgtf-btn-text\">Read More<\/span>    <\/a>\t<\/div>\n\t        <\/div>\n        <\/div>\n\t<\/div>\n<\/li><li class=\"edgtf-bl-item edgtf-item-space clearfix\">\n\t<div class=\"edgtf-bli-inner\">\n\t\t\n\t<div class=\"edgtf-post-image\">\n\t\t            <a itemprop=\"url\" href=\"https:\/\/orthodoxeroumain.fr\/video\/2021\/01\/16\/bibliografie-duhovniceasca-comentata\/\" title=\"Bibliografie duhovniceasc\u0103 comentat\u0103\">\n\t\t\t\t\t<img loading=\"lazy\" decoding=\"async\" width=\"640\" height=\"480\" src=\"https:\/\/orthodoxeroumain.fr\/video\/wp-content\/uploads\/2021\/01\/sddefault-40.jpg\" class=\"attachment-full size-full wp-post-image\" alt=\"\" srcset=\"https:\/\/orthodoxeroumain.fr\/video\/wp-content\/uploads\/2021\/01\/sddefault-40.jpg 640w, https:\/\/orthodoxeroumain.fr\/video\/wp-content\/uploads\/2021\/01\/sddefault-40-300x225.jpg 300w\" sizes=\"auto, (max-width: 640px) 100vw, 640px\" \/>\t\t\t\t\t\t\t\t\t<\/a>\n\t\t\t\t\t<\/div>\n        <div class=\"edgtf-bli-content\">\n                            <div class=\"edgtf-bli-info\">\n\t                <div itemprop=\"dateCreated\" class=\"edgtf-post-info-date entry-date published updated\">\n\t\t\t<a itemprop=\"url\" href=\"https:\/\/orthodoxeroumain.fr\/video\/2021\/01\/\">\n\t\t\t\t\t\t16 ianuarie 2021\t\t<\/a>\n\t\t<meta itemprop=\"interactionCount\" content=\"UserComments: 0\"\/>\n<\/div><div class=\"edgtf-post-info-author\">\n    <span class=\"edgtf-post-info-author-text\">\n        by    <\/span>\n    <a itemprop=\"author\" class=\"edgtf-post-info-author-link\" href=\"https:\/\/orthodoxeroumain.fr\/video\/author\/sulpice\/\">\n        sulpice    <\/a>\n<\/div>                <\/div>\n            \t\n\t        \n<h4 itemprop=\"name\" class=\"entry-title edgtf-post-title\" >\n            <a itemprop=\"url\" href=\"https:\/\/orthodoxeroumain.fr\/video\/2021\/01\/16\/bibliografie-duhovniceasca-comentata\/\" title=\"Bibliografie duhovniceasc\u0103 comentat\u0103\">\n            Bibliografie duhovniceasc\u0103 comentat\u0103            <\/a>\n    <\/h4>\t\n\t        <div class=\"edgtf-bli-excerpt\">\n\t\t        \t<div class=\"edgtf-post-read-more-button\">\n\t\t<a itemprop=\"url\" href=\"https:\/\/orthodoxeroumain.fr\/video\/2021\/01\/16\/bibliografie-duhovniceasca-comentata\/\" target=\"_self\"  class=\"edgtf-btn edgtf-btn-medium edgtf-btn-simple edgtf-btn- edgtf-blog-list-button edgtf-hover-animation\"  >    <span class=\"edgtf-btn-text\">Read More<\/span>    <\/a>\t<\/div>\n\t        <\/div>\n        <\/div>\n\t<\/div>\n<\/li><li class=\"edgtf-bl-item edgtf-item-space clearfix\">\n\t<div class=\"edgtf-bli-inner\">\n\t\t\n\t<div class=\"edgtf-post-image\">\n\t\t            <a itemprop=\"url\" href=\"https:\/\/orthodoxeroumain.fr\/video\/2021\/01\/16\/impotriva-descurajarii-depresiei-angoasei\/\" title=\"\u00cempotriva descuraj\u0103rii (depresiei, angoasei,&#8230;)\">\n\t\t\t\t\t<img loading=\"lazy\" decoding=\"async\" width=\"640\" height=\"480\" src=\"https:\/\/orthodoxeroumain.fr\/video\/wp-content\/uploads\/2021\/01\/sddefault-43.jpg\" class=\"attachment-full size-full wp-post-image\" alt=\"\" srcset=\"https:\/\/orthodoxeroumain.fr\/video\/wp-content\/uploads\/2021\/01\/sddefault-43.jpg 640w, https:\/\/orthodoxeroumain.fr\/video\/wp-content\/uploads\/2021\/01\/sddefault-43-300x225.jpg 300w\" sizes=\"auto, (max-width: 640px) 100vw, 640px\" \/>\t\t\t\t\t\t\t\t\t<\/a>\n\t\t\t\t\t<\/div>\n        <div class=\"edgtf-bli-content\">\n                            <div class=\"edgtf-bli-info\">\n\t                <div itemprop=\"dateCreated\" class=\"edgtf-post-info-date entry-date published updated\">\n\t\t\t<a itemprop=\"url\" href=\"https:\/\/orthodoxeroumain.fr\/video\/2021\/01\/\">\n\t\t\t\t\t\t16 ianuarie 2021\t\t<\/a>\n\t\t<meta itemprop=\"interactionCount\" content=\"UserComments: 0\"\/>\n<\/div><div class=\"edgtf-post-info-author\">\n    <span class=\"edgtf-post-info-author-text\">\n        by    <\/span>\n    <a itemprop=\"author\" class=\"edgtf-post-info-author-link\" href=\"https:\/\/orthodoxeroumain.fr\/video\/author\/sulpice\/\">\n        sulpice    <\/a>\n<\/div>                <\/div>\n            \t\n\t        \n<h4 itemprop=\"name\" class=\"entry-title edgtf-post-title\" >\n            <a itemprop=\"url\" href=\"https:\/\/orthodoxeroumain.fr\/video\/2021\/01\/16\/impotriva-descurajarii-depresiei-angoasei\/\" title=\"\u00cempotriva descuraj\u0103rii (depresiei, angoasei,&#8230;)\">\n            \u00cempotriva descuraj\u0103rii (depresiei, angoasei,&#8230;)            <\/a>\n    <\/h4>\t\n\t        <div class=\"edgtf-bli-excerpt\">\n\t\t        \t<div class=\"edgtf-post-read-more-button\">\n\t\t<a itemprop=\"url\" href=\"https:\/\/orthodoxeroumain.fr\/video\/2021\/01\/16\/impotriva-descurajarii-depresiei-angoasei\/\" target=\"_self\"  class=\"edgtf-btn edgtf-btn-medium edgtf-btn-simple edgtf-btn- edgtf-blog-list-button edgtf-hover-animation\"  >    <span class=\"edgtf-btn-text\">Read More<\/span>    <\/a>\t<\/div>\n\t        <\/div>\n        <\/div>\n\t<\/div>\n<\/li><li class=\"edgtf-bl-item edgtf-item-space clearfix\">\n\t<div class=\"edgtf-bli-inner\">\n\t\t\n\t<div class=\"edgtf-post-image\">\n\t\t            <a itemprop=\"url\" href=\"https:\/\/orthodoxeroumain.fr\/video\/2021\/01\/16\/despre-intimitate-partea-a-iii-a\/\" title=\"Despre intimitate partea a III-a\">\n\t\t\t\t\t<img loading=\"lazy\" decoding=\"async\" width=\"480\" height=\"360\" src=\"https:\/\/orthodoxeroumain.fr\/video\/wp-content\/uploads\/2021\/01\/hqdefault-19.jpg\" class=\"attachment-full size-full wp-post-image\" alt=\"\" srcset=\"https:\/\/orthodoxeroumain.fr\/video\/wp-content\/uploads\/2021\/01\/hqdefault-19.jpg 480w, https:\/\/orthodoxeroumain.fr\/video\/wp-content\/uploads\/2021\/01\/hqdefault-19-300x225.jpg 300w\" sizes=\"auto, (max-width: 480px) 100vw, 480px\" \/>\t\t\t\t\t\t\t\t\t<\/a>\n\t\t\t\t\t<\/div>\n        <div class=\"edgtf-bli-content\">\n                            <div class=\"edgtf-bli-info\">\n\t                <div itemprop=\"dateCreated\" class=\"edgtf-post-info-date entry-date published updated\">\n\t\t\t<a itemprop=\"url\" href=\"https:\/\/orthodoxeroumain.fr\/video\/2021\/01\/\">\n\t\t\t\t\t\t16 ianuarie 2021\t\t<\/a>\n\t\t<meta itemprop=\"interactionCount\" content=\"UserComments: 0\"\/>\n<\/div><div class=\"edgtf-post-info-author\">\n    <span class=\"edgtf-post-info-author-text\">\n        by    <\/span>\n    <a itemprop=\"author\" class=\"edgtf-post-info-author-link\" href=\"https:\/\/orthodoxeroumain.fr\/video\/author\/sulpice\/\">\n        sulpice    <\/a>\n<\/div>                <\/div>\n            \t\n\t        \n<h4 itemprop=\"name\" class=\"entry-title edgtf-post-title\" >\n            <a itemprop=\"url\" href=\"https:\/\/orthodoxeroumain.fr\/video\/2021\/01\/16\/despre-intimitate-partea-a-iii-a\/\" title=\"Despre intimitate partea a III-a\">\n            Despre intimitate partea a III-a            <\/a>\n    <\/h4>\t\n\t        <div class=\"edgtf-bli-excerpt\">\n\t\t        \t<div class=\"edgtf-post-read-more-button\">\n\t\t<a itemprop=\"url\" href=\"https:\/\/orthodoxeroumain.fr\/video\/2021\/01\/16\/despre-intimitate-partea-a-iii-a\/\" target=\"_self\"  class=\"edgtf-btn edgtf-btn-medium edgtf-btn-simple edgtf-btn- edgtf-blog-list-button edgtf-hover-animation\"  >    <span class=\"edgtf-btn-text\">Read More<\/span>    <\/a>\t<\/div>\n\t        <\/div>\n        <\/div>\n\t<\/div>\n<\/li><li class=\"edgtf-bl-item edgtf-item-space clearfix\">\n\t<div class=\"edgtf-bli-inner\">\n\t\t\n\t<div class=\"edgtf-post-image\">\n\t\t            <a itemprop=\"url\" href=\"https:\/\/orthodoxeroumain.fr\/video\/2021\/01\/16\/despre-intimitate-partea-a-ii-a\/\" title=\"Despre intimitate partea a II-a\">\n\t\t\t\t\t<img loading=\"lazy\" decoding=\"async\" width=\"640\" height=\"480\" src=\"https:\/\/orthodoxeroumain.fr\/video\/wp-content\/uploads\/2021\/01\/sddefault-41.jpg\" class=\"attachment-full size-full wp-post-image\" alt=\"\" srcset=\"https:\/\/orthodoxeroumain.fr\/video\/wp-content\/uploads\/2021\/01\/sddefault-41.jpg 640w, https:\/\/orthodoxeroumain.fr\/video\/wp-content\/uploads\/2021\/01\/sddefault-41-300x225.jpg 300w\" sizes=\"auto, (max-width: 640px) 100vw, 640px\" \/>\t\t\t\t\t\t\t\t\t<\/a>\n\t\t\t\t\t<\/div>\n        <div class=\"edgtf-bli-content\">\n                            <div class=\"edgtf-bli-info\">\n\t                <div itemprop=\"dateCreated\" class=\"edgtf-post-info-date entry-date published updated\">\n\t\t\t<a itemprop=\"url\" href=\"https:\/\/orthodoxeroumain.fr\/video\/2021\/01\/\">\n\t\t\t\t\t\t16 ianuarie 2021\t\t<\/a>\n\t\t<meta itemprop=\"interactionCount\" content=\"UserComments: 0\"\/>\n<\/div><div class=\"edgtf-post-info-author\">\n    <span class=\"edgtf-post-info-author-text\">\n        by    <\/span>\n    <a itemprop=\"author\" class=\"edgtf-post-info-author-link\" href=\"https:\/\/orthodoxeroumain.fr\/video\/author\/sulpice\/\">\n        sulpice    <\/a>\n<\/div>                <\/div>\n            \t\n\t        \n<h4 itemprop=\"name\" class=\"entry-title edgtf-post-title\" >\n            <a itemprop=\"url\" href=\"https:\/\/orthodoxeroumain.fr\/video\/2021\/01\/16\/despre-intimitate-partea-a-ii-a\/\" title=\"Despre intimitate partea a II-a\">\n            Despre intimitate partea a II-a            <\/a>\n    <\/h4>\t\n\t        <div class=\"edgtf-bli-excerpt\">\n\t\t        \t<div class=\"edgtf-post-read-more-button\">\n\t\t<a itemprop=\"url\" href=\"https:\/\/orthodoxeroumain.fr\/video\/2021\/01\/16\/despre-intimitate-partea-a-ii-a\/\" target=\"_self\"  class=\"edgtf-btn edgtf-btn-medium edgtf-btn-simple edgtf-btn- edgtf-blog-list-button edgtf-hover-animation\"  >    <span class=\"edgtf-btn-text\">Read More<\/span>    <\/a>\t<\/div>\n\t        <\/div>\n        <\/div>\n\t<\/div>\n<\/li><li class=\"edgtf-bl-item edgtf-item-space clearfix\">\n\t<div class=\"edgtf-bli-inner\">\n\t\t\n\t<div class=\"edgtf-post-image\">\n\t\t            <a itemprop=\"url\" href=\"https:\/\/orthodoxeroumain.fr\/video\/2021\/01\/16\/despre-intimitate\/\" title=\"Despre intimitate\">\n\t\t\t\t\t<img loading=\"lazy\" decoding=\"async\" width=\"480\" height=\"360\" src=\"https:\/\/orthodoxeroumain.fr\/video\/wp-content\/uploads\/2021\/01\/hqdefault-20.jpg\" class=\"attachment-full size-full wp-post-image\" alt=\"\" srcset=\"https:\/\/orthodoxeroumain.fr\/video\/wp-content\/uploads\/2021\/01\/hqdefault-20.jpg 480w, https:\/\/orthodoxeroumain.fr\/video\/wp-content\/uploads\/2021\/01\/hqdefault-20-300x225.jpg 300w\" sizes=\"auto, (max-width: 480px) 100vw, 480px\" \/>\t\t\t\t\t\t\t\t\t<\/a>\n\t\t\t\t\t<\/div>\n        <div class=\"edgtf-bli-content\">\n                            <div class=\"edgtf-bli-info\">\n\t                <div itemprop=\"dateCreated\" class=\"edgtf-post-info-date entry-date published updated\">\n\t\t\t<a itemprop=\"url\" href=\"https:\/\/orthodoxeroumain.fr\/video\/2021\/01\/\">\n\t\t\t\t\t\t16 ianuarie 2021\t\t<\/a>\n\t\t<meta itemprop=\"interactionCount\" content=\"UserComments: 0\"\/>\n<\/div><div class=\"edgtf-post-info-author\">\n    <span class=\"edgtf-post-info-author-text\">\n        by    <\/span>\n    <a itemprop=\"author\" class=\"edgtf-post-info-author-link\" href=\"https:\/\/orthodoxeroumain.fr\/video\/author\/sulpice\/\">\n        sulpice    <\/a>\n<\/div>                <\/div>\n            \t\n\t        \n<h4 itemprop=\"name\" class=\"entry-title edgtf-post-title\" >\n            <a itemprop=\"url\" href=\"https:\/\/orthodoxeroumain.fr\/video\/2021\/01\/16\/despre-intimitate\/\" title=\"Despre intimitate\">\n            Despre intimitate            <\/a>\n    <\/h4>\t\n\t        <div class=\"edgtf-bli-excerpt\">\n\t\t        \t<div class=\"edgtf-post-read-more-button\">\n\t\t<a itemprop=\"url\" href=\"https:\/\/orthodoxeroumain.fr\/video\/2021\/01\/16\/despre-intimitate\/\" target=\"_self\"  class=\"edgtf-btn edgtf-btn-medium edgtf-btn-simple edgtf-btn- edgtf-blog-list-button edgtf-hover-animation\"  >    <span class=\"edgtf-btn-text\">Read More<\/span>    <\/a>\t<\/div>\n\t        <\/div>\n        <\/div>\n\t<\/div>\n<\/li><li class=\"edgtf-bl-item edgtf-item-space clearfix\">\n\t<div class=\"edgtf-bli-inner\">\n\t\t\n\t<div class=\"edgtf-post-image\">\n\t\t            <a itemprop=\"url\" href=\"https:\/\/orthodoxeroumain.fr\/video\/2021\/01\/16\/despre-infailibilitatea-constiintei-eclesiale-versus-neputintele-fiecaruia-in-parte\/\" title=\"Despre infailibilitatea con\u0219tiin\u021bei eclesiale versus neputin\u021bele fiec\u0103ruia \u00een parte.\">\n\t\t\t\t\t<img loading=\"lazy\" decoding=\"async\" width=\"640\" height=\"480\" src=\"https:\/\/orthodoxeroumain.fr\/video\/wp-content\/uploads\/2021\/01\/sddefault-39.jpg\" class=\"attachment-full size-full wp-post-image\" alt=\"\" srcset=\"https:\/\/orthodoxeroumain.fr\/video\/wp-content\/uploads\/2021\/01\/sddefault-39.jpg 640w, https:\/\/orthodoxeroumain.fr\/video\/wp-content\/uploads\/2021\/01\/sddefault-39-300x225.jpg 300w\" sizes=\"auto, (max-width: 640px) 100vw, 640px\" \/>\t\t\t\t\t\t\t\t\t<\/a>\n\t\t\t\t\t<\/div>\n        <div class=\"edgtf-bli-content\">\n                            <div class=\"edgtf-bli-info\">\n\t                <div itemprop=\"dateCreated\" class=\"edgtf-post-info-date entry-date published updated\">\n\t\t\t<a itemprop=\"url\" href=\"https:\/\/orthodoxeroumain.fr\/video\/2021\/01\/\">\n\t\t\t\t\t\t16 ianuarie 2021\t\t<\/a>\n\t\t<meta itemprop=\"interactionCount\" content=\"UserComments: 0\"\/>\n<\/div><div class=\"edgtf-post-info-author\">\n    <span class=\"edgtf-post-info-author-text\">\n        by    <\/span>\n    <a itemprop=\"author\" class=\"edgtf-post-info-author-link\" href=\"https:\/\/orthodoxeroumain.fr\/video\/author\/sulpice\/\">\n        sulpice    <\/a>\n<\/div>                <\/div>\n            \t\n\t        \n<h4 itemprop=\"name\" class=\"entry-title edgtf-post-title\" >\n            <a itemprop=\"url\" href=\"https:\/\/orthodoxeroumain.fr\/video\/2021\/01\/16\/despre-infailibilitatea-constiintei-eclesiale-versus-neputintele-fiecaruia-in-parte\/\" title=\"Despre infailibilitatea con\u0219tiin\u021bei eclesiale versus neputin\u021bele fiec\u0103ruia \u00een parte.\">\n            Despre infailibilitatea con\u0219tiin\u021bei eclesiale versus neputin\u021bele fiec\u0103ruia \u00een parte.            <\/a>\n    <\/h4>\t\n\t        <div class=\"edgtf-bli-excerpt\">\n\t\t        \t<div class=\"edgtf-post-read-more-button\">\n\t\t<a itemprop=\"url\" href=\"https:\/\/orthodoxeroumain.fr\/video\/2021\/01\/16\/despre-infailibilitatea-constiintei-eclesiale-versus-neputintele-fiecaruia-in-parte\/\" target=\"_self\"  class=\"edgtf-btn edgtf-btn-medium edgtf-btn-simple edgtf-btn- edgtf-blog-list-button edgtf-hover-animation\"  >    <span class=\"edgtf-btn-text\">Read More<\/span>    <\/a>\t<\/div>\n\t        <\/div>\n        <\/div>\n\t<\/div>\n<\/li><li class=\"edgtf-bl-item edgtf-item-space clearfix\">\n\t<div class=\"edgtf-bli-inner\">\n\t\t\n\t<div class=\"edgtf-post-image\">\n\t\t            <a itemprop=\"url\" href=\"https:\/\/orthodoxeroumain.fr\/video\/2021\/01\/16\/actiuni-medicale-cu-privire-la-sfarsitul-vietii-noastre\/\" title=\"Ac\u021biuni medicale cu privire la sf\u00e2r\u0219itul vie\u021bii noastre\">\n\t\t\t\t\t<img loading=\"lazy\" decoding=\"async\" width=\"640\" height=\"480\" src=\"https:\/\/orthodoxeroumain.fr\/video\/wp-content\/uploads\/2021\/01\/sddefault-38.jpg\" class=\"attachment-full size-full wp-post-image\" alt=\"\" srcset=\"https:\/\/orthodoxeroumain.fr\/video\/wp-content\/uploads\/2021\/01\/sddefault-38.jpg 640w, https:\/\/orthodoxeroumain.fr\/video\/wp-content\/uploads\/2021\/01\/sddefault-38-300x225.jpg 300w\" sizes=\"auto, (max-width: 640px) 100vw, 640px\" \/>\t\t\t\t\t\t\t\t\t<\/a>\n\t\t\t\t\t<\/div>\n        <div class=\"edgtf-bli-content\">\n                            <div class=\"edgtf-bli-info\">\n\t                <div itemprop=\"dateCreated\" class=\"edgtf-post-info-date entry-date published updated\">\n\t\t\t<a itemprop=\"url\" href=\"https:\/\/orthodoxeroumain.fr\/video\/2021\/01\/\">\n\t\t\t\t\t\t16 ianuarie 2021\t\t<\/a>\n\t\t<meta itemprop=\"interactionCount\" content=\"UserComments: 0\"\/>\n<\/div><div class=\"edgtf-post-info-author\">\n    <span class=\"edgtf-post-info-author-text\">\n        by    <\/span>\n    <a itemprop=\"author\" class=\"edgtf-post-info-author-link\" href=\"https:\/\/orthodoxeroumain.fr\/video\/author\/sulpice\/\">\n        sulpice    <\/a>\n<\/div>                <\/div>\n            \t\n\t        \n<h4 itemprop=\"name\" class=\"entry-title edgtf-post-title\" >\n            <a itemprop=\"url\" href=\"https:\/\/orthodoxeroumain.fr\/video\/2021\/01\/16\/actiuni-medicale-cu-privire-la-sfarsitul-vietii-noastre\/\" title=\"Ac\u021biuni medicale cu privire la sf\u00e2r\u0219itul vie\u021bii noastre\">\n            Ac\u021biuni medicale cu privire la sf\u00e2r\u0219itul vie\u021bii noastre            <\/a>\n    <\/h4>\t\n\t        <div class=\"edgtf-bli-excerpt\">\n\t\t        \t<div class=\"edgtf-post-read-more-button\">\n\t\t<a itemprop=\"url\" href=\"https:\/\/orthodoxeroumain.fr\/video\/2021\/01\/16\/actiuni-medicale-cu-privire-la-sfarsitul-vietii-noastre\/\" target=\"_self\"  class=\"edgtf-btn edgtf-btn-medium edgtf-btn-simple edgtf-btn- edgtf-blog-list-button edgtf-hover-animation\"  >    <span class=\"edgtf-btn-text\">Read More<\/span>    <\/a>\t<\/div>\n\t        <\/div>\n        <\/div>\n\t<\/div>\n<\/li><li class=\"edgtf-bl-item edgtf-item-space clearfix\">\n\t<div class=\"edgtf-bli-inner\">\n\t\t\n\t<div class=\"edgtf-post-image\">\n\t\t            <a itemprop=\"url\" href=\"https:\/\/orthodoxeroumain.fr\/video\/2021\/01\/16\/cum-facem-sa-il-simtim-pe-dumnezeu-cum-identificam-apelul-lui-dumnezeu-in-viata-noastra\/\" title=\"Cum facem s\u0103 \u00cel sim\u021bim pe Dumnezeu? Cum identific\u0103m apelul lui Dumnezeu \u00een via\u021ba noastr\u0103?\">\n\t\t\t\t\t<img loading=\"lazy\" decoding=\"async\" width=\"640\" height=\"480\" src=\"https:\/\/orthodoxeroumain.fr\/video\/wp-content\/uploads\/2021\/01\/sddefault-37.jpg\" class=\"attachment-full size-full wp-post-image\" alt=\"\" srcset=\"https:\/\/orthodoxeroumain.fr\/video\/wp-content\/uploads\/2021\/01\/sddefault-37.jpg 640w, https:\/\/orthodoxeroumain.fr\/video\/wp-content\/uploads\/2021\/01\/sddefault-37-300x225.jpg 300w\" sizes=\"auto, (max-width: 640px) 100vw, 640px\" \/>\t\t\t\t\t\t\t\t\t<\/a>\n\t\t\t\t\t<\/div>\n        <div class=\"edgtf-bli-content\">\n                            <div class=\"edgtf-bli-info\">\n\t                <div itemprop=\"dateCreated\" class=\"edgtf-post-info-date entry-date published updated\">\n\t\t\t<a itemprop=\"url\" href=\"https:\/\/orthodoxeroumain.fr\/video\/2021\/01\/\">\n\t\t\t\t\t\t16 ianuarie 2021\t\t<\/a>\n\t\t<meta itemprop=\"interactionCount\" content=\"UserComments: 0\"\/>\n<\/div><div class=\"edgtf-post-info-author\">\n    <span class=\"edgtf-post-info-author-text\">\n        by    <\/span>\n    <a itemprop=\"author\" class=\"edgtf-post-info-author-link\" href=\"https:\/\/orthodoxeroumain.fr\/video\/author\/sulpice\/\">\n        sulpice    <\/a>\n<\/div>                <\/div>\n            \t\n\t        \n<h4 itemprop=\"name\" class=\"entry-title edgtf-post-title\" >\n            <a itemprop=\"url\" href=\"https:\/\/orthodoxeroumain.fr\/video\/2021\/01\/16\/cum-facem-sa-il-simtim-pe-dumnezeu-cum-identificam-apelul-lui-dumnezeu-in-viata-noastra\/\" title=\"Cum facem s\u0103 \u00cel sim\u021bim pe Dumnezeu? Cum identific\u0103m apelul lui Dumnezeu \u00een via\u021ba noastr\u0103?\">\n            Cum facem s\u0103 \u00cel sim\u021bim pe Dumnezeu? Cum identific\u0103m apelul lui Dumnezeu \u00een via\u021ba noastr\u0103?            <\/a>\n    <\/h4>\t\n\t        <div class=\"edgtf-bli-excerpt\">\n\t\t        \t<div class=\"edgtf-post-read-more-button\">\n\t\t<a itemprop=\"url\" href=\"https:\/\/orthodoxeroumain.fr\/video\/2021\/01\/16\/cum-facem-sa-il-simtim-pe-dumnezeu-cum-identificam-apelul-lui-dumnezeu-in-viata-noastra\/\" target=\"_self\"  class=\"edgtf-btn edgtf-btn-medium edgtf-btn-simple edgtf-btn- edgtf-blog-list-button edgtf-hover-animation\"  >    <span class=\"edgtf-btn-text\">Read More<\/span>    <\/a>\t<\/div>\n\t        <\/div>\n        <\/div>\n\t<\/div>\n<\/li><li class=\"edgtf-bl-item edgtf-item-space clearfix\">\n\t<div class=\"edgtf-bli-inner\">\n\t\t\n\t<div class=\"edgtf-post-image\">\n\t\t            <a itemprop=\"url\" href=\"https:\/\/orthodoxeroumain.fr\/video\/2021\/01\/16\/cateva-ganduri-despre-eu\/\" title=\"C\u00e2teva g\u00e2nduri despre eu\">\n\t\t\t\t\t<img loading=\"lazy\" decoding=\"async\" width=\"640\" height=\"480\" src=\"https:\/\/orthodoxeroumain.fr\/video\/wp-content\/uploads\/2021\/01\/sddefault-35.jpg\" class=\"attachment-full size-full wp-post-image\" alt=\"\" srcset=\"https:\/\/orthodoxeroumain.fr\/video\/wp-content\/uploads\/2021\/01\/sddefault-35.jpg 640w, https:\/\/orthodoxeroumain.fr\/video\/wp-content\/uploads\/2021\/01\/sddefault-35-300x225.jpg 300w\" sizes=\"auto, (max-width: 640px) 100vw, 640px\" \/>\t\t\t\t\t\t\t\t\t<\/a>\n\t\t\t\t\t<\/div>\n        <div class=\"edgtf-bli-content\">\n                            <div class=\"edgtf-bli-info\">\n\t                <div itemprop=\"dateCreated\" class=\"edgtf-post-info-date entry-date published updated\">\n\t\t\t<a itemprop=\"url\" href=\"https:\/\/orthodoxeroumain.fr\/video\/2021\/01\/\">\n\t\t\t\t\t\t16 ianuarie 2021\t\t<\/a>\n\t\t<meta itemprop=\"interactionCount\" content=\"UserComments: 0\"\/>\n<\/div><div class=\"edgtf-post-info-author\">\n    <span class=\"edgtf-post-info-author-text\">\n        by    <\/span>\n    <a itemprop=\"author\" class=\"edgtf-post-info-author-link\" href=\"https:\/\/orthodoxeroumain.fr\/video\/author\/sulpice\/\">\n        sulpice    <\/a>\n<\/div>                <\/div>\n            \t\n\t        \n<h4 itemprop=\"name\" class=\"entry-title edgtf-post-title\" >\n            <a itemprop=\"url\" href=\"https:\/\/orthodoxeroumain.fr\/video\/2021\/01\/16\/cateva-ganduri-despre-eu\/\" title=\"C\u00e2teva g\u00e2nduri despre eu\">\n            C\u00e2teva g\u00e2nduri despre eu            <\/a>\n    <\/h4>\t\n\t        <div class=\"edgtf-bli-excerpt\">\n\t\t        \t<div class=\"edgtf-post-read-more-button\">\n\t\t<a itemprop=\"url\" href=\"https:\/\/orthodoxeroumain.fr\/video\/2021\/01\/16\/cateva-ganduri-despre-eu\/\" target=\"_self\"  class=\"edgtf-btn edgtf-btn-medium edgtf-btn-simple edgtf-btn- edgtf-blog-list-button edgtf-hover-animation\"  >    <span class=\"edgtf-btn-text\">Read More<\/span>    <\/a>\t<\/div>\n\t        <\/div>\n        <\/div>\n\t<\/div>\n<\/li><li class=\"edgtf-bl-item edgtf-item-space clearfix\">\n\t<div class=\"edgtf-bli-inner\">\n\t\t\n\t<div class=\"edgtf-post-image\">\n\t\t            <a itemprop=\"url\" href=\"https:\/\/orthodoxeroumain.fr\/video\/2021\/01\/16\/transmiterea-credintei-pornind-de-la-raspunsuri-la-intrebari-puse-in-urma-talcuirii-crezului\/\" title=\"Transmiterea credin\u021bei&#8230; pornind de la r\u0103spunsuri la \u00eentreb\u0103ri puse \u00een urma t\u00e2lcuirii Crezului.\">\n\t\t\t\t\t<img loading=\"lazy\" decoding=\"async\" width=\"640\" height=\"480\" src=\"https:\/\/orthodoxeroumain.fr\/video\/wp-content\/uploads\/2021\/01\/sddefault-36.jpg\" class=\"attachment-full size-full wp-post-image\" alt=\"\" srcset=\"https:\/\/orthodoxeroumain.fr\/video\/wp-content\/uploads\/2021\/01\/sddefault-36.jpg 640w, https:\/\/orthodoxeroumain.fr\/video\/wp-content\/uploads\/2021\/01\/sddefault-36-300x225.jpg 300w\" sizes=\"auto, (max-width: 640px) 100vw, 640px\" \/>\t\t\t\t\t\t\t\t\t<\/a>\n\t\t\t\t\t<\/div>\n        <div class=\"edgtf-bli-content\">\n                            <div class=\"edgtf-bli-info\">\n\t                <div itemprop=\"dateCreated\" class=\"edgtf-post-info-date entry-date published updated\">\n\t\t\t<a itemprop=\"url\" href=\"https:\/\/orthodoxeroumain.fr\/video\/2021\/01\/\">\n\t\t\t\t\t\t16 ianuarie 2021\t\t<\/a>\n\t\t<meta itemprop=\"interactionCount\" content=\"UserComments: 0\"\/>\n<\/div><div class=\"edgtf-post-info-author\">\n    <span class=\"edgtf-post-info-author-text\">\n        by    <\/span>\n    <a itemprop=\"author\" class=\"edgtf-post-info-author-link\" href=\"https:\/\/orthodoxeroumain.fr\/video\/author\/sulpice\/\">\n        sulpice    <\/a>\n<\/div>                <\/div>\n            \t\n\t        \n<h4 itemprop=\"name\" class=\"entry-title edgtf-post-title\" >\n            <a itemprop=\"url\" href=\"https:\/\/orthodoxeroumain.fr\/video\/2021\/01\/16\/transmiterea-credintei-pornind-de-la-raspunsuri-la-intrebari-puse-in-urma-talcuirii-crezului\/\" title=\"Transmiterea credin\u021bei&#8230; pornind de la r\u0103spunsuri la \u00eentreb\u0103ri puse \u00een urma t\u00e2lcuirii Crezului.\">\n            Transmiterea credin\u021bei&#8230; pornind de la r\u0103spunsuri la \u00eentreb\u0103ri puse \u00een urma t\u00e2lcuirii Crezului.            <\/a>\n    <\/h4>\t\n\t        <div class=\"edgtf-bli-excerpt\">\n\t\t        \t<div class=\"edgtf-post-read-more-button\">\n\t\t<a itemprop=\"url\" href=\"https:\/\/orthodoxeroumain.fr\/video\/2021\/01\/16\/transmiterea-credintei-pornind-de-la-raspunsuri-la-intrebari-puse-in-urma-talcuirii-crezului\/\" target=\"_self\"  class=\"edgtf-btn edgtf-btn-medium edgtf-btn-simple edgtf-btn- edgtf-blog-list-button edgtf-hover-animation\"  >    <span class=\"edgtf-btn-text\">Read More<\/span>    <\/a>\t<\/div>\n\t        <\/div>\n        <\/div>\n\t<\/div>\n<\/li><li class=\"edgtf-bl-item edgtf-item-space clearfix\">\n\t<div class=\"edgtf-bli-inner\">\n\t\t\n\t<div class=\"edgtf-post-image\">\n\t\t            <a itemprop=\"url\" href=\"https:\/\/orthodoxeroumain.fr\/video\/2021\/01\/16\/parintele-razvan-ionescu-explicarea-crezului-in-25-de-minute-despre-duhul-sfant\/\" title=\"P\u0103rintele R\u0103zvan Ionescu &#8211; Explicarea Crezului \u00een 25 de minute. Despre Duhul Sf\u00e2nt&#8230;\">\n\t\t\t\t\t<img loading=\"lazy\" decoding=\"async\" width=\"480\" height=\"360\" src=\"https:\/\/orthodoxeroumain.fr\/video\/wp-content\/uploads\/2021\/01\/hqdefault-17.jpg\" class=\"attachment-full size-full wp-post-image\" alt=\"\" srcset=\"https:\/\/orthodoxeroumain.fr\/video\/wp-content\/uploads\/2021\/01\/hqdefault-17.jpg 480w, https:\/\/orthodoxeroumain.fr\/video\/wp-content\/uploads\/2021\/01\/hqdefault-17-300x225.jpg 300w\" sizes=\"auto, (max-width: 480px) 100vw, 480px\" \/>\t\t\t\t\t\t\t\t\t<\/a>\n\t\t\t\t\t<\/div>\n        <div class=\"edgtf-bli-content\">\n                            <div class=\"edgtf-bli-info\">\n\t                <div itemprop=\"dateCreated\" class=\"edgtf-post-info-date entry-date published updated\">\n\t\t\t<a itemprop=\"url\" href=\"https:\/\/orthodoxeroumain.fr\/video\/2021\/01\/\">\n\t\t\t\t\t\t16 ianuarie 2021\t\t<\/a>\n\t\t<meta itemprop=\"interactionCount\" content=\"UserComments: 0\"\/>\n<\/div><div class=\"edgtf-post-info-author\">\n    <span class=\"edgtf-post-info-author-text\">\n        by    <\/span>\n    <a itemprop=\"author\" class=\"edgtf-post-info-author-link\" href=\"https:\/\/orthodoxeroumain.fr\/video\/author\/sulpice\/\">\n        sulpice    <\/a>\n<\/div>                <\/div>\n            \t\n\t        \n<h4 itemprop=\"name\" class=\"entry-title edgtf-post-title\" >\n            <a itemprop=\"url\" href=\"https:\/\/orthodoxeroumain.fr\/video\/2021\/01\/16\/parintele-razvan-ionescu-explicarea-crezului-in-25-de-minute-despre-duhul-sfant\/\" title=\"P\u0103rintele R\u0103zvan Ionescu &#8211; Explicarea Crezului \u00een 25 de minute. Despre Duhul Sf\u00e2nt&#8230;\">\n            P\u0103rintele R\u0103zvan Ionescu &#8211; Explicarea Crezului \u00een 25 de minute. Despre Duhul Sf\u00e2nt&#8230;            <\/a>\n    <\/h4>\t\n\t        <div class=\"edgtf-bli-excerpt\">\n\t\t        \t<div class=\"edgtf-post-read-more-button\">\n\t\t<a itemprop=\"url\" href=\"https:\/\/orthodoxeroumain.fr\/video\/2021\/01\/16\/parintele-razvan-ionescu-explicarea-crezului-in-25-de-minute-despre-duhul-sfant\/\" target=\"_self\"  class=\"edgtf-btn edgtf-btn-medium edgtf-btn-simple edgtf-btn- edgtf-blog-list-button edgtf-hover-animation\"  >    <span class=\"edgtf-btn-text\">Read More<\/span>    <\/a>\t<\/div>\n\t        <\/div>\n        <\/div>\n\t<\/div>\n<\/li><li class=\"edgtf-bl-item edgtf-item-space clearfix\">\n\t<div class=\"edgtf-bli-inner\">\n\t\t\n\t<div class=\"edgtf-post-image\">\n\t\t            <a itemprop=\"url\" href=\"https:\/\/orthodoxeroumain.fr\/video\/2021\/01\/16\/fiul-risipitor-raspunsuri-la-ultimele-intrebari-partea-a-ii-a\/\" title=\"Fiul risipitor&#8230; r\u0103spunsuri la ultimele \u00eentreb\u0103ri (partea a II-a)\">\n\t\t\t\t\t<img loading=\"lazy\" decoding=\"async\" width=\"640\" height=\"480\" src=\"https:\/\/orthodoxeroumain.fr\/video\/wp-content\/uploads\/2021\/01\/sddefault-34.jpg\" class=\"attachment-full size-full wp-post-image\" alt=\"\" srcset=\"https:\/\/orthodoxeroumain.fr\/video\/wp-content\/uploads\/2021\/01\/sddefault-34.jpg 640w, https:\/\/orthodoxeroumain.fr\/video\/wp-content\/uploads\/2021\/01\/sddefault-34-300x225.jpg 300w\" sizes=\"auto, (max-width: 640px) 100vw, 640px\" \/>\t\t\t\t\t\t\t\t\t<\/a>\n\t\t\t\t\t<\/div>\n        <div class=\"edgtf-bli-content\">\n                            <div class=\"edgtf-bli-info\">\n\t                <div itemprop=\"dateCreated\" class=\"edgtf-post-info-date entry-date published updated\">\n\t\t\t<a itemprop=\"url\" href=\"https:\/\/orthodoxeroumain.fr\/video\/2021\/01\/\">\n\t\t\t\t\t\t16 ianuarie 2021\t\t<\/a>\n\t\t<meta itemprop=\"interactionCount\" content=\"UserComments: 0\"\/>\n<\/div><div class=\"edgtf-post-info-author\">\n    <span class=\"edgtf-post-info-author-text\">\n        by    <\/span>\n    <a itemprop=\"author\" class=\"edgtf-post-info-author-link\" href=\"https:\/\/orthodoxeroumain.fr\/video\/author\/sulpice\/\">\n        sulpice    <\/a>\n<\/div>                <\/div>\n            \t\n\t        \n<h4 itemprop=\"name\" class=\"entry-title edgtf-post-title\" >\n            <a itemprop=\"url\" href=\"https:\/\/orthodoxeroumain.fr\/video\/2021\/01\/16\/fiul-risipitor-raspunsuri-la-ultimele-intrebari-partea-a-ii-a\/\" title=\"Fiul risipitor&#8230; r\u0103spunsuri la ultimele \u00eentreb\u0103ri (partea a II-a)\">\n            Fiul risipitor&#8230; r\u0103spunsuri la ultimele \u00eentreb\u0103ri (partea a II-a)            <\/a>\n    <\/h4>\t\n\t        <div class=\"edgtf-bli-excerpt\">\n\t\t        \t<div class=\"edgtf-post-read-more-button\">\n\t\t<a itemprop=\"url\" href=\"https:\/\/orthodoxeroumain.fr\/video\/2021\/01\/16\/fiul-risipitor-raspunsuri-la-ultimele-intrebari-partea-a-ii-a\/\" target=\"_self\"  class=\"edgtf-btn edgtf-btn-medium edgtf-btn-simple edgtf-btn- edgtf-blog-list-button edgtf-hover-animation\"  >    <span class=\"edgtf-btn-text\">Read More<\/span>    <\/a>\t<\/div>\n\t        <\/div>\n        <\/div>\n\t<\/div>\n<\/li><li class=\"edgtf-bl-item edgtf-item-space clearfix\">\n\t<div class=\"edgtf-bli-inner\">\n\t\t\n\t<div class=\"edgtf-post-image\">\n\t\t            <a itemprop=\"url\" href=\"https:\/\/orthodoxeroumain.fr\/video\/2021\/01\/16\/pilda-fiului-risipitor\/\" title=\"Pilda Fiului risipitor\">\n\t\t\t\t\t<img loading=\"lazy\" decoding=\"async\" width=\"480\" height=\"360\" src=\"https:\/\/orthodoxeroumain.fr\/video\/wp-content\/uploads\/2021\/01\/hqdefault-16.jpg\" class=\"attachment-full size-full wp-post-image\" alt=\"\" srcset=\"https:\/\/orthodoxeroumain.fr\/video\/wp-content\/uploads\/2021\/01\/hqdefault-16.jpg 480w, https:\/\/orthodoxeroumain.fr\/video\/wp-content\/uploads\/2021\/01\/hqdefault-16-300x225.jpg 300w\" sizes=\"auto, (max-width: 480px) 100vw, 480px\" \/>\t\t\t\t\t\t\t\t\t<\/a>\n\t\t\t\t\t<\/div>\n        <div class=\"edgtf-bli-content\">\n                            <div class=\"edgtf-bli-info\">\n\t                <div itemprop=\"dateCreated\" class=\"edgtf-post-info-date entry-date published updated\">\n\t\t\t<a itemprop=\"url\" href=\"https:\/\/orthodoxeroumain.fr\/video\/2021\/01\/\">\n\t\t\t\t\t\t16 ianuarie 2021\t\t<\/a>\n\t\t<meta itemprop=\"interactionCount\" content=\"UserComments: 0\"\/>\n<\/div><div class=\"edgtf-post-info-author\">\n    <span class=\"edgtf-post-info-author-text\">\n        by    <\/span>\n    <a itemprop=\"author\" class=\"edgtf-post-info-author-link\" href=\"https:\/\/orthodoxeroumain.fr\/video\/author\/sulpice\/\">\n        sulpice    <\/a>\n<\/div>                <\/div>\n            \t\n\t        \n<h4 itemprop=\"name\" class=\"entry-title edgtf-post-title\" >\n            <a itemprop=\"url\" href=\"https:\/\/orthodoxeroumain.fr\/video\/2021\/01\/16\/pilda-fiului-risipitor\/\" title=\"Pilda Fiului risipitor\">\n            Pilda Fiului risipitor            <\/a>\n    <\/h4>\t\n\t        <div class=\"edgtf-bli-excerpt\">\n\t\t        \t<div class=\"edgtf-post-read-more-button\">\n\t\t<a itemprop=\"url\" href=\"https:\/\/orthodoxeroumain.fr\/video\/2021\/01\/16\/pilda-fiului-risipitor\/\" target=\"_self\"  class=\"edgtf-btn edgtf-btn-medium edgtf-btn-simple edgtf-btn- edgtf-blog-list-button edgtf-hover-animation\"  >    <span class=\"edgtf-btn-text\">Read More<\/span>    <\/a>\t<\/div>\n\t        <\/div>\n        <\/div>\n\t<\/div>\n<\/li><li class=\"edgtf-bl-item edgtf-item-space clearfix\">\n\t<div class=\"edgtf-bli-inner\">\n\t\t\n\t<div class=\"edgtf-post-image\">\n\t\t            <a itemprop=\"url\" href=\"https:\/\/orthodoxeroumain.fr\/video\/2021\/01\/16\/intalnirea-cu-cultura-lumii-inconjuratoare-dezavantaj-sau-folos-pentru-crestin-sf-vasile-cel-mare\/\" title=\"\u00cent\u00e2lnirea cu cultura lumii \u00eenconjur\u0103toare: dezavantaj sau folos pentru cre\u0219tin? Sf. Vasile cel Mare\">\n\t\t\t\t\t<img loading=\"lazy\" decoding=\"async\" width=\"480\" height=\"360\" src=\"https:\/\/orthodoxeroumain.fr\/video\/wp-content\/uploads\/2021\/01\/hqdefault-18.jpg\" class=\"attachment-full size-full wp-post-image\" alt=\"\" srcset=\"https:\/\/orthodoxeroumain.fr\/video\/wp-content\/uploads\/2021\/01\/hqdefault-18.jpg 480w, https:\/\/orthodoxeroumain.fr\/video\/wp-content\/uploads\/2021\/01\/hqdefault-18-300x225.jpg 300w\" sizes=\"auto, (max-width: 480px) 100vw, 480px\" \/>\t\t\t\t\t\t\t\t\t<\/a>\n\t\t\t\t\t<\/div>\n        <div class=\"edgtf-bli-content\">\n                            <div class=\"edgtf-bli-info\">\n\t                <div itemprop=\"dateCreated\" class=\"edgtf-post-info-date entry-date published updated\">\n\t\t\t<a itemprop=\"url\" href=\"https:\/\/orthodoxeroumain.fr\/video\/2021\/01\/\">\n\t\t\t\t\t\t16 ianuarie 2021\t\t<\/a>\n\t\t<meta itemprop=\"interactionCount\" content=\"UserComments: 0\"\/>\n<\/div><div class=\"edgtf-post-info-author\">\n    <span class=\"edgtf-post-info-author-text\">\n        by    <\/span>\n    <a itemprop=\"author\" class=\"edgtf-post-info-author-link\" href=\"https:\/\/orthodoxeroumain.fr\/video\/author\/sulpice\/\">\n        sulpice    <\/a>\n<\/div>                <\/div>\n            \t\n\t        \n<h4 itemprop=\"name\" class=\"entry-title edgtf-post-title\" >\n            <a itemprop=\"url\" href=\"https:\/\/orthodoxeroumain.fr\/video\/2021\/01\/16\/intalnirea-cu-cultura-lumii-inconjuratoare-dezavantaj-sau-folos-pentru-crestin-sf-vasile-cel-mare\/\" title=\"\u00cent\u00e2lnirea cu cultura lumii \u00eenconjur\u0103toare: dezavantaj sau folos pentru cre\u0219tin? Sf. Vasile cel Mare\">\n            \u00cent\u00e2lnirea cu cultura lumii \u00eenconjur\u0103toare: dezavantaj sau folos pentru cre\u0219tin? Sf. Vasile cel Mare            <\/a>\n    <\/h4>\t\n\t        <div class=\"edgtf-bli-excerpt\">\n\t\t        \t<div class=\"edgtf-post-read-more-button\">\n\t\t<a itemprop=\"url\" href=\"https:\/\/orthodoxeroumain.fr\/video\/2021\/01\/16\/intalnirea-cu-cultura-lumii-inconjuratoare-dezavantaj-sau-folos-pentru-crestin-sf-vasile-cel-mare\/\" target=\"_self\"  class=\"edgtf-btn edgtf-btn-medium edgtf-btn-simple edgtf-btn- edgtf-blog-list-button edgtf-hover-animation\"  >    <span class=\"edgtf-btn-text\">Read More<\/span>    <\/a>\t<\/div>\n\t        <\/div>\n        <\/div>\n\t<\/div>\n<\/li><li class=\"edgtf-bl-item edgtf-item-space clearfix\">\n\t<div class=\"edgtf-bli-inner\">\n\t\t\n\t<div class=\"edgtf-post-image\">\n\t\t            <a itemprop=\"url\" href=\"https:\/\/orthodoxeroumain.fr\/video\/2021\/01\/16\/despre-discretie-si-despre-relatia-cu-puterea\/\" title=\"Despre discre\u021bie \u0219i despre rela\u021bia cu puterea\">\n\t\t\t\t\t<img loading=\"lazy\" decoding=\"async\" width=\"640\" height=\"480\" src=\"https:\/\/orthodoxeroumain.fr\/video\/wp-content\/uploads\/2021\/01\/sddefault-33.jpg\" class=\"attachment-full size-full wp-post-image\" alt=\"\" srcset=\"https:\/\/orthodoxeroumain.fr\/video\/wp-content\/uploads\/2021\/01\/sddefault-33.jpg 640w, https:\/\/orthodoxeroumain.fr\/video\/wp-content\/uploads\/2021\/01\/sddefault-33-300x225.jpg 300w\" sizes=\"auto, (max-width: 640px) 100vw, 640px\" \/>\t\t\t\t\t\t\t\t\t<\/a>\n\t\t\t\t\t<\/div>\n        <div class=\"edgtf-bli-content\">\n                            <div class=\"edgtf-bli-info\">\n\t                <div itemprop=\"dateCreated\" class=\"edgtf-post-info-date entry-date published updated\">\n\t\t\t<a itemprop=\"url\" href=\"https:\/\/orthodoxeroumain.fr\/video\/2021\/01\/\">\n\t\t\t\t\t\t16 ianuarie 2021\t\t<\/a>\n\t\t<meta itemprop=\"interactionCount\" content=\"UserComments: 0\"\/>\n<\/div><div class=\"edgtf-post-info-author\">\n    <span class=\"edgtf-post-info-author-text\">\n        by    <\/span>\n    <a itemprop=\"author\" class=\"edgtf-post-info-author-link\" href=\"https:\/\/orthodoxeroumain.fr\/video\/author\/sulpice\/\">\n        sulpice    <\/a>\n<\/div>                <\/div>\n            \t\n\t        \n<h4 itemprop=\"name\" class=\"entry-title edgtf-post-title\" >\n            <a itemprop=\"url\" href=\"https:\/\/orthodoxeroumain.fr\/video\/2021\/01\/16\/despre-discretie-si-despre-relatia-cu-puterea\/\" title=\"Despre discre\u021bie \u0219i despre rela\u021bia cu puterea\">\n            Despre discre\u021bie \u0219i despre rela\u021bia cu puterea            <\/a>\n    <\/h4>\t\n\t        <div class=\"edgtf-bli-excerpt\">\n\t\t        \t<div class=\"edgtf-post-read-more-button\">\n\t\t<a itemprop=\"url\" href=\"https:\/\/orthodoxeroumain.fr\/video\/2021\/01\/16\/despre-discretie-si-despre-relatia-cu-puterea\/\" target=\"_self\"  class=\"edgtf-btn edgtf-btn-medium edgtf-btn-simple edgtf-btn- edgtf-blog-list-button edgtf-hover-animation\"  >    <span class=\"edgtf-btn-text\">Read More<\/span>    <\/a>\t<\/div>\n\t        <\/div>\n        <\/div>\n\t<\/div>\n<\/li><li class=\"edgtf-bl-item edgtf-item-space clearfix\">\n\t<div class=\"edgtf-bli-inner\">\n\t\t\n\t<div class=\"edgtf-post-image\">\n\t\t            <a itemprop=\"url\" href=\"https:\/\/orthodoxeroumain.fr\/video\/2021\/01\/16\/elemente-de-antropologie-comparata-intre-teologie-si-dezvoltarea-inteligentei-artificiale\/\" title=\"Elemente de antropologie comparat\u0103 \u00eentre teologie \u0219i dezvoltarea Inteligen\u021bei Artificiale\">\n\t\t\t\t\t<img loading=\"lazy\" decoding=\"async\" width=\"480\" height=\"360\" src=\"https:\/\/orthodoxeroumain.fr\/video\/wp-content\/uploads\/2021\/01\/hqdefault-15.jpg\" class=\"attachment-full size-full wp-post-image\" alt=\"\" srcset=\"https:\/\/orthodoxeroumain.fr\/video\/wp-content\/uploads\/2021\/01\/hqdefault-15.jpg 480w, https:\/\/orthodoxeroumain.fr\/video\/wp-content\/uploads\/2021\/01\/hqdefault-15-300x225.jpg 300w\" sizes=\"auto, (max-width: 480px) 100vw, 480px\" \/>\t\t\t\t\t\t\t\t\t<\/a>\n\t\t\t\t\t<\/div>\n        <div class=\"edgtf-bli-content\">\n                            <div class=\"edgtf-bli-info\">\n\t                <div itemprop=\"dateCreated\" class=\"edgtf-post-info-date entry-date published updated\">\n\t\t\t<a itemprop=\"url\" href=\"https:\/\/orthodoxeroumain.fr\/video\/2021\/01\/\">\n\t\t\t\t\t\t16 ianuarie 2021\t\t<\/a>\n\t\t<meta itemprop=\"interactionCount\" content=\"UserComments: 0\"\/>\n<\/div><div class=\"edgtf-post-info-author\">\n    <span class=\"edgtf-post-info-author-text\">\n        by    <\/span>\n    <a itemprop=\"author\" class=\"edgtf-post-info-author-link\" href=\"https:\/\/orthodoxeroumain.fr\/video\/author\/sulpice\/\">\n        sulpice    <\/a>\n<\/div>                <\/div>\n            \t\n\t        \n<h4 itemprop=\"name\" class=\"entry-title edgtf-post-title\" >\n            <a itemprop=\"url\" href=\"https:\/\/orthodoxeroumain.fr\/video\/2021\/01\/16\/elemente-de-antropologie-comparata-intre-teologie-si-dezvoltarea-inteligentei-artificiale\/\" title=\"Elemente de antropologie comparat\u0103 \u00eentre teologie \u0219i dezvoltarea Inteligen\u021bei Artificiale\">\n            Elemente de antropologie comparat\u0103 \u00eentre teologie \u0219i dezvoltarea Inteligen\u021bei Artificiale            <\/a>\n    <\/h4>\t\n\t        <div class=\"edgtf-bli-excerpt\">\n\t\t        \t<div class=\"edgtf-post-read-more-button\">\n\t\t<a itemprop=\"url\" href=\"https:\/\/orthodoxeroumain.fr\/video\/2021\/01\/16\/elemente-de-antropologie-comparata-intre-teologie-si-dezvoltarea-inteligentei-artificiale\/\" target=\"_self\"  class=\"edgtf-btn edgtf-btn-medium edgtf-btn-simple edgtf-btn- edgtf-blog-list-button edgtf-hover-animation\"  >    <span class=\"edgtf-btn-text\">Read More<\/span>    <\/a>\t<\/div>\n\t        <\/div>\n        <\/div>\n\t<\/div>\n<\/li><li class=\"edgtf-bl-item edgtf-item-space clearfix\">\n\t<div class=\"edgtf-bli-inner\">\n\t\t\n\t<div class=\"edgtf-post-image\">\n\t\t            <a itemprop=\"url\" href=\"https:\/\/orthodoxeroumain.fr\/video\/2021\/01\/16\/la-ce-serveste-viata-bisericii-cu-ce-deranjeaza-ea\/\" title=\"La ce serve\u0219te via\u021ba Bisericii? Cu ce deranjeaz\u0103 ea?\">\n\t\t\t\t\t<img loading=\"lazy\" decoding=\"async\" width=\"640\" height=\"480\" src=\"https:\/\/orthodoxeroumain.fr\/video\/wp-content\/uploads\/2021\/01\/sddefault-32.jpg\" class=\"attachment-full size-full wp-post-image\" alt=\"\" srcset=\"https:\/\/orthodoxeroumain.fr\/video\/wp-content\/uploads\/2021\/01\/sddefault-32.jpg 640w, https:\/\/orthodoxeroumain.fr\/video\/wp-content\/uploads\/2021\/01\/sddefault-32-300x225.jpg 300w\" sizes=\"auto, (max-width: 640px) 100vw, 640px\" \/>\t\t\t\t\t\t\t\t\t<\/a>\n\t\t\t\t\t<\/div>\n        <div class=\"edgtf-bli-content\">\n                            <div class=\"edgtf-bli-info\">\n\t                <div itemprop=\"dateCreated\" class=\"edgtf-post-info-date entry-date published updated\">\n\t\t\t<a itemprop=\"url\" href=\"https:\/\/orthodoxeroumain.fr\/video\/2021\/01\/\">\n\t\t\t\t\t\t16 ianuarie 2021\t\t<\/a>\n\t\t<meta itemprop=\"interactionCount\" content=\"UserComments: 0\"\/>\n<\/div><div class=\"edgtf-post-info-author\">\n    <span class=\"edgtf-post-info-author-text\">\n        by    <\/span>\n    <a itemprop=\"author\" class=\"edgtf-post-info-author-link\" href=\"https:\/\/orthodoxeroumain.fr\/video\/author\/sulpice\/\">\n        sulpice    <\/a>\n<\/div>                <\/div>\n            \t\n\t        \n<h4 itemprop=\"name\" class=\"entry-title edgtf-post-title\" >\n            <a itemprop=\"url\" href=\"https:\/\/orthodoxeroumain.fr\/video\/2021\/01\/16\/la-ce-serveste-viata-bisericii-cu-ce-deranjeaza-ea\/\" title=\"La ce serve\u0219te via\u021ba Bisericii? Cu ce deranjeaz\u0103 ea?\">\n            La ce serve\u0219te via\u021ba Bisericii? Cu ce deranjeaz\u0103 ea?            <\/a>\n    <\/h4>\t\n\t        <div class=\"edgtf-bli-excerpt\">\n\t\t        \t<div class=\"edgtf-post-read-more-button\">\n\t\t<a itemprop=\"url\" href=\"https:\/\/orthodoxeroumain.fr\/video\/2021\/01\/16\/la-ce-serveste-viata-bisericii-cu-ce-deranjeaza-ea\/\" target=\"_self\"  class=\"edgtf-btn edgtf-btn-medium edgtf-btn-simple edgtf-btn- edgtf-blog-list-button edgtf-hover-animation\"  >    <span class=\"edgtf-btn-text\">Read More<\/span>    <\/a>\t<\/div>\n\t        <\/div>\n        <\/div>\n\t<\/div>\n<\/li><li class=\"edgtf-bl-item edgtf-item-space clearfix\">\n\t<div class=\"edgtf-bli-inner\">\n\t\t\n\t<div class=\"edgtf-post-image\">\n\t\t            <a itemprop=\"url\" href=\"https:\/\/orthodoxeroumain.fr\/video\/2021\/01\/16\/apararea-credintei\/\" title=\"Ap\u0103rarea credin\u021bei\">\n\t\t\t\t\t<img loading=\"lazy\" decoding=\"async\" width=\"480\" height=\"360\" src=\"https:\/\/orthodoxeroumain.fr\/video\/wp-content\/uploads\/2021\/01\/hqdefault-14.jpg\" class=\"attachment-full size-full wp-post-image\" alt=\"\" srcset=\"https:\/\/orthodoxeroumain.fr\/video\/wp-content\/uploads\/2021\/01\/hqdefault-14.jpg 480w, https:\/\/orthodoxeroumain.fr\/video\/wp-content\/uploads\/2021\/01\/hqdefault-14-300x225.jpg 300w\" sizes=\"auto, (max-width: 480px) 100vw, 480px\" \/>\t\t\t\t\t\t\t\t\t<\/a>\n\t\t\t\t\t<\/div>\n        <div class=\"edgtf-bli-content\">\n                            <div class=\"edgtf-bli-info\">\n\t                <div itemprop=\"dateCreated\" class=\"edgtf-post-info-date entry-date published updated\">\n\t\t\t<a itemprop=\"url\" href=\"https:\/\/orthodoxeroumain.fr\/video\/2021\/01\/\">\n\t\t\t\t\t\t16 ianuarie 2021\t\t<\/a>\n\t\t<meta itemprop=\"interactionCount\" content=\"UserComments: 0\"\/>\n<\/div><div class=\"edgtf-post-info-author\">\n    <span class=\"edgtf-post-info-author-text\">\n        by    <\/span>\n    <a itemprop=\"author\" class=\"edgtf-post-info-author-link\" href=\"https:\/\/orthodoxeroumain.fr\/video\/author\/sulpice\/\">\n        sulpice    <\/a>\n<\/div>                <\/div>\n            \t\n\t        \n<h4 itemprop=\"name\" class=\"entry-title edgtf-post-title\" >\n            <a itemprop=\"url\" href=\"https:\/\/orthodoxeroumain.fr\/video\/2021\/01\/16\/apararea-credintei\/\" title=\"Ap\u0103rarea credin\u021bei\">\n            Ap\u0103rarea credin\u021bei            <\/a>\n    <\/h4>\t\n\t        <div class=\"edgtf-bli-excerpt\">\n\t\t        \t<div class=\"edgtf-post-read-more-button\">\n\t\t<a itemprop=\"url\" href=\"https:\/\/orthodoxeroumain.fr\/video\/2021\/01\/16\/apararea-credintei\/\" target=\"_self\"  class=\"edgtf-btn edgtf-btn-medium edgtf-btn-simple edgtf-btn- edgtf-blog-list-button edgtf-hover-animation\"  >    <span class=\"edgtf-btn-text\">Read More<\/span>    <\/a>\t<\/div>\n\t        <\/div>\n        <\/div>\n\t<\/div>\n<\/li><li class=\"edgtf-bl-item edgtf-item-space clearfix\">\n\t<div class=\"edgtf-bli-inner\">\n\t\t\n\t<div class=\"edgtf-post-image\">\n\t\t            <a itemprop=\"url\" href=\"https:\/\/orthodoxeroumain.fr\/video\/2021\/01\/13\/ce-este-credinta-transmiterea-credintei\/\" title=\"Ce este credin\u021ba? Transmiterea credin\u021bei.\">\n\t\t\t\t\t<img loading=\"lazy\" decoding=\"async\" width=\"640\" height=\"480\" src=\"https:\/\/orthodoxeroumain.fr\/video\/wp-content\/uploads\/2021\/01\/sddefault-27.jpg\" class=\"attachment-full size-full wp-post-image\" alt=\"\" srcset=\"https:\/\/orthodoxeroumain.fr\/video\/wp-content\/uploads\/2021\/01\/sddefault-27.jpg 640w, https:\/\/orthodoxeroumain.fr\/video\/wp-content\/uploads\/2021\/01\/sddefault-27-300x225.jpg 300w\" sizes=\"auto, (max-width: 640px) 100vw, 640px\" \/>\t\t\t\t\t\t\t\t\t<\/a>\n\t\t\t\t\t<\/div>\n        <div class=\"edgtf-bli-content\">\n                            <div class=\"edgtf-bli-info\">\n\t                <div itemprop=\"dateCreated\" class=\"edgtf-post-info-date entry-date published updated\">\n\t\t\t<a itemprop=\"url\" href=\"https:\/\/orthodoxeroumain.fr\/video\/2021\/01\/\">\n\t\t\t\t\t\t13 ianuarie 2021\t\t<\/a>\n\t\t<meta itemprop=\"interactionCount\" content=\"UserComments: 0\"\/>\n<\/div><div class=\"edgtf-post-info-author\">\n    <span class=\"edgtf-post-info-author-text\">\n        by    <\/span>\n    <a itemprop=\"author\" class=\"edgtf-post-info-author-link\" href=\"https:\/\/orthodoxeroumain.fr\/video\/author\/sulpice\/\">\n        sulpice    <\/a>\n<\/div>                <\/div>\n            \t\n\t        \n<h4 itemprop=\"name\" class=\"entry-title edgtf-post-title\" >\n            <a itemprop=\"url\" href=\"https:\/\/orthodoxeroumain.fr\/video\/2021\/01\/13\/ce-este-credinta-transmiterea-credintei\/\" title=\"Ce este credin\u021ba? Transmiterea credin\u021bei.\">\n            Ce este credin\u021ba? Transmiterea credin\u021bei.            <\/a>\n    <\/h4>\t\n\t        <div class=\"edgtf-bli-excerpt\">\n\t\t        \t<div class=\"edgtf-post-read-more-button\">\n\t\t<a itemprop=\"url\" href=\"https:\/\/orthodoxeroumain.fr\/video\/2021\/01\/13\/ce-este-credinta-transmiterea-credintei\/\" target=\"_self\"  class=\"edgtf-btn edgtf-btn-medium edgtf-btn-simple edgtf-btn- edgtf-blog-list-button edgtf-hover-animation\"  >    <span class=\"edgtf-btn-text\">Read More<\/span>    <\/a>\t<\/div>\n\t        <\/div>\n        <\/div>\n\t<\/div>\n<\/li><li class=\"edgtf-bl-item edgtf-item-space clearfix\">\n\t<div class=\"edgtf-bli-inner\">\n\t\t\n\t<div class=\"edgtf-post-image\">\n\t\t            <a itemprop=\"url\" href=\"https:\/\/orthodoxeroumain.fr\/video\/2021\/01\/13\/transmiterea-credintei-preliminarii\/\" title=\"Transmiterea credin\u021bei. Preliminarii.\">\n\t\t\t\t\t<img loading=\"lazy\" decoding=\"async\" width=\"640\" height=\"480\" src=\"https:\/\/orthodoxeroumain.fr\/video\/wp-content\/uploads\/2021\/01\/sddefault-26.jpg\" class=\"attachment-full size-full wp-post-image\" alt=\"\" srcset=\"https:\/\/orthodoxeroumain.fr\/video\/wp-content\/uploads\/2021\/01\/sddefault-26.jpg 640w, https:\/\/orthodoxeroumain.fr\/video\/wp-content\/uploads\/2021\/01\/sddefault-26-300x225.jpg 300w\" sizes=\"auto, (max-width: 640px) 100vw, 640px\" \/>\t\t\t\t\t\t\t\t\t<\/a>\n\t\t\t\t\t<\/div>\n        <div class=\"edgtf-bli-content\">\n                            <div class=\"edgtf-bli-info\">\n\t                <div itemprop=\"dateCreated\" class=\"edgtf-post-info-date entry-date published updated\">\n\t\t\t<a itemprop=\"url\" href=\"https:\/\/orthodoxeroumain.fr\/video\/2021\/01\/\">\n\t\t\t\t\t\t13 ianuarie 2021\t\t<\/a>\n\t\t<meta itemprop=\"interactionCount\" content=\"UserComments: 0\"\/>\n<\/div><div class=\"edgtf-post-info-author\">\n    <span class=\"edgtf-post-info-author-text\">\n        by    <\/span>\n    <a itemprop=\"author\" class=\"edgtf-post-info-author-link\" href=\"https:\/\/orthodoxeroumain.fr\/video\/author\/sulpice\/\">\n        sulpice    <\/a>\n<\/div>                <\/div>\n            \t\n\t        \n<h4 itemprop=\"name\" class=\"entry-title edgtf-post-title\" >\n            <a itemprop=\"url\" href=\"https:\/\/orthodoxeroumain.fr\/video\/2021\/01\/13\/transmiterea-credintei-preliminarii\/\" title=\"Transmiterea credin\u021bei. Preliminarii.\">\n            Transmiterea credin\u021bei. Preliminarii.            <\/a>\n    <\/h4>\t\n\t        <div class=\"edgtf-bli-excerpt\">\n\t\t        \t<div class=\"edgtf-post-read-more-button\">\n\t\t<a itemprop=\"url\" href=\"https:\/\/orthodoxeroumain.fr\/video\/2021\/01\/13\/transmiterea-credintei-preliminarii\/\" target=\"_self\"  class=\"edgtf-btn edgtf-btn-medium edgtf-btn-simple edgtf-btn- edgtf-blog-list-button edgtf-hover-animation\"  >    <span class=\"edgtf-btn-text\">Read More<\/span>    <\/a>\t<\/div>\n\t        <\/div>\n        <\/div>\n\t<\/div>\n<\/li><li class=\"edgtf-bl-item edgtf-item-space clearfix\">\n\t<div class=\"edgtf-bli-inner\">\n\t\t\n\t<div class=\"edgtf-post-image\">\n\t\t            <a itemprop=\"url\" href=\"https:\/\/orthodoxeroumain.fr\/video\/2021\/01\/13\/despre-experientele-de-negrait-schimbarea-la-fata-untold-partea-a-ii-a\/\" title=\"Despre experien\u021bele de negr\u0103it. Schimbarea la fa\u021b\u0103. Untold. Partea a II-a\">\n\t\t\t\t\t<img loading=\"lazy\" decoding=\"async\" width=\"640\" height=\"480\" src=\"https:\/\/orthodoxeroumain.fr\/video\/wp-content\/uploads\/2021\/01\/sddefault-25.jpg\" class=\"attachment-full size-full wp-post-image\" alt=\"\" srcset=\"https:\/\/orthodoxeroumain.fr\/video\/wp-content\/uploads\/2021\/01\/sddefault-25.jpg 640w, https:\/\/orthodoxeroumain.fr\/video\/wp-content\/uploads\/2021\/01\/sddefault-25-300x225.jpg 300w\" sizes=\"auto, (max-width: 640px) 100vw, 640px\" \/>\t\t\t\t\t\t\t\t\t<\/a>\n\t\t\t\t\t<\/div>\n        <div class=\"edgtf-bli-content\">\n                            <div class=\"edgtf-bli-info\">\n\t                <div itemprop=\"dateCreated\" class=\"edgtf-post-info-date entry-date published updated\">\n\t\t\t<a itemprop=\"url\" href=\"https:\/\/orthodoxeroumain.fr\/video\/2021\/01\/\">\n\t\t\t\t\t\t13 ianuarie 2021\t\t<\/a>\n\t\t<meta itemprop=\"interactionCount\" content=\"UserComments: 0\"\/>\n<\/div><div class=\"edgtf-post-info-author\">\n    <span class=\"edgtf-post-info-author-text\">\n        by    <\/span>\n    <a itemprop=\"author\" class=\"edgtf-post-info-author-link\" href=\"https:\/\/orthodoxeroumain.fr\/video\/author\/sulpice\/\">\n        sulpice    <\/a>\n<\/div>                <\/div>\n            \t\n\t        \n<h4 itemprop=\"name\" class=\"entry-title edgtf-post-title\" >\n            <a itemprop=\"url\" href=\"https:\/\/orthodoxeroumain.fr\/video\/2021\/01\/13\/despre-experientele-de-negrait-schimbarea-la-fata-untold-partea-a-ii-a\/\" title=\"Despre experien\u021bele de negr\u0103it. Schimbarea la fa\u021b\u0103. Untold. Partea a II-a\">\n            Despre experien\u021bele de negr\u0103it. Schimbarea la fa\u021b\u0103. Untold. Partea a II-a            <\/a>\n    <\/h4>\t\n\t        <div class=\"edgtf-bli-excerpt\">\n\t\t        \t<div class=\"edgtf-post-read-more-button\">\n\t\t<a itemprop=\"url\" href=\"https:\/\/orthodoxeroumain.fr\/video\/2021\/01\/13\/despre-experientele-de-negrait-schimbarea-la-fata-untold-partea-a-ii-a\/\" target=\"_self\"  class=\"edgtf-btn edgtf-btn-medium edgtf-btn-simple edgtf-btn- edgtf-blog-list-button edgtf-hover-animation\"  >    <span class=\"edgtf-btn-text\">Read More<\/span>    <\/a>\t<\/div>\n\t        <\/div>\n        <\/div>\n\t<\/div>\n<\/li><li class=\"edgtf-bl-item edgtf-item-space clearfix\">\n\t<div class=\"edgtf-bli-inner\">\n\t\t\n\t<div class=\"edgtf-post-image\">\n\t\t            <a itemprop=\"url\" href=\"https:\/\/orthodoxeroumain.fr\/video\/2021\/01\/13\/experientele-de-negrait-schimbarea-la-fata-untold\/\" title=\"Experien\u021bele de negr\u0103it. Schimbarea la fa\u021b\u0103. Untold.\">\n\t\t\t\t\t<img loading=\"lazy\" decoding=\"async\" width=\"640\" height=\"480\" src=\"https:\/\/orthodoxeroumain.fr\/video\/wp-content\/uploads\/2021\/01\/sddefault-29.jpg\" class=\"attachment-full size-full wp-post-image\" alt=\"\" srcset=\"https:\/\/orthodoxeroumain.fr\/video\/wp-content\/uploads\/2021\/01\/sddefault-29.jpg 640w, https:\/\/orthodoxeroumain.fr\/video\/wp-content\/uploads\/2021\/01\/sddefault-29-300x225.jpg 300w\" sizes=\"auto, (max-width: 640px) 100vw, 640px\" \/>\t\t\t\t\t\t\t\t\t<\/a>\n\t\t\t\t\t<\/div>\n        <div class=\"edgtf-bli-content\">\n                            <div class=\"edgtf-bli-info\">\n\t                <div itemprop=\"dateCreated\" class=\"edgtf-post-info-date entry-date published updated\">\n\t\t\t<a itemprop=\"url\" href=\"https:\/\/orthodoxeroumain.fr\/video\/2021\/01\/\">\n\t\t\t\t\t\t13 ianuarie 2021\t\t<\/a>\n\t\t<meta itemprop=\"interactionCount\" content=\"UserComments: 0\"\/>\n<\/div><div class=\"edgtf-post-info-author\">\n    <span class=\"edgtf-post-info-author-text\">\n        by    <\/span>\n    <a itemprop=\"author\" class=\"edgtf-post-info-author-link\" href=\"https:\/\/orthodoxeroumain.fr\/video\/author\/sulpice\/\">\n        sulpice    <\/a>\n<\/div>                <\/div>\n            \t\n\t        \n<h4 itemprop=\"name\" class=\"entry-title edgtf-post-title\" >\n            <a itemprop=\"url\" href=\"https:\/\/orthodoxeroumain.fr\/video\/2021\/01\/13\/experientele-de-negrait-schimbarea-la-fata-untold\/\" title=\"Experien\u021bele de negr\u0103it. Schimbarea la fa\u021b\u0103. Untold.\">\n            Experien\u021bele de negr\u0103it. Schimbarea la fa\u021b\u0103. Untold.            <\/a>\n    <\/h4>\t\n\t        <div class=\"edgtf-bli-excerpt\">\n\t\t        \t<div class=\"edgtf-post-read-more-button\">\n\t\t<a itemprop=\"url\" href=\"https:\/\/orthodoxeroumain.fr\/video\/2021\/01\/13\/experientele-de-negrait-schimbarea-la-fata-untold\/\" target=\"_self\"  class=\"edgtf-btn edgtf-btn-medium edgtf-btn-simple edgtf-btn- edgtf-blog-list-button edgtf-hover-animation\"  >    <span class=\"edgtf-btn-text\">Read More<\/span>    <\/a>\t<\/div>\n\t        <\/div>\n        <\/div>\n\t<\/div>\n<\/li><li class=\"edgtf-bl-item edgtf-item-space clearfix\">\n\t<div class=\"edgtf-bli-inner\">\n\t\t\n\t<div class=\"edgtf-post-image\">\n\t\t            <a itemprop=\"url\" href=\"https:\/\/orthodoxeroumain.fr\/video\/2021\/01\/13\/ortodoxie-si-politica\/\" title=\"Ortodoxie \u0219i politic\u0103\">\n\t\t\t\t\t<img loading=\"lazy\" decoding=\"async\" width=\"640\" height=\"480\" src=\"https:\/\/orthodoxeroumain.fr\/video\/wp-content\/uploads\/2021\/01\/sddefault-30.jpg\" class=\"attachment-full size-full wp-post-image\" alt=\"\" srcset=\"https:\/\/orthodoxeroumain.fr\/video\/wp-content\/uploads\/2021\/01\/sddefault-30.jpg 640w, https:\/\/orthodoxeroumain.fr\/video\/wp-content\/uploads\/2021\/01\/sddefault-30-300x225.jpg 300w\" sizes=\"auto, (max-width: 640px) 100vw, 640px\" \/>\t\t\t\t\t\t\t\t\t<\/a>\n\t\t\t\t\t<\/div>\n        <div class=\"edgtf-bli-content\">\n                            <div class=\"edgtf-bli-info\">\n\t                <div itemprop=\"dateCreated\" class=\"edgtf-post-info-date entry-date published updated\">\n\t\t\t<a itemprop=\"url\" href=\"https:\/\/orthodoxeroumain.fr\/video\/2021\/01\/\">\n\t\t\t\t\t\t13 ianuarie 2021\t\t<\/a>\n\t\t<meta itemprop=\"interactionCount\" content=\"UserComments: 0\"\/>\n<\/div><div class=\"edgtf-post-info-author\">\n    <span class=\"edgtf-post-info-author-text\">\n        by    <\/span>\n    <a itemprop=\"author\" class=\"edgtf-post-info-author-link\" href=\"https:\/\/orthodoxeroumain.fr\/video\/author\/sulpice\/\">\n        sulpice    <\/a>\n<\/div>                <\/div>\n            \t\n\t        \n<h4 itemprop=\"name\" class=\"entry-title edgtf-post-title\" >\n            <a itemprop=\"url\" href=\"https:\/\/orthodoxeroumain.fr\/video\/2021\/01\/13\/ortodoxie-si-politica\/\" title=\"Ortodoxie \u0219i politic\u0103\">\n            Ortodoxie \u0219i politic\u0103            <\/a>\n    <\/h4>\t\n\t        <div class=\"edgtf-bli-excerpt\">\n\t\t        \t<div class=\"edgtf-post-read-more-button\">\n\t\t<a itemprop=\"url\" href=\"https:\/\/orthodoxeroumain.fr\/video\/2021\/01\/13\/ortodoxie-si-politica\/\" target=\"_self\"  class=\"edgtf-btn edgtf-btn-medium edgtf-btn-simple edgtf-btn- edgtf-blog-list-button edgtf-hover-animation\"  >    <span class=\"edgtf-btn-text\">Read More<\/span>    <\/a>\t<\/div>\n\t        <\/div>\n        <\/div>\n\t<\/div>\n<\/li><li class=\"edgtf-bl-item edgtf-item-space clearfix\">\n\t<div class=\"edgtf-bli-inner\">\n\t\t\n\t<div class=\"edgtf-post-image\">\n\t\t            <a itemprop=\"url\" href=\"https:\/\/orthodoxeroumain.fr\/video\/2021\/01\/13\/marturia-noastra-prin-intermediul-facebook-provocari-oportunitati-limite\/\" title=\"M\u0103rturia noastr\u0103 prin intermediul facebook. Provoc\u0103ri, oportunit\u0103\u021bi, limite.\">\n\t\t\t\t\t<img loading=\"lazy\" decoding=\"async\" width=\"640\" height=\"480\" src=\"https:\/\/orthodoxeroumain.fr\/video\/wp-content\/uploads\/2021\/01\/sddefault-31.jpg\" class=\"attachment-full size-full wp-post-image\" alt=\"\" srcset=\"https:\/\/orthodoxeroumain.fr\/video\/wp-content\/uploads\/2021\/01\/sddefault-31.jpg 640w, https:\/\/orthodoxeroumain.fr\/video\/wp-content\/uploads\/2021\/01\/sddefault-31-300x225.jpg 300w\" sizes=\"auto, (max-width: 640px) 100vw, 640px\" \/>\t\t\t\t\t\t\t\t\t<\/a>\n\t\t\t\t\t<\/div>\n        <div class=\"edgtf-bli-content\">\n                            <div class=\"edgtf-bli-info\">\n\t                <div itemprop=\"dateCreated\" class=\"edgtf-post-info-date entry-date published updated\">\n\t\t\t<a itemprop=\"url\" href=\"https:\/\/orthodoxeroumain.fr\/video\/2021\/01\/\">\n\t\t\t\t\t\t13 ianuarie 2021\t\t<\/a>\n\t\t<meta itemprop=\"interactionCount\" content=\"UserComments: 0\"\/>\n<\/div><div class=\"edgtf-post-info-author\">\n    <span class=\"edgtf-post-info-author-text\">\n        by    <\/span>\n    <a itemprop=\"author\" class=\"edgtf-post-info-author-link\" href=\"https:\/\/orthodoxeroumain.fr\/video\/author\/sulpice\/\">\n        sulpice    <\/a>\n<\/div>                <\/div>\n            \t\n\t        \n<h4 itemprop=\"name\" class=\"entry-title edgtf-post-title\" >\n            <a itemprop=\"url\" href=\"https:\/\/orthodoxeroumain.fr\/video\/2021\/01\/13\/marturia-noastra-prin-intermediul-facebook-provocari-oportunitati-limite\/\" title=\"M\u0103rturia noastr\u0103 prin intermediul facebook. Provoc\u0103ri, oportunit\u0103\u021bi, limite.\">\n            M\u0103rturia noastr\u0103 prin intermediul facebook. Provoc\u0103ri, oportunit\u0103\u021bi, limite.            <\/a>\n    <\/h4>\t\n\t        <div class=\"edgtf-bli-excerpt\">\n\t\t        \t<div class=\"edgtf-post-read-more-button\">\n\t\t<a itemprop=\"url\" href=\"https:\/\/orthodoxeroumain.fr\/video\/2021\/01\/13\/marturia-noastra-prin-intermediul-facebook-provocari-oportunitati-limite\/\" target=\"_self\"  class=\"edgtf-btn edgtf-btn-medium edgtf-btn-simple edgtf-btn- edgtf-blog-list-button edgtf-hover-animation\"  >    <span class=\"edgtf-btn-text\">Read More<\/span>    <\/a>\t<\/div>\n\t        <\/div>\n        <\/div>\n\t<\/div>\n<\/li><li class=\"edgtf-bl-item edgtf-item-space clearfix\">\n\t<div class=\"edgtf-bli-inner\">\n\t\t\n\t<div class=\"edgtf-post-image\">\n\t\t            <a itemprop=\"url\" href=\"https:\/\/orthodoxeroumain.fr\/video\/2021\/01\/13\/provocarile-lumii-contemporane-specificul-ortodoxiei\/\" title=\"Provoc\u0103rile lumii contemporane. Specificul Ortodoxiei?\">\n\t\t\t\t\t<img loading=\"lazy\" decoding=\"async\" width=\"640\" height=\"480\" src=\"https:\/\/orthodoxeroumain.fr\/video\/wp-content\/uploads\/2021\/01\/sddefault-24.jpg\" class=\"attachment-full size-full wp-post-image\" alt=\"\" srcset=\"https:\/\/orthodoxeroumain.fr\/video\/wp-content\/uploads\/2021\/01\/sddefault-24.jpg 640w, https:\/\/orthodoxeroumain.fr\/video\/wp-content\/uploads\/2021\/01\/sddefault-24-300x225.jpg 300w\" sizes=\"auto, (max-width: 640px) 100vw, 640px\" \/>\t\t\t\t\t\t\t\t\t<\/a>\n\t\t\t\t\t<\/div>\n        <div class=\"edgtf-bli-content\">\n                            <div class=\"edgtf-bli-info\">\n\t                <div itemprop=\"dateCreated\" class=\"edgtf-post-info-date entry-date published updated\">\n\t\t\t<a itemprop=\"url\" href=\"https:\/\/orthodoxeroumain.fr\/video\/2021\/01\/\">\n\t\t\t\t\t\t13 ianuarie 2021\t\t<\/a>\n\t\t<meta itemprop=\"interactionCount\" content=\"UserComments: 0\"\/>\n<\/div><div class=\"edgtf-post-info-author\">\n    <span class=\"edgtf-post-info-author-text\">\n        by    <\/span>\n    <a itemprop=\"author\" class=\"edgtf-post-info-author-link\" href=\"https:\/\/orthodoxeroumain.fr\/video\/author\/sulpice\/\">\n        sulpice    <\/a>\n<\/div>                <\/div>\n            \t\n\t        \n<h4 itemprop=\"name\" class=\"entry-title edgtf-post-title\" >\n            <a itemprop=\"url\" href=\"https:\/\/orthodoxeroumain.fr\/video\/2021\/01\/13\/provocarile-lumii-contemporane-specificul-ortodoxiei\/\" title=\"Provoc\u0103rile lumii contemporane. Specificul Ortodoxiei?\">\n            Provoc\u0103rile lumii contemporane. Specificul Ortodoxiei?            <\/a>\n    <\/h4>\t\n\t        <div class=\"edgtf-bli-excerpt\">\n\t\t        \t<div class=\"edgtf-post-read-more-button\">\n\t\t<a itemprop=\"url\" href=\"https:\/\/orthodoxeroumain.fr\/video\/2021\/01\/13\/provocarile-lumii-contemporane-specificul-ortodoxiei\/\" target=\"_self\"  class=\"edgtf-btn edgtf-btn-medium edgtf-btn-simple edgtf-btn- edgtf-blog-list-button edgtf-hover-animation\"  >    <span class=\"edgtf-btn-text\">Read More<\/span>    <\/a>\t<\/div>\n\t        <\/div>\n        <\/div>\n\t<\/div>\n<\/li><li class=\"edgtf-bl-item edgtf-item-space clearfix\">\n\t<div class=\"edgtf-bli-inner\">\n\t\t\n\t<div class=\"edgtf-post-image\">\n\t\t            <a itemprop=\"url\" href=\"https:\/\/orthodoxeroumain.fr\/video\/2021\/01\/13\/raspunsuri-la-intrebari-pentru-omul-de-azi-teologie-aplicata\/\" title=\"R\u0103spunsuri la \u00eentreb\u0103ri pentru omul de azi. Teologie aplicat\u0103.\">\n\t\t\t\t\t<img loading=\"lazy\" decoding=\"async\" width=\"640\" height=\"480\" src=\"https:\/\/orthodoxeroumain.fr\/video\/wp-content\/uploads\/2021\/01\/sddefault-28.jpg\" class=\"attachment-full size-full wp-post-image\" alt=\"\" srcset=\"https:\/\/orthodoxeroumain.fr\/video\/wp-content\/uploads\/2021\/01\/sddefault-28.jpg 640w, https:\/\/orthodoxeroumain.fr\/video\/wp-content\/uploads\/2021\/01\/sddefault-28-300x225.jpg 300w\" sizes=\"auto, (max-width: 640px) 100vw, 640px\" \/>\t\t\t\t\t\t\t\t\t<\/a>\n\t\t\t\t\t<\/div>\n        <div class=\"edgtf-bli-content\">\n                            <div class=\"edgtf-bli-info\">\n\t                <div itemprop=\"dateCreated\" class=\"edgtf-post-info-date entry-date published updated\">\n\t\t\t<a itemprop=\"url\" href=\"https:\/\/orthodoxeroumain.fr\/video\/2021\/01\/\">\n\t\t\t\t\t\t13 ianuarie 2021\t\t<\/a>\n\t\t<meta itemprop=\"interactionCount\" content=\"UserComments: 0\"\/>\n<\/div><div class=\"edgtf-post-info-author\">\n    <span class=\"edgtf-post-info-author-text\">\n        by    <\/span>\n    <a itemprop=\"author\" class=\"edgtf-post-info-author-link\" href=\"https:\/\/orthodoxeroumain.fr\/video\/author\/sulpice\/\">\n        sulpice    <\/a>\n<\/div>                <\/div>\n            \t\n\t        \n<h4 itemprop=\"name\" class=\"entry-title edgtf-post-title\" >\n            <a itemprop=\"url\" href=\"https:\/\/orthodoxeroumain.fr\/video\/2021\/01\/13\/raspunsuri-la-intrebari-pentru-omul-de-azi-teologie-aplicata\/\" title=\"R\u0103spunsuri la \u00eentreb\u0103ri pentru omul de azi. Teologie aplicat\u0103.\">\n            R\u0103spunsuri la \u00eentreb\u0103ri pentru omul de azi. Teologie aplicat\u0103.            <\/a>\n    <\/h4>\t\n\t        <div class=\"edgtf-bli-excerpt\">\n\t\t        \t<div class=\"edgtf-post-read-more-button\">\n\t\t<a itemprop=\"url\" href=\"https:\/\/orthodoxeroumain.fr\/video\/2021\/01\/13\/raspunsuri-la-intrebari-pentru-omul-de-azi-teologie-aplicata\/\" target=\"_self\"  class=\"edgtf-btn edgtf-btn-medium edgtf-btn-simple edgtf-btn- edgtf-blog-list-button edgtf-hover-animation\"  >    <span class=\"edgtf-btn-text\">Read More<\/span>    <\/a>\t<\/div>\n\t        <\/div>\n        <\/div>\n\t<\/div>\n<\/li><li class=\"edgtf-bl-item edgtf-item-space clearfix\">\n\t<div class=\"edgtf-bli-inner\">\n\t\t\n\t<div class=\"edgtf-post-image\">\n\t\t            <a itemprop=\"url\" href=\"https:\/\/orthodoxeroumain.fr\/video\/2021\/01\/12\/intelectualul-in-biserica\/\" title=\"Intelectualul \u00een Biseric\u0103\">\n\t\t\t\t\t<img loading=\"lazy\" decoding=\"async\" width=\"640\" height=\"480\" src=\"https:\/\/orthodoxeroumain.fr\/video\/wp-content\/uploads\/2021\/01\/sddefault-23.jpg\" class=\"attachment-full size-full wp-post-image\" alt=\"\" srcset=\"https:\/\/orthodoxeroumain.fr\/video\/wp-content\/uploads\/2021\/01\/sddefault-23.jpg 640w, https:\/\/orthodoxeroumain.fr\/video\/wp-content\/uploads\/2021\/01\/sddefault-23-300x225.jpg 300w\" sizes=\"auto, (max-width: 640px) 100vw, 640px\" \/>\t\t\t\t\t\t\t\t\t<\/a>\n\t\t\t\t\t<\/div>\n        <div class=\"edgtf-bli-content\">\n                            <div class=\"edgtf-bli-info\">\n\t                <div itemprop=\"dateCreated\" class=\"edgtf-post-info-date entry-date published updated\">\n\t\t\t<a itemprop=\"url\" href=\"https:\/\/orthodoxeroumain.fr\/video\/2021\/01\/\">\n\t\t\t\t\t\t12 ianuarie 2021\t\t<\/a>\n\t\t<meta itemprop=\"interactionCount\" content=\"UserComments: 0\"\/>\n<\/div><div class=\"edgtf-post-info-author\">\n    <span class=\"edgtf-post-info-author-text\">\n        by    <\/span>\n    <a itemprop=\"author\" class=\"edgtf-post-info-author-link\" href=\"https:\/\/orthodoxeroumain.fr\/video\/author\/sulpice\/\">\n        sulpice    <\/a>\n<\/div>                <\/div>\n            \t\n\t        \n<h4 itemprop=\"name\" class=\"entry-title edgtf-post-title\" >\n            <a itemprop=\"url\" href=\"https:\/\/orthodoxeroumain.fr\/video\/2021\/01\/12\/intelectualul-in-biserica\/\" title=\"Intelectualul \u00een Biseric\u0103\">\n            Intelectualul \u00een Biseric\u0103            <\/a>\n    <\/h4>\t\n\t        <div class=\"edgtf-bli-excerpt\">\n\t\t        \t<div class=\"edgtf-post-read-more-button\">\n\t\t<a itemprop=\"url\" href=\"https:\/\/orthodoxeroumain.fr\/video\/2021\/01\/12\/intelectualul-in-biserica\/\" target=\"_self\"  class=\"edgtf-btn edgtf-btn-medium edgtf-btn-simple edgtf-btn- edgtf-blog-list-button edgtf-hover-animation\"  >    <span class=\"edgtf-btn-text\">Read More<\/span>    <\/a>\t<\/div>\n\t        <\/div>\n        <\/div>\n\t<\/div>\n<\/li><li class=\"edgtf-bl-item edgtf-item-space clearfix\">\n\t<div class=\"edgtf-bli-inner\">\n\t\t\n\t<div class=\"edgtf-post-image\">\n\t\t            <a itemprop=\"url\" href=\"https:\/\/orthodoxeroumain.fr\/video\/2021\/01\/12\/cuplul-in-criza-criza-in-cuplu-ce-a-unit-dumnezeu-omul-sa-nu-desparta-cheia-reusitei\/\" title=\"Cuplul \u00een criz\u0103\/criza \u00een cuplu. Ce a unit Dumnezeu omul s\u0103 nu despart\u0103. Cheia reu\u0219itei?\">\n\t\t\t\t\t<img loading=\"lazy\" decoding=\"async\" width=\"640\" height=\"480\" src=\"https:\/\/orthodoxeroumain.fr\/video\/wp-content\/uploads\/2021\/01\/sddefault-22.jpg\" class=\"attachment-full size-full wp-post-image\" alt=\"\" srcset=\"https:\/\/orthodoxeroumain.fr\/video\/wp-content\/uploads\/2021\/01\/sddefault-22.jpg 640w, https:\/\/orthodoxeroumain.fr\/video\/wp-content\/uploads\/2021\/01\/sddefault-22-300x225.jpg 300w\" sizes=\"auto, (max-width: 640px) 100vw, 640px\" \/>\t\t\t\t\t\t\t\t\t<\/a>\n\t\t\t\t\t<\/div>\n        <div class=\"edgtf-bli-content\">\n                            <div class=\"edgtf-bli-info\">\n\t                <div itemprop=\"dateCreated\" class=\"edgtf-post-info-date entry-date published updated\">\n\t\t\t<a itemprop=\"url\" href=\"https:\/\/orthodoxeroumain.fr\/video\/2021\/01\/\">\n\t\t\t\t\t\t12 ianuarie 2021\t\t<\/a>\n\t\t<meta itemprop=\"interactionCount\" content=\"UserComments: 0\"\/>\n<\/div><div class=\"edgtf-post-info-author\">\n    <span class=\"edgtf-post-info-author-text\">\n        by    <\/span>\n    <a itemprop=\"author\" class=\"edgtf-post-info-author-link\" href=\"https:\/\/orthodoxeroumain.fr\/video\/author\/sulpice\/\">\n        sulpice    <\/a>\n<\/div>                <\/div>\n            \t\n\t        \n<h4 itemprop=\"name\" class=\"entry-title edgtf-post-title\" >\n            <a itemprop=\"url\" href=\"https:\/\/orthodoxeroumain.fr\/video\/2021\/01\/12\/cuplul-in-criza-criza-in-cuplu-ce-a-unit-dumnezeu-omul-sa-nu-desparta-cheia-reusitei\/\" title=\"Cuplul \u00een criz\u0103\/criza \u00een cuplu. Ce a unit Dumnezeu omul s\u0103 nu despart\u0103. Cheia reu\u0219itei?\">\n            Cuplul \u00een criz\u0103\/criza \u00een cuplu. Ce a unit Dumnezeu omul s\u0103 nu despart\u0103. Cheia reu\u0219itei?            <\/a>\n    <\/h4>\t\n\t        <div class=\"edgtf-bli-excerpt\">\n\t\t        \t<div class=\"edgtf-post-read-more-button\">\n\t\t<a itemprop=\"url\" href=\"https:\/\/orthodoxeroumain.fr\/video\/2021\/01\/12\/cuplul-in-criza-criza-in-cuplu-ce-a-unit-dumnezeu-omul-sa-nu-desparta-cheia-reusitei\/\" target=\"_self\"  class=\"edgtf-btn edgtf-btn-medium edgtf-btn-simple edgtf-btn- edgtf-blog-list-button edgtf-hover-animation\"  >    <span class=\"edgtf-btn-text\">Read More<\/span>    <\/a>\t<\/div>\n\t        <\/div>\n        <\/div>\n\t<\/div>\n<\/li><li class=\"edgtf-bl-item edgtf-item-space clearfix\">\n\t<div class=\"edgtf-bli-inner\">\n\t\t\n\t<div class=\"edgtf-post-image\">\n\t\t            <a itemprop=\"url\" href=\"https:\/\/orthodoxeroumain.fr\/video\/2021\/01\/12\/in-postul-mare-intru-disponibilitatea-launtrica\/\" title=\"\u00cen Postul Mare, \u00eentru disponibilitatea l\u0103untric\u0103\">\n\t\t\t\t\t<img loading=\"lazy\" decoding=\"async\" width=\"480\" height=\"360\" src=\"https:\/\/orthodoxeroumain.fr\/video\/wp-content\/uploads\/2021\/01\/hqdefault-12.jpg\" class=\"attachment-full size-full wp-post-image\" alt=\"\" srcset=\"https:\/\/orthodoxeroumain.fr\/video\/wp-content\/uploads\/2021\/01\/hqdefault-12.jpg 480w, https:\/\/orthodoxeroumain.fr\/video\/wp-content\/uploads\/2021\/01\/hqdefault-12-300x225.jpg 300w\" sizes=\"auto, (max-width: 480px) 100vw, 480px\" \/>\t\t\t\t\t\t\t\t\t<\/a>\n\t\t\t\t\t<\/div>\n        <div class=\"edgtf-bli-content\">\n                            <div class=\"edgtf-bli-info\">\n\t                <div itemprop=\"dateCreated\" class=\"edgtf-post-info-date entry-date published updated\">\n\t\t\t<a itemprop=\"url\" href=\"https:\/\/orthodoxeroumain.fr\/video\/2021\/01\/\">\n\t\t\t\t\t\t12 ianuarie 2021\t\t<\/a>\n\t\t<meta itemprop=\"interactionCount\" content=\"UserComments: 0\"\/>\n<\/div><div class=\"edgtf-post-info-author\">\n    <span class=\"edgtf-post-info-author-text\">\n        by    <\/span>\n    <a itemprop=\"author\" class=\"edgtf-post-info-author-link\" href=\"https:\/\/orthodoxeroumain.fr\/video\/author\/sulpice\/\">\n        sulpice    <\/a>\n<\/div>                <\/div>\n            \t\n\t        \n<h4 itemprop=\"name\" class=\"entry-title edgtf-post-title\" >\n            <a itemprop=\"url\" href=\"https:\/\/orthodoxeroumain.fr\/video\/2021\/01\/12\/in-postul-mare-intru-disponibilitatea-launtrica\/\" title=\"\u00cen Postul Mare, \u00eentru disponibilitatea l\u0103untric\u0103\">\n            \u00cen Postul Mare, \u00eentru disponibilitatea l\u0103untric\u0103            <\/a>\n    <\/h4>\t\n\t        <div class=\"edgtf-bli-excerpt\">\n\t\t        \t<div class=\"edgtf-post-read-more-button\">\n\t\t<a itemprop=\"url\" href=\"https:\/\/orthodoxeroumain.fr\/video\/2021\/01\/12\/in-postul-mare-intru-disponibilitatea-launtrica\/\" target=\"_self\"  class=\"edgtf-btn edgtf-btn-medium edgtf-btn-simple edgtf-btn- edgtf-blog-list-button edgtf-hover-animation\"  >    <span class=\"edgtf-btn-text\">Read More<\/span>    <\/a>\t<\/div>\n\t        <\/div>\n        <\/div>\n\t<\/div>\n<\/li><li class=\"edgtf-bl-item edgtf-item-space clearfix\">\n\t<div class=\"edgtf-bli-inner\">\n\t\t\n\t<div class=\"edgtf-post-image\">\n\t\t            <a itemprop=\"url\" href=\"https:\/\/orthodoxeroumain.fr\/video\/2021\/01\/12\/acum-la-intrarea-in-postul-mare\/\" title=\"Acum la intrarea in Postul Mare&#8230;\">\n\t\t\t\t\t<img loading=\"lazy\" decoding=\"async\" width=\"640\" height=\"480\" src=\"https:\/\/orthodoxeroumain.fr\/video\/wp-content\/uploads\/2021\/01\/sddefault-20.jpg\" class=\"attachment-full size-full wp-post-image\" alt=\"\" srcset=\"https:\/\/orthodoxeroumain.fr\/video\/wp-content\/uploads\/2021\/01\/sddefault-20.jpg 640w, https:\/\/orthodoxeroumain.fr\/video\/wp-content\/uploads\/2021\/01\/sddefault-20-300x225.jpg 300w\" sizes=\"auto, (max-width: 640px) 100vw, 640px\" \/>\t\t\t\t\t\t\t\t\t<\/a>\n\t\t\t\t\t<\/div>\n        <div class=\"edgtf-bli-content\">\n                            <div class=\"edgtf-bli-info\">\n\t                <div itemprop=\"dateCreated\" class=\"edgtf-post-info-date entry-date published updated\">\n\t\t\t<a itemprop=\"url\" href=\"https:\/\/orthodoxeroumain.fr\/video\/2021\/01\/\">\n\t\t\t\t\t\t12 ianuarie 2021\t\t<\/a>\n\t\t<meta itemprop=\"interactionCount\" content=\"UserComments: 0\"\/>\n<\/div><div class=\"edgtf-post-info-author\">\n    <span class=\"edgtf-post-info-author-text\">\n        by    <\/span>\n    <a itemprop=\"author\" class=\"edgtf-post-info-author-link\" href=\"https:\/\/orthodoxeroumain.fr\/video\/author\/sulpice\/\">\n        sulpice    <\/a>\n<\/div>                <\/div>\n            \t\n\t        \n<h4 itemprop=\"name\" class=\"entry-title edgtf-post-title\" >\n            <a itemprop=\"url\" href=\"https:\/\/orthodoxeroumain.fr\/video\/2021\/01\/12\/acum-la-intrarea-in-postul-mare\/\" title=\"Acum la intrarea in Postul Mare&#8230;\">\n            Acum la intrarea in Postul Mare&#8230;            <\/a>\n    <\/h4>\t\n\t        <div class=\"edgtf-bli-excerpt\">\n\t\t        \t<div class=\"edgtf-post-read-more-button\">\n\t\t<a itemprop=\"url\" href=\"https:\/\/orthodoxeroumain.fr\/video\/2021\/01\/12\/acum-la-intrarea-in-postul-mare\/\" target=\"_self\"  class=\"edgtf-btn edgtf-btn-medium edgtf-btn-simple edgtf-btn- edgtf-blog-list-button edgtf-hover-animation\"  >    <span class=\"edgtf-btn-text\">Read More<\/span>    <\/a>\t<\/div>\n\t        <\/div>\n        <\/div>\n\t<\/div>\n<\/li><li class=\"edgtf-bl-item edgtf-item-space clearfix\">\n\t<div class=\"edgtf-bli-inner\">\n\t\t\n\t<div class=\"edgtf-post-image\">\n\t\t            <a itemprop=\"url\" href=\"https:\/\/orthodoxeroumain.fr\/video\/2021\/01\/12\/la-moartea-lui-stephen-hawkins-despre-dumnezeu-dinspre-stiinte-inteligenta-vs-descoperirea-harului\/\" title=\"La moartea lui Stephen Hawkins, despre Dumnezeu dinspre \u0219tiin\u021be. Inteligen\u021ba vs descoperirea harului\">\n\t\t\t\t\t<img loading=\"lazy\" decoding=\"async\" width=\"640\" height=\"480\" src=\"https:\/\/orthodoxeroumain.fr\/video\/wp-content\/uploads\/2021\/01\/sddefault-19.jpg\" class=\"attachment-full size-full wp-post-image\" alt=\"\" srcset=\"https:\/\/orthodoxeroumain.fr\/video\/wp-content\/uploads\/2021\/01\/sddefault-19.jpg 640w, https:\/\/orthodoxeroumain.fr\/video\/wp-content\/uploads\/2021\/01\/sddefault-19-300x225.jpg 300w\" sizes=\"auto, (max-width: 640px) 100vw, 640px\" \/>\t\t\t\t\t\t\t\t\t<\/a>\n\t\t\t\t\t<\/div>\n        <div class=\"edgtf-bli-content\">\n                            <div class=\"edgtf-bli-info\">\n\t                <div itemprop=\"dateCreated\" class=\"edgtf-post-info-date entry-date published updated\">\n\t\t\t<a itemprop=\"url\" href=\"https:\/\/orthodoxeroumain.fr\/video\/2021\/01\/\">\n\t\t\t\t\t\t12 ianuarie 2021\t\t<\/a>\n\t\t<meta itemprop=\"interactionCount\" content=\"UserComments: 0\"\/>\n<\/div><div class=\"edgtf-post-info-author\">\n    <span class=\"edgtf-post-info-author-text\">\n        by    <\/span>\n    <a itemprop=\"author\" class=\"edgtf-post-info-author-link\" href=\"https:\/\/orthodoxeroumain.fr\/video\/author\/sulpice\/\">\n        sulpice    <\/a>\n<\/div>                <\/div>\n            \t\n\t        \n<h4 itemprop=\"name\" class=\"entry-title edgtf-post-title\" >\n            <a itemprop=\"url\" href=\"https:\/\/orthodoxeroumain.fr\/video\/2021\/01\/12\/la-moartea-lui-stephen-hawkins-despre-dumnezeu-dinspre-stiinte-inteligenta-vs-descoperirea-harului\/\" title=\"La moartea lui Stephen Hawkins, despre Dumnezeu dinspre \u0219tiin\u021be. Inteligen\u021ba vs descoperirea harului\">\n            La moartea lui Stephen Hawkins, despre Dumnezeu dinspre \u0219tiin\u021be. Inteligen\u021ba vs descoperirea harului            <\/a>\n    <\/h4>\t\n\t        <div class=\"edgtf-bli-excerpt\">\n\t\t        \t<div class=\"edgtf-post-read-more-button\">\n\t\t<a itemprop=\"url\" href=\"https:\/\/orthodoxeroumain.fr\/video\/2021\/01\/12\/la-moartea-lui-stephen-hawkins-despre-dumnezeu-dinspre-stiinte-inteligenta-vs-descoperirea-harului\/\" target=\"_self\"  class=\"edgtf-btn edgtf-btn-medium edgtf-btn-simple edgtf-btn- edgtf-blog-list-button edgtf-hover-animation\"  >    <span class=\"edgtf-btn-text\">Read More<\/span>    <\/a>\t<\/div>\n\t        <\/div>\n        <\/div>\n\t<\/div>\n<\/li><li class=\"edgtf-bl-item edgtf-item-space clearfix\">\n\t<div class=\"edgtf-bli-inner\">\n\t\t\n\t<div class=\"edgtf-post-image\">\n\t\t            <a itemprop=\"url\" href=\"https:\/\/orthodoxeroumain.fr\/video\/2021\/01\/12\/ce-este-permis-si-ce-este-interzis-in-postul-mare\/\" title=\"Ce este permis \u0219i ce este interzis \u00een Postul Mare?\">\n\t\t\t\t\t<img loading=\"lazy\" decoding=\"async\" width=\"640\" height=\"480\" src=\"https:\/\/orthodoxeroumain.fr\/video\/wp-content\/uploads\/2021\/01\/sddefault-21.jpg\" class=\"attachment-full size-full wp-post-image\" alt=\"\" srcset=\"https:\/\/orthodoxeroumain.fr\/video\/wp-content\/uploads\/2021\/01\/sddefault-21.jpg 640w, https:\/\/orthodoxeroumain.fr\/video\/wp-content\/uploads\/2021\/01\/sddefault-21-300x225.jpg 300w\" sizes=\"auto, (max-width: 640px) 100vw, 640px\" \/>\t\t\t\t\t\t\t\t\t<\/a>\n\t\t\t\t\t<\/div>\n        <div class=\"edgtf-bli-content\">\n                            <div class=\"edgtf-bli-info\">\n\t                <div itemprop=\"dateCreated\" class=\"edgtf-post-info-date entry-date published updated\">\n\t\t\t<a itemprop=\"url\" href=\"https:\/\/orthodoxeroumain.fr\/video\/2021\/01\/\">\n\t\t\t\t\t\t12 ianuarie 2021\t\t<\/a>\n\t\t<meta itemprop=\"interactionCount\" content=\"UserComments: 0\"\/>\n<\/div><div class=\"edgtf-post-info-author\">\n    <span class=\"edgtf-post-info-author-text\">\n        by    <\/span>\n    <a itemprop=\"author\" class=\"edgtf-post-info-author-link\" href=\"https:\/\/orthodoxeroumain.fr\/video\/author\/sulpice\/\">\n        sulpice    <\/a>\n<\/div>                <\/div>\n            \t\n\t        \n<h4 itemprop=\"name\" class=\"entry-title edgtf-post-title\" >\n            <a itemprop=\"url\" href=\"https:\/\/orthodoxeroumain.fr\/video\/2021\/01\/12\/ce-este-permis-si-ce-este-interzis-in-postul-mare\/\" title=\"Ce este permis \u0219i ce este interzis \u00een Postul Mare?\">\n            Ce este permis \u0219i ce este interzis \u00een Postul Mare?            <\/a>\n    <\/h4>\t\n\t        <div class=\"edgtf-bli-excerpt\">\n\t\t        \t<div class=\"edgtf-post-read-more-button\">\n\t\t<a itemprop=\"url\" href=\"https:\/\/orthodoxeroumain.fr\/video\/2021\/01\/12\/ce-este-permis-si-ce-este-interzis-in-postul-mare\/\" target=\"_self\"  class=\"edgtf-btn edgtf-btn-medium edgtf-btn-simple edgtf-btn- edgtf-blog-list-button edgtf-hover-animation\"  >    <span class=\"edgtf-btn-text\">Read More<\/span>    <\/a>\t<\/div>\n\t        <\/div>\n        <\/div>\n\t<\/div>\n<\/li><li class=\"edgtf-bl-item edgtf-item-space clearfix\">\n\t<div class=\"edgtf-bli-inner\">\n\t\t\n\t<div class=\"edgtf-post-image\">\n\t\t            <a itemprop=\"url\" href=\"https:\/\/orthodoxeroumain.fr\/video\/2021\/01\/12\/marturia-noastra-in-lume-pe-urmele-sfantului-apostol-pavel\/\" title=\"M\u0103rturia noastr\u0103 \u00een lume. Pe urmele sf\u00e2ntului apostol Pavel.\">\n\t\t\t\t\t<img loading=\"lazy\" decoding=\"async\" width=\"640\" height=\"480\" src=\"https:\/\/orthodoxeroumain.fr\/video\/wp-content\/uploads\/2021\/01\/sddefault-18.jpg\" class=\"attachment-full size-full wp-post-image\" alt=\"\" srcset=\"https:\/\/orthodoxeroumain.fr\/video\/wp-content\/uploads\/2021\/01\/sddefault-18.jpg 640w, https:\/\/orthodoxeroumain.fr\/video\/wp-content\/uploads\/2021\/01\/sddefault-18-300x225.jpg 300w\" sizes=\"auto, (max-width: 640px) 100vw, 640px\" \/>\t\t\t\t\t\t\t\t\t<\/a>\n\t\t\t\t\t<\/div>\n        <div class=\"edgtf-bli-content\">\n                            <div class=\"edgtf-bli-info\">\n\t                <div itemprop=\"dateCreated\" class=\"edgtf-post-info-date entry-date published updated\">\n\t\t\t<a itemprop=\"url\" href=\"https:\/\/orthodoxeroumain.fr\/video\/2021\/01\/\">\n\t\t\t\t\t\t12 ianuarie 2021\t\t<\/a>\n\t\t<meta itemprop=\"interactionCount\" content=\"UserComments: 0\"\/>\n<\/div><div class=\"edgtf-post-info-author\">\n    <span class=\"edgtf-post-info-author-text\">\n        by    <\/span>\n    <a itemprop=\"author\" class=\"edgtf-post-info-author-link\" href=\"https:\/\/orthodoxeroumain.fr\/video\/author\/sulpice\/\">\n        sulpice    <\/a>\n<\/div>                <\/div>\n            \t\n\t        \n<h4 itemprop=\"name\" class=\"entry-title edgtf-post-title\" >\n            <a itemprop=\"url\" href=\"https:\/\/orthodoxeroumain.fr\/video\/2021\/01\/12\/marturia-noastra-in-lume-pe-urmele-sfantului-apostol-pavel\/\" title=\"M\u0103rturia noastr\u0103 \u00een lume. Pe urmele sf\u00e2ntului apostol Pavel.\">\n            M\u0103rturia noastr\u0103 \u00een lume. Pe urmele sf\u00e2ntului apostol Pavel.            <\/a>\n    <\/h4>\t\n\t        <div class=\"edgtf-bli-excerpt\">\n\t\t        \t<div class=\"edgtf-post-read-more-button\">\n\t\t<a itemprop=\"url\" href=\"https:\/\/orthodoxeroumain.fr\/video\/2021\/01\/12\/marturia-noastra-in-lume-pe-urmele-sfantului-apostol-pavel\/\" target=\"_self\"  class=\"edgtf-btn edgtf-btn-medium edgtf-btn-simple edgtf-btn- edgtf-blog-list-button edgtf-hover-animation\"  >    <span class=\"edgtf-btn-text\">Read More<\/span>    <\/a>\t<\/div>\n\t        <\/div>\n        <\/div>\n\t<\/div>\n<\/li><li class=\"edgtf-bl-item edgtf-item-space clearfix\">\n\t<div class=\"edgtf-bli-inner\">\n\t\t\n\t<div class=\"edgtf-post-image\">\n\t\t            <a itemprop=\"url\" href=\"https:\/\/orthodoxeroumain.fr\/video\/2021\/01\/12\/pregatire-pentru-intelegerea-vietii-de-cuplu-in-hristos-cununie\/\" title=\"Preg\u0103tire pentru \u00een\u021belegerea vie\u021bii de cuplu \u00een Hristos. Cununie?\">\n\t\t\t\t\t<img loading=\"lazy\" decoding=\"async\" width=\"640\" height=\"480\" src=\"https:\/\/orthodoxeroumain.fr\/video\/wp-content\/uploads\/2021\/01\/sddefault-21.jpg\" class=\"attachment-full size-full wp-post-image\" alt=\"\" srcset=\"https:\/\/orthodoxeroumain.fr\/video\/wp-content\/uploads\/2021\/01\/sddefault-21.jpg 640w, https:\/\/orthodoxeroumain.fr\/video\/wp-content\/uploads\/2021\/01\/sddefault-21-300x225.jpg 300w\" sizes=\"auto, (max-width: 640px) 100vw, 640px\" \/>\t\t\t\t\t\t\t\t\t<\/a>\n\t\t\t\t\t<\/div>\n        <div class=\"edgtf-bli-content\">\n                            <div class=\"edgtf-bli-info\">\n\t                <div itemprop=\"dateCreated\" class=\"edgtf-post-info-date entry-date published updated\">\n\t\t\t<a itemprop=\"url\" href=\"https:\/\/orthodoxeroumain.fr\/video\/2021\/01\/\">\n\t\t\t\t\t\t12 ianuarie 2021\t\t<\/a>\n\t\t<meta itemprop=\"interactionCount\" content=\"UserComments: 0\"\/>\n<\/div><div class=\"edgtf-post-info-author\">\n    <span class=\"edgtf-post-info-author-text\">\n        by    <\/span>\n    <a itemprop=\"author\" class=\"edgtf-post-info-author-link\" href=\"https:\/\/orthodoxeroumain.fr\/video\/author\/sulpice\/\">\n        sulpice    <\/a>\n<\/div>                <\/div>\n            \t\n\t        \n<h4 itemprop=\"name\" class=\"entry-title edgtf-post-title\" >\n            <a itemprop=\"url\" href=\"https:\/\/orthodoxeroumain.fr\/video\/2021\/01\/12\/pregatire-pentru-intelegerea-vietii-de-cuplu-in-hristos-cununie\/\" title=\"Preg\u0103tire pentru \u00een\u021belegerea vie\u021bii de cuplu \u00een Hristos. Cununie?\">\n            Preg\u0103tire pentru \u00een\u021belegerea vie\u021bii de cuplu \u00een Hristos. Cununie?            <\/a>\n    <\/h4>\t\n\t        <div class=\"edgtf-bli-excerpt\">\n\t\t        \t<div class=\"edgtf-post-read-more-button\">\n\t\t<a itemprop=\"url\" href=\"https:\/\/orthodoxeroumain.fr\/video\/2021\/01\/12\/pregatire-pentru-intelegerea-vietii-de-cuplu-in-hristos-cununie\/\" target=\"_self\"  class=\"edgtf-btn edgtf-btn-medium edgtf-btn-simple edgtf-btn- edgtf-blog-list-button edgtf-hover-animation\"  >    <span class=\"edgtf-btn-text\">Read More<\/span>    <\/a>\t<\/div>\n\t        <\/div>\n        <\/div>\n\t<\/div>\n<\/li><li class=\"edgtf-bl-item edgtf-item-space clearfix\">\n\t<div class=\"edgtf-bli-inner\">\n\t\t\n\t<div class=\"edgtf-post-image\">\n\t\t            <a itemprop=\"url\" href=\"https:\/\/orthodoxeroumain.fr\/video\/2021\/01\/11\/preotul-remuneratie-salariu-dari-taxe-pentru-parohie-obligatii-financiare\/\" title=\"Preotul. Remunera\u021bie\/salariu. D\u0103ri\/taxe (pentru parohie). Obliga\u021bii financiare.\">\n\t\t\t\t\t<img loading=\"lazy\" decoding=\"async\" width=\"480\" height=\"360\" src=\"https:\/\/orthodoxeroumain.fr\/video\/wp-content\/uploads\/2021\/01\/hqdefault-13.jpg\" class=\"attachment-full size-full wp-post-image\" alt=\"\" srcset=\"https:\/\/orthodoxeroumain.fr\/video\/wp-content\/uploads\/2021\/01\/hqdefault-13.jpg 480w, https:\/\/orthodoxeroumain.fr\/video\/wp-content\/uploads\/2021\/01\/hqdefault-13-300x225.jpg 300w\" sizes=\"auto, (max-width: 480px) 100vw, 480px\" \/>\t\t\t\t\t\t\t\t\t<\/a>\n\t\t\t\t\t<\/div>\n        <div class=\"edgtf-bli-content\">\n                            <div class=\"edgtf-bli-info\">\n\t                <div itemprop=\"dateCreated\" class=\"edgtf-post-info-date entry-date published updated\">\n\t\t\t<a itemprop=\"url\" href=\"https:\/\/orthodoxeroumain.fr\/video\/2021\/01\/\">\n\t\t\t\t\t\t11 ianuarie 2021\t\t<\/a>\n\t\t<meta itemprop=\"interactionCount\" content=\"UserComments: 0\"\/>\n<\/div><div class=\"edgtf-post-info-author\">\n    <span class=\"edgtf-post-info-author-text\">\n        by    <\/span>\n    <a itemprop=\"author\" class=\"edgtf-post-info-author-link\" href=\"https:\/\/orthodoxeroumain.fr\/video\/author\/sulpice\/\">\n        sulpice    <\/a>\n<\/div>                <\/div>\n            \t\n\t        \n<h4 itemprop=\"name\" class=\"entry-title edgtf-post-title\" >\n            <a itemprop=\"url\" href=\"https:\/\/orthodoxeroumain.fr\/video\/2021\/01\/11\/preotul-remuneratie-salariu-dari-taxe-pentru-parohie-obligatii-financiare\/\" title=\"Preotul. Remunera\u021bie\/salariu. D\u0103ri\/taxe (pentru parohie). Obliga\u021bii financiare.\">\n            Preotul. Remunera\u021bie\/salariu. D\u0103ri\/taxe (pentru parohie). Obliga\u021bii financiare.            <\/a>\n    <\/h4>\t\n\t        <div class=\"edgtf-bli-excerpt\">\n\t\t        \t<div class=\"edgtf-post-read-more-button\">\n\t\t<a itemprop=\"url\" href=\"https:\/\/orthodoxeroumain.fr\/video\/2021\/01\/11\/preotul-remuneratie-salariu-dari-taxe-pentru-parohie-obligatii-financiare\/\" target=\"_self\"  class=\"edgtf-btn edgtf-btn-medium edgtf-btn-simple edgtf-btn- edgtf-blog-list-button edgtf-hover-animation\"  >    <span class=\"edgtf-btn-text\">Read More<\/span>    <\/a>\t<\/div>\n\t        <\/div>\n        <\/div>\n\t<\/div>\n<\/li><li class=\"edgtf-bl-item edgtf-item-space clearfix\">\n\t<div class=\"edgtf-bli-inner\">\n\t\t\n\t<div class=\"edgtf-post-image\">\n\t\t            <a itemprop=\"url\" href=\"https:\/\/orthodoxeroumain.fr\/video\/2021\/01\/11\/psihologie-si-duhovnicie-in-teologhisirea-arhimandritului-sofronie-saharov-piste-de-reflectie\/\" title=\"Psihologie \u0219i duhovnicie \u00een teologhisirea arhimandritului Sofronie Saharov. Piste de reflec\u021bie.\">\n\t\t\t\t\t<img loading=\"lazy\" decoding=\"async\" width=\"640\" height=\"480\" src=\"https:\/\/orthodoxeroumain.fr\/video\/wp-content\/uploads\/2021\/01\/sddefault-17.jpg\" class=\"attachment-full size-full wp-post-image\" alt=\"\" srcset=\"https:\/\/orthodoxeroumain.fr\/video\/wp-content\/uploads\/2021\/01\/sddefault-17.jpg 640w, https:\/\/orthodoxeroumain.fr\/video\/wp-content\/uploads\/2021\/01\/sddefault-17-300x225.jpg 300w\" sizes=\"auto, (max-width: 640px) 100vw, 640px\" \/>\t\t\t\t\t\t\t\t\t<\/a>\n\t\t\t\t\t<\/div>\n        <div class=\"edgtf-bli-content\">\n                            <div class=\"edgtf-bli-info\">\n\t                <div itemprop=\"dateCreated\" class=\"edgtf-post-info-date entry-date published updated\">\n\t\t\t<a itemprop=\"url\" href=\"https:\/\/orthodoxeroumain.fr\/video\/2021\/01\/\">\n\t\t\t\t\t\t11 ianuarie 2021\t\t<\/a>\n\t\t<meta itemprop=\"interactionCount\" content=\"UserComments: 0\"\/>\n<\/div><div class=\"edgtf-post-info-author\">\n    <span class=\"edgtf-post-info-author-text\">\n        by    <\/span>\n    <a itemprop=\"author\" class=\"edgtf-post-info-author-link\" href=\"https:\/\/orthodoxeroumain.fr\/video\/author\/sulpice\/\">\n        sulpice    <\/a>\n<\/div>                <\/div>\n            \t\n\t        \n<h4 itemprop=\"name\" class=\"entry-title edgtf-post-title\" >\n            <a itemprop=\"url\" href=\"https:\/\/orthodoxeroumain.fr\/video\/2021\/01\/11\/psihologie-si-duhovnicie-in-teologhisirea-arhimandritului-sofronie-saharov-piste-de-reflectie\/\" title=\"Psihologie \u0219i duhovnicie \u00een teologhisirea arhimandritului Sofronie Saharov. Piste de reflec\u021bie.\">\n            Psihologie \u0219i duhovnicie \u00een teologhisirea arhimandritului Sofronie Saharov. Piste de reflec\u021bie.            <\/a>\n    <\/h4>\t\n\t        <div class=\"edgtf-bli-excerpt\">\n\t\t        \t<div class=\"edgtf-post-read-more-button\">\n\t\t<a itemprop=\"url\" href=\"https:\/\/orthodoxeroumain.fr\/video\/2021\/01\/11\/psihologie-si-duhovnicie-in-teologhisirea-arhimandritului-sofronie-saharov-piste-de-reflectie\/\" target=\"_self\"  class=\"edgtf-btn edgtf-btn-medium edgtf-btn-simple edgtf-btn- edgtf-blog-list-button edgtf-hover-animation\"  >    <span class=\"edgtf-btn-text\">Read More<\/span>    <\/a>\t<\/div>\n\t        <\/div>\n        <\/div>\n\t<\/div>\n<\/li><li class=\"edgtf-bl-item edgtf-item-space clearfix\">\n\t<div class=\"edgtf-bli-inner\">\n\t\t\n\t<div class=\"edgtf-post-image\">\n\t\t            <a itemprop=\"url\" href=\"https:\/\/orthodoxeroumain.fr\/video\/2021\/01\/11\/preotul-azi-provocari-neputinte-misiune\/\" title=\"Preotul, azi. Provoc\u0103ri, neputin\u021be, misiune&#8230;\">\n\t\t\t\t\t<img loading=\"lazy\" decoding=\"async\" width=\"640\" height=\"480\" src=\"https:\/\/orthodoxeroumain.fr\/video\/wp-content\/uploads\/2021\/01\/sddefault-16.jpg\" class=\"attachment-full size-full wp-post-image\" alt=\"\" srcset=\"https:\/\/orthodoxeroumain.fr\/video\/wp-content\/uploads\/2021\/01\/sddefault-16.jpg 640w, https:\/\/orthodoxeroumain.fr\/video\/wp-content\/uploads\/2021\/01\/sddefault-16-300x225.jpg 300w\" sizes=\"auto, (max-width: 640px) 100vw, 640px\" \/>\t\t\t\t\t\t\t\t\t<\/a>\n\t\t\t\t\t<\/div>\n        <div class=\"edgtf-bli-content\">\n                            <div class=\"edgtf-bli-info\">\n\t                <div itemprop=\"dateCreated\" class=\"edgtf-post-info-date entry-date published updated\">\n\t\t\t<a itemprop=\"url\" href=\"https:\/\/orthodoxeroumain.fr\/video\/2021\/01\/\">\n\t\t\t\t\t\t11 ianuarie 2021\t\t<\/a>\n\t\t<meta itemprop=\"interactionCount\" content=\"UserComments: 0\"\/>\n<\/div><div class=\"edgtf-post-info-author\">\n    <span class=\"edgtf-post-info-author-text\">\n        by    <\/span>\n    <a itemprop=\"author\" class=\"edgtf-post-info-author-link\" href=\"https:\/\/orthodoxeroumain.fr\/video\/author\/sulpice\/\">\n        sulpice    <\/a>\n<\/div>                <\/div>\n            \t\n\t        \n<h4 itemprop=\"name\" class=\"entry-title edgtf-post-title\" >\n            <a itemprop=\"url\" href=\"https:\/\/orthodoxeroumain.fr\/video\/2021\/01\/11\/preotul-azi-provocari-neputinte-misiune\/\" title=\"Preotul, azi. Provoc\u0103ri, neputin\u021be, misiune&#8230;\">\n            Preotul, azi. Provoc\u0103ri, neputin\u021be, misiune&#8230;            <\/a>\n    <\/h4>\t\n\t        <div class=\"edgtf-bli-excerpt\">\n\t\t        \t<div class=\"edgtf-post-read-more-button\">\n\t\t<a itemprop=\"url\" href=\"https:\/\/orthodoxeroumain.fr\/video\/2021\/01\/11\/preotul-azi-provocari-neputinte-misiune\/\" target=\"_self\"  class=\"edgtf-btn edgtf-btn-medium edgtf-btn-simple edgtf-btn- edgtf-blog-list-button edgtf-hover-animation\"  >    <span class=\"edgtf-btn-text\">Read More<\/span>    <\/a>\t<\/div>\n\t        <\/div>\n        <\/div>\n\t<\/div>\n<\/li><li class=\"edgtf-bl-item edgtf-item-space clearfix\">\n\t<div class=\"edgtf-bli-inner\">\n\t\t\n\t<div class=\"edgtf-post-image\">\n\t\t            <a itemprop=\"url\" href=\"https:\/\/orthodoxeroumain.fr\/video\/2021\/01\/11\/despre-descurajare-nadejde-pasul-de-la-psihologie-la-duhovnicie\/\" title=\"Despre descurajare\/n\u0103dejde. Pasul de la psihologie la duhovnicie.\">\n\t\t\t\t\t<img loading=\"lazy\" decoding=\"async\" width=\"480\" height=\"360\" src=\"https:\/\/orthodoxeroumain.fr\/video\/wp-content\/uploads\/2021\/01\/hqdefault-11.jpg\" class=\"attachment-full size-full wp-post-image\" alt=\"\" srcset=\"https:\/\/orthodoxeroumain.fr\/video\/wp-content\/uploads\/2021\/01\/hqdefault-11.jpg 480w, https:\/\/orthodoxeroumain.fr\/video\/wp-content\/uploads\/2021\/01\/hqdefault-11-300x225.jpg 300w\" sizes=\"auto, (max-width: 480px) 100vw, 480px\" \/>\t\t\t\t\t\t\t\t\t<\/a>\n\t\t\t\t\t<\/div>\n        <div class=\"edgtf-bli-content\">\n                            <div class=\"edgtf-bli-info\">\n\t                <div itemprop=\"dateCreated\" class=\"edgtf-post-info-date entry-date published updated\">\n\t\t\t<a itemprop=\"url\" href=\"https:\/\/orthodoxeroumain.fr\/video\/2021\/01\/\">\n\t\t\t\t\t\t11 ianuarie 2021\t\t<\/a>\n\t\t<meta itemprop=\"interactionCount\" content=\"UserComments: 0\"\/>\n<\/div><div class=\"edgtf-post-info-author\">\n    <span class=\"edgtf-post-info-author-text\">\n        by    <\/span>\n    <a itemprop=\"author\" class=\"edgtf-post-info-author-link\" href=\"https:\/\/orthodoxeroumain.fr\/video\/author\/sulpice\/\">\n        sulpice    <\/a>\n<\/div>                <\/div>\n            \t\n\t        \n<h4 itemprop=\"name\" class=\"entry-title edgtf-post-title\" >\n            <a itemprop=\"url\" href=\"https:\/\/orthodoxeroumain.fr\/video\/2021\/01\/11\/despre-descurajare-nadejde-pasul-de-la-psihologie-la-duhovnicie\/\" title=\"Despre descurajare\/n\u0103dejde. Pasul de la psihologie la duhovnicie.\">\n            Despre descurajare\/n\u0103dejde. Pasul de la psihologie la duhovnicie.            <\/a>\n    <\/h4>\t\n\t        <div class=\"edgtf-bli-excerpt\">\n\t\t        \t<div class=\"edgtf-post-read-more-button\">\n\t\t<a itemprop=\"url\" href=\"https:\/\/orthodoxeroumain.fr\/video\/2021\/01\/11\/despre-descurajare-nadejde-pasul-de-la-psihologie-la-duhovnicie\/\" target=\"_self\"  class=\"edgtf-btn edgtf-btn-medium edgtf-btn-simple edgtf-btn- edgtf-blog-list-button edgtf-hover-animation\"  >    <span class=\"edgtf-btn-text\">Read More<\/span>    <\/a>\t<\/div>\n\t        <\/div>\n        <\/div>\n\t<\/div>\n<\/li><li class=\"edgtf-bl-item edgtf-item-space clearfix\">\n\t<div class=\"edgtf-bli-inner\">\n\t\t\n\t<div class=\"edgtf-post-image\">\n\t\t            <a itemprop=\"url\" href=\"https:\/\/orthodoxeroumain.fr\/video\/2021\/01\/11\/apologetica-partea-i\/\" title=\"Apologetic\u0103? Partea I.\">\n\t\t\t\t\t<img loading=\"lazy\" decoding=\"async\" width=\"640\" height=\"480\" src=\"https:\/\/orthodoxeroumain.fr\/video\/wp-content\/uploads\/2021\/01\/sddefault-14.jpg\" class=\"attachment-full size-full wp-post-image\" alt=\"\" srcset=\"https:\/\/orthodoxeroumain.fr\/video\/wp-content\/uploads\/2021\/01\/sddefault-14.jpg 640w, https:\/\/orthodoxeroumain.fr\/video\/wp-content\/uploads\/2021\/01\/sddefault-14-300x225.jpg 300w\" sizes=\"auto, (max-width: 640px) 100vw, 640px\" \/>\t\t\t\t\t\t\t\t\t<\/a>\n\t\t\t\t\t<\/div>\n        <div class=\"edgtf-bli-content\">\n                            <div class=\"edgtf-bli-info\">\n\t                <div itemprop=\"dateCreated\" class=\"edgtf-post-info-date entry-date published updated\">\n\t\t\t<a itemprop=\"url\" href=\"https:\/\/orthodoxeroumain.fr\/video\/2021\/01\/\">\n\t\t\t\t\t\t11 ianuarie 2021\t\t<\/a>\n\t\t<meta itemprop=\"interactionCount\" content=\"UserComments: 0\"\/>\n<\/div><div class=\"edgtf-post-info-author\">\n    <span class=\"edgtf-post-info-author-text\">\n        by    <\/span>\n    <a itemprop=\"author\" class=\"edgtf-post-info-author-link\" href=\"https:\/\/orthodoxeroumain.fr\/video\/author\/sulpice\/\">\n        sulpice    <\/a>\n<\/div>                <\/div>\n            \t\n\t        \n<h4 itemprop=\"name\" class=\"entry-title edgtf-post-title\" >\n            <a itemprop=\"url\" href=\"https:\/\/orthodoxeroumain.fr\/video\/2021\/01\/11\/apologetica-partea-i\/\" title=\"Apologetic\u0103? Partea I.\">\n            Apologetic\u0103? Partea I.            <\/a>\n    <\/h4>\t\n\t        <div class=\"edgtf-bli-excerpt\">\n\t\t        \t<div class=\"edgtf-post-read-more-button\">\n\t\t<a itemprop=\"url\" href=\"https:\/\/orthodoxeroumain.fr\/video\/2021\/01\/11\/apologetica-partea-i\/\" target=\"_self\"  class=\"edgtf-btn edgtf-btn-medium edgtf-btn-simple edgtf-btn- edgtf-blog-list-button edgtf-hover-animation\"  >    <span class=\"edgtf-btn-text\">Read More<\/span>    <\/a>\t<\/div>\n\t        <\/div>\n        <\/div>\n\t<\/div>\n<\/li><li class=\"edgtf-bl-item edgtf-item-space clearfix\">\n\t<div class=\"edgtf-bli-inner\">\n\t\t\n\t<div class=\"edgtf-post-image\">\n\t\t            <a itemprop=\"url\" href=\"https:\/\/orthodoxeroumain.fr\/video\/2021\/01\/11\/despre-adevarata-miza-a-intalnirii-in-si-prin-biserica-a-tinerilor-studiu-de-caz-ito-2017\/\" title=\"Despre adev\u0103rata miz\u0103 a \u00eent\u00e2lnirii \u00een \u0219i prin Biseric\u0103 a tinerilor. Studiu de caz ITO 2017\">\n\t\t\t\t\t<img loading=\"lazy\" decoding=\"async\" width=\"480\" height=\"360\" src=\"https:\/\/orthodoxeroumain.fr\/video\/wp-content\/uploads\/2021\/01\/hqdefault-10.jpg\" class=\"attachment-full size-full wp-post-image\" alt=\"\" srcset=\"https:\/\/orthodoxeroumain.fr\/video\/wp-content\/uploads\/2021\/01\/hqdefault-10.jpg 480w, https:\/\/orthodoxeroumain.fr\/video\/wp-content\/uploads\/2021\/01\/hqdefault-10-300x225.jpg 300w\" sizes=\"auto, (max-width: 480px) 100vw, 480px\" \/>\t\t\t\t\t\t\t\t\t<\/a>\n\t\t\t\t\t<\/div>\n        <div class=\"edgtf-bli-content\">\n                            <div class=\"edgtf-bli-info\">\n\t                <div itemprop=\"dateCreated\" class=\"edgtf-post-info-date entry-date published updated\">\n\t\t\t<a itemprop=\"url\" href=\"https:\/\/orthodoxeroumain.fr\/video\/2021\/01\/\">\n\t\t\t\t\t\t11 ianuarie 2021\t\t<\/a>\n\t\t<meta itemprop=\"interactionCount\" content=\"UserComments: 0\"\/>\n<\/div><div class=\"edgtf-post-info-author\">\n    <span class=\"edgtf-post-info-author-text\">\n        by    <\/span>\n    <a itemprop=\"author\" class=\"edgtf-post-info-author-link\" href=\"https:\/\/orthodoxeroumain.fr\/video\/author\/sulpice\/\">\n        sulpice    <\/a>\n<\/div>                <\/div>\n            \t\n\t        \n<h4 itemprop=\"name\" class=\"entry-title edgtf-post-title\" >\n            <a itemprop=\"url\" href=\"https:\/\/orthodoxeroumain.fr\/video\/2021\/01\/11\/despre-adevarata-miza-a-intalnirii-in-si-prin-biserica-a-tinerilor-studiu-de-caz-ito-2017\/\" title=\"Despre adev\u0103rata miz\u0103 a \u00eent\u00e2lnirii \u00een \u0219i prin Biseric\u0103 a tinerilor. Studiu de caz ITO 2017\">\n            Despre adev\u0103rata miz\u0103 a \u00eent\u00e2lnirii \u00een \u0219i prin Biseric\u0103 a tinerilor. Studiu de caz ITO 2017            <\/a>\n    <\/h4>\t\n\t        <div class=\"edgtf-bli-excerpt\">\n\t\t        \t<div class=\"edgtf-post-read-more-button\">\n\t\t<a itemprop=\"url\" href=\"https:\/\/orthodoxeroumain.fr\/video\/2021\/01\/11\/despre-adevarata-miza-a-intalnirii-in-si-prin-biserica-a-tinerilor-studiu-de-caz-ito-2017\/\" target=\"_self\"  class=\"edgtf-btn edgtf-btn-medium edgtf-btn-simple edgtf-btn- edgtf-blog-list-button edgtf-hover-animation\"  >    <span class=\"edgtf-btn-text\">Read More<\/span>    <\/a>\t<\/div>\n\t        <\/div>\n        <\/div>\n\t<\/div>\n<\/li><li class=\"edgtf-bl-item edgtf-item-space clearfix\">\n\t<div class=\"edgtf-bli-inner\">\n\t\t\n\t<div class=\"edgtf-post-image\">\n\t\t            <a itemprop=\"url\" href=\"https:\/\/orthodoxeroumain.fr\/video\/2021\/01\/11\/un-raspuns-la-intaia-predica-a-unui-preot-ateu-pr-dr-razvan-ionescu-paris\/\" title=\"Un r\u0103spuns la \u201e\u00eent\u00e2ia predic\u0103 a unui preot ateu\u201d. Pr. dr. R\u0103zvan Ionescu (Paris)\">\n\t\t\t\t\t<img loading=\"lazy\" decoding=\"async\" width=\"640\" height=\"480\" src=\"https:\/\/orthodoxeroumain.fr\/video\/wp-content\/uploads\/2021\/01\/sddefault-14.jpg\" class=\"attachment-full size-full wp-post-image\" alt=\"\" srcset=\"https:\/\/orthodoxeroumain.fr\/video\/wp-content\/uploads\/2021\/01\/sddefault-14.jpg 640w, https:\/\/orthodoxeroumain.fr\/video\/wp-content\/uploads\/2021\/01\/sddefault-14-300x225.jpg 300w\" sizes=\"auto, (max-width: 640px) 100vw, 640px\" \/>\t\t\t\t\t\t\t\t\t<\/a>\n\t\t\t\t\t<\/div>\n        <div class=\"edgtf-bli-content\">\n                            <div class=\"edgtf-bli-info\">\n\t                <div itemprop=\"dateCreated\" class=\"edgtf-post-info-date entry-date published updated\">\n\t\t\t<a itemprop=\"url\" href=\"https:\/\/orthodoxeroumain.fr\/video\/2021\/01\/\">\n\t\t\t\t\t\t11 ianuarie 2021\t\t<\/a>\n\t\t<meta itemprop=\"interactionCount\" content=\"UserComments: 0\"\/>\n<\/div><div class=\"edgtf-post-info-author\">\n    <span class=\"edgtf-post-info-author-text\">\n        by    <\/span>\n    <a itemprop=\"author\" class=\"edgtf-post-info-author-link\" href=\"https:\/\/orthodoxeroumain.fr\/video\/author\/sulpice\/\">\n        sulpice    <\/a>\n<\/div>                <\/div>\n            \t\n\t        \n<h4 itemprop=\"name\" class=\"entry-title edgtf-post-title\" >\n            <a itemprop=\"url\" href=\"https:\/\/orthodoxeroumain.fr\/video\/2021\/01\/11\/un-raspuns-la-intaia-predica-a-unui-preot-ateu-pr-dr-razvan-ionescu-paris\/\" title=\"Un r\u0103spuns la \u201e\u00eent\u00e2ia predic\u0103 a unui preot ateu\u201d. Pr. dr. R\u0103zvan Ionescu (Paris)\">\n            Un r\u0103spuns la \u201e\u00eent\u00e2ia predic\u0103 a unui preot ateu\u201d. Pr. dr. R\u0103zvan Ionescu (Paris)            <\/a>\n    <\/h4>\t\n\t        <div class=\"edgtf-bli-excerpt\">\n\t\t        \t<div class=\"edgtf-post-read-more-button\">\n\t\t<a itemprop=\"url\" href=\"https:\/\/orthodoxeroumain.fr\/video\/2021\/01\/11\/un-raspuns-la-intaia-predica-a-unui-preot-ateu-pr-dr-razvan-ionescu-paris\/\" target=\"_self\"  class=\"edgtf-btn edgtf-btn-medium edgtf-btn-simple edgtf-btn- edgtf-blog-list-button edgtf-hover-animation\"  >    <span class=\"edgtf-btn-text\">Read More<\/span>    <\/a>\t<\/div>\n\t        <\/div>\n        <\/div>\n\t<\/div>\n<\/li><li class=\"edgtf-bl-item edgtf-item-space clearfix\">\n\t<div class=\"edgtf-bli-inner\">\n\t\t\n\t<div class=\"edgtf-post-image\">\n\t\t            <a itemprop=\"url\" href=\"https:\/\/orthodoxeroumain.fr\/video\/2021\/01\/11\/despre-intaia-predica-a-unui-preot-ateu-raspuns-la-intrebari-pr-dr-razvan-ionescu-paris\/\" title=\"Despre &#8222;\u00eent\u00e2ia predic\u0103 a unui preot ateu&#8221;. R\u0103spuns la \u00eentreb\u0103ri. pr. dr. R\u0103zvan Ionescu (Paris)\">\n\t\t\t\t\t<img loading=\"lazy\" decoding=\"async\" width=\"640\" height=\"480\" src=\"https:\/\/orthodoxeroumain.fr\/video\/wp-content\/uploads\/2021\/01\/sddefault-12.jpg\" class=\"attachment-full size-full wp-post-image\" alt=\"\" srcset=\"https:\/\/orthodoxeroumain.fr\/video\/wp-content\/uploads\/2021\/01\/sddefault-12.jpg 640w, https:\/\/orthodoxeroumain.fr\/video\/wp-content\/uploads\/2021\/01\/sddefault-12-300x225.jpg 300w\" sizes=\"auto, (max-width: 640px) 100vw, 640px\" \/>\t\t\t\t\t\t\t\t\t<\/a>\n\t\t\t\t\t<\/div>\n        <div class=\"edgtf-bli-content\">\n                            <div class=\"edgtf-bli-info\">\n\t                <div itemprop=\"dateCreated\" class=\"edgtf-post-info-date entry-date published updated\">\n\t\t\t<a itemprop=\"url\" href=\"https:\/\/orthodoxeroumain.fr\/video\/2021\/01\/\">\n\t\t\t\t\t\t11 ianuarie 2021\t\t<\/a>\n\t\t<meta itemprop=\"interactionCount\" content=\"UserComments: 0\"\/>\n<\/div><div class=\"edgtf-post-info-author\">\n    <span class=\"edgtf-post-info-author-text\">\n        by    <\/span>\n    <a itemprop=\"author\" class=\"edgtf-post-info-author-link\" href=\"https:\/\/orthodoxeroumain.fr\/video\/author\/sulpice\/\">\n        sulpice    <\/a>\n<\/div>                <\/div>\n            \t\n\t        \n<h4 itemprop=\"name\" class=\"entry-title edgtf-post-title\" >\n            <a itemprop=\"url\" href=\"https:\/\/orthodoxeroumain.fr\/video\/2021\/01\/11\/despre-intaia-predica-a-unui-preot-ateu-raspuns-la-intrebari-pr-dr-razvan-ionescu-paris\/\" title=\"Despre &#8222;\u00eent\u00e2ia predic\u0103 a unui preot ateu&#8221;. R\u0103spuns la \u00eentreb\u0103ri. pr. dr. R\u0103zvan Ionescu (Paris)\">\n            Despre &#8222;\u00eent\u00e2ia predic\u0103 a unui preot ateu&#8221;. R\u0103spuns la \u00eentreb\u0103ri. pr. dr. R\u0103zvan Ionescu (Paris)            <\/a>\n    <\/h4>\t\n\t        <div class=\"edgtf-bli-excerpt\">\n\t\t        \t<div class=\"edgtf-post-read-more-button\">\n\t\t<a itemprop=\"url\" href=\"https:\/\/orthodoxeroumain.fr\/video\/2021\/01\/11\/despre-intaia-predica-a-unui-preot-ateu-raspuns-la-intrebari-pr-dr-razvan-ionescu-paris\/\" target=\"_self\"  class=\"edgtf-btn edgtf-btn-medium edgtf-btn-simple edgtf-btn- edgtf-blog-list-button edgtf-hover-animation\"  >    <span class=\"edgtf-btn-text\">Read More<\/span>    <\/a>\t<\/div>\n\t        <\/div>\n        <\/div>\n\t<\/div>\n<\/li><li class=\"edgtf-bl-item edgtf-item-space clearfix\">\n\t<div class=\"edgtf-bli-inner\">\n\t\t\n\t<div class=\"edgtf-post-image\">\n\t\t            <a itemprop=\"url\" href=\"https:\/\/orthodoxeroumain.fr\/video\/2021\/01\/09\/despre-uimirea-si-taina-de-a-fi-persoana\/\" title=\"Despre uimirea \u0219i taina de a fi persoan\u0103\">\n\t\t\t\t\t<img loading=\"lazy\" decoding=\"async\" width=\"640\" height=\"480\" src=\"https:\/\/orthodoxeroumain.fr\/video\/wp-content\/uploads\/2021\/01\/sddefault-13.jpg\" class=\"attachment-full size-full wp-post-image\" alt=\"\" srcset=\"https:\/\/orthodoxeroumain.fr\/video\/wp-content\/uploads\/2021\/01\/sddefault-13.jpg 640w, https:\/\/orthodoxeroumain.fr\/video\/wp-content\/uploads\/2021\/01\/sddefault-13-300x225.jpg 300w\" sizes=\"auto, (max-width: 640px) 100vw, 640px\" \/>\t\t\t\t\t\t\t\t\t<\/a>\n\t\t\t\t\t<\/div>\n        <div class=\"edgtf-bli-content\">\n                            <div class=\"edgtf-bli-info\">\n\t                <div itemprop=\"dateCreated\" class=\"edgtf-post-info-date entry-date published updated\">\n\t\t\t<a itemprop=\"url\" href=\"https:\/\/orthodoxeroumain.fr\/video\/2021\/01\/\">\n\t\t\t\t\t\t9 ianuarie 2021\t\t<\/a>\n\t\t<meta itemprop=\"interactionCount\" content=\"UserComments: 0\"\/>\n<\/div><div class=\"edgtf-post-info-author\">\n    <span class=\"edgtf-post-info-author-text\">\n        by    <\/span>\n    <a itemprop=\"author\" class=\"edgtf-post-info-author-link\" href=\"https:\/\/orthodoxeroumain.fr\/video\/author\/sulpice\/\">\n        sulpice    <\/a>\n<\/div>                <\/div>\n            \t\n\t        \n<h4 itemprop=\"name\" class=\"entry-title edgtf-post-title\" >\n            <a itemprop=\"url\" href=\"https:\/\/orthodoxeroumain.fr\/video\/2021\/01\/09\/despre-uimirea-si-taina-de-a-fi-persoana\/\" title=\"Despre uimirea \u0219i taina de a fi persoan\u0103\">\n            Despre uimirea \u0219i taina de a fi persoan\u0103            <\/a>\n    <\/h4>\t\n\t        <div class=\"edgtf-bli-excerpt\">\n\t\t        \t<div class=\"edgtf-post-read-more-button\">\n\t\t<a itemprop=\"url\" href=\"https:\/\/orthodoxeroumain.fr\/video\/2021\/01\/09\/despre-uimirea-si-taina-de-a-fi-persoana\/\" target=\"_self\"  class=\"edgtf-btn edgtf-btn-medium edgtf-btn-simple edgtf-btn- edgtf-blog-list-button edgtf-hover-animation\"  >    <span class=\"edgtf-btn-text\">Read More<\/span>    <\/a>\t<\/div>\n\t        <\/div>\n        <\/div>\n\t<\/div>\n<\/li><li class=\"edgtf-bl-item edgtf-item-space clearfix\">\n\t<div class=\"edgtf-bli-inner\">\n\t\t\n\t<div class=\"edgtf-post-image\">\n\t\t            <a itemprop=\"url\" href=\"https:\/\/orthodoxeroumain.fr\/video\/2021\/01\/09\/duhovnic-repere-ips-kallistos-ware-despre-parintele-duhovnicesc-ultima-parte\/\" title=\"Duhovnic &#8211; repere IPS Kallistos Ware despre p\u0103rintele duhovnicesc; ultima parte.\">\n\t\t\t\t\t<img loading=\"lazy\" decoding=\"async\" width=\"640\" height=\"480\" src=\"https:\/\/orthodoxeroumain.fr\/video\/wp-content\/uploads\/2021\/01\/sddefault-15.jpg\" class=\"attachment-full size-full wp-post-image\" alt=\"\" srcset=\"https:\/\/orthodoxeroumain.fr\/video\/wp-content\/uploads\/2021\/01\/sddefault-15.jpg 640w, https:\/\/orthodoxeroumain.fr\/video\/wp-content\/uploads\/2021\/01\/sddefault-15-300x225.jpg 300w\" sizes=\"auto, (max-width: 640px) 100vw, 640px\" \/>\t\t\t\t\t\t\t\t\t<\/a>\n\t\t\t\t\t<\/div>\n        <div class=\"edgtf-bli-content\">\n                            <div class=\"edgtf-bli-info\">\n\t                <div itemprop=\"dateCreated\" class=\"edgtf-post-info-date entry-date published updated\">\n\t\t\t<a itemprop=\"url\" href=\"https:\/\/orthodoxeroumain.fr\/video\/2021\/01\/\">\n\t\t\t\t\t\t9 ianuarie 2021\t\t<\/a>\n\t\t<meta itemprop=\"interactionCount\" content=\"UserComments: 0\"\/>\n<\/div><div class=\"edgtf-post-info-author\">\n    <span class=\"edgtf-post-info-author-text\">\n        by    <\/span>\n    <a itemprop=\"author\" class=\"edgtf-post-info-author-link\" href=\"https:\/\/orthodoxeroumain.fr\/video\/author\/sulpice\/\">\n        sulpice    <\/a>\n<\/div>                <\/div>\n            \t\n\t        \n<h4 itemprop=\"name\" class=\"entry-title edgtf-post-title\" >\n            <a itemprop=\"url\" href=\"https:\/\/orthodoxeroumain.fr\/video\/2021\/01\/09\/duhovnic-repere-ips-kallistos-ware-despre-parintele-duhovnicesc-ultima-parte\/\" title=\"Duhovnic &#8211; repere IPS Kallistos Ware despre p\u0103rintele duhovnicesc; ultima parte.\">\n            Duhovnic &#8211; repere IPS Kallistos Ware despre p\u0103rintele duhovnicesc; ultima parte.            <\/a>\n    <\/h4>\t\n\t        <div class=\"edgtf-bli-excerpt\">\n\t\t        \t<div class=\"edgtf-post-read-more-button\">\n\t\t<a itemprop=\"url\" href=\"https:\/\/orthodoxeroumain.fr\/video\/2021\/01\/09\/duhovnic-repere-ips-kallistos-ware-despre-parintele-duhovnicesc-ultima-parte\/\" target=\"_self\"  class=\"edgtf-btn edgtf-btn-medium edgtf-btn-simple edgtf-btn- edgtf-blog-list-button edgtf-hover-animation\"  >    <span class=\"edgtf-btn-text\">Read More<\/span>    <\/a>\t<\/div>\n\t        <\/div>\n        <\/div>\n\t<\/div>\n<\/li><li class=\"edgtf-bl-item edgtf-item-space clearfix\">\n\t<div class=\"edgtf-bli-inner\">\n\t\t\n\t<div class=\"edgtf-post-image\">\n\t\t            <a itemprop=\"url\" href=\"https:\/\/orthodoxeroumain.fr\/video\/2021\/01\/09\/duhovnic-repere-ips-kallistos-ware-despre-parintele-duhovnicesc-raspunsuri-la-intrebari\/\" title=\"Duhovnic &#8211; repere IPS Kallistos Ware despre p\u0103rintele duhovnicesc; r\u0103spunsuri la \u00eentreb\u0103ri.\">\n\t\t\t\t\t<img loading=\"lazy\" decoding=\"async\" width=\"640\" height=\"480\" src=\"https:\/\/orthodoxeroumain.fr\/video\/wp-content\/uploads\/2021\/01\/sddefault-15.jpg\" class=\"attachment-full size-full wp-post-image\" alt=\"\" srcset=\"https:\/\/orthodoxeroumain.fr\/video\/wp-content\/uploads\/2021\/01\/sddefault-15.jpg 640w, https:\/\/orthodoxeroumain.fr\/video\/wp-content\/uploads\/2021\/01\/sddefault-15-300x225.jpg 300w\" sizes=\"auto, (max-width: 640px) 100vw, 640px\" \/>\t\t\t\t\t\t\t\t\t<\/a>\n\t\t\t\t\t<\/div>\n        <div class=\"edgtf-bli-content\">\n                            <div class=\"edgtf-bli-info\">\n\t                <div itemprop=\"dateCreated\" class=\"edgtf-post-info-date entry-date published updated\">\n\t\t\t<a itemprop=\"url\" href=\"https:\/\/orthodoxeroumain.fr\/video\/2021\/01\/\">\n\t\t\t\t\t\t9 ianuarie 2021\t\t<\/a>\n\t\t<meta itemprop=\"interactionCount\" content=\"UserComments: 0\"\/>\n<\/div><div class=\"edgtf-post-info-author\">\n    <span class=\"edgtf-post-info-author-text\">\n        by    <\/span>\n    <a itemprop=\"author\" class=\"edgtf-post-info-author-link\" href=\"https:\/\/orthodoxeroumain.fr\/video\/author\/sulpice\/\">\n        sulpice    <\/a>\n<\/div>                <\/div>\n            \t\n\t        \n<h4 itemprop=\"name\" class=\"entry-title edgtf-post-title\" >\n            <a itemprop=\"url\" href=\"https:\/\/orthodoxeroumain.fr\/video\/2021\/01\/09\/duhovnic-repere-ips-kallistos-ware-despre-parintele-duhovnicesc-raspunsuri-la-intrebari\/\" title=\"Duhovnic &#8211; repere IPS Kallistos Ware despre p\u0103rintele duhovnicesc; r\u0103spunsuri la \u00eentreb\u0103ri.\">\n            Duhovnic &#8211; repere IPS Kallistos Ware despre p\u0103rintele duhovnicesc; r\u0103spunsuri la \u00eentreb\u0103ri.            <\/a>\n    <\/h4>\t\n\t        <div class=\"edgtf-bli-excerpt\">\n\t\t        \t<div class=\"edgtf-post-read-more-button\">\n\t\t<a itemprop=\"url\" href=\"https:\/\/orthodoxeroumain.fr\/video\/2021\/01\/09\/duhovnic-repere-ips-kallistos-ware-despre-parintele-duhovnicesc-raspunsuri-la-intrebari\/\" target=\"_self\"  class=\"edgtf-btn edgtf-btn-medium edgtf-btn-simple edgtf-btn- edgtf-blog-list-button edgtf-hover-animation\"  >    <span class=\"edgtf-btn-text\">Read More<\/span>    <\/a>\t<\/div>\n\t        <\/div>\n        <\/div>\n\t<\/div>\n<\/li><li class=\"edgtf-bl-item edgtf-item-space clearfix\">\n\t<div class=\"edgtf-bli-inner\">\n\t\t\n\t<div class=\"edgtf-post-image\">\n\t\t            <a itemprop=\"url\" href=\"https:\/\/orthodoxeroumain.fr\/video\/2021\/01\/09\/duhovnic-ascultare-orbeasca-lepadarea-de-lume-pentru-cei-din-lume-duhovnicii-au-duhovnici\/\" title=\"Duhovnic&#8230; ascultare orbeasc\u0103, lep\u0103darea de lume pentru cei din lume, duhovnicii au duhovnici?\">\n\t\t\t\t\t<img loading=\"lazy\" decoding=\"async\" width=\"640\" height=\"480\" src=\"https:\/\/orthodoxeroumain.fr\/video\/wp-content\/uploads\/2021\/01\/sddefault-10.jpg\" class=\"attachment-full size-full wp-post-image\" alt=\"\" srcset=\"https:\/\/orthodoxeroumain.fr\/video\/wp-content\/uploads\/2021\/01\/sddefault-10.jpg 640w, https:\/\/orthodoxeroumain.fr\/video\/wp-content\/uploads\/2021\/01\/sddefault-10-300x225.jpg 300w\" sizes=\"auto, (max-width: 640px) 100vw, 640px\" \/>\t\t\t\t\t\t\t\t\t<\/a>\n\t\t\t\t\t<\/div>\n        <div class=\"edgtf-bli-content\">\n                            <div class=\"edgtf-bli-info\">\n\t                <div itemprop=\"dateCreated\" class=\"edgtf-post-info-date entry-date published updated\">\n\t\t\t<a itemprop=\"url\" href=\"https:\/\/orthodoxeroumain.fr\/video\/2021\/01\/\">\n\t\t\t\t\t\t9 ianuarie 2021\t\t<\/a>\n\t\t<meta itemprop=\"interactionCount\" content=\"UserComments: 0\"\/>\n<\/div><div class=\"edgtf-post-info-author\">\n    <span class=\"edgtf-post-info-author-text\">\n        by    <\/span>\n    <a itemprop=\"author\" class=\"edgtf-post-info-author-link\" href=\"https:\/\/orthodoxeroumain.fr\/video\/author\/sulpice\/\">\n        sulpice    <\/a>\n<\/div>                <\/div>\n            \t\n\t        \n<h4 itemprop=\"name\" class=\"entry-title edgtf-post-title\" >\n            <a itemprop=\"url\" href=\"https:\/\/orthodoxeroumain.fr\/video\/2021\/01\/09\/duhovnic-ascultare-orbeasca-lepadarea-de-lume-pentru-cei-din-lume-duhovnicii-au-duhovnici\/\" title=\"Duhovnic&#8230; ascultare orbeasc\u0103, lep\u0103darea de lume pentru cei din lume, duhovnicii au duhovnici?\">\n            Duhovnic&#8230; ascultare orbeasc\u0103, lep\u0103darea de lume pentru cei din lume, duhovnicii au duhovnici?            <\/a>\n    <\/h4>\t\n\t        <div class=\"edgtf-bli-excerpt\">\n\t\t        \t<div class=\"edgtf-post-read-more-button\">\n\t\t<a itemprop=\"url\" href=\"https:\/\/orthodoxeroumain.fr\/video\/2021\/01\/09\/duhovnic-ascultare-orbeasca-lepadarea-de-lume-pentru-cei-din-lume-duhovnicii-au-duhovnici\/\" target=\"_self\"  class=\"edgtf-btn edgtf-btn-medium edgtf-btn-simple edgtf-btn- edgtf-blog-list-button edgtf-hover-animation\"  >    <span class=\"edgtf-btn-text\">Read More<\/span>    <\/a>\t<\/div>\n\t        <\/div>\n        <\/div>\n\t<\/div>\n<\/li><li class=\"edgtf-bl-item edgtf-item-space clearfix\">\n\t<div class=\"edgtf-bli-inner\">\n\t\t\n\t<div class=\"edgtf-post-image\">\n\t\t            <a itemprop=\"url\" href=\"https:\/\/orthodoxeroumain.fr\/video\/2021\/01\/09\/viata-mea-in-parohie-de-la-consumator-pasiv-la-investitor-activ-activitate-versus-activism-iii\/\" title=\"Via\u021ba mea \u00een parohie. De la consumator pasiv la investitor activ. Activitate versus activism? (III)\">\n\t\t\t\t\t<img loading=\"lazy\" decoding=\"async\" width=\"640\" height=\"480\" src=\"https:\/\/orthodoxeroumain.fr\/video\/wp-content\/uploads\/2021\/01\/sddefault-11.jpg\" class=\"attachment-full size-full wp-post-image\" alt=\"\" srcset=\"https:\/\/orthodoxeroumain.fr\/video\/wp-content\/uploads\/2021\/01\/sddefault-11.jpg 640w, https:\/\/orthodoxeroumain.fr\/video\/wp-content\/uploads\/2021\/01\/sddefault-11-300x225.jpg 300w\" sizes=\"auto, (max-width: 640px) 100vw, 640px\" \/>\t\t\t\t\t\t\t\t\t<\/a>\n\t\t\t\t\t<\/div>\n        <div class=\"edgtf-bli-content\">\n                            <div class=\"edgtf-bli-info\">\n\t                <div itemprop=\"dateCreated\" class=\"edgtf-post-info-date entry-date published updated\">\n\t\t\t<a itemprop=\"url\" href=\"https:\/\/orthodoxeroumain.fr\/video\/2021\/01\/\">\n\t\t\t\t\t\t9 ianuarie 2021\t\t<\/a>\n\t\t<meta itemprop=\"interactionCount\" content=\"UserComments: 0\"\/>\n<\/div><div class=\"edgtf-post-info-author\">\n    <span class=\"edgtf-post-info-author-text\">\n        by    <\/span>\n    <a itemprop=\"author\" class=\"edgtf-post-info-author-link\" href=\"https:\/\/orthodoxeroumain.fr\/video\/author\/sulpice\/\">\n        sulpice    <\/a>\n<\/div>                <\/div>\n            \t\n\t        \n<h4 itemprop=\"name\" class=\"entry-title edgtf-post-title\" >\n            <a itemprop=\"url\" href=\"https:\/\/orthodoxeroumain.fr\/video\/2021\/01\/09\/viata-mea-in-parohie-de-la-consumator-pasiv-la-investitor-activ-activitate-versus-activism-iii\/\" title=\"Via\u021ba mea \u00een parohie. De la consumator pasiv la investitor activ. Activitate versus activism? (III)\">\n            Via\u021ba mea \u00een parohie. De la consumator pasiv la investitor activ. Activitate versus activism? (III)            <\/a>\n    <\/h4>\t\n\t        <div class=\"edgtf-bli-excerpt\">\n\t\t        \t<div class=\"edgtf-post-read-more-button\">\n\t\t<a itemprop=\"url\" href=\"https:\/\/orthodoxeroumain.fr\/video\/2021\/01\/09\/viata-mea-in-parohie-de-la-consumator-pasiv-la-investitor-activ-activitate-versus-activism-iii\/\" target=\"_self\"  class=\"edgtf-btn edgtf-btn-medium edgtf-btn-simple edgtf-btn- edgtf-blog-list-button edgtf-hover-animation\"  >    <span class=\"edgtf-btn-text\">Read More<\/span>    <\/a>\t<\/div>\n\t        <\/div>\n        <\/div>\n\t<\/div>\n<\/li><li class=\"edgtf-bl-item edgtf-item-space clearfix\">\n\t<div class=\"edgtf-bli-inner\">\n\t\t\n\t<div class=\"edgtf-post-image\">\n\t\t            <a itemprop=\"url\" href=\"https:\/\/orthodoxeroumain.fr\/video\/2021\/01\/09\/viata-mea-in-parohie-de-la-consumator-pasiv-la-investitor-activ-activitate-versus-activism-ii\/\" title=\"Via\u021ba mea \u00een parohie. De la consumator pasiv la investitor activ. Activitate versus activism? (II)\">\n\t\t\t\t\t<img loading=\"lazy\" decoding=\"async\" width=\"640\" height=\"480\" src=\"https:\/\/orthodoxeroumain.fr\/video\/wp-content\/uploads\/2021\/01\/sddefault-9.jpg\" class=\"attachment-full size-full wp-post-image\" alt=\"\" srcset=\"https:\/\/orthodoxeroumain.fr\/video\/wp-content\/uploads\/2021\/01\/sddefault-9.jpg 640w, https:\/\/orthodoxeroumain.fr\/video\/wp-content\/uploads\/2021\/01\/sddefault-9-300x225.jpg 300w\" sizes=\"auto, (max-width: 640px) 100vw, 640px\" \/>\t\t\t\t\t\t\t\t\t<\/a>\n\t\t\t\t\t<\/div>\n        <div class=\"edgtf-bli-content\">\n                            <div class=\"edgtf-bli-info\">\n\t                <div itemprop=\"dateCreated\" class=\"edgtf-post-info-date entry-date published updated\">\n\t\t\t<a itemprop=\"url\" href=\"https:\/\/orthodoxeroumain.fr\/video\/2021\/01\/\">\n\t\t\t\t\t\t9 ianuarie 2021\t\t<\/a>\n\t\t<meta itemprop=\"interactionCount\" content=\"UserComments: 0\"\/>\n<\/div><div class=\"edgtf-post-info-author\">\n    <span class=\"edgtf-post-info-author-text\">\n        by    <\/span>\n    <a itemprop=\"author\" class=\"edgtf-post-info-author-link\" href=\"https:\/\/orthodoxeroumain.fr\/video\/author\/sulpice\/\">\n        sulpice    <\/a>\n<\/div>                <\/div>\n            \t\n\t        \n<h4 itemprop=\"name\" class=\"entry-title edgtf-post-title\" >\n            <a itemprop=\"url\" href=\"https:\/\/orthodoxeroumain.fr\/video\/2021\/01\/09\/viata-mea-in-parohie-de-la-consumator-pasiv-la-investitor-activ-activitate-versus-activism-ii\/\" title=\"Via\u021ba mea \u00een parohie. De la consumator pasiv la investitor activ. Activitate versus activism? (II)\">\n            Via\u021ba mea \u00een parohie. De la consumator pasiv la investitor activ. Activitate versus activism? (II)            <\/a>\n    <\/h4>\t\n\t        <div class=\"edgtf-bli-excerpt\">\n\t\t        \t<div class=\"edgtf-post-read-more-button\">\n\t\t<a itemprop=\"url\" href=\"https:\/\/orthodoxeroumain.fr\/video\/2021\/01\/09\/viata-mea-in-parohie-de-la-consumator-pasiv-la-investitor-activ-activitate-versus-activism-ii\/\" target=\"_self\"  class=\"edgtf-btn edgtf-btn-medium edgtf-btn-simple edgtf-btn- edgtf-blog-list-button edgtf-hover-animation\"  >    <span class=\"edgtf-btn-text\">Read More<\/span>    <\/a>\t<\/div>\n\t        <\/div>\n        <\/div>\n\t<\/div>\n<\/li><li class=\"edgtf-bl-item edgtf-item-space clearfix\">\n\t<div class=\"edgtf-bli-inner\">\n\t\t\n\t<div class=\"edgtf-post-image\">\n\t\t            <a itemprop=\"url\" href=\"https:\/\/orthodoxeroumain.fr\/video\/2021\/01\/09\/viata-mea-in-parohie-de-la-consumator-pasiv-la-investitor-activ-activitate-versus-activism-i\/\" title=\"Via\u021ba mea \u00een parohie. De la consumator pasiv la investitor activ. Activitate versus activism? (I)\">\n\t\t\t\t\t<img loading=\"lazy\" decoding=\"async\" width=\"640\" height=\"480\" src=\"https:\/\/orthodoxeroumain.fr\/video\/wp-content\/uploads\/2021\/01\/sddefault-1.jpg\" class=\"attachment-full size-full wp-post-image\" alt=\"\" srcset=\"https:\/\/orthodoxeroumain.fr\/video\/wp-content\/uploads\/2021\/01\/sddefault-1.jpg 640w, https:\/\/orthodoxeroumain.fr\/video\/wp-content\/uploads\/2021\/01\/sddefault-1-300x225.jpg 300w\" sizes=\"auto, (max-width: 640px) 100vw, 640px\" \/>\t\t\t\t\t\t\t\t\t<\/a>\n\t\t\t\t\t<\/div>\n        <div class=\"edgtf-bli-content\">\n                            <div class=\"edgtf-bli-info\">\n\t                <div itemprop=\"dateCreated\" class=\"edgtf-post-info-date entry-date published updated\">\n\t\t\t<a itemprop=\"url\" href=\"https:\/\/orthodoxeroumain.fr\/video\/2021\/01\/\">\n\t\t\t\t\t\t9 ianuarie 2021\t\t<\/a>\n\t\t<meta itemprop=\"interactionCount\" content=\"UserComments: 0\"\/>\n<\/div><div class=\"edgtf-post-info-author\">\n    <span class=\"edgtf-post-info-author-text\">\n        by    <\/span>\n    <a itemprop=\"author\" class=\"edgtf-post-info-author-link\" href=\"https:\/\/orthodoxeroumain.fr\/video\/author\/sulpice\/\">\n        sulpice    <\/a>\n<\/div>                <\/div>\n            \t\n\t        \n<h4 itemprop=\"name\" class=\"entry-title edgtf-post-title\" >\n            <a itemprop=\"url\" href=\"https:\/\/orthodoxeroumain.fr\/video\/2021\/01\/09\/viata-mea-in-parohie-de-la-consumator-pasiv-la-investitor-activ-activitate-versus-activism-i\/\" title=\"Via\u021ba mea \u00een parohie. De la consumator pasiv la investitor activ. Activitate versus activism? (I)\">\n            Via\u021ba mea \u00een parohie. De la consumator pasiv la investitor activ. Activitate versus activism? (I)            <\/a>\n    <\/h4>\t\n\t        <div class=\"edgtf-bli-excerpt\">\n\t\t        \t<div class=\"edgtf-post-read-more-button\">\n\t\t<a itemprop=\"url\" href=\"https:\/\/orthodoxeroumain.fr\/video\/2021\/01\/09\/viata-mea-in-parohie-de-la-consumator-pasiv-la-investitor-activ-activitate-versus-activism-i\/\" target=\"_self\"  class=\"edgtf-btn edgtf-btn-medium edgtf-btn-simple edgtf-btn- edgtf-blog-list-button edgtf-hover-animation\"  >    <span class=\"edgtf-btn-text\">Read More<\/span>    <\/a>\t<\/div>\n\t        <\/div>\n        <\/div>\n\t<\/div>\n<\/li><li class=\"edgtf-bl-item edgtf-item-space clearfix\">\n\t<div class=\"edgtf-bli-inner\">\n\t\t\n\t<div class=\"edgtf-post-image\">\n\t\t            <a itemprop=\"url\" href=\"https:\/\/orthodoxeroumain.fr\/video\/2021\/01\/09\/in-ce-duh-traim-viata-bisericii\/\" title=\"\u00cen ce duh tr\u0103im via\u021ba Bisericii?\">\n\t\t\t\t\t<img loading=\"lazy\" decoding=\"async\" width=\"640\" height=\"480\" src=\"https:\/\/orthodoxeroumain.fr\/video\/wp-content\/uploads\/2021\/01\/sddefault-5.jpg\" class=\"attachment-full size-full wp-post-image\" alt=\"\" srcset=\"https:\/\/orthodoxeroumain.fr\/video\/wp-content\/uploads\/2021\/01\/sddefault-5.jpg 640w, https:\/\/orthodoxeroumain.fr\/video\/wp-content\/uploads\/2021\/01\/sddefault-5-300x225.jpg 300w\" sizes=\"auto, (max-width: 640px) 100vw, 640px\" \/>\t\t\t\t\t\t\t\t\t<\/a>\n\t\t\t\t\t<\/div>\n        <div class=\"edgtf-bli-content\">\n                            <div class=\"edgtf-bli-info\">\n\t                <div itemprop=\"dateCreated\" class=\"edgtf-post-info-date entry-date published updated\">\n\t\t\t<a itemprop=\"url\" href=\"https:\/\/orthodoxeroumain.fr\/video\/2021\/01\/\">\n\t\t\t\t\t\t9 ianuarie 2021\t\t<\/a>\n\t\t<meta itemprop=\"interactionCount\" content=\"UserComments: 0\"\/>\n<\/div><div class=\"edgtf-post-info-author\">\n    <span class=\"edgtf-post-info-author-text\">\n        by    <\/span>\n    <a itemprop=\"author\" class=\"edgtf-post-info-author-link\" href=\"https:\/\/orthodoxeroumain.fr\/video\/author\/sulpice\/\">\n        sulpice    <\/a>\n<\/div>                <\/div>\n            \t\n\t        \n<h4 itemprop=\"name\" class=\"entry-title edgtf-post-title\" >\n            <a itemprop=\"url\" href=\"https:\/\/orthodoxeroumain.fr\/video\/2021\/01\/09\/in-ce-duh-traim-viata-bisericii\/\" title=\"\u00cen ce duh tr\u0103im via\u021ba Bisericii?\">\n            \u00cen ce duh tr\u0103im via\u021ba Bisericii?            <\/a>\n    <\/h4>\t\n\t        <div class=\"edgtf-bli-excerpt\">\n\t\t        \t<div class=\"edgtf-post-read-more-button\">\n\t\t<a itemprop=\"url\" href=\"https:\/\/orthodoxeroumain.fr\/video\/2021\/01\/09\/in-ce-duh-traim-viata-bisericii\/\" target=\"_self\"  class=\"edgtf-btn edgtf-btn-medium edgtf-btn-simple edgtf-btn- edgtf-blog-list-button edgtf-hover-animation\"  >    <span class=\"edgtf-btn-text\">Read More<\/span>    <\/a>\t<\/div>\n\t        <\/div>\n        <\/div>\n\t<\/div>\n<\/li><li class=\"edgtf-bl-item edgtf-item-space clearfix\">\n\t<div class=\"edgtf-bli-inner\">\n\t\t\n\t<div class=\"edgtf-post-image\">\n\t\t            <a itemprop=\"url\" href=\"https:\/\/orthodoxeroumain.fr\/video\/2021\/01\/08\/despre-duhul-sfant-cine-este-el\/\" title=\"Despre Duhul Sf\u00e2nt (Cine este El?)\">\n\t\t\t\t\t<img loading=\"lazy\" decoding=\"async\" width=\"640\" height=\"480\" src=\"https:\/\/orthodoxeroumain.fr\/video\/wp-content\/uploads\/2021\/01\/sddefault-3.jpg\" class=\"attachment-full size-full wp-post-image\" alt=\"\" srcset=\"https:\/\/orthodoxeroumain.fr\/video\/wp-content\/uploads\/2021\/01\/sddefault-3.jpg 640w, https:\/\/orthodoxeroumain.fr\/video\/wp-content\/uploads\/2021\/01\/sddefault-3-300x225.jpg 300w\" sizes=\"auto, (max-width: 640px) 100vw, 640px\" \/>\t\t\t\t\t\t\t\t\t<\/a>\n\t\t\t\t\t<\/div>\n        <div class=\"edgtf-bli-content\">\n                            <div class=\"edgtf-bli-info\">\n\t                <div itemprop=\"dateCreated\" class=\"edgtf-post-info-date entry-date published updated\">\n\t\t\t<a itemprop=\"url\" href=\"https:\/\/orthodoxeroumain.fr\/video\/2021\/01\/\">\n\t\t\t\t\t\t8 ianuarie 2021\t\t<\/a>\n\t\t<meta itemprop=\"interactionCount\" content=\"UserComments: 0\"\/>\n<\/div><div class=\"edgtf-post-info-author\">\n    <span class=\"edgtf-post-info-author-text\">\n        by    <\/span>\n    <a itemprop=\"author\" class=\"edgtf-post-info-author-link\" href=\"https:\/\/orthodoxeroumain.fr\/video\/author\/sulpice\/\">\n        sulpice    <\/a>\n<\/div>                <\/div>\n            \t\n\t        \n<h4 itemprop=\"name\" class=\"entry-title edgtf-post-title\" >\n            <a itemprop=\"url\" href=\"https:\/\/orthodoxeroumain.fr\/video\/2021\/01\/08\/despre-duhul-sfant-cine-este-el\/\" title=\"Despre Duhul Sf\u00e2nt (Cine este El?)\">\n            Despre Duhul Sf\u00e2nt (Cine este El?)            <\/a>\n    <\/h4>\t\n\t        <div class=\"edgtf-bli-excerpt\">\n\t\t        \t<div class=\"edgtf-post-read-more-button\">\n\t\t<a itemprop=\"url\" href=\"https:\/\/orthodoxeroumain.fr\/video\/2021\/01\/08\/despre-duhul-sfant-cine-este-el\/\" target=\"_self\"  class=\"edgtf-btn edgtf-btn-medium edgtf-btn-simple edgtf-btn- edgtf-blog-list-button edgtf-hover-animation\"  >    <span class=\"edgtf-btn-text\">Read More<\/span>    <\/a>\t<\/div>\n\t        <\/div>\n        <\/div>\n\t<\/div>\n<\/li><li class=\"edgtf-bl-item edgtf-item-space clearfix\">\n\t<div class=\"edgtf-bli-inner\">\n\t\t\n\t<div class=\"edgtf-post-image\">\n\t\t            <a itemprop=\"url\" href=\"https:\/\/orthodoxeroumain.fr\/video\/2021\/01\/08\/despre-rugaciune-si-despre-tinta-vietii-crestine-in-cheie-de-lectura-inspirata-de-cincizecime\/\" title=\"Despre rug\u0103ciune \u0219i despre \u021binta vie\u021bii cre\u0219tine \u00een cheie de lectur\u0103 inspirat\u0103 de Cincizecime.\">\n\t\t\t\t\t<img loading=\"lazy\" decoding=\"async\" width=\"640\" height=\"480\" src=\"https:\/\/orthodoxeroumain.fr\/video\/wp-content\/uploads\/2021\/01\/sddefault-7.jpg\" class=\"attachment-full size-full wp-post-image\" alt=\"\" srcset=\"https:\/\/orthodoxeroumain.fr\/video\/wp-content\/uploads\/2021\/01\/sddefault-7.jpg 640w, https:\/\/orthodoxeroumain.fr\/video\/wp-content\/uploads\/2021\/01\/sddefault-7-300x225.jpg 300w\" sizes=\"auto, (max-width: 640px) 100vw, 640px\" \/>\t\t\t\t\t\t\t\t\t<\/a>\n\t\t\t\t\t<\/div>\n        <div class=\"edgtf-bli-content\">\n                            <div class=\"edgtf-bli-info\">\n\t                <div itemprop=\"dateCreated\" class=\"edgtf-post-info-date entry-date published updated\">\n\t\t\t<a itemprop=\"url\" href=\"https:\/\/orthodoxeroumain.fr\/video\/2021\/01\/\">\n\t\t\t\t\t\t8 ianuarie 2021\t\t<\/a>\n\t\t<meta itemprop=\"interactionCount\" content=\"UserComments: 0\"\/>\n<\/div><div class=\"edgtf-post-info-author\">\n    <span class=\"edgtf-post-info-author-text\">\n        by    <\/span>\n    <a itemprop=\"author\" class=\"edgtf-post-info-author-link\" href=\"https:\/\/orthodoxeroumain.fr\/video\/author\/sulpice\/\">\n        sulpice    <\/a>\n<\/div>                <\/div>\n            \t\n\t        \n<h4 itemprop=\"name\" class=\"entry-title edgtf-post-title\" >\n            <a itemprop=\"url\" href=\"https:\/\/orthodoxeroumain.fr\/video\/2021\/01\/08\/despre-rugaciune-si-despre-tinta-vietii-crestine-in-cheie-de-lectura-inspirata-de-cincizecime\/\" title=\"Despre rug\u0103ciune \u0219i despre \u021binta vie\u021bii cre\u0219tine \u00een cheie de lectur\u0103 inspirat\u0103 de Cincizecime.\">\n            Despre rug\u0103ciune \u0219i despre \u021binta vie\u021bii cre\u0219tine \u00een cheie de lectur\u0103 inspirat\u0103 de Cincizecime.            <\/a>\n    <\/h4>\t\n\t        <div class=\"edgtf-bli-excerpt\">\n\t\t        \t<div class=\"edgtf-post-read-more-button\">\n\t\t<a itemprop=\"url\" href=\"https:\/\/orthodoxeroumain.fr\/video\/2021\/01\/08\/despre-rugaciune-si-despre-tinta-vietii-crestine-in-cheie-de-lectura-inspirata-de-cincizecime\/\" target=\"_self\"  class=\"edgtf-btn edgtf-btn-medium edgtf-btn-simple edgtf-btn- edgtf-blog-list-button edgtf-hover-animation\"  >    <span class=\"edgtf-btn-text\">Read More<\/span>    <\/a>\t<\/div>\n\t        <\/div>\n        <\/div>\n\t<\/div>\n<\/li><li class=\"edgtf-bl-item edgtf-item-space clearfix\">\n\t<div class=\"edgtf-bli-inner\">\n\t\t\n\t<div class=\"edgtf-post-image\">\n\t\t            <a itemprop=\"url\" href=\"https:\/\/orthodoxeroumain.fr\/video\/2021\/01\/08\/parintele-razvan-ionescu-despre-relatia-mea-cu-ceilalti\/\" title=\"P\u0103rintele R\u0103zvan Ionescu &#8211; Despre rela\u021bia mea cu ceilal\u021bi\">\n\t\t\t\t\t<img loading=\"lazy\" decoding=\"async\" width=\"480\" height=\"360\" src=\"https:\/\/orthodoxeroumain.fr\/video\/wp-content\/uploads\/2021\/01\/hqdefault-9.jpg\" class=\"attachment-full size-full wp-post-image\" alt=\"\" srcset=\"https:\/\/orthodoxeroumain.fr\/video\/wp-content\/uploads\/2021\/01\/hqdefault-9.jpg 480w, https:\/\/orthodoxeroumain.fr\/video\/wp-content\/uploads\/2021\/01\/hqdefault-9-300x225.jpg 300w\" sizes=\"auto, (max-width: 480px) 100vw, 480px\" \/>\t\t\t\t\t\t\t\t\t<\/a>\n\t\t\t\t\t<\/div>\n        <div class=\"edgtf-bli-content\">\n                            <div class=\"edgtf-bli-info\">\n\t                <div itemprop=\"dateCreated\" class=\"edgtf-post-info-date entry-date published updated\">\n\t\t\t<a itemprop=\"url\" href=\"https:\/\/orthodoxeroumain.fr\/video\/2021\/01\/\">\n\t\t\t\t\t\t8 ianuarie 2021\t\t<\/a>\n\t\t<meta itemprop=\"interactionCount\" content=\"UserComments: 0\"\/>\n<\/div><div class=\"edgtf-post-info-author\">\n    <span class=\"edgtf-post-info-author-text\">\n        by    <\/span>\n    <a itemprop=\"author\" class=\"edgtf-post-info-author-link\" href=\"https:\/\/orthodoxeroumain.fr\/video\/author\/sulpice\/\">\n        sulpice    <\/a>\n<\/div>                <\/div>\n            \t\n\t        \n<h4 itemprop=\"name\" class=\"entry-title edgtf-post-title\" >\n            <a itemprop=\"url\" href=\"https:\/\/orthodoxeroumain.fr\/video\/2021\/01\/08\/parintele-razvan-ionescu-despre-relatia-mea-cu-ceilalti\/\" title=\"P\u0103rintele R\u0103zvan Ionescu &#8211; Despre rela\u021bia mea cu ceilal\u021bi\">\n            P\u0103rintele R\u0103zvan Ionescu &#8211; Despre rela\u021bia mea cu ceilal\u021bi            <\/a>\n    <\/h4>\t\n\t        <div class=\"edgtf-bli-excerpt\">\n\t\t        \t<div class=\"edgtf-post-read-more-button\">\n\t\t<a itemprop=\"url\" href=\"https:\/\/orthodoxeroumain.fr\/video\/2021\/01\/08\/parintele-razvan-ionescu-despre-relatia-mea-cu-ceilalti\/\" target=\"_self\"  class=\"edgtf-btn edgtf-btn-medium edgtf-btn-simple edgtf-btn- edgtf-blog-list-button edgtf-hover-animation\"  >    <span class=\"edgtf-btn-text\">Read More<\/span>    <\/a>\t<\/div>\n\t        <\/div>\n        <\/div>\n\t<\/div>\n<\/li><li class=\"edgtf-bl-item edgtf-item-space clearfix\">\n\t<div class=\"edgtf-bli-inner\">\n\t\t\n\t<div class=\"edgtf-post-image\">\n\t\t            <a itemprop=\"url\" href=\"https:\/\/orthodoxeroumain.fr\/video\/2021\/01\/08\/viul-din-viata-bisericii-ce-este-cum-ajungem-la-el\/\" title=\"Viul din via\u021ba Bisericii &#8211; ce este, cum ajungem la el&#8230;\">\n\t\t\t\t\t<img loading=\"lazy\" decoding=\"async\" width=\"640\" height=\"480\" src=\"https:\/\/orthodoxeroumain.fr\/video\/wp-content\/uploads\/2021\/01\/sddefault-4.jpg\" class=\"attachment-full size-full wp-post-image\" alt=\"\" srcset=\"https:\/\/orthodoxeroumain.fr\/video\/wp-content\/uploads\/2021\/01\/sddefault-4.jpg 640w, https:\/\/orthodoxeroumain.fr\/video\/wp-content\/uploads\/2021\/01\/sddefault-4-300x225.jpg 300w\" sizes=\"auto, (max-width: 640px) 100vw, 640px\" \/>\t\t\t\t\t\t\t\t\t<\/a>\n\t\t\t\t\t<\/div>\n        <div class=\"edgtf-bli-content\">\n                            <div class=\"edgtf-bli-info\">\n\t                <div itemprop=\"dateCreated\" class=\"edgtf-post-info-date entry-date published updated\">\n\t\t\t<a itemprop=\"url\" href=\"https:\/\/orthodoxeroumain.fr\/video\/2021\/01\/\">\n\t\t\t\t\t\t8 ianuarie 2021\t\t<\/a>\n\t\t<meta itemprop=\"interactionCount\" content=\"UserComments: 0\"\/>\n<\/div><div class=\"edgtf-post-info-author\">\n    <span class=\"edgtf-post-info-author-text\">\n        by    <\/span>\n    <a itemprop=\"author\" class=\"edgtf-post-info-author-link\" href=\"https:\/\/orthodoxeroumain.fr\/video\/author\/sulpice\/\">\n        sulpice    <\/a>\n<\/div>                <\/div>\n            \t\n\t        \n<h4 itemprop=\"name\" class=\"entry-title edgtf-post-title\" >\n            <a itemprop=\"url\" href=\"https:\/\/orthodoxeroumain.fr\/video\/2021\/01\/08\/viul-din-viata-bisericii-ce-este-cum-ajungem-la-el\/\" title=\"Viul din via\u021ba Bisericii &#8211; ce este, cum ajungem la el&#8230;\">\n            Viul din via\u021ba Bisericii &#8211; ce este, cum ajungem la el&#8230;            <\/a>\n    <\/h4>\t\n\t        <div class=\"edgtf-bli-excerpt\">\n\t\t        \t<div class=\"edgtf-post-read-more-button\">\n\t\t<a itemprop=\"url\" href=\"https:\/\/orthodoxeroumain.fr\/video\/2021\/01\/08\/viul-din-viata-bisericii-ce-este-cum-ajungem-la-el\/\" target=\"_self\"  class=\"edgtf-btn edgtf-btn-medium edgtf-btn-simple edgtf-btn- edgtf-blog-list-button edgtf-hover-animation\"  >    <span class=\"edgtf-btn-text\">Read More<\/span>    <\/a>\t<\/div>\n\t        <\/div>\n        <\/div>\n\t<\/div>\n<\/li><li class=\"edgtf-bl-item edgtf-item-space clearfix\">\n\t<div class=\"edgtf-bli-inner\">\n\t\t\n\t<div class=\"edgtf-post-image\">\n\t\t            <a itemprop=\"url\" href=\"https:\/\/orthodoxeroumain.fr\/video\/2021\/01\/08\/despre-kitch-intre-duhul-bisericii-si-spiritul-modernitatii\/\" title=\"Despre kitch, \u00eentre duhul Bisericii \u0219i spiritul modernit\u0103\u021bii\">\n\t\t\t\t\t<img loading=\"lazy\" decoding=\"async\" width=\"640\" height=\"480\" src=\"https:\/\/orthodoxeroumain.fr\/video\/wp-content\/uploads\/2021\/01\/sddefault-8.jpg\" class=\"attachment-full size-full wp-post-image\" alt=\"\" srcset=\"https:\/\/orthodoxeroumain.fr\/video\/wp-content\/uploads\/2021\/01\/sddefault-8.jpg 640w, https:\/\/orthodoxeroumain.fr\/video\/wp-content\/uploads\/2021\/01\/sddefault-8-300x225.jpg 300w\" sizes=\"auto, (max-width: 640px) 100vw, 640px\" \/>\t\t\t\t\t\t\t\t\t<\/a>\n\t\t\t\t\t<\/div>\n        <div class=\"edgtf-bli-content\">\n                            <div class=\"edgtf-bli-info\">\n\t                <div itemprop=\"dateCreated\" class=\"edgtf-post-info-date entry-date published updated\">\n\t\t\t<a itemprop=\"url\" href=\"https:\/\/orthodoxeroumain.fr\/video\/2021\/01\/\">\n\t\t\t\t\t\t8 ianuarie 2021\t\t<\/a>\n\t\t<meta itemprop=\"interactionCount\" content=\"UserComments: 0\"\/>\n<\/div><div class=\"edgtf-post-info-author\">\n    <span class=\"edgtf-post-info-author-text\">\n        by    <\/span>\n    <a itemprop=\"author\" class=\"edgtf-post-info-author-link\" href=\"https:\/\/orthodoxeroumain.fr\/video\/author\/sulpice\/\">\n        sulpice    <\/a>\n<\/div>                <\/div>\n            \t\n\t        \n<h4 itemprop=\"name\" class=\"entry-title edgtf-post-title\" >\n            <a itemprop=\"url\" href=\"https:\/\/orthodoxeroumain.fr\/video\/2021\/01\/08\/despre-kitch-intre-duhul-bisericii-si-spiritul-modernitatii\/\" title=\"Despre kitch, \u00eentre duhul Bisericii \u0219i spiritul modernit\u0103\u021bii\">\n            Despre kitch, \u00eentre duhul Bisericii \u0219i spiritul modernit\u0103\u021bii            <\/a>\n    <\/h4>\t\n\t        <div class=\"edgtf-bli-excerpt\">\n\t\t        \t<div class=\"edgtf-post-read-more-button\">\n\t\t<a itemprop=\"url\" href=\"https:\/\/orthodoxeroumain.fr\/video\/2021\/01\/08\/despre-kitch-intre-duhul-bisericii-si-spiritul-modernitatii\/\" target=\"_self\"  class=\"edgtf-btn edgtf-btn-medium edgtf-btn-simple edgtf-btn- edgtf-blog-list-button edgtf-hover-animation\"  >    <span class=\"edgtf-btn-text\">Read More<\/span>    <\/a>\t<\/div>\n\t        <\/div>\n        <\/div>\n\t<\/div>\n<\/li><li class=\"edgtf-bl-item edgtf-item-space clearfix\">\n\t<div class=\"edgtf-bli-inner\">\n\t\t\n\t<div class=\"edgtf-post-image\">\n\t\t            <a itemprop=\"url\" href=\"https:\/\/orthodoxeroumain.fr\/video\/2021\/01\/07\/cine-este-omul-o-incursiune-in-descoperirea-fundamentelor-credintei-noastre-pasul-al-treilea\/\" title=\"C(in)e este omul? O incursiune \u00een descoperirea fundamentelor credin\u021bei noastre. Pasul al treilea.\">\n\t\t\t\t\t<img loading=\"lazy\" decoding=\"async\" width=\"640\" height=\"480\" src=\"https:\/\/orthodoxeroumain.fr\/video\/wp-content\/uploads\/2021\/01\/sddefault-6.jpg\" class=\"attachment-full size-full wp-post-image\" alt=\"\" srcset=\"https:\/\/orthodoxeroumain.fr\/video\/wp-content\/uploads\/2021\/01\/sddefault-6.jpg 640w, https:\/\/orthodoxeroumain.fr\/video\/wp-content\/uploads\/2021\/01\/sddefault-6-300x225.jpg 300w\" sizes=\"auto, (max-width: 640px) 100vw, 640px\" \/>\t\t\t\t\t\t\t\t\t<\/a>\n\t\t\t\t\t<\/div>\n        <div class=\"edgtf-bli-content\">\n                            <div class=\"edgtf-bli-info\">\n\t                <div itemprop=\"dateCreated\" class=\"edgtf-post-info-date entry-date published updated\">\n\t\t\t<a itemprop=\"url\" href=\"https:\/\/orthodoxeroumain.fr\/video\/2021\/01\/\">\n\t\t\t\t\t\t7 ianuarie 2021\t\t<\/a>\n\t\t<meta itemprop=\"interactionCount\" content=\"UserComments: 0\"\/>\n<\/div><div class=\"edgtf-post-info-author\">\n    <span class=\"edgtf-post-info-author-text\">\n        by    <\/span>\n    <a itemprop=\"author\" class=\"edgtf-post-info-author-link\" href=\"https:\/\/orthodoxeroumain.fr\/video\/author\/sulpice\/\">\n        sulpice    <\/a>\n<\/div>                <\/div>\n            \t\n\t        \n<h4 itemprop=\"name\" class=\"entry-title edgtf-post-title\" >\n            <a itemprop=\"url\" href=\"https:\/\/orthodoxeroumain.fr\/video\/2021\/01\/07\/cine-este-omul-o-incursiune-in-descoperirea-fundamentelor-credintei-noastre-pasul-al-treilea\/\" title=\"C(in)e este omul? O incursiune \u00een descoperirea fundamentelor credin\u021bei noastre. Pasul al treilea.\">\n            C(in)e este omul? O incursiune \u00een descoperirea fundamentelor credin\u021bei noastre. Pasul al treilea.            <\/a>\n    <\/h4>\t\n\t        <div class=\"edgtf-bli-excerpt\">\n\t\t        \t<div class=\"edgtf-post-read-more-button\">\n\t\t<a itemprop=\"url\" href=\"https:\/\/orthodoxeroumain.fr\/video\/2021\/01\/07\/cine-este-omul-o-incursiune-in-descoperirea-fundamentelor-credintei-noastre-pasul-al-treilea\/\" target=\"_self\"  class=\"edgtf-btn edgtf-btn-medium edgtf-btn-simple edgtf-btn- edgtf-blog-list-button edgtf-hover-animation\"  >    <span class=\"edgtf-btn-text\">Read More<\/span>    <\/a>\t<\/div>\n\t        <\/div>\n        <\/div>\n\t<\/div>\n<\/li><li class=\"edgtf-bl-item edgtf-item-space clearfix\">\n\t<div class=\"edgtf-bli-inner\">\n\t\t\n\t<div class=\"edgtf-post-image\">\n\t\t            <a itemprop=\"url\" href=\"https:\/\/orthodoxeroumain.fr\/video\/2021\/01\/07\/despre-sursa-vietii-o-incursiune-in-descoperirea-fundamentelor-credintei-noastre-pasul-al-doilea\/\" title=\"Despre Sursa Vie\u021bii. O incursiune \u00een descoperirea fundamentelor credin\u021bei noastre. Pasul al doilea.\">\n\t\t\t\t\t<img loading=\"lazy\" decoding=\"async\" width=\"640\" height=\"480\" src=\"https:\/\/orthodoxeroumain.fr\/video\/wp-content\/uploads\/2021\/01\/sddefault-2.jpg\" class=\"attachment-full size-full wp-post-image\" alt=\"\" srcset=\"https:\/\/orthodoxeroumain.fr\/video\/wp-content\/uploads\/2021\/01\/sddefault-2.jpg 640w, https:\/\/orthodoxeroumain.fr\/video\/wp-content\/uploads\/2021\/01\/sddefault-2-300x225.jpg 300w\" sizes=\"auto, (max-width: 640px) 100vw, 640px\" \/>\t\t\t\t\t\t\t\t\t<\/a>\n\t\t\t\t\t<\/div>\n        <div class=\"edgtf-bli-content\">\n                            <div class=\"edgtf-bli-info\">\n\t                <div itemprop=\"dateCreated\" class=\"edgtf-post-info-date entry-date published updated\">\n\t\t\t<a itemprop=\"url\" href=\"https:\/\/orthodoxeroumain.fr\/video\/2021\/01\/\">\n\t\t\t\t\t\t7 ianuarie 2021\t\t<\/a>\n\t\t<meta itemprop=\"interactionCount\" content=\"UserComments: 0\"\/>\n<\/div><div class=\"edgtf-post-info-author\">\n    <span class=\"edgtf-post-info-author-text\">\n        by    <\/span>\n    <a itemprop=\"author\" class=\"edgtf-post-info-author-link\" href=\"https:\/\/orthodoxeroumain.fr\/video\/author\/sulpice\/\">\n        sulpice    <\/a>\n<\/div>                <\/div>\n            \t\n\t        \n<h4 itemprop=\"name\" class=\"entry-title edgtf-post-title\" >\n            <a itemprop=\"url\" href=\"https:\/\/orthodoxeroumain.fr\/video\/2021\/01\/07\/despre-sursa-vietii-o-incursiune-in-descoperirea-fundamentelor-credintei-noastre-pasul-al-doilea\/\" title=\"Despre Sursa Vie\u021bii. O incursiune \u00een descoperirea fundamentelor credin\u021bei noastre. Pasul al doilea.\">\n            Despre Sursa Vie\u021bii. O incursiune \u00een descoperirea fundamentelor credin\u021bei noastre. Pasul al doilea.            <\/a>\n    <\/h4>\t\n\t        <div class=\"edgtf-bli-excerpt\">\n\t\t        \t<div class=\"edgtf-post-read-more-button\">\n\t\t<a itemprop=\"url\" href=\"https:\/\/orthodoxeroumain.fr\/video\/2021\/01\/07\/despre-sursa-vietii-o-incursiune-in-descoperirea-fundamentelor-credintei-noastre-pasul-al-doilea\/\" target=\"_self\"  class=\"edgtf-btn edgtf-btn-medium edgtf-btn-simple edgtf-btn- edgtf-blog-list-button edgtf-hover-animation\"  >    <span class=\"edgtf-btn-text\">Read More<\/span>    <\/a>\t<\/div>\n\t        <\/div>\n        <\/div>\n\t<\/div>\n<\/li><li class=\"edgtf-bl-item edgtf-item-space clearfix\">\n\t<div class=\"edgtf-bli-inner\">\n\t\t\n\t<div class=\"edgtf-post-image\">\n\t\t            <a itemprop=\"url\" href=\"https:\/\/orthodoxeroumain.fr\/video\/2021\/01\/06\/inedit-persoana-unica-si-devenire-intru-persoana-oferta-bisericii-pentru-lumea-contemporana\/\" title=\"Inedit, persoan\u0103 unic\u0103 \u0219i devenire \u00eentru persoan\u0103: oferta Bisericii pentru lumea contemporan\u0103\">\n\t\t\t\t\t<img loading=\"lazy\" decoding=\"async\" width=\"640\" height=\"480\" src=\"https:\/\/orthodoxeroumain.fr\/video\/wp-content\/uploads\/2021\/01\/sddefault.jpg\" class=\"attachment-full size-full wp-post-image\" alt=\"\" srcset=\"https:\/\/orthodoxeroumain.fr\/video\/wp-content\/uploads\/2021\/01\/sddefault.jpg 640w, https:\/\/orthodoxeroumain.fr\/video\/wp-content\/uploads\/2021\/01\/sddefault-300x225.jpg 300w\" sizes=\"auto, (max-width: 640px) 100vw, 640px\" \/>\t\t\t\t\t\t\t\t\t<\/a>\n\t\t\t\t\t<\/div>\n        <div class=\"edgtf-bli-content\">\n                            <div class=\"edgtf-bli-info\">\n\t                <div itemprop=\"dateCreated\" class=\"edgtf-post-info-date entry-date published updated\">\n\t\t\t<a itemprop=\"url\" href=\"https:\/\/orthodoxeroumain.fr\/video\/2021\/01\/\">\n\t\t\t\t\t\t6 ianuarie 2021\t\t<\/a>\n\t\t<meta itemprop=\"interactionCount\" content=\"UserComments: 0\"\/>\n<\/div><div class=\"edgtf-post-info-author\">\n    <span class=\"edgtf-post-info-author-text\">\n        by    <\/span>\n    <a itemprop=\"author\" class=\"edgtf-post-info-author-link\" href=\"https:\/\/orthodoxeroumain.fr\/video\/author\/sulpice\/\">\n        sulpice    <\/a>\n<\/div>                <\/div>\n            \t\n\t        \n<h4 itemprop=\"name\" class=\"entry-title edgtf-post-title\" >\n            <a itemprop=\"url\" href=\"https:\/\/orthodoxeroumain.fr\/video\/2021\/01\/06\/inedit-persoana-unica-si-devenire-intru-persoana-oferta-bisericii-pentru-lumea-contemporana\/\" title=\"Inedit, persoan\u0103 unic\u0103 \u0219i devenire \u00eentru persoan\u0103: oferta Bisericii pentru lumea contemporan\u0103\">\n            Inedit, persoan\u0103 unic\u0103 \u0219i devenire \u00eentru persoan\u0103: oferta Bisericii pentru lumea contemporan\u0103            <\/a>\n    <\/h4>\t\n\t        <div class=\"edgtf-bli-excerpt\">\n\t\t        \t<div class=\"edgtf-post-read-more-button\">\n\t\t<a itemprop=\"url\" href=\"https:\/\/orthodoxeroumain.fr\/video\/2021\/01\/06\/inedit-persoana-unica-si-devenire-intru-persoana-oferta-bisericii-pentru-lumea-contemporana\/\" target=\"_self\"  class=\"edgtf-btn edgtf-btn-medium edgtf-btn-simple edgtf-btn- edgtf-blog-list-button edgtf-hover-animation\"  >    <span class=\"edgtf-btn-text\">Read More<\/span>    <\/a>\t<\/div>\n\t        <\/div>\n        <\/div>\n\t<\/div>\n<\/li>\t\t<\/ul>\n\t<\/div>\n\t<\/div>[\/vc_column][\/vc_row]<\/p>\n","protected":false},"excerpt":{"rendered":"<p>[vc_row row_content_width=&#8221;grid&#8221; css=&#8221;.vc_custom_1525862054996{padding-bottom: 30px !important;}&#8221;][vc_column][\/vc_column][\/vc_row]<\/p>\n","protected":false},"author":1,"featured_media":0,"parent":0,"menu_order":0,"comment_status":"closed","ping_status":"closed","template":"full-width.php","meta":{"footnotes":""},"class_list":["post-2525","page","type-page","status-publish","hentry"],"_links":{"self":[{"href":"https:\/\/orthodoxeroumain.fr\/video\/wp-json\/wp\/v2\/pages\/2525","targetHints":{"allow":["GET"]}}],"collection":[{"href":"https:\/\/orthodoxeroumain.fr\/video\/wp-json\/wp\/v2\/pages"}],"about":[{"href":"https:\/\/orthodoxeroumain.fr\/video\/wp-json\/wp\/v2\/types\/page"}],"author":[{"embeddable":true,"href":"https:\/\/orthodoxeroumain.fr\/video\/wp-json\/wp\/v2\/users\/1"}],"replies":[{"embeddable":true,"href":"https:\/\/orthodoxeroumain.fr\/video\/wp-json\/wp\/v2\/comments?post=2525"}],"version-history":[{"count":4,"href":"https:\/\/orthodoxeroumain.fr\/video\/wp-json\/wp\/v2\/pages\/2525\/revisions"}],"predecessor-version":[{"id":4230,"href":"https:\/\/orthodoxeroumain.fr\/video\/wp-json\/wp\/v2\/pages\/2525\/revisions\/4230"}],"wp:attachment":[{"href":"https:\/\/orthodoxeroumain.fr\/video\/wp-json\/wp\/v2\/media?parent=2525"}],"curies":[{"name":"wp","href":"https:\/\/api.w.org\/{rel}","templated":true}]}}